{"id":255,"date":"2025-03-05T00:10:48","date_gmt":"2025-03-05T04:10:48","guid":{"rendered":"https:\/\/pachakamani.com\/encuentrosaberes\/?page_id=255"},"modified":"2026-01-26T01:54:00","modified_gmt":"2026-01-26T05:54:00","slug":"inicio","status":"publish","type":"page","link":"https:\/\/pachakamani.com\/encuentrosaberes\/","title":{"rendered":"Inicio"},"content":{"rendered":"\n<div class=\"wp-block-group is-layout-constrained wp-block-group-is-layout-constrained\"><div class=\"wp-block-group__inner-container\">\n<div class=\"wp-block-cover alignfull has-parallax\" style=\"padding-top:var(--wp--preset--spacing--30);padding-right:var(--wp--preset--spacing--30);padding-bottom:var(--wp--preset--spacing--30);padding-left:var(--wp--preset--spacing--30);min-height:857px;aspect-ratio:unset;\"><div class=\"wp-block-cover__image-background wp-image-400 has-parallax\" style=\"background-position:50% 50%;background-image:url(https:\/\/pachakamani.com\/encuentrosaberes\/wp-content\/uploads\/sites\/4\/2025\/03\/ES-Encuentro-Saberes-01-1.png)\"><\/div><span aria-hidden=\"true\" class=\"wp-block-cover__background has-black-background-color has-background-dim-70 has-background-dim\"><\/span><div class=\"wp-block-cover__inner-container is-layout-flow wp-block-cover-is-layout-flow\">\n<div class=\"wp-block-group alignwide has-base-color has-text-color has-link-color wp-elements-932d938879ffc56d59e8ba2cea2afa76 is-content-justification-space-between is-layout-flex wp-container-core-group-is-layout-10d17ff1 wp-block-group-is-layout-flex\" style=\"margin-top:0;margin-bottom:0\">\n<div class=\"wp-block-group is-layout-flex wp-block-group-is-layout-flex\"><div class=\"is-style-default wp-block-site-logo\"><a href=\"https:\/\/pachakamani.com\/encuentrosaberes\/\" class=\"custom-logo-link\" rel=\"home\"><img loading=\"lazy\" decoding=\"async\" width=\"67\" height=\"67\" src=\"https:\/\/pachakamani.com\/encuentrosaberes\/wp-content\/uploads\/sites\/4\/2025\/03\/cropped-LOGO-Encuentro-Saberes-2025-2T-77x77.jpg\" class=\"custom-logo\" alt=\"Logotipo podcast Encuentro Saberes\" srcset=\"https:\/\/pachakamani.com\/encuentrosaberes\/wp-content\/uploads\/sites\/4\/2025\/03\/cropped-LOGO-Encuentro-Saberes-2025-2T.jpg 512w, https:\/\/pachakamani.com\/encuentrosaberes\/wp-content\/uploads\/sites\/4\/2025\/03\/cropped-LOGO-Encuentro-Saberes-2025-2T-300x300.jpg 300w, https:\/\/pachakamani.com\/encuentrosaberes\/wp-content\/uploads\/sites\/4\/2025\/03\/cropped-LOGO-Encuentro-Saberes-2025-2T-150x150.jpg 150w, https:\/\/pachakamani.com\/encuentrosaberes\/wp-content\/uploads\/sites\/4\/2025\/03\/cropped-LOGO-Encuentro-Saberes-2025-2T-77x77.jpg 77w\" sizes=\"auto, (max-width: 67px) 100vw, 67px\" \/><\/a><\/div>\n\n<h1 class=\"has-link-color wp-elements-e24c80986e13ab3d929b38d6b46e3019 wp-block-site-title has-text-color has-white-color has-medium-font-size\"><a href=\"https:\/\/pachakamani.com\/encuentrosaberes\" target=\"_self\" rel=\"home\">Encuentro Saberes<\/a><\/h1><\/div>\n\n\n<nav class=\"has-text-color has-white-color is-responsive items-justified-right wp-block-navigation is-content-justification-right is-layout-flex wp-container-core-navigation-is-layout-f665d2b5 wp-block-navigation-is-layout-flex\" aria-label=\"Menu principal\" \n\t\t data-wp-interactive=\"core\/navigation\" data-wp-context='{\"overlayOpenedBy\":{\"click\":false,\"hover\":false,\"focus\":false},\"type\":\"overlay\",\"roleAttribute\":\"\",\"ariaLabel\":\"Men\\u00fa\"}'><button aria-haspopup=\"dialog\" aria-label=\"Abrir el men\u00fa\" class=\"wp-block-navigation__responsive-container-open\" \n\t\t\t\tdata-wp-on--click=\"actions.openMenuOnClick\"\n\t\t\t\tdata-wp-on--keydown=\"actions.handleMenuKeydown\"\n\t\t\t><svg width=\"24\" height=\"24\" xmlns=\"http:\/\/www.w3.org\/2000\/svg\" viewBox=\"0 0 24 24\" aria-hidden=\"true\" focusable=\"false\"><path d=\"M4 7.5h16v1.5H4z\"><\/path><path d=\"M4 15h16v1.5H4z\"><\/path><\/svg><\/button>\n\t\t\t\t<div class=\"wp-block-navigation__responsive-container\"  id=\"modal-1\" \n\t\t\t\tdata-wp-class--has-modal-open=\"state.isMenuOpen\"\n\t\t\t\tdata-wp-class--is-menu-open=\"state.isMenuOpen\"\n\t\t\t\tdata-wp-watch=\"callbacks.initMenu\"\n\t\t\t\tdata-wp-on--keydown=\"actions.handleMenuKeydown\"\n\t\t\t\tdata-wp-on--focusout=\"actions.handleMenuFocusout\"\n\t\t\t\ttabindex=\"-1\"\n\t\t\t>\n\t\t\t\t\t<div class=\"wp-block-navigation__responsive-close\" tabindex=\"-1\">\n\t\t\t\t\t\t<div class=\"wp-block-navigation__responsive-dialog\" \n\t\t\t\tdata-wp-bind--aria-modal=\"state.ariaModal\"\n\t\t\t\tdata-wp-bind--aria-label=\"state.ariaLabel\"\n\t\t\t\tdata-wp-bind--role=\"state.roleAttribute\"\n\t\t\t>\n\t\t\t\t\t\t\t<button aria-label=\"Cerrar el men\u00fa\" class=\"wp-block-navigation__responsive-container-close\" \n\t\t\t\tdata-wp-on--click=\"actions.closeMenuOnClick\"\n\t\t\t><svg xmlns=\"http:\/\/www.w3.org\/2000\/svg\" viewBox=\"0 0 24 24\" width=\"24\" height=\"24\" aria-hidden=\"true\" focusable=\"false\"><path d=\"m13.06 12 6.47-6.47-1.06-1.06L12 10.94 5.53 4.47 4.47 5.53 10.94 12l-6.47 6.47 1.06 1.06L12 13.06l6.47 6.47 1.06-1.06L13.06 12Z\"><\/path><\/svg><\/button>\n\t\t\t\t\t\t\t<div class=\"wp-block-navigation__responsive-container-content\" \n\t\t\t\tdata-wp-watch=\"callbacks.focusFirstElement\"\n\t\t\t id=\"modal-1-content\">\n\t\t\t\t\t\t\t\t<ul class=\"wp-block-navigation__container has-text-color has-white-color is-responsive items-justified-right wp-block-navigation\"><li class=\" wp-block-navigation-item  menu-item menu-item-type-post_type menu-item-object-page wp-block-navigation-link\"><a class=\"wp-block-navigation-item__content\"  href=\"https:\/\/pachakamani.com\/encuentrosaberes\/episodios\/\" title=\"\"><span class=\"wp-block-navigation-item__label\">Episodios<\/span><\/a><\/li><li class=\" wp-block-navigation-item  menu-item menu-item-type-post_type menu-item-object-page current_page_parent wp-block-navigation-link\"><a class=\"wp-block-navigation-item__content\"  href=\"https:\/\/pachakamani.com\/encuentrosaberes\/libros\/\" title=\"\"><span class=\"wp-block-navigation-item__label\">Blog<\/span><\/a><\/li><li class=\" wp-block-navigation-item  menu-item menu-item-type-custom menu-item-object-custom wp-block-navigation-link\"><a class=\"wp-block-navigation-item__content\"  href=\"https:\/\/pachakamani.com\/\" title=\"\" target=\"_blank\" rel=\"noopener noreferrer nofollow\"><span class=\"wp-block-navigation-item__label\">PachaKamani<\/span><\/a><\/li><li class=\" wp-block-navigation-item  menu-item menu-item-type-custom menu-item-object-custom wp-block-navigation-link\"><a class=\"wp-block-navigation-item__content\"  href=\"https:\/\/pachakamani.com\/contactar\/\" title=\"\" target=\"_blank\" rel=\"noopener noreferrer nofollow\"><span class=\"wp-block-navigation-item__label\">Contactar<\/span><\/a><\/li><\/ul>\n\t\t\t\t\t\t\t<\/div>\n\t\t\t\t\t\t<\/div>\n\t\t\t\t\t<\/div>\n\t\t\t\t<\/div><\/nav><\/div>\n\n\n\n<div style=\"height:56px\" aria-hidden=\"true\" class=\"wp-block-spacer\"><\/div>\n\n\n\n<figure class=\"wp-block-image aligncenter size-large is-resized\"><img loading=\"lazy\" decoding=\"async\" width=\"1026\" height=\"577\" src=\"https:\/\/pachakamani.com\/encuentrosaberes\/wp-content\/uploads\/sites\/4\/2025\/03\/0k-Encuentro-logo-txt-blanco-edited.png\" alt=\"\" class=\"wp-image-404\" style=\"width:622px;height:auto\" srcset=\"https:\/\/pachakamani.com\/encuentrosaberes\/wp-content\/uploads\/sites\/4\/2025\/03\/0k-Encuentro-logo-txt-blanco-edited.png 1026w, https:\/\/pachakamani.com\/encuentrosaberes\/wp-content\/uploads\/sites\/4\/2025\/03\/0k-Encuentro-logo-txt-blanco-edited-300x169.png 300w, https:\/\/pachakamani.com\/encuentrosaberes\/wp-content\/uploads\/sites\/4\/2025\/03\/0k-Encuentro-logo-txt-blanco-edited-1024x576.png 1024w, https:\/\/pachakamani.com\/encuentrosaberes\/wp-content\/uploads\/sites\/4\/2025\/03\/0k-Encuentro-logo-txt-blanco-edited-768x432.png 768w\" sizes=\"auto, (max-width: 1026px) 100vw, 1026px\" \/><\/figure>\n\n\n\n<h4 class=\"wp-block-heading has-text-align-center has-ast-global-color-5-color has-text-color has-link-color wp-elements-1317f56192e5d48ae85fac08ab0eddd7\">Podcast<\/h4>\n\n\n\n<p class=\"has-text-align-center has-ast-global-color-5-color has-text-color has-link-color wp-elements-7e0db2eb71de015443bc3ff7b400f454\">En este sitio encontrar\u00e1s res\u00famenes de textos, libros e investigaciones que sean una puerta de entrada a nuevos conocimientos.<br>\u00abEncuentro Saberes\u00bb es un Podcast del colectivo de PachaKamani, en coproducci\u00f3n con Kamani Audio con contenido relacionado a las ciencias sociales y humanas para divulgar saberes especializados y relacionados a la diversidad cultural.<\/p>\n\n\n\n<p class=\"has-text-align-center\"><a href=\"https:\/\/podcasts.apple.com\/us\/podcast\/id1530435286\" target=\"_blank\" rel=\"noopener noreferrer nofollow\">Apple Podcasts<\/a> | <a href=\"https:\/\/castbox.fm\/channel\/id3295647?utm_campaign=ex_share_ch&amp;utm_medium=exlink&amp;country=419\" target=\"_blank\" rel=\"noopener noreferrer nofollow\">CastBox<\/a> | <a href=\"https:\/\/podcastaddict.com\/podcast\/3097291\" target=\"_blank\" rel=\"noopener noreferrer nofollow\">Podcast Addict<\/a> | <a href=\"https:\/\/pachakamani.com\/encuentrosaberes\/feed\/podcast\">RSS<\/a> | <a href=\"https:\/\/open.spotify.com\/show\/2ma0rE0z4RufRe6NVEMqpE\" target=\"_blank\" rel=\"noopener noreferrer nofollow\">Spotify<\/a> | <a href=\"https:\/\/pod.link\/1530435286\" target=\"_blank\" rel=\"noopener noreferrer nofollow\">PodLink<\/a> | <a href=\"https:\/\/mx.ivoox.com\/es\/podcast-encuentro-saberes_sq_f11064605_1.html\" target=\"_blank\" rel=\"noopener noreferrer nofollow\">iVoox<\/a><\/p>\n\n\n\n<div style=\"height:183px\" aria-hidden=\"true\" class=\"wp-block-spacer\"><\/div>\n\n\n\n<p><\/p>\n<\/div><\/div>\n<\/div><\/div>\n\n\n\n<div class=\"wp-block-columns is-layout-flex wp-container-core-columns-is-layout-90acd484 wp-block-columns-is-layout-flex\" style=\"padding-right:var(--wp--preset--spacing--80);padding-left:var(--wp--preset--spacing--80)\">\n<div class=\"wp-block-column is-layout-flow wp-block-column-is-layout-flow\" style=\"flex-basis:66.66%\">\t\t\t<style type=\"text\/css\"><\/style>\n\t\t\t<div id=\"pp-podcast-172\" class=\"pp-podcast has-header header-hidden has-featured playerview media-audio\"  data-teaser=\"\" data-elength=\"18\" data-eunit=\"\" data-ppsdata=\"{&quot;ppe-172-1&quot;:{&quot;title&quot;:&quot;Arte Precolombino 1: Textil y Adornos | 03-T2&quot;,&quot;description&quot;:&quot;&lt;p&gt;En este episodio, se discute el libro \\u00abArte Precolombino: Primera Parte &#8211; Textil y Adornos\\u00bb de Jos\\u00e9 Antonio de Lavalle y Werner Lang, publicado en 1991.&lt;\\\/p&gt;\\n&lt;p&gt;&lt;a href=\\&quot;https:\\\/\\\/pachakamani.com\\\/encuentrosaberes\\\/arte-precolombino-1-textil-y-adornos-03-t2\\\/\\&quot;&gt;Fuente&lt;\\\/a&gt;&lt;\\\/p&gt;\\n&quot;,&quot;author&quot;:&quot;PachaKamani | Kamani Audio&quot;,&quot;date&quot;:&quot;08\\\/09\\\/2025&quot;,&quot;link&quot;:&quot;https:\\\/\\\/pachakamani.com\\\/encuentrosaberes\\\/arte-precolombino-1-textil-y-adornos-03-t2\\\/&quot;,&quot;src&quot;:&quot;https:\\\/\\\/op3.dev\\\/e\\\/archive.org\\\/download\\\/e000_es_presentacion\\\/E03T2-arte-precolombino-1.mp3&quot;,&quot;featured&quot;:&quot;https:\\\/\\\/pachakamani.com\\\/encuentrosaberes\\\/wp-content\\\/uploads\\\/sites\\\/4\\\/2026\\\/01\\\/podcast-episode-image-2915826b30b7102d3c0497da6ff225a8.jpg&quot;,&quot;featured_id&quot;:471,&quot;mediatype&quot;:&quot;audio&quot;,&quot;season&quot;:0,&quot;categories&quot;:{&quot;podcast&quot;:&quot;podcast&quot;,&quot;podsaberes&quot;:&quot;podsaberes&quot;,&quot;arteprecolombino&quot;:&quot;arte precolombino&quot;,&quot;resumenlibro&quot;:&quot;resumen libro&quot;,&quot;textiles&quot;:&quot;textiles&quot;},&quot;duration&quot;:&quot;21:47&quot;,&quot;episodetype&quot;:&quot;full&quot;,&quot;timestamp&quot;:1754734980,&quot;key&quot;:&quot;decaa6308c8fa50a74873db19d521388&quot;,&quot;fset&quot;:&quot;https:\\\/\\\/pachakamani.com\\\/encuentrosaberes\\\/wp-content\\\/uploads\\\/sites\\\/4\\\/2026\\\/01\\\/podcast-episode-image-2915826b30b7102d3c0497da6ff225a8.jpg 300w, https:\\\/\\\/pachakamani.com\\\/encuentrosaberes\\\/wp-content\\\/uploads\\\/sites\\\/4\\\/2026\\\/01\\\/podcast-episode-image-2915826b30b7102d3c0497da6ff225a8-150x150.jpg 150w&quot;,&quot;fratio&quot;:1},&quot;ppe-172-2&quot;:{&quot;title&quot;:&quot;Awakhuni: Tejiendo la historia andina | 02-T2&quot;,&quot;description&quot;:&quot;&lt;p&gt;En el Podcast Encuentro Saberes, hablaremos sobre el libro \\u201cAwakhuni: Tejiendo la historia andina\\u201d. Haremos un recorrido por la historia y el simbolismo de los textiles precolombinos andinos, analizando su evoluci\\u00f3n t\\u00e9cnica, est\\u00e9tica y cultural.&lt;\\\/p&gt;\\n&lt;p&gt;&lt;a href=\\&quot;https:\\\/\\\/pachakamani.com\\\/encuentrosaberes\\\/awakhuni-tejiendo-historia-andina-02-t2\\\/\\&quot;&gt;Fuente&lt;\\\/a&gt;&lt;\\\/p&gt;\\n&quot;,&quot;author&quot;:&quot;PachaKamani | Kamani Audio&quot;,&quot;date&quot;:&quot;04\\\/07\\\/2025&quot;,&quot;link&quot;:&quot;https:\\\/\\\/pachakamani.com\\\/encuentrosaberes\\\/awakhuni-tejiendo-historia-andina-02-t2\\\/&quot;,&quot;src&quot;:&quot;https:\\\/\\\/op3.dev\\\/e\\\/archive.org\\\/download\\\/e000_es_presentacion\\\/E02T2-awakhuni-textil.mp3&quot;,&quot;featured&quot;:&quot;https:\\\/\\\/pachakamani.com\\\/encuentrosaberes\\\/wp-content\\\/uploads\\\/sites\\\/4\\\/2025\\\/04\\\/awakhuni-ES-02-2T-min-300x300.jpg&quot;,&quot;featured_id&quot;:444,&quot;mediatype&quot;:&quot;audio&quot;,&quot;season&quot;:0,&quot;categories&quot;:{&quot;podcast&quot;:&quot;podcast&quot;,&quot;podsaberes&quot;:&quot;podsaberes&quot;,&quot;resumenlibro&quot;:&quot;resumen libro&quot;,&quot;textilandino&quot;:&quot;textil andino&quot;},&quot;duration&quot;:&quot;19:47&quot;,&quot;episodetype&quot;:&quot;full&quot;,&quot;timestamp&quot;:1744020000,&quot;key&quot;:&quot;b3ef1a3a1ac334cc2a4035da58a924bc&quot;,&quot;fset&quot;:&quot;&quot;,&quot;fratio&quot;:1},&quot;ppe-172-3&quot;:{&quot;title&quot;:&quot;Nuevo rumbo para Encuentro Saberes: explorando libros y conocimientos | 01-T2&quot;,&quot;description&quot;:&quot;&lt;p&gt;En este episodio especial, Encuentro Saberes anuncia su evoluci\\u00f3n hacia un formato renovado, centrado en la difusi\\u00f3n de investigaciones en antropolog\\u00eda y ciencias sociales. &lt;\\\/p&gt;\\n&lt;p&gt;&lt;a href=\\&quot;https:\\\/\\\/pachakamani.com\\\/encuentrosaberes\\\/nuevo-rumbo-para-encuentro-saberes-explorando-libros-conocimientos-01-t2\\\/\\&quot;&gt;Fuente&lt;\\\/a&gt;&lt;\\\/p&gt;\\n&quot;,&quot;author&quot;:&quot;PachaKamani | Kamani Audio&quot;,&quot;date&quot;:&quot;02\\\/17\\\/2025&quot;,&quot;link&quot;:&quot;https:\\\/\\\/pachakamani.com\\\/encuentrosaberes\\\/nuevo-rumbo-para-encuentro-saberes-explorando-libros-conocimientos-01-t2\\\/&quot;,&quot;src&quot;:&quot;https:\\\/\\\/op3.dev\\\/e\\\/archive.org\\\/download\\\/e000_es_presentacion\\\/E01T2-transicion-a-resumenes.mp3&quot;,&quot;featured&quot;:&quot;https:\\\/\\\/pachakamani.com\\\/encuentrosaberes\\\/wp-content\\\/uploads\\\/sites\\\/4\\\/2025\\\/03\\\/LOGO-Encuentro-Saberes-2025-2T-1-300x300.jpg&quot;,&quot;featured_id&quot;:431,&quot;mediatype&quot;:&quot;audio&quot;,&quot;season&quot;:0,&quot;categories&quot;:{&quot;podcast&quot;:&quot;Podcast&quot;,&quot;podsaberes&quot;:&quot;podsaberes&quot;,&quot;kamaniaudio&quot;:&quot;Kamani Audio&quot;},&quot;duration&quot;:&quot;08:11&quot;,&quot;episodetype&quot;:&quot;full&quot;,&quot;timestamp&quot;:1739790180,&quot;key&quot;:&quot;2aafef59f9079bc3d8abf145dc6b0064&quot;,&quot;fset&quot;:&quot;&quot;,&quot;fratio&quot;:1},&quot;ppe-172-4&quot;:{&quot;title&quot;:&quot;#08 El papel de los portadores en la protecci\\u00f3n del patrimonio cultural&quot;,&quot;description&quot;:&quot;&lt;p&gt;\\u00bfCu\\u00e1l el papel de los portadores del patrimonio en la responsabilidad de protecci\\u00f3n del patrimonio cultural?&lt;br \\\/&gt;\\nCerramos esta serie dedicada a la Danza de la Morenada con la \\u00faltima pregunta del\\u00a0Conversatorio &#8211; Defensa de la \\u00abDanza la Morenada\\u00bb\\u00a0organizado por Juan Carlos Cordero desde el Ministerio de Culturas, Descolonizaci\\u00f3n y Despatrialcalizaci\\u00f3n, en La Paz, Bolivia.&lt;\\\/p&gt;\\n&lt;p&gt;&lt;a href=\\&quot;https:\\\/\\\/pachakamani.com\\\/encuentrosaberes\\\/08-los-portadores-en-la-proteccion-del-patrimonio-cultural\\\/\\&quot;&gt;Fuente&lt;\\\/a&gt;&lt;\\\/p&gt;\\n&quot;,&quot;author&quot;:&quot;PachaKamani | Kamani Audio&quot;,&quot;date&quot;:&quot;09\\\/07\\\/2024&quot;,&quot;link&quot;:&quot;https:\\\/\\\/pachakamani.com\\\/encuentrosaberes\\\/08-los-portadores-en-la-proteccion-del-patrimonio-cultural\\\/&quot;,&quot;src&quot;:&quot;https:\\\/\\\/op3.dev\\\/e\\\/archive.org\\\/download\\\/es002-encuentro_saberes-002-pachakamani\\\/ep08-es-morenada-portadores.mp3&quot;,&quot;featured&quot;:&quot;&quot;,&quot;featured_id&quot;:401,&quot;mediatype&quot;:&quot;audio&quot;,&quot;season&quot;:0,&quot;categories&quot;:{&quot;podcast&quot;:&quot;podcast&quot;,&quot;podmorenada&quot;:&quot;podmorenada&quot;,&quot;debates&quot;:&quot;debates&quot;,&quot;morenada&quot;:&quot;Morenada&quot;,&quot;patrimoniocultural&quot;:&quot;patrimonio cultural&quot;},&quot;duration&quot;:&quot;24:33&quot;,&quot;episodetype&quot;:&quot;full&quot;,&quot;timestamp&quot;:1725703200,&quot;key&quot;:&quot;51b64cdf73e7be9f171913723e46b21f&quot;,&quot;fset&quot;:&quot;&quot;,&quot;fratio&quot;:1},&quot;ppe-172-5&quot;:{&quot;title&quot;:&quot;#07 \\u00bfQu\\u00e9 papel cumple UNESCO en las disputas sobre patrimonio?&quot;,&quot;description&quot;:&quot;&lt;p&gt;\\u00bfQu\\u00e9 papel deber\\u00eda cumplir la UNESCO en las disputas que se generan entre Estados Parte?&lt;br \\\/&gt;\\nContinuamos con el conversatorio organizado por Juan Carlos Cordero desde el Ministerio de Culturas, Descolonizaci\\u00f3n y Despatrialcalizaci\\u00f3n, en La Paz, Bolivia.&lt;\\\/p&gt;\\n&lt;p&gt;&lt;a href=\\&quot;https:\\\/\\\/pachakamani.com\\\/encuentrosaberes\\\/07-unesco-en-disputas-sobre-patrimonio\\\/\\&quot;&gt;Fuente&lt;\\\/a&gt;&lt;\\\/p&gt;\\n&quot;,&quot;author&quot;:&quot;PachaKamani | Kamani Audio&quot;,&quot;date&quot;:&quot;08\\\/31\\\/2024&quot;,&quot;link&quot;:&quot;https:\\\/\\\/pachakamani.com\\\/encuentrosaberes\\\/07-unesco-en-disputas-sobre-patrimonio\\\/&quot;,&quot;src&quot;:&quot;https:\\\/\\\/archive.org\\\/download\\\/es002-encuentro_saberes-002-pachakamani\\\/ep07-es-morenada-papel-unesco.mp3&quot;,&quot;featured&quot;:&quot;https:\\\/\\\/pachakamani.com\\\/encuentrosaberes\\\/wp-content\\\/uploads\\\/sites\\\/4\\\/2026\\\/01\\\/ES-Encuentro-Saberes-01a.png&quot;,&quot;featured_id&quot;:0,&quot;mediatype&quot;:&quot;audio&quot;,&quot;season&quot;:0,&quot;categories&quot;:{&quot;podcast&quot;:&quot;podcast&quot;,&quot;podmorenada&quot;:&quot;podmorenada&quot;,&quot;debates&quot;:&quot;debates&quot;,&quot;morenada&quot;:&quot;Morenada&quot;,&quot;patrimoniocultural&quot;:&quot;patrimonio cultural&quot;},&quot;duration&quot;:&quot;20:21&quot;,&quot;episodetype&quot;:&quot;full&quot;,&quot;timestamp&quot;:1725116783,&quot;key&quot;:&quot;476d1cde1bbac350ff1914f9a0a62217&quot;,&quot;fset&quot;:&quot;&quot;,&quot;fratio&quot;:1},&quot;ppe-172-6&quot;:{&quot;title&quot;:&quot;#06 \\u00bfEl Patrimonio Cultural es una norma suficiente?&quot;,&quot;description&quot;:&quot;&lt;p&gt;\\u00bfLa declaratoria de Patrimonio Cultural es una norma suficiente para la defensa y conservaci\\u00f3n de la morenada boliviana?&lt;\\\/p&gt;\\n&lt;p&gt;Continuamos con el conversatorio organizado por Juan Carlos Cordero desde el Ministerio de Culturas, Descolonizaci\\u00f3n y Despatrialcalizaci\\u00f3n, en La Paz, Bolivia.&lt;\\\/p&gt;\\n&lt;p&gt;&lt;a href=\\&quot;https:\\\/\\\/pachakamani.com\\\/encuentrosaberes\\\/06-patrimonio-cultural-es-norma-suficiente\\\/\\&quot;&gt;Fuente&lt;\\\/a&gt;&lt;\\\/p&gt;\\n&quot;,&quot;author&quot;:&quot;PachaKamani | Kamani Audio&quot;,&quot;date&quot;:&quot;08\\\/29\\\/2024&quot;,&quot;link&quot;:&quot;https:\\\/\\\/pachakamani.com\\\/encuentrosaberes\\\/06-patrimonio-cultural-es-norma-suficiente\\\/&quot;,&quot;src&quot;:&quot;https:\\\/\\\/op3.dev\\\/e\\\/archive.org\\\/download\\\/es002-encuentro_saberes-002-pachakamani\\\/ep06-es-morenada-declaratoria.mp3&quot;,&quot;featured&quot;:&quot;https:\\\/\\\/pachakamani.com\\\/encuentrosaberes\\\/wp-content\\\/uploads\\\/sites\\\/4\\\/2026\\\/01\\\/ES-Encuentro-Saberes-01a.png&quot;,&quot;featured_id&quot;:0,&quot;mediatype&quot;:&quot;audio&quot;,&quot;season&quot;:0,&quot;categories&quot;:{&quot;podcast&quot;:&quot;podcast&quot;,&quot;podmorenada&quot;:&quot;podmorenada&quot;,&quot;debates&quot;:&quot;debates&quot;,&quot;morenada&quot;:&quot;Morenada&quot;,&quot;patrimoniocultural&quot;:&quot;patrimonio cultural&quot;},&quot;duration&quot;:&quot;21:12&quot;,&quot;episodetype&quot;:&quot;full&quot;,&quot;timestamp&quot;:1724931308,&quot;key&quot;:&quot;b7bb8bce6441b09d74e330b8421f7125&quot;,&quot;fset&quot;:&quot;&quot;,&quot;fratio&quot;:1},&quot;ppe-172-7&quot;:{&quot;title&quot;:&quot;#05 \\u00bfC\\u00f3mo reivindicar la pertenencia de la Morenada?&quot;,&quot;description&quot;:&quot;&lt;p&gt;La morenada es una danza que ha transitado por diversas regiones, enriqueciendo la cultura de cada una. Aunque hay diversidad en su expresi\\u00f3n, es crucial establecer pol\\u00edticas de salvaguarda que fortalezcan su reconocimiento y protecci\\u00f3n.&lt;\\\/p&gt;\\n&lt;p&gt;&lt;a href=\\&quot;https:\\\/\\\/pachakamani.com\\\/encuentrosaberes\\\/05-como-reivindicar-la-pertenencia-de-la-morenada\\\/\\&quot;&gt;Fuente&lt;\\\/a&gt;&lt;\\\/p&gt;\\n&quot;,&quot;author&quot;:&quot;PachaKamani | Kamani Audio&quot;,&quot;date&quot;:&quot;08\\\/27\\\/2024&quot;,&quot;link&quot;:&quot;https:\\\/\\\/pachakamani.com\\\/encuentrosaberes\\\/05-como-reivindicar-la-pertenencia-de-la-morenada\\\/&quot;,&quot;src&quot;:&quot;https:\\\/\\\/op3.dev\\\/e\\\/archive.org\\\/download\\\/es002-encuentro_saberes-002-pachakamani\\\/ep05-es-morenada-reivindicar.mp3&quot;,&quot;featured&quot;:&quot;https:\\\/\\\/pachakamani.com\\\/encuentrosaberes\\\/wp-content\\\/uploads\\\/sites\\\/4\\\/2026\\\/01\\\/ES-Encuentro-Saberes-01a.png&quot;,&quot;featured_id&quot;:0,&quot;mediatype&quot;:&quot;audio&quot;,&quot;season&quot;:0,&quot;categories&quot;:{&quot;podcast&quot;:&quot;podcast&quot;,&quot;podmorenada&quot;:&quot;podmorenada&quot;,&quot;morenada&quot;:&quot;Morenada&quot;,&quot;patrimoniocultural&quot;:&quot;patrimonio cultural&quot;},&quot;duration&quot;:&quot;21:34&quot;,&quot;episodetype&quot;:&quot;full&quot;,&quot;timestamp&quot;:1724798518,&quot;key&quot;:&quot;9310bb2184ae98cc1b3ae5ca23fec91d&quot;,&quot;fset&quot;:&quot;&quot;,&quot;fratio&quot;:1},&quot;ppe-172-8&quot;:{&quot;title&quot;:&quot;#004. El poder de la Morenada: Conversatorio y debate-4\\\/4&quot;,&quot;description&quot;:&quot;&lt;p&gt;Esta es la cuarta y \\u00faltima sesi\\u00f3n del Conversatorio \\u201cEl poder de la Morenada: Cultura, educaci\\u00f3n y salvaguardia\\u00bb, realizada en la Ciudad de La Paz, el d\\u00eda 08 de Septiembre de 2020. En este episodio se realiza el debate y conversaci\\u00f3n sobre el tema central, todo a partir de las preguntas del auditorio y de los invitados. &lt;\\\/p&gt;\\n&lt;p&gt;&lt;a href=\\&quot;https:\\\/\\\/pachakamani.com\\\/encuentrosaberes\\\/004-el-poder-de-la-morenada-conversatorio-debate-4-4\\\/\\&quot;&gt;Fuente&lt;\\\/a&gt;&lt;\\\/p&gt;\\n&quot;,&quot;author&quot;:&quot;PachaKamani | Kamani Audio&quot;,&quot;date&quot;:&quot;03\\\/25\\\/2021&quot;,&quot;link&quot;:&quot;https:\\\/\\\/pachakamani.com\\\/encuentrosaberes\\\/004-el-poder-de-la-morenada-conversatorio-debate-4-4\\\/&quot;,&quot;src&quot;:&quot;https:\\\/\\\/archive.org\\\/download\\\/es002-encuentro_saberes-002-pachakamani\\\/E004-ES-Debate.mp3&quot;,&quot;featured&quot;:&quot;https:\\\/\\\/pachakamani.com\\\/encuentrosaberes\\\/wp-content\\\/uploads\\\/sites\\\/4\\\/2026\\\/01\\\/ES-Encuentro-Saberes-01a.png&quot;,&quot;featured_id&quot;:0,&quot;mediatype&quot;:&quot;audio&quot;,&quot;season&quot;:0,&quot;categories&quot;:{&quot;podcast&quot;:&quot;podcast&quot;,&quot;podmorenada&quot;:&quot;podmorenada&quot;,&quot;debates&quot;:&quot;debates&quot;,&quot;morenada&quot;:&quot;Morenada&quot;,&quot;patrimoniocultural&quot;:&quot;patrimonio cultural&quot;},&quot;duration&quot;:&quot;49:38&quot;,&quot;episodetype&quot;:&quot;full&quot;,&quot;timestamp&quot;:1616706658,&quot;key&quot;:&quot;f88a36dc3c7c77fa6c4013a533f5c180&quot;,&quot;fset&quot;:&quot;&quot;,&quot;fratio&quot;:1},&quot;ppe-172-9&quot;:{&quot;title&quot;:&quot;#003. Morenada, salvaguardia y gesti\\u00f3n del Patrimonio Inmaterial-3\\\/4&quot;,&quot;description&quot;:&quot;&lt;p&gt;Ponencia de David Aruquipa titulada: Importancia de la salvaguardia y gesti\\u00f3n en el PCI. Reflexiones desde la danza de la Morenada&lt;\\\/p&gt;\\n&lt;p&gt;&lt;a href=\\&quot;https:\\\/\\\/pachakamani.com\\\/encuentrosaberes\\\/003-morenada-salvaguardia-gestion-patrimonio-inmaterial-3-4\\\/\\&quot;&gt;Fuente&lt;\\\/a&gt;&lt;\\\/p&gt;\\n&quot;,&quot;author&quot;:&quot;PachaKamani | Kamani Audio&quot;,&quot;date&quot;:&quot;03\\\/24\\\/2021&quot;,&quot;link&quot;:&quot;https:\\\/\\\/pachakamani.com\\\/encuentrosaberes\\\/003-morenada-salvaguardia-gestion-patrimonio-inmaterial-3-4\\\/&quot;,&quot;src&quot;:&quot;https:\\\/\\\/op3.dev\\\/e\\\/archive.org\\\/download\\\/es002-encuentro_saberes-002-pachakamani\\\/E003-ES-Aruquipa.mp3&quot;,&quot;featured&quot;:&quot;https:\\\/\\\/pachakamani.com\\\/encuentrosaberes\\\/wp-content\\\/uploads\\\/sites\\\/4\\\/2026\\\/01\\\/ES-Encuentro-Saberes-01a.png&quot;,&quot;featured_id&quot;:0,&quot;mediatype&quot;:&quot;audio&quot;,&quot;season&quot;:0,&quot;categories&quot;:{&quot;podcast&quot;:&quot;podcast&quot;,&quot;podmorenada&quot;:&quot;podmorenada&quot;,&quot;davidaruquipa&quot;:&quot;david aruquipa&quot;,&quot;gesti\\u00f3ncultural&quot;:&quot;gesti\\u00f3n cultural&quot;,&quot;morenada&quot;:&quot;Morenada&quot;,&quot;patrimoniocultural&quot;:&quot;patrimonio cultural&quot;,&quot;salvaguardia&quot;:&quot;salvaguardia&quot;},&quot;duration&quot;:&quot;29:22&quot;,&quot;episodetype&quot;:&quot;full&quot;,&quot;timestamp&quot;:1616568027,&quot;key&quot;:&quot;d700fbf76cbb07e7d80cb6e899051e53&quot;,&quot;fset&quot;:&quot;&quot;,&quot;fratio&quot;:1},&quot;ppe-172-10&quot;:{&quot;title&quot;:&quot;#002. Estado del arte sobre el origen de la danza de la Morenada-2\\\/4&quot;,&quot;description&quot;:&quot;&lt;p&gt;Cardenas intenta encontrar qu\\u00e9 es lo que pasa, qu\\u00e9 es lo que produce la aparici\\u00f3n y la presencia de la Morenada, en un contexto tan interesante y tan peculiar como es el boliviano.&lt;\\\/p&gt;\\n&lt;p&gt;&lt;a href=\\&quot;https:\\\/\\\/pachakamani.com\\\/encuentrosaberes\\\/002-estado-del-arte-sobre-el-origen-de-la-danza-de-la-morenada\\\/\\&quot;&gt;Fuente&lt;\\\/a&gt;&lt;\\\/p&gt;\\n&quot;,&quot;author&quot;:&quot;PachaKamani | Kamani Audio&quot;,&quot;date&quot;:&quot;10\\\/29\\\/2020&quot;,&quot;link&quot;:&quot;https:\\\/\\\/pachakamani.com\\\/encuentrosaberes\\\/002-estado-del-arte-sobre-el-origen-de-la-danza-de-la-morenada\\\/&quot;,&quot;src&quot;:&quot;https:\\\/\\\/op3.dev\\\/e\\\/archive.org\\\/download\\\/es002-encuentro_saberes-002-pachakamani\\\/ES002_96k.mp3&quot;,&quot;featured&quot;:&quot;https:\\\/\\\/pachakamani.com\\\/encuentrosaberes\\\/wp-content\\\/uploads\\\/sites\\\/4\\\/2026\\\/01\\\/ES-Encuentro-Saberes-01a.png&quot;,&quot;featured_id&quot;:0,&quot;mediatype&quot;:&quot;audio&quot;,&quot;season&quot;:0,&quot;categories&quot;:{&quot;podcast&quot;:&quot;podcast&quot;,&quot;podmorenada&quot;:&quot;podmorenada&quot;,&quot;academia&quot;:&quot;academia&quot;,&quot;cleverthcardenas&quot;:&quot;Cleverth Cardenas&quot;,&quot;estadodelarte&quot;:&quot;estado del arte&quot;,&quot;morenada&quot;:&quot;Morenada&quot;},&quot;duration&quot;:&quot;30:00&quot;,&quot;episodetype&quot;:&quot;full&quot;,&quot;timestamp&quot;:1603946955,&quot;key&quot;:&quot;269913b10d01418e43c72f94aadf8356&quot;,&quot;fset&quot;:&quot;&quot;,&quot;fratio&quot;:1},&quot;ppe-172-11&quot;:{&quot;title&quot;:&quot;#001. El bordado en los trajes de la danza de la Morenada-1\\\/4&quot;,&quot;description&quot;:&quot;&lt;p&gt;E001 \\u2013 El bordado, sus t\\u00e9cnicas, iconograf\\u00eda y est\\u00e9tica en los trajes de Morenos (1\\\/4) La conferencia presentada por Varinia Oros fue titulada \\u201cEl bordado, sus t\\u00e9cnicas, iconograf\\u00eda y est\\u00e9tica en los trajes de Morenos\\u201d, que es una parte de su investigaci\\u00f3n sobre la danza de la Morenada enfocada en la materialidad. Realiza un esbozo [\\u2026]&lt;\\\/p&gt;\\n&lt;p&gt;&lt;a href=\\&quot;https:\\\/\\\/pachakamani.com\\\/encuentrosaberes\\\/001-el-bordado-en-los-trajes-de-la-danza-de-la-morenada\\\/\\&quot;&gt;Fuente&lt;\\\/a&gt;&lt;\\\/p&gt;\\n&quot;,&quot;author&quot;:&quot;PachaKamani | Kamani Audio&quot;,&quot;date&quot;:&quot;09\\\/20\\\/2020&quot;,&quot;link&quot;:&quot;https:\\\/\\\/pachakamani.com\\\/encuentrosaberes\\\/001-el-bordado-en-los-trajes-de-la-danza-de-la-morenada\\\/&quot;,&quot;src&quot;:&quot;https:\\\/\\\/op3.dev\\\/e\\\/archive.org\\\/download\\\/es002-encuentro_saberes-002-pachakamani\\\/E001-es-Varinia-Oros-Bordado-2024.mp3&quot;,&quot;featured&quot;:&quot;https:\\\/\\\/pachakamani.com\\\/encuentrosaberes\\\/wp-content\\\/uploads\\\/sites\\\/4\\\/2026\\\/01\\\/ES-Encuentro-Saberes-01a.png&quot;,&quot;featured_id&quot;:0,&quot;mediatype&quot;:&quot;audio&quot;,&quot;season&quot;:0,&quot;categories&quot;:{&quot;podcast&quot;:&quot;podcast&quot;,&quot;podmorenada&quot;:&quot;podmorenada&quot;,&quot;bordados&quot;:&quot;Bordados&quot;,&quot;danza&quot;:&quot;danza&quot;,&quot;est\\u00e9tica&quot;:&quot;est\\u00e9tica&quot;,&quot;iconograf\\u00eda&quot;:&quot;iconograf\\u00eda&quot;,&quot;morenada&quot;:&quot;Morenada&quot;,&quot;trajes&quot;:&quot;trajes&quot;,&quot;variniaoros&quot;:&quot;Varinia Oros&quot;},&quot;duration&quot;:&quot;26:22&quot;,&quot;episodetype&quot;:&quot;full&quot;,&quot;timestamp&quot;:1600602501,&quot;key&quot;:&quot;b8774e0fb9f9069c5f8519620090e2d0&quot;,&quot;fset&quot;:&quot;&quot;,&quot;fratio&quot;:1},&quot;ppe-172-12&quot;:{&quot;title&quot;:&quot;E000. Presentaci\\u00f3n del Podcast Encuentro Saberes&quot;,&quot;description&quot;:&quot;&lt;p&gt;Ep #000 Encuentro Saberes \\u2013 Podcast En este podcast encontrar\\u00e1s las grabaciones de conferencias, simposios, conversatorios, charlas acad\\u00e9micas y mucho m\\u00e1s\\u2026 Cada sesi\\u00f3n nos llevar\\u00e1 una vez m\\u00e1s, a un espacio de encuentro de saberes, es decir a los argumentos de cada expositora o expositor y las preguntas del auditorio\\u2026 Es por ello que estas [\\u2026]&lt;\\\/p&gt;\\n&lt;p&gt;&lt;a href=\\&quot;https:\\\/\\\/pachakamani.com\\\/encuentrosaberes\\\/e000-presentacion-podcast-encuentro-saberes\\\/\\&quot;&gt;Fuente&lt;\\\/a&gt;&lt;\\\/p&gt;\\n&quot;,&quot;author&quot;:&quot;PachaKamani | Kamani Audio&quot;,&quot;date&quot;:&quot;09\\\/03\\\/2020&quot;,&quot;link&quot;:&quot;https:\\\/\\\/pachakamani.com\\\/encuentrosaberes\\\/e000-presentacion-podcast-encuentro-saberes\\\/&quot;,&quot;src&quot;:&quot;https:\\\/\\\/op3.dev\\\/e\\\/archive.org\\\/download\\\/e000_es_presentacion\\\/E000_ES_Presentacion_Encuentro_Saberes.mp3&quot;,&quot;featured&quot;:&quot;https:\\\/\\\/pachakamani.com\\\/encuentrosaberes\\\/wp-content\\\/uploads\\\/sites\\\/4\\\/2026\\\/01\\\/ES-Encuentro-Saberes-01a.png&quot;,&quot;featured_id&quot;:0,&quot;mediatype&quot;:&quot;audio&quot;,&quot;season&quot;:0,&quot;categories&quot;:{&quot;podcast&quot;:&quot;podcast&quot;,&quot;podsaberes&quot;:&quot;podsaberes&quot;,&quot;charlas&quot;:&quot;charlas&quot;,&quot;conferencias&quot;:&quot;conferencias&quot;,&quot;conversatorios&quot;:&quot;conversatorios&quot;,&quot;debates&quot;:&quot;debates&quot;,&quot;mesaredonda&quot;:&quot;mesa redonda&quot;},&quot;duration&quot;:&quot;07:04&quot;,&quot;episodetype&quot;:&quot;full&quot;,&quot;timestamp&quot;:1599167260,&quot;key&quot;:&quot;a588081caa3ba2413a7781f0248858fa&quot;,&quot;fset&quot;:&quot;&quot;,&quot;fratio&quot;:1},&quot;load_info&quot;:{&quot;loaded&quot;:12,&quot;displayed&quot;:10,&quot;offset&quot;:0,&quot;maxItems&quot;:12,&quot;src&quot;:&quot;a47c159f1f1f0599295c9959f29ff10d&quot;,&quot;step&quot;:10,&quot;sortby&quot;:&quot;sort_date_desc&quot;,&quot;filterby&quot;:&quot;&quot;,&quot;fixed&quot;:&quot;&quot;,&quot;args&quot;:{&quot;imgurl&quot;:&quot;https:\\\/\\\/pachakamani.com\\\/encuentrosaberes\\\/wp-content\\\/uploads\\\/sites\\\/4\\\/2026\\\/01\\\/ES-Encuentro-Saberes-01a.png&quot;,&quot;imgset&quot;:&quot;&quot;,&quot;display&quot;:&quot;&quot;,&quot;hddesc&quot;:0,&quot;hdfeat&quot;:0,&quot;oricov&quot;:&quot;https:\\\/\\\/pachakamani.com\\\/encuentrosaberes\\\/wp-content\\\/uploads\\\/sites\\\/4\\\/2026\\\/01\\\/ES-Encuentro-Saberes-01a.png&quot;,&quot;elength&quot;:18}},&quot;rdata&quot;:{&quot;permalink&quot;:&quot;https:\\\/\\\/pachakamani.com\\\/encuentrosaberes\\\/wp-json\\\/wp\\\/v2\\\/pages\\\/255&quot;,&quot;fprint&quot;:&quot;a47c159f1f1f0599295c9959f29ff10d&quot;,&quot;from&quot;:&quot;feedurl&quot;,&quot;elen&quot;:18,&quot;eunit&quot;:&quot;&quot;,&quot;teaser&quot;:&quot;&quot;,&quot;title&quot;:&quot;Encuentro Saberes&quot;,&quot;autoplay&quot;:&quot;&quot;}}\"><div class=\"pp-podcast__wrapper\"><div class=\"pp-podcast__info pod-info\"><div class=\"pod-info__header pod-header\"><div class=\"pod-header__image\"><div class=\"pod-header__image-wrapper\"><img decoding=\"async\" class=\"podcast-cover-image\" src=\"https:\/\/pachakamani.com\/encuentrosaberes\/wp-content\/uploads\/sites\/4\/2026\/01\/ES-Encuentro-Saberes-01a.png\" srcset=\"\" sizes=\"(max-width: 640px) 100vw, 25vw\" alt=\"Encuentro Saberes\"><\/div><span class=\"pod-header__image-style\" style=\"display: block; width: 100%; padding-top: 100%\"><\/div><div class=\"pod-header__items pod-items\"><div class=\"pod-items__title\">Encuentro Saberes<\/div><div class=\"pod-items__desc\"><p>Espacio para el encuentro de conocimientos y saberes que nos ayuden a construir los propios. En este Podcast encontrar\u00e1s res\u00famenes de textos, libros e investigaciones que sean una puerta de entrada a nuevos conocimientos.  Producci\u00f3n del Colectivo PachaKamani con contenido relacionado a las ciencias sociales y humanas para divulgar saberes especializados y relacionados a la diversidad cultural. https:\/\/pachakamani.com\/encuentrosaberes\/ #EncuentroSaberes #PachaKamani #PodcastBo La Paz,  Bolivia. NF-PP<\/p>\n<\/div><\/div><\/div><\/div><div class=\"pp-podcast__content pod-content\"><div class=\"pp-podcast__single\"><div class=\"pp-podcast__player\"><div class=\"pp-player-episode\"><audio id=\"pp-podcast-172-player\" preload=\"none\" class=\"pp-podcast-episode\" style=\"width: 100%;\" controls=\"controls\"><source type=\"audio\/mpeg\" src=\"https:\/\/op3.dev\/e\/archive.org\/download\/e000_es_presentacion\/E03T2-arte-precolombino-1.mp3\" \/><\/audio><\/div><\/div><div class=\"pod-content__episode episode-single\"><button class=\"episode-single__close\" aria-expanded=\"false\" aria-label=\"Cerrar el episodio individual\"><span class=\"btn-icon-wrap\"><svg class=\"icon icon-pp-x\" aria-hidden=\"true\" role=\"img\" focusable=\"false\"><use href=\"#icon-pp-x\" xlink:href=\"#icon-pp-x\"><\/use><\/svg><\/span><\/button><div class=\"episode-single__wrapper\"><div class=\"episode-single__header\"><div class=\"episode-single__title\">Arte Precolombino 1: Textil y Adornos | 03-T2<\/div><div class=\"episode-single__author\"><span class=\"byname\">por<\/span><span class=\"single-author\">PachaKamani | Kamani Audio<\/span><\/div><\/div><div class=\"episode-single__description\"><p>En este episodio, se discute el libro \u00abArte Precolombino: Primera Parte &#8211; Textil y Adornos\u00bb de Jos\u00e9 Antonio de Lavalle y Werner Lang, publicado en 1991.<\/p><p><a href=\"https:\/\/pachakamani.com\/encuentrosaberes\/arte-precolombino-1-textil-y-adornos-03-t2\/\">Fuente<\/a><\/p><\/div><\/div><div class=\"ppjs__img-wrapper \"><div class=\"ppjs__img-btn-cover\"><img decoding=\"async\" class=\"ppjs__img-btn\" src=\"https:\/\/pachakamani.com\/encuentrosaberes\/wp-content\/uploads\/sites\/4\/2026\/01\/podcast-episode-image-2915826b30b7102d3c0497da6ff225a8.jpg\" srcset=\"https:\/\/pachakamani.com\/encuentrosaberes\/wp-content\/uploads\/sites\/4\/2026\/01\/podcast-episode-image-2915826b30b7102d3c0497da6ff225a8.jpg 300w, https:\/\/pachakamani.com\/encuentrosaberes\/wp-content\/uploads\/sites\/4\/2026\/01\/podcast-episode-image-2915826b30b7102d3c0497da6ff225a8-150x150.jpg 150w\" sizes=\"(max-width: 640px) 100vw, 300px\" alt=\"Arte Precolombino 1: Textil y Adornos | 03-T2\"><\/div><div><span class=\"ppjs__img-btn-style\" style=\"display: block; width: 100%; padding-top: 100%\"><\/div><\/div><\/div><\/div><div class=\"pod-content__list episode-list\"><div class=\"episode-list__filters\"><div class=\"episode-list__search\"><label class=\"label-episode-search\"><span class=\"ppjs__offscreen\">Buscar episodios<\/span><input type=\"text\" placeholder=\"Buscar episodios\" title=\"Buscar episodios de p\u00f3dcast\"\/><\/label><span class=\"episode-list__search-icon\"><svg class=\"icon icon-pp-search\" aria-hidden=\"true\" role=\"img\" focusable=\"false\"><use href=\"#icon-pp-search\" xlink:href=\"#icon-pp-search\"><\/use><\/svg><\/span><\/div><button class=\"episode-list__clear-search pod-button\"><svg class=\"icon icon-pp-x\" aria-hidden=\"true\" role=\"img\" focusable=\"false\"><use href=\"#icon-pp-x\" xlink:href=\"#icon-pp-x\"><\/use><\/svg><span class=\"ppjs__offscreen\">Vaciar la b\u00fasqueda<\/span><\/button><\/div><div class=\"episode-list__wrapper\">\n<div id=\"ppe-172-1\" class=\"episode-list__entry pod-entry\" data-search-term=\"arte precolombino 1: textil y adornos | 03-t2\" data-cats=\"podcast podsaberes arteprecolombino resumenlibro textiles\">\n\t<div class=\"pod-entry__wrapper\">\n\t\t<div class=\"pod-entry__content\">\n\t\t\t<div class=\"pod-entry__title\">\n\t\t\t\t<a href=\"https:\/\/pachakamani.com\/encuentrosaberes\/arte-precolombino-1-textil-y-adornos-03-t2\/\">Arte Precolombino 1: Textil y Adornos | 03-T2<\/a>\n\t\t\t<\/div>\n\t\t\t<div class=\"pod-entry__date\">08\/09\/2025<\/div>\n\t\t\t\t\t\t\t<div class=\"pod-entry__author\">PachaKamani | Kamani Audio<\/div>\n\t\t\t\t\t<\/div>\n\t<\/div>\n<\/div>\n\n<div id=\"ppe-172-2\" class=\"episode-list__entry pod-entry\" data-search-term=\"awakhuni: tejiendo la historia andina | 02-t2\" data-cats=\"podcast podsaberes resumenlibro textilandino\">\n\t<div class=\"pod-entry__wrapper\">\n\t\t<div class=\"pod-entry__content\">\n\t\t\t<div class=\"pod-entry__title\">\n\t\t\t\t<a href=\"https:\/\/pachakamani.com\/encuentrosaberes\/awakhuni-tejiendo-historia-andina-02-t2\/\">Awakhuni: Tejiendo la historia andina | 02-T2<\/a>\n\t\t\t<\/div>\n\t\t\t<div class=\"pod-entry__date\">04\/07\/2025<\/div>\n\t\t\t\t\t\t\t<div class=\"pod-entry__author\">PachaKamani | Kamani Audio<\/div>\n\t\t\t\t\t<\/div>\n\t<\/div>\n<\/div>\n\n<div id=\"ppe-172-3\" class=\"episode-list__entry pod-entry\" data-search-term=\"nuevo rumbo para encuentro saberes: explorando libros y conocimientos | 01-t2\" data-cats=\"podcast podsaberes kamaniaudio\">\n\t<div class=\"pod-entry__wrapper\">\n\t\t<div class=\"pod-entry__content\">\n\t\t\t<div class=\"pod-entry__title\">\n\t\t\t\t<a href=\"https:\/\/pachakamani.com\/encuentrosaberes\/nuevo-rumbo-para-encuentro-saberes-explorando-libros-conocimientos-01-t2\/\">Nuevo rumbo para Encuentro Saberes: explorando libros y conocimientos | 01-T2<\/a>\n\t\t\t<\/div>\n\t\t\t<div class=\"pod-entry__date\">02\/17\/2025<\/div>\n\t\t\t\t\t\t\t<div class=\"pod-entry__author\">PachaKamani | Kamani Audio<\/div>\n\t\t\t\t\t<\/div>\n\t<\/div>\n<\/div>\n\n<div id=\"ppe-172-4\" class=\"episode-list__entry pod-entry\" data-search-term=\"#08 el papel de los portadores en la protecci\u00f3n del patrimonio cultural\" data-cats=\"podcast podmorenada debates morenada patrimoniocultural\">\n\t<div class=\"pod-entry__wrapper\">\n\t\t<div class=\"pod-entry__content\">\n\t\t\t<div class=\"pod-entry__title\">\n\t\t\t\t<a href=\"https:\/\/pachakamani.com\/encuentrosaberes\/08-los-portadores-en-la-proteccion-del-patrimonio-cultural\/\">#08 El papel de los portadores en la protecci\u00f3n del patrimonio cultural<\/a>\n\t\t\t<\/div>\n\t\t\t<div class=\"pod-entry__date\">09\/07\/2024<\/div>\n\t\t\t\t\t\t\t<div class=\"pod-entry__author\">PachaKamani | Kamani Audio<\/div>\n\t\t\t\t\t<\/div>\n\t<\/div>\n<\/div>\n\n<div id=\"ppe-172-5\" class=\"episode-list__entry pod-entry\" data-search-term=\"#07 \u00bfqu\u00e9 papel cumple unesco en las disputas sobre patrimonio?\" data-cats=\"podcast podmorenada debates morenada patrimoniocultural\">\n\t<div class=\"pod-entry__wrapper\">\n\t\t<div class=\"pod-entry__content\">\n\t\t\t<div class=\"pod-entry__title\">\n\t\t\t\t<a href=\"https:\/\/pachakamani.com\/encuentrosaberes\/07-unesco-en-disputas-sobre-patrimonio\/\">#07 \u00bfQu\u00e9 papel cumple UNESCO en las disputas sobre patrimonio?<\/a>\n\t\t\t<\/div>\n\t\t\t<div class=\"pod-entry__date\">08\/31\/2024<\/div>\n\t\t\t\t\t\t\t<div class=\"pod-entry__author\">PachaKamani | Kamani Audio<\/div>\n\t\t\t\t\t<\/div>\n\t<\/div>\n<\/div>\n\n<div id=\"ppe-172-6\" class=\"episode-list__entry pod-entry\" data-search-term=\"#06 \u00bfel patrimonio cultural es una norma suficiente?\" data-cats=\"podcast podmorenada debates morenada patrimoniocultural\">\n\t<div class=\"pod-entry__wrapper\">\n\t\t<div class=\"pod-entry__content\">\n\t\t\t<div class=\"pod-entry__title\">\n\t\t\t\t<a href=\"https:\/\/pachakamani.com\/encuentrosaberes\/06-patrimonio-cultural-es-norma-suficiente\/\">#06 \u00bfEl Patrimonio Cultural es una norma suficiente?<\/a>\n\t\t\t<\/div>\n\t\t\t<div class=\"pod-entry__date\">08\/29\/2024<\/div>\n\t\t\t\t\t\t\t<div class=\"pod-entry__author\">PachaKamani | Kamani Audio<\/div>\n\t\t\t\t\t<\/div>\n\t<\/div>\n<\/div>\n\n<div id=\"ppe-172-7\" class=\"episode-list__entry pod-entry\" data-search-term=\"#05 \u00bfc\u00f3mo reivindicar la pertenencia de la morenada?\" data-cats=\"podcast podmorenada morenada patrimoniocultural\">\n\t<div class=\"pod-entry__wrapper\">\n\t\t<div class=\"pod-entry__content\">\n\t\t\t<div class=\"pod-entry__title\">\n\t\t\t\t<a href=\"https:\/\/pachakamani.com\/encuentrosaberes\/05-como-reivindicar-la-pertenencia-de-la-morenada\/\">#05 \u00bfC\u00f3mo reivindicar la pertenencia de la Morenada?<\/a>\n\t\t\t<\/div>\n\t\t\t<div class=\"pod-entry__date\">08\/27\/2024<\/div>\n\t\t\t\t\t\t\t<div class=\"pod-entry__author\">PachaKamani | Kamani Audio<\/div>\n\t\t\t\t\t<\/div>\n\t<\/div>\n<\/div>\n\n<div id=\"ppe-172-8\" class=\"episode-list__entry pod-entry\" data-search-term=\"#004. el poder de la morenada: conversatorio y debate-4\/4\" data-cats=\"podcast podmorenada debates morenada patrimoniocultural\">\n\t<div class=\"pod-entry__wrapper\">\n\t\t<div class=\"pod-entry__content\">\n\t\t\t<div class=\"pod-entry__title\">\n\t\t\t\t<a href=\"https:\/\/pachakamani.com\/encuentrosaberes\/004-el-poder-de-la-morenada-conversatorio-debate-4-4\/\">#004. El poder de la Morenada: Conversatorio y debate-4\/4<\/a>\n\t\t\t<\/div>\n\t\t\t<div class=\"pod-entry__date\">03\/25\/2021<\/div>\n\t\t\t\t\t\t\t<div class=\"pod-entry__author\">PachaKamani | Kamani Audio<\/div>\n\t\t\t\t\t<\/div>\n\t<\/div>\n<\/div>\n\n<div id=\"ppe-172-9\" class=\"episode-list__entry pod-entry\" data-search-term=\"#003. morenada, salvaguardia y gesti\u00f3n del patrimonio inmaterial-3\/4\" data-cats=\"podcast podmorenada davidaruquipa gesti\u00f3ncultural morenada patrimoniocultural salvaguardia\">\n\t<div class=\"pod-entry__wrapper\">\n\t\t<div class=\"pod-entry__content\">\n\t\t\t<div class=\"pod-entry__title\">\n\t\t\t\t<a href=\"https:\/\/pachakamani.com\/encuentrosaberes\/003-morenada-salvaguardia-gestion-patrimonio-inmaterial-3-4\/\">#003. Morenada, salvaguardia y gesti\u00f3n del Patrimonio Inmaterial-3\/4<\/a>\n\t\t\t<\/div>\n\t\t\t<div class=\"pod-entry__date\">03\/24\/2021<\/div>\n\t\t\t\t\t\t\t<div class=\"pod-entry__author\">PachaKamani | Kamani Audio<\/div>\n\t\t\t\t\t<\/div>\n\t<\/div>\n<\/div>\n\n<div id=\"ppe-172-10\" class=\"episode-list__entry pod-entry\" data-search-term=\"#002. estado del arte sobre el origen de la danza de la morenada-2\/4\" data-cats=\"podcast podmorenada academia cleverthcardenas estadodelarte morenada\">\n\t<div class=\"pod-entry__wrapper\">\n\t\t<div class=\"pod-entry__content\">\n\t\t\t<div class=\"pod-entry__title\">\n\t\t\t\t<a href=\"https:\/\/pachakamani.com\/encuentrosaberes\/002-estado-del-arte-sobre-el-origen-de-la-danza-de-la-morenada\/\">#002. Estado del arte sobre el origen de la danza de la Morenada-2\/4<\/a>\n\t\t\t<\/div>\n\t\t\t<div class=\"pod-entry__date\">10\/29\/2020<\/div>\n\t\t\t\t\t\t\t<div class=\"pod-entry__author\">PachaKamani | Kamani Audio<\/div>\n\t\t\t\t\t<\/div>\n\t<\/div>\n<\/div>\n<div class=\"lm-button-wrapper\"><button class=\"episode-list__load-more\"><span>Cargar m\u00e1s<\/span><\/button><\/div><div class=\"episode-list__search-results episode-search\"><span class=\"ppjs__offscreen\">Marcador de posici\u00f3n de resultados de b\u00fasqueda<\/span><\/div><\/div><\/div><div class=\"ppjs__list-reveal\"><div class=\"ppjs__button\"><button class=\"pp-prev-btn\"><span class=\"ppjs__offscreen\">Episodio anterior<\/span><span class=\"btn-icon-wrap\"><svg class=\"icon icon-pp-previous\" aria-hidden=\"true\" role=\"img\" focusable=\"false\"><use href=\"#icon-pp-previous\" xlink:href=\"#icon-pp-previous\"><\/use><\/svg><\/span><\/button><\/div><div class=\"ppjs__button\"><button class=\"pp-list-btn\"><span class=\"ppjs__offscreen\">Mostrar la lista de episodios<\/span><span class=\"btn-icon-wrap\"><svg class=\"icon icon-pp-show-list\" aria-hidden=\"true\" role=\"img\" focusable=\"false\"><use href=\"#icon-pp-show-list\" xlink:href=\"#icon-pp-show-list\"><\/use><\/svg><svg class=\"icon icon-pp-hide-list\" aria-hidden=\"true\" role=\"img\" focusable=\"false\"><use href=\"#icon-pp-hide-list\" xlink:href=\"#icon-pp-hide-list\"><\/use><\/svg><\/span><\/button><\/div><div class=\"ppjs__button\"><button class=\"pp-next-btn\"><span class=\"ppjs__offscreen\">Siguiente episodio<\/span><span class=\"btn-icon-wrap\"><svg class=\"icon icon-pp-next\" aria-hidden=\"true\" role=\"img\" focusable=\"false\"><use href=\"#icon-pp-next\" xlink:href=\"#icon-pp-next\"><\/use><\/svg><\/span><\/button><\/div><\/div><\/div><\/div><div class=\"pod-content__launcher pod-launch\"><button class=\"pod-launch__button pod-launch__info pod-button\" aria-expanded=\"false\"><span class=\"ppjs__offscreen\">Mostrar la informaci\u00f3n del p\u00f3dcast<\/span><span class=\"btn-icon-wrap\"><svg class=\"icon icon-pp-podcast\" aria-hidden=\"true\" role=\"img\" focusable=\"false\"><use href=\"#icon-pp-podcast\" xlink:href=\"#icon-pp-podcast\"><\/use><\/svg><svg class=\"icon icon-pp-x\" aria-hidden=\"true\" role=\"img\" focusable=\"false\"><use href=\"#icon-pp-x\" xlink:href=\"#icon-pp-x\"><\/use><\/svg><\/span><\/button><\/div><\/div><\/div>\n\n\n\n<div class=\"wp-block-column is-layout-flow wp-block-column-is-layout-flow\" style=\"flex-basis:33.33%\">\n<div class=\"wp-block-query is-layout-flow wp-block-query-is-layout-flow\">\n<h2 class=\"wp-block-heading has-text-align-center\">Lecturas<\/h2>\n\n\n<ul class=\"wp-block-post-template is-layout-flow wp-block-post-template-is-layout-flow\"><li class=\"wp-block-post post-272 libro type-libro status-publish has-post-thumbnail hentry\">\n\n<div class=\"wp-block-columns are-vertically-aligned-center is-layout-flex wp-container-core-columns-is-layout-28f84493 wp-block-columns-is-layout-flex\">\n<div class=\"wp-block-column is-vertically-aligned-center is-layout-flow wp-block-column-is-layout-flow\" style=\"flex-basis:25%\"><figure class=\"wp-block-post-featured-image\"><a href=\"https:\/\/pachakamani.com\/encuentrosaberes\/libro\/ichapekene-piesta-v1-catalogo-danzas-limaica-2015\/\" target=\"_self\"  ><img loading=\"lazy\" decoding=\"async\" width=\"1810\" height=\"2560\" src=\"https:\/\/pachakamani.com\/encuentrosaberes\/wp-content\/uploads\/sites\/4\/2024\/07\/ichapekene-vol-1a-scaled.jpg\" class=\"attachment-post-thumbnail size-post-thumbnail wp-post-image\" alt=\"Ichapekene Piesta Vol. 1 Catalogo de danzas. Limaica 2015\" style=\"object-fit:cover;\" srcset=\"https:\/\/pachakamani.com\/encuentrosaberes\/wp-content\/uploads\/sites\/4\/2024\/07\/ichapekene-vol-1a-scaled.jpg 1810w, https:\/\/pachakamani.com\/encuentrosaberes\/wp-content\/uploads\/sites\/4\/2024\/07\/ichapekene-vol-1a-212x300.jpg 212w, https:\/\/pachakamani.com\/encuentrosaberes\/wp-content\/uploads\/sites\/4\/2024\/07\/ichapekene-vol-1a-724x1024.jpg 724w, https:\/\/pachakamani.com\/encuentrosaberes\/wp-content\/uploads\/sites\/4\/2024\/07\/ichapekene-vol-1a-768x1086.jpg 768w, https:\/\/pachakamani.com\/encuentrosaberes\/wp-content\/uploads\/sites\/4\/2024\/07\/ichapekene-vol-1a-1086x1536.jpg 1086w, https:\/\/pachakamani.com\/encuentrosaberes\/wp-content\/uploads\/sites\/4\/2024\/07\/ichapekene-vol-1a-1448x2048.jpg 1448w\" sizes=\"auto, (max-width: 1810px) 100vw, 1810px\" \/><\/a><\/figure><\/div>\n\n\n\n<div class=\"wp-block-column is-vertically-aligned-center is-layout-flow wp-block-column-is-layout-flow\" style=\"flex-basis:75%\"><h4 class=\"wp-block-post-title\"><a href=\"https:\/\/pachakamani.com\/encuentrosaberes\/libro\/ichapekene-piesta-v1-catalogo-danzas-limaica-2015\/\" target=\"_self\" >Ichapekene Piesta Vol. 1 Catalogo de danzas. Limaica 2015<\/a><\/h4><\/div>\n<\/div>\n\n<\/li><li class=\"wp-block-post post-242 libro type-libro status-publish has-post-thumbnail hentry\">\n\n<div class=\"wp-block-columns are-vertically-aligned-center is-layout-flex wp-container-core-columns-is-layout-28f84493 wp-block-columns-is-layout-flex\">\n<div class=\"wp-block-column is-vertically-aligned-center is-layout-flow wp-block-column-is-layout-flow\" style=\"flex-basis:25%\"><figure class=\"wp-block-post-featured-image\"><a href=\"https:\/\/pachakamani.com\/encuentrosaberes\/libro\/reflexiones-dinamicas-carnaval-oruro-romero-libro\/\" target=\"_self\"  ><img loading=\"lazy\" decoding=\"async\" width=\"547\" height=\"847\" src=\"https:\/\/pachakamani.com\/encuentrosaberes\/wp-content\/uploads\/sites\/4\/2024\/02\/Romero-2013.png\" class=\"attachment-post-thumbnail size-post-thumbnail wp-post-image\" alt=\"Reflexiones de las din\u00e1micas del carnaval de Oruro. Romero\" style=\"object-fit:cover;\" srcset=\"https:\/\/pachakamani.com\/encuentrosaberes\/wp-content\/uploads\/sites\/4\/2024\/02\/Romero-2013.png 547w, https:\/\/pachakamani.com\/encuentrosaberes\/wp-content\/uploads\/sites\/4\/2024\/02\/Romero-2013-194x300.png 194w\" sizes=\"auto, (max-width: 547px) 100vw, 547px\" \/><\/a><\/figure><\/div>\n\n\n\n<div class=\"wp-block-column is-vertically-aligned-center is-layout-flow wp-block-column-is-layout-flow\" style=\"flex-basis:75%\"><h4 class=\"wp-block-post-title\"><a href=\"https:\/\/pachakamani.com\/encuentrosaberes\/libro\/reflexiones-dinamicas-carnaval-oruro-romero-libro\/\" target=\"_self\" >Reflexiones de las din\u00e1micas del carnaval de Oruro. Romero<\/a><\/h4><\/div>\n<\/div>\n\n<\/li><li class=\"wp-block-post post-217 libro type-libro status-publish has-post-thumbnail hentry\">\n\n<div class=\"wp-block-columns are-vertically-aligned-center is-layout-flex wp-container-core-columns-is-layout-28f84493 wp-block-columns-is-layout-flex\">\n<div class=\"wp-block-column is-vertically-aligned-center is-layout-flow wp-block-column-is-layout-flow\" style=\"flex-basis:25%\"><figure class=\"wp-block-post-featured-image\"><a href=\"https:\/\/pachakamani.com\/encuentrosaberes\/libro\/curso-gestion-conocimiento-personal-pkm-investigadores-sociales-2022\/\" target=\"_self\"  ><img loading=\"lazy\" decoding=\"async\" width=\"1880\" height=\"1576\" src=\"https:\/\/pachakamani.com\/encuentrosaberes\/wp-content\/uploads\/sites\/4\/2022\/04\/Curso-PKM-UMSA2.jpg\" class=\"attachment-post-thumbnail size-post-thumbnail wp-post-image\" alt=\"Curso: Gesti\u00f3n del conocimiento personal (PKM) para investigadores sociales 2022\" style=\"object-fit:cover;\" srcset=\"https:\/\/pachakamani.com\/encuentrosaberes\/wp-content\/uploads\/sites\/4\/2022\/04\/Curso-PKM-UMSA2.jpg 1880w, https:\/\/pachakamani.com\/encuentrosaberes\/wp-content\/uploads\/sites\/4\/2022\/04\/Curso-PKM-UMSA2-300x251.jpg 300w, https:\/\/pachakamani.com\/encuentrosaberes\/wp-content\/uploads\/sites\/4\/2022\/04\/Curso-PKM-UMSA2-1024x858.jpg 1024w, https:\/\/pachakamani.com\/encuentrosaberes\/wp-content\/uploads\/sites\/4\/2022\/04\/Curso-PKM-UMSA2-768x644.jpg 768w, https:\/\/pachakamani.com\/encuentrosaberes\/wp-content\/uploads\/sites\/4\/2022\/04\/Curso-PKM-UMSA2-1536x1288.jpg 1536w\" sizes=\"auto, (max-width: 1880px) 100vw, 1880px\" \/><\/a><\/figure><\/div>\n\n\n\n<div class=\"wp-block-column is-vertically-aligned-center is-layout-flow wp-block-column-is-layout-flow\" style=\"flex-basis:75%\"><h4 class=\"wp-block-post-title\"><a href=\"https:\/\/pachakamani.com\/encuentrosaberes\/libro\/curso-gestion-conocimiento-personal-pkm-investigadores-sociales-2022\/\" target=\"_self\" >Curso: Gesti\u00f3n del conocimiento personal (PKM) para investigadores sociales 2022<\/a><\/h4><\/div>\n<\/div>\n\n<\/li><\/ul><\/div>\n<\/div>\n<\/div>\n\n\n\n<div class=\"wp-block-columns is-layout-flex wp-container-core-columns-is-layout-28f84493 wp-block-columns-is-layout-flex\">\n<div class=\"wp-block-column is-layout-flow wp-block-column-is-layout-flow\" style=\"flex-basis:25%\"><\/div>\n\n\n\n<div class=\"wp-block-column is-layout-flow wp-block-column-is-layout-flow\" style=\"flex-basis:50%\"><\/div>\n\n\n\n<div class=\"wp-block-column is-layout-flow wp-block-column-is-layout-flow\" style=\"flex-basis:25%\"><\/div>\n<\/div>\n\n\n\n<p><\/p>\n","protected":false},"excerpt":{"rendered":"<p>Podcast sobre res\u00famenes de textos, libros e investigaciones que sean una puerta de entrada a nuevos conocimientos. Producci\u00f3n del Colectivo PachaKamani con contenido relacionado a las ciencias sociales y humanas para divulgar saberes especializados y relacionados a la diversidad cultural.<\/p>\n","protected":false},"author":2,"featured_media":400,"parent":0,"menu_order":0,"comment_status":"closed","ping_status":"closed","template":"","meta":{"site-sidebar-layout":"no-sidebar","site-content-layout":"page-builder","ast-site-content-layout":"full-width-container","site-content-style":"unboxed","site-sidebar-style":"unboxed","ast-global-header-display":"disabled","ast-banner-title-visibility":"","ast-main-header-display":"","ast-hfb-above-header-display":"","ast-hfb-below-header-display":"","ast-hfb-mobile-header-display":"","site-post-title":"disabled","ast-breadcrumbs-content":"","ast-featured-img":"disabled","footer-sml-layout":"","ast-disable-related-posts":"","theme-transparent-header-meta":"default","adv-header-id-meta":"","stick-header-meta":"","header-above-stick-meta":"","header-main-stick-meta":"","header-below-stick-meta":"","astra-migrate-meta-layouts":"set","ast-page-background-enabled":"default","ast-page-background-meta":{"desktop":{"background-color":"","background-image":"","background-repeat":"repeat","background-position":"center center","background-size":"auto","background-attachment":"scroll","background-type":"","background-media":"","overlay-type":"","overlay-color":"","overlay-opacity":"","overlay-gradient":""},"tablet":{"background-color":"","background-image":"","background-repeat":"repeat","background-position":"center center","background-size":"auto","background-attachment":"scroll","background-type":"","background-media":"","overlay-type":"","overlay-color":"","overlay-opacity":"","overlay-gradient":""},"mobile":{"background-color":"","background-image":"","background-repeat":"repeat","background-position":"center center","background-size":"auto","background-attachment":"scroll","background-type":"","background-media":"","overlay-type":"","overlay-color":"","overlay-opacity":"","overlay-gradient":""}},"ast-content-background-meta":{"desktop":{"background-color":"var(--ast-global-color-5)","background-image":"","background-repeat":"repeat","background-position":"center center","background-size":"auto","background-attachment":"scroll","background-type":"","background-media":"","overlay-type":"","overlay-color":"","overlay-opacity":"","overlay-gradient":""},"tablet":{"background-color":"var(--ast-global-color-5)","background-image":"","background-repeat":"repeat","background-position":"center center","background-size":"auto","background-attachment":"scroll","background-type":"","background-media":"","overlay-type":"","overlay-color":"","overlay-opacity":"","overlay-gradient":""},"mobile":{"background-color":"var(--ast-global-color-5)","background-image":"","background-repeat":"repeat","background-position":"center center","background-size":"auto","background-attachment":"scroll","background-type":"","background-media":"","overlay-type":"","overlay-color":"","overlay-opacity":"","overlay-gradient":""}},"slim_seo":{"description":"Podcast sobre res\u00famenes de textos, libros e investigaciones que sean una puerta de entrada a nuevos conocimientos. Producci\u00f3n del Colectivo PachaKamani con contenido relacionado a las ciencias sociales y humanas para divulgar saberes especializados y relacionados a la diversidad cultural.","facebook_image":"https:\/\/pachakamani.com\/encuentrosaberes\/wp-content\/uploads\/sites\/4\/2025\/03\/LOGO-Encuentro-Saberes-2025-2T-300x300.jpg","twitter_image":"https:\/\/pachakamani.com\/encuentrosaberes\/wp-content\/uploads\/sites\/4\/2025\/03\/LOGO-Encuentro-Saberes-2025-2T-1024x1024.jpg","title":"Encuentro Saberes - Otro podcast m\u00e1s de PachaKamani"},"footnotes":""},"class_list":["post-255","page","type-page","status-publish","has-post-thumbnail","hentry"],"_links":{"self":[{"href":"https:\/\/pachakamani.com\/encuentrosaberes\/wp-json\/wp\/v2\/pages\/255","targetHints":{"allow":["GET"]}}],"collection":[{"href":"https:\/\/pachakamani.com\/encuentrosaberes\/wp-json\/wp\/v2\/pages"}],"about":[{"href":"https:\/\/pachakamani.com\/encuentrosaberes\/wp-json\/wp\/v2\/types\/page"}],"author":[{"embeddable":true,"href":"https:\/\/pachakamani.com\/encuentrosaberes\/wp-json\/wp\/v2\/users\/2"}],"replies":[{"embeddable":true,"href":"https:\/\/pachakamani.com\/encuentrosaberes\/wp-json\/wp\/v2\/comments?post=255"}],"version-history":[{"count":21,"href":"https:\/\/pachakamani.com\/encuentrosaberes\/wp-json\/wp\/v2\/pages\/255\/revisions"}],"predecessor-version":[{"id":464,"href":"https:\/\/pachakamani.com\/encuentrosaberes\/wp-json\/wp\/v2\/pages\/255\/revisions\/464"}],"wp:featuredmedia":[{"embeddable":true,"href":"https:\/\/pachakamani.com\/encuentrosaberes\/wp-json\/wp\/v2\/media\/400"}],"wp:attachment":[{"href":"https:\/\/pachakamani.com\/encuentrosaberes\/wp-json\/wp\/v2\/media?parent=255"}],"curies":[{"name":"wp","href":"https:\/\/api.w.org\/{rel}","templated":true}]}}