{"id":625,"date":"2024-06-15T05:24:00","date_gmt":"2024-06-15T09:24:00","guid":{"rendered":"https:\/\/pachakamani.com\/atravesdelaventana\/?p=625"},"modified":"2026-01-26T02:29:06","modified_gmt":"2026-01-26T06:29:06","slug":"casas-de-acogida-16","status":"publish","type":"articulo","link":"https:\/\/pachakamani.com\/atravesdelaventana\/articulo\/casas-de-acogida-16\/","title":{"rendered":"Casas de acogida"},"content":{"rendered":"\n<div class=\"wp-block-cover is-light\"><img fetchpriority=\"high\" decoding=\"async\" width=\"500\" height=\"500\" class=\"wp-block-cover__image-background wp-image-591\" alt=\"16 Casas\" src=\"https:\/\/pachakamani.com\/atravesdelaventana\/wp-content\/uploads\/sites\/6\/2024\/05\/16-casas.png\" data-object-fit=\"cover\" srcset=\"https:\/\/pachakamani.com\/atravesdelaventana\/wp-content\/uploads\/sites\/6\/2024\/05\/16-casas.png 500w, https:\/\/pachakamani.com\/atravesdelaventana\/wp-content\/uploads\/sites\/6\/2024\/05\/16-casas-300x300.png 300w, https:\/\/pachakamani.com\/atravesdelaventana\/wp-content\/uploads\/sites\/6\/2024\/05\/16-casas-150x150.png 150w\" sizes=\"(max-width: 500px) 100vw, 500px\" \/><span aria-hidden=\"true\" class=\"wp-block-cover__background has-background-dim\" style=\"background-color:#bdb8b1\"><\/span><div class=\"wp-block-cover__inner-container is-layout-constrained wp-block-cover-is-layout-constrained\">\n<p class=\"has-text-align-center has-large-font-size\"><strong>Casas de acogida<\/strong><\/p>\n<\/div><\/div>\n\n\n\n<p class=\"has-text-align-right\">M. Sc. Gloria Villarroel Salgueiro<\/p>\n\n\n\n<p>Las Casas de Acogida y los Refugios Temporales son espacios que sirven de albergue seguro de manera temporal a las mujeres, ni\u00f1as y ni\u00f1os menores v\u00edctimas de violencia.<\/p>\n\n\n\n<p>Este episodio contiene una entrevista que realice al Director del Albergue Integral para Mujeres V\u00edctimas de Violencia en el a\u00f1o 2021, albergue perteneciente al Gobierno Municipal Aut\u00f3nomo de la ciudad de La Paz.<\/p>\n\n\n\t\t\t\t<div class=\"wp-block-uagb-table-of-contents uagb-toc__align-left uagb-toc__columns-1  uagb-block-8a28ebab      \"\n\t\t\t\t\tdata-scroll= \"1\"\n\t\t\t\t\tdata-offset= \"30\"\n\t\t\t\t\tstyle=\"\"\n\t\t\t\t>\n\t\t\t\t<div class=\"uagb-toc__wrap\">\n\t\t\t\t\t\t<div class=\"uagb-toc__title\">\n\t\t\t\t\t\t\tTabla de contenidos\t\t\t\t\t\t<\/div>\n\t\t\t\t\t\t\t\t\t\t\t\t\t\t\t\t\t\t\t\t\t\t<div class=\"uagb-toc__list-wrap \">\n\t\t\t\t\t\t<ol class=\"uagb-toc__list\"><li class=\"uagb-toc__list\"><a href=\"#cu\u00e1l-es-fin-de-las-casas-de-acogida\" class=\"uagb-toc-link__trigger\">\u00bfCu\u00e1l es fin de las casas de acogida?<\/a><li class=\"uagb-toc__list\"><a href=\"#c\u00f3mo-se-accede-a-la-casas-de-acogida\" class=\"uagb-toc-link__trigger\">\u00bfC\u00f3mo se accede a la casas de acogida?<\/a><li class=\"uagb-toc__list\"><a href=\"#cu\u00e1ntas-casas-de-acogida-hay-en-bolivia-y-en-qu\u00e9-situaci\u00f3n-se-encuentran\" class=\"uagb-toc-link__trigger\">\u00bfCu\u00e1ntas casas de acogida hay en Bolivia y en qu\u00e9 situaci\u00f3n se encuentran?<\/a><li class=\"uagb-toc__list\"><a href=\"#cu\u00e1nto-se-invierte\" class=\"uagb-toc-link__trigger\">\u00bfCu\u00e1nto se invierte?<\/a><li class=\"uagb-toc__list\"><a href=\"#conclusiones\" class=\"uagb-toc-link__trigger\">Conclusiones<\/a><li class=\"uagb-toc__list\"><a href=\"#referencias\" class=\"uagb-toc-link__trigger\">Referencias<\/a><ul class=\"uagb-toc__list\"><li class=\"uagb-toc__list\"><a href=\"#entrevista\" class=\"uagb-toc-link__trigger\">Entrevista<\/a><\/ul><\/ol>\t\t\t\t\t<\/div>\n\t\t\t\t\t\t\t\t\t<\/div>\n\t\t\t\t<\/div>\n\t\t\t\n\n\n<h2 class=\"wp-block-heading\">\u00bfCu\u00e1l es fin de las casas de acogida?<\/h2>\n\n\n\n<p>El prop\u00f3sito de las Casas de Acogida y los Refugios Temporales es proteger a las mujeres y a los menores de edad de agresiones f\u00edsicas, psicol\u00f3gicas, sexuales o intentos de feminicidio por parte de sus agresores. Est\u00e1n destinados a mujeres que carecen de una red familiar o social que pueda brindarles apoyo. El ingreso es voluntario, y las mujeres que acceden a estos refugios pueden abandonarlos en el momento que lo deseen.<\/p>\n\n\n\n<h2 class=\"wp-block-heading\">\u00bfC\u00f3mo se accede a la casas de acogida?<\/h2>\n\n\n\n<p>Las casas de acogida p\u00fablicas o privadas, no pueden revelar su ubicaci\u00f3n. Las mujeres acceden a estos refugios a trav\u00e9s de la FELCV y los SLIMS para evitar que los agresores las hostiguen o amenacen.<\/p>\n\n\n\n<p>Las casas de acogida deben brindar:<\/p>\n\n\n\n<ul class=\"wp-block-list\">\n<li>Hospedaje y alimentaci\u00f3n.<\/li>\n\n\n\n<li>Programas reeducativos integrales dise\u00f1ados para promover cambios en actitudes y valores, permitiendo a las mujeres una independencia gradual y recuperar su vida social y privada, lo que les permite alejarse de sus agresores.<\/li>\n\n\n\n<li>Capacitaci\u00f3n para desarrollar habilidades, t\u00e9cnicas y conocimientos que les permitan desempe\u00f1arse en actividades laborales o productivas.<\/li>\n\n\n\n<li>Acceso preferencial a programas de empleo o capacitaci\u00f3n en proyectos productivos.<\/li>\n<\/ul>\n\n\n\n<p>Las mujeres en situaci\u00f3n de violencia pueden acceder a las casas de acogida junto con sus hijos, y en algunos casos, tambi\u00e9n pueden ingresar los padres o hermanos. En ocasiones, se han registrado familias que ocupan hasta siete camas.<\/p>\n\n\n\n<p>La residencia dura tres meses, pero puede extenderse porque la recuperaci\u00f3n, lograr restituirse e independizarse puede tomar m\u00e1s tiempo. La extensi\u00f3n de la residencia hace que las casas queden llenas. Existen casas de acogida privadas con las cuales se tiene comunicaci\u00f3n para albergar a las v\u00edctimas, pero a veces no es posible.<\/p>\n\n\n\n<p>Existe la posibilidad que una mujer puede ingresar m\u00e1s de una vez porque retorna con el agresor, sufre nuevamente violencia y retorna a la casa.<\/p>\n\n\n\n<p>Existe \u00e9pocas en el a\u00f1o en que hay m\u00e1s mujeres que solicitan refugio, sucede en carnaval y fiestas de fin de a\u00f1o.<\/p>\n\n\n\n<p>Las mujeres que llegan a las casas de acogida han atravesado por un periodo de sufrimiento e intermitente decisi\u00f3n, para ellas es dif\u00edcil decidir salir de su hogar, dejar su espacio aun con el dolor que representa la violencia. Es dif\u00edcil para ellas cambiar su vida.<\/p>\n\n\n\n<p>Adem\u00e1s, tomar la decisi\u00f3n de iniciar un proceso penal contra el agresor es dif\u00edcil y, en muchos casos, las mujeres desisten y regresan con \u00e9l. Esta situaci\u00f3n se debe a la presi\u00f3n del entorno familiar, del propio agresor y al miedo que sienten tanto por s\u00ed mismas como por sus hijos. Los a\u00f1os de violencia han afectado su autoestima y las han convertido en dependientes de sus agresores, lo que dificulta romper este v\u00ednculo de violencia.<\/p>\n\n\n\n<p>Una estrategia de las casas de acogida es trabajar en la recuperaci\u00f3n no solo de las mujeres, sino tambi\u00e9n de los agresores.<\/p>\n\n\n\n<h2 class=\"wp-block-heading\">\u00bfCu\u00e1ntas casas de acogida hay en Bolivia y en qu\u00e9 situaci\u00f3n se encuentran?<\/h2>\n\n\n\n<p>La Defensor\u00eda del Pueblo ha realizado una evaluaci\u00f3n sobre la disponibilidad de casas de acogida en Bolivia, y sus hallazgos son preocupantes.<\/p>\n\n\n\n<p>Se ha establecido que muchas municipalidades carecen de casas de acogida; de hecho, 6 de cada 10 municipios no cuentan con estos centros de refugio. Adem\u00e1s, el 70% de las alcald\u00edas no brindan capacitaci\u00f3n al personal en cuestiones de derechos humanos de las mujeres.<\/p>\n\n\n\n<p>El panorama es a\u00fan m\u00e1s grave para las v\u00edctimas de trata y tr\u00e1fico, ya que solo existen 6 casas especializadas en La Paz, Potos\u00ed, Cochabamba y Santa Cruz. Estas v\u00edctimas requieren procedimientos y recursos especializados para su protecci\u00f3n y recuperaci\u00f3n.<\/p>\n\n\n\n<p>Las personas con discapacidad, adultos mayores y las identidades de g\u00e9nero parecen quedar al final de las consideraciones de protecci\u00f3n, lo que es preocupante.<\/p>\n\n\n\n<h2 class=\"wp-block-heading\">\u00bfCu\u00e1nto se invierte?<\/h2>\n\n\n\n<p>La directora de la Oficina Jur\u00eddica de la Mujer en Cochabamba, Julieta Monta\u00f1o, se\u00f1al\u00f3 que lo que menos invierten los municipios es en lo social. La ejecuci\u00f3n presupuestaria que llevan a cabo los municipios para las casas de acogida no alcanza a ejecutar estas inversiones en su totalidad. Los fondos que las alcald\u00edas y gobernaciones deben asignar est\u00e1n destinados a infraestructura, alimentaci\u00f3n y recursos humanos para la atenci\u00f3n y capacitaci\u00f3n de las mujeres.<\/p>\n\n\n\n<p>La inversi\u00f3n para las gobernaciones y municipios representa el 30% de los recursos del IDH, con un 5% destinado al fortalecimiento de la Fuerza Especial de Lucha Contra la Violencia (FELCV) a trav\u00e9s de la Polic\u00eda Boliviana. Sin embargo, solo se ejecuta un 0.37% de estos recursos<\/p>\n\n\n\n<h2 class=\"wp-block-heading\">Conclusiones<\/h2>\n\n\n\n<p>En resumen, las casas de acogida desempe\u00f1an un papel crucial como espacios de protecci\u00f3n y recuperaci\u00f3n. La falta de inversi\u00f3n y atenci\u00f3n por parte de los gobiernos departamentales y municipales no solo vulnera y revictimiza a las afectadas, sino que tambi\u00e9n pone en peligro su seguridad. La ausencia de casas de acogida no deja ninguna posibilidad de acceso a la seguridad, lo que es a\u00fan m\u00e1s grave. La falta de sanciones por esta negligencia tanto en \u00e1reas urbanas como rurales es una cuesti\u00f3n que debe abordarse seriamente.<\/p>\n\n\n\n<figure class=\"wp-block-embed is-type-rich is-provider-spotify wp-block-embed-spotify wp-embed-aspect-21-9 wp-has-aspect-ratio\"><div class=\"wp-block-embed__wrapper\">\n<iframe title=\"Spotify Embed: Casas de Acogida #016\" style=\"border-radius: 12px\" width=\"100%\" height=\"152\" frameborder=\"0\" allowfullscreen allow=\"autoplay; clipboard-write; encrypted-media; fullscreen; picture-in-picture\" loading=\"lazy\" src=\"https:\/\/open.spotify.com\/embed\/episode\/3hUe3djWWe2a17CX9CRmwx?si=d451562e147d47f7&#038;utm_source=oembed\"><\/iframe>\n<\/div><\/figure>\n\n\n\n<h2 class=\"wp-block-heading\">Referencias<\/h2>\n\n\n\n<p>Defensor\u00eda del Pueblo Informe Defensorial: Cumplimiento a la Creaci\u00f3n de Centros de Acogida Especializados para V\u00edctimas de Trata y Tr\u00e1fico de Personas, y Delitos Conexos. 2020<\/p>\n\n\n\n<p><a href=\"https:\/\/www.defensoria.gob.bo\/uploads\/files\/informe-defensorial-cumplimiento-a-la-creacion-de-centros-de-acogida-especializados-para-victimas-de-trata-y-trafico-de-personas-y-delitos-conexos.pdf\">https:\/\/www.defensoria.gob.bo\/uploads\/files\/informe-defensorial-cumplimiento-a-la-creacion-de-centros-de-acogida-especializados-para-victimas-de-trata-y-trafico-de-personas-y-delitos-conexos.pdf<\/a><\/p>\n\n\n\n<p>Recursos de los Municipios y departamentos para la justicia contrala violencia hacia las mujeres. Presupuestos y ejecuci\u00f3n 2015 \u2013 2016. CEDLA.<\/p>\n\n\n\n<p><a href=\"https:\/\/cedla.org\/wp-content\/uploads\/2016\/10\/REPORTE-DE-VIOLENCIA.pdf\">https:\/\/cedla.org\/wp-content\/uploads\/2016\/10\/REPORTE-DE-VIOLENCIA.pdf<\/a><\/p>\n\n\n\n<p>Seis departamentos tienen refugios para mujeres v\u00edctimas de violencia. OPINI\u00d3N. 20 de agosto de 2017.<\/p>\n\n\n\n<p><a href=\"https:\/\/www.opinion.com.bo\/articulo\/informe-especial\/departamentos-tienen-refugios-mujeres-v-iacute-ctimas-violencia\/20170820193200675643.html#:~:text=Por%20ejemplo%2C%20en%20Pando%20y,para%20atender%20a%20las%20v%C3%ADctimas.\">https:\/\/www.opinion.com.bo\/articulo\/informe-especial\/departamentos-tienen-refugios-mujeres-v-iacute-ctimas-violencia\/20170820193200675643.html#:~:text=Por%20ejemplo%2C%20en%20Pando%20y,para%20atender%20a%20las%20v%C3%ADctimas.<\/a><\/p>\n\n\n\n<p>\ud83c\udfa7 Elige tu <strong><a href=\"https:\/\/episodes.fm\/1557279045\" target=\"_blank\" rel=\"noopener nofollow\" title=\"App favorita\">App favorita<\/a><\/strong> para escuchar este podcast \u25b6\ufe0f <a href=\"https:\/\/pod.link\/1557279045\" target=\"_blank\" rel=\"noopener nofollow\" title=\"\">AQU\u00cd<\/a>.<\/p>\n\n\n\n<h3 class=\"wp-block-heading\">Entrevista<\/h3>\n\n\n\n<p>Director del Albergue Integral para Mujeres V\u00edctimas de Violencia, Rodrigo Arce perteneciente al Gobierno Municipal Aut\u00f3nomo de la ciudad de La Paz, realizado en enero del a\u00f1o 2021.<\/p>\n\n\n\n<p>Comparte este art\u00edculo:<\/p>\n","protected":false},"excerpt":{"rendered":"<p>Las Casas de Acogida y los Refugios Temporales son espacios que sirven de albergue seguro de manera temporal a las mujeres, ni\u00f1as y ni\u00f1os menores v\u00edctimas de violencia.<\/p>\n","protected":false},"author":6,"featured_media":591,"comment_status":"open","ping_status":"open","template":"","meta":{"_uag_custom_page_level_css":"","site-sidebar-layout":"default","site-content-layout":"","ast-site-content-layout":"default","site-content-style":"default","site-sidebar-style":"default","ast-global-header-display":"","ast-banner-title-visibility":"","ast-main-header-display":"","ast-hfb-above-header-display":"","ast-hfb-below-header-display":"","ast-hfb-mobile-header-display":"","site-post-title":"disabled","ast-breadcrumbs-content":"","ast-featured-img":"disabled","footer-sml-layout":"","ast-disable-related-posts":"","theme-transparent-header-meta":"","adv-header-id-meta":"","stick-header-meta":"","header-above-stick-meta":"","header-main-stick-meta":"","header-below-stick-meta":"","astra-migrate-meta-layouts":"set","ast-page-background-enabled":"default","ast-page-background-meta":{"desktop":{"background-color":"","background-image":"","background-repeat":"repeat","background-position":"center center","background-size":"auto","background-attachment":"scroll","background-type":"","background-media":"","overlay-type":"","overlay-color":"","overlay-opacity":"","overlay-gradient":""},"tablet":{"background-color":"","background-image":"","background-repeat":"repeat","background-position":"center center","background-size":"auto","background-attachment":"scroll","background-type":"","background-media":"","overlay-type":"","overlay-color":"","overlay-opacity":"","overlay-gradient":""},"mobile":{"background-color":"","background-image":"","background-repeat":"repeat","background-position":"center center","background-size":"auto","background-attachment":"scroll","background-type":"","background-media":"","overlay-type":"","overlay-color":"","overlay-opacity":"","overlay-gradient":""}},"ast-content-background-meta":{"desktop":{"background-color":"var(--ast-global-color-5)","background-image":"","background-repeat":"repeat","background-position":"center center","background-size":"auto","background-attachment":"scroll","background-type":"","background-media":"","overlay-type":"","overlay-color":"","overlay-opacity":"","overlay-gradient":""},"tablet":{"background-color":"var(--ast-global-color-5)","background-image":"","background-repeat":"repeat","background-position":"center center","background-size":"auto","background-attachment":"scroll","background-type":"","background-media":"","overlay-type":"","overlay-color":"","overlay-opacity":"","overlay-gradient":""},"mobile":{"background-color":"var(--ast-global-color-5)","background-image":"","background-repeat":"repeat","background-position":"center center","background-size":"auto","background-attachment":"scroll","background-type":"","background-media":"","overlay-type":"","overlay-color":"","overlay-opacity":"","overlay-gradient":""}},"slim_seo":{"facebook_image":"https:\/\/pachakamani.com\/atravesdelaventana\/wp-content\/uploads\/sites\/6\/2024\/05\/16-casas.png","twitter_image":"https:\/\/pachakamani.com\/atravesdelaventana\/wp-content\/uploads\/sites\/6\/2024\/05\/16-casas.png","canonical":"https:\/\/pachakamani.com\/atravesdelaventana\/casas-de-acogida-16\/","title":"Casas de acogida - A trav\u00e9s de la Ventana","description":"Las Casas de Acogida y los Refugios Temporales son espacios que sirven de albergue seguro de manera temporal a las mujeres, ni\u00f1as y ni\u00f1os menores v\u00edctimas de vi"}},"categories":[21],"tags":[53],"class_list":["post-625","articulo","type-articulo","status-publish","has-post-thumbnail","hentry","category-articulo","tag-casas-de-acogida"],"uagb_featured_image_src":{"full":["https:\/\/pachakamani.com\/atravesdelaventana\/wp-content\/uploads\/sites\/6\/2024\/05\/16-casas.png",500,500,false],"thumbnail":["https:\/\/pachakamani.com\/atravesdelaventana\/wp-content\/uploads\/sites\/6\/2024\/05\/16-casas-150x150.png",150,150,true],"medium":["https:\/\/pachakamani.com\/atravesdelaventana\/wp-content\/uploads\/sites\/6\/2024\/05\/16-casas-300x300.png",300,300,true],"medium_large":["https:\/\/pachakamani.com\/atravesdelaventana\/wp-content\/uploads\/sites\/6\/2024\/05\/16-casas.png",500,500,false],"large":["https:\/\/pachakamani.com\/atravesdelaventana\/wp-content\/uploads\/sites\/6\/2024\/05\/16-casas.png",500,500,false],"1536x1536":["https:\/\/pachakamani.com\/atravesdelaventana\/wp-content\/uploads\/sites\/6\/2024\/05\/16-casas.png",500,500,false],"2048x2048":["https:\/\/pachakamani.com\/atravesdelaventana\/wp-content\/uploads\/sites\/6\/2024\/05\/16-casas.png",500,500,false]},"uagb_author_info":{"display_name":"Gloria Villarroel","author_link":"https:\/\/pachakamani.com\/atravesdelaventana\/author\/gloria\/"},"uagb_comment_info":0,"uagb_excerpt":"Las Casas de Acogida y los Refugios Temporales son espacios que sirven de albergue seguro de manera temporal a las mujeres, ni\u00f1as y ni\u00f1os menores v\u00edctimas de violencia.","_links":{"self":[{"href":"https:\/\/pachakamani.com\/atravesdelaventana\/wp-json\/wp\/v2\/articulo\/625","targetHints":{"allow":["GET"]}}],"collection":[{"href":"https:\/\/pachakamani.com\/atravesdelaventana\/wp-json\/wp\/v2\/articulo"}],"about":[{"href":"https:\/\/pachakamani.com\/atravesdelaventana\/wp-json\/wp\/v2\/types\/articulo"}],"author":[{"embeddable":true,"href":"https:\/\/pachakamani.com\/atravesdelaventana\/wp-json\/wp\/v2\/users\/6"}],"replies":[{"embeddable":true,"href":"https:\/\/pachakamani.com\/atravesdelaventana\/wp-json\/wp\/v2\/comments?post=625"}],"wp:featuredmedia":[{"embeddable":true,"href":"https:\/\/pachakamani.com\/atravesdelaventana\/wp-json\/wp\/v2\/media\/591"}],"wp:attachment":[{"href":"https:\/\/pachakamani.com\/atravesdelaventana\/wp-json\/wp\/v2\/media?parent=625"}],"wp:term":[{"taxonomy":"category","embeddable":true,"href":"https:\/\/pachakamani.com\/atravesdelaventana\/wp-json\/wp\/v2\/categories?post=625"},{"taxonomy":"post_tag","embeddable":true,"href":"https:\/\/pachakamani.com\/atravesdelaventana\/wp-json\/wp\/v2\/tags?post=625"}],"curies":[{"name":"wp","href":"https:\/\/api.w.org\/{rel}","templated":true}]}}