{"id":623,"date":"2024-05-15T05:10:00","date_gmt":"2024-05-15T09:10:00","guid":{"rendered":"https:\/\/pachakamani.com\/atravesdelaventana\/?p=623"},"modified":"2026-01-26T02:28:56","modified_gmt":"2026-01-26T06:28:56","slug":"por-que-no-funciona-la-justicia-15","status":"publish","type":"articulo","link":"https:\/\/pachakamani.com\/atravesdelaventana\/articulo\/por-que-no-funciona-la-justicia-15\/","title":{"rendered":"\u00bfPor qu\u00e9 no funciona la justicia?"},"content":{"rendered":"\n<div class=\"wp-block-cover alignfull\"><img fetchpriority=\"high\" decoding=\"async\" width=\"500\" height=\"500\" class=\"wp-block-cover__image-background wp-image-537\" alt=\"\u00bfpor Qu\u00e9 No Hay Justicia? #015\" src=\"https:\/\/pachakamani.com\/atravesdelaventana\/wp-content\/uploads\/sites\/6\/2024\/03\/15-PorQnohayjunticia-1-1.png\" data-object-fit=\"cover\" srcset=\"https:\/\/pachakamani.com\/atravesdelaventana\/wp-content\/uploads\/sites\/6\/2024\/03\/15-PorQnohayjunticia-1-1.png 500w, https:\/\/pachakamani.com\/atravesdelaventana\/wp-content\/uploads\/sites\/6\/2024\/03\/15-PorQnohayjunticia-1-1-300x300.png 300w, https:\/\/pachakamani.com\/atravesdelaventana\/wp-content\/uploads\/sites\/6\/2024\/03\/15-PorQnohayjunticia-1-1-150x150.png 150w\" sizes=\"(max-width: 500px) 100vw, 500px\" \/><span aria-hidden=\"true\" class=\"wp-block-cover__background has-background-dim\" style=\"background-color:#6e616c\"><\/span><div class=\"wp-block-cover__inner-container is-layout-constrained wp-block-cover-is-layout-constrained\">\n<p class=\"has-text-align-center has-ast-global-color-5-color has-text-color has-link-color has-large-font-size wp-elements-190c95b3d92cc715dcdd3fd42945a563\">\u00bfPor qu\u00e9 no funciona la justicia?<br><\/p>\n<\/div><\/div>\n\n\n\n<p class=\"has-text-align-right\">M. Sc. Gloria Villarroel Salgueiro<\/p>\n\n\n\t\t\t\t<div class=\"wp-block-uagb-table-of-contents uagb-toc__align-left uagb-toc__columns-1  uagb-block-e13f78f6      \"\n\t\t\t\t\tdata-scroll= \"1\"\n\t\t\t\t\tdata-offset= \"30\"\n\t\t\t\t\tstyle=\"\"\n\t\t\t\t>\n\t\t\t\t<div class=\"uagb-toc__wrap\">\n\t\t\t\t\t\t<div class=\"uagb-toc__title\">\n\t\t\t\t\t\t\tTabla de contenidos\t\t\t\t\t\t<\/div>\n\t\t\t\t\t\t\t\t\t\t\t\t\t\t\t\t\t\t\t\t\t\t<div class=\"uagb-toc__list-wrap \">\n\t\t\t\t\t\t<ol class=\"uagb-toc__list\"><li class=\"uagb-toc__list\"><a href=\"#iniciemos-con-el-ministerio-de-justicia\" class=\"uagb-toc-link__trigger\">Iniciemos con el Ministerio de Justicia<\/a><li class=\"uagb-toc__list\"><a href=\"#pasemos-al-ministerio-de-salud\" class=\"uagb-toc-link__trigger\">Pasemos al Ministerio de Salud<\/a><li class=\"uagb-toc__list\"><a href=\"#vamos-al-ministerio-de-trabajo-empleo-y-previsi\u00f3n-social\" class=\"uagb-toc-link__trigger\">Vamos al Ministerio de trabajo, empleo y previsi\u00f3n social.<\/a><li class=\"uagb-toc__list\"><a href=\"#qu\u00e9-pasa-en-el-ministerio-de-educaci\u00f3n-y-las-universidades\" class=\"uagb-toc-link__trigger\">Qu\u00e9 pasa en el Ministerio de Educaci\u00f3n y las Universidades<\/a><li class=\"uagb-toc__list\"><a href=\"#por-qu\u00e9-el-ministerio-p\u00fablico-es-el-segundo-m\u00e1s-denunciado-por-incumplimiento-de-protecci\u00f3n-a-la-mujer-en-situaci\u00f3n-de-violencia\" class=\"uagb-toc-link__trigger\">Por qu\u00e9 el Ministerio P\u00fablico es el segundo m\u00e1s denunciado por incumplimiento de protecci\u00f3n a la mujer en situaci\u00f3n de violencia<\/a><li class=\"uagb-toc__list\"><a href=\"#ahora-veamos-a-los-terceros-m\u00e1s-denunciados-la-polic\u00eda-boliviana-y-felcv\" class=\"uagb-toc-link__trigger\">Ahora veamos a los terceros m\u00e1s denunciados la Polic\u00eda Boliviana y FELCV<\/a><li class=\"uagb-toc__list\"><a href=\"#los-gobiernos-aut\u00f3nomos-departamentales-y-gobiernos-aut\u00f3nomos-municipales-y-al-primero-en-la-lista-de-denunciados-los-slims\" class=\"uagb-toc-link__trigger\">Los Gobiernos Aut\u00f3nomos Departamentales y Gobiernos Aut\u00f3nomos Municipales y al primero en la lista de denunciados los Slims<\/a><li class=\"uagb-toc__list\"><a href=\"#referencias\" class=\"uagb-toc-link__trigger\">Referencias<\/a><\/ol>\t\t\t\t\t<\/div>\n\t\t\t\t\t\t\t\t\t<\/div>\n\t\t\t\t<\/div>\n\t\t\t\n\n\n<blockquote class=\"wp-block-quote is-layout-flow wp-block-quote-is-layout-flow\">\n<p>Y nos preguntamos por qu\u00e9 no funciona la justicia\u2026<br>\u00bfSe cumplen las medidas de protecci\u00f3n y atenci\u00f3n a mujeres en situaci\u00f3n de violencia?<\/p>\n<\/blockquote>\n\n\n\n<p>En este art\u00edculo, analizamos si las instituciones de salud, la polic\u00eda, los ministerios de educaci\u00f3n y de trabajo cumplen con sus responsabilidades. Es una mirada a las instituciones con el prop\u00f3sito de promover cambios, crear conciencia y saber qu\u00e9 problemas se presentan y de alguna manera tratar de evitarlo.<\/p>\n\n\n\n<p>La Ley 348 establece una serie de deberes que las diversas instituciones deben llevar a cabo para proteger a las mujeres. Tambi\u00e9n existen manuales procedimentales. Evaluaremos si estas instancias protegen a las v\u00edctimas en hechos de violencia que suceden en sus instituciones.<\/p>\n\n\n\n<p>La Defensor\u00eda del Pueblo ha publicado un informe sobre este tema que nos ayudar\u00e1 a comprender la situaci\u00f3n. Como introducci\u00f3n, el informe se\u00f1ala que la instituci\u00f3n m\u00e1s denunciada por no cumplir con su deber de protecci\u00f3n son los SLIMS, que a menudo no son lo suficientemente efectivos y, en ocasiones, incluso pueden favorecer al agresor al quitar la custodia de los menores a las madres, poni\u00e9ndolos en peligro. La segunda instituci\u00f3n con denuncias es la fiscal\u00eda, y en tercer lugar se encuentra la Polic\u00eda.<\/p>\n\n\n\n<h2 class=\"wp-block-heading\">Iniciemos con el Ministerio de Justicia<\/h2>\n\n\n\n<p>Posee una buena evaluaci\u00f3n, los Servicios Integrados de Justicia Plurinacional \u2013 SIJPLU y el Servicio Plurinacional de Asistencia a la V\u00edctima \u2013 SEPDAVI deben mejorar su servicio de asesoramiento y brindar un mejor acompa\u00f1amiento a las v\u00edctimas. El servicio de apoyo psicol\u00f3gico y social que ofrecen es fundamental. Sin embargo, es importante destacar que el SIPPASE (Sistema Integral Plurinacional de Prevenci\u00f3n, Atenci\u00f3n, Sanci\u00f3n y Erradicaci\u00f3n de la Violencia contra las Mujeres) no cuenta con fondos gubernamentales para su funcionamiento y depende de la cooperaci\u00f3n internacional.<\/p>\n\n\n\n<h2 class=\"wp-block-heading\">Pasemos al Ministerio de Salud<\/h2>\n\n\n\n<p>La extensi\u00f3n del certificado de evaluaci\u00f3n f\u00edsica o sexual en casos de violencia debe ser gratuita y otorgada de oficio en papel corriente de manera obligatoria. No se brinda de forma inmediata, ya que depende de la solicitud del fiscal, y el IDIIF no colabora en su homologaci\u00f3n.<\/p>\n\n\n\n<p>En los centros de salud, se observa la existencia de violencia obst\u00e9trica, caracterizada por la realizaci\u00f3n de pr\u00e1cticas invasivas sin el consentimiento de la mujer gestante, trato deshumanizado y discriminatorio, muchas veces falta de asesoramiento, omisi\u00f3n de informaci\u00f3n sobre la evoluci\u00f3n del parto y el estado de la gestante. Estad\u00edsticas relevantes muestran la magnitud del problema:<\/p>\n\n\n\n<ul class=\"wp-block-list\">\n<li>63,5% de mujeres madres declararon que sufrieron violencia obst\u00e9trica<\/li>\n\n\n\n<li>El 68 de cada 100 mujeres afirmaron que durante el proceso del parto no se les permiti\u00f3 tener a alguien de confianza a su lado.<\/li>\n\n\n\n<li>El 55 de cada 100 mujeres dijeron que sus dudas no fueron aclaradas debido a la falta de respuestas.<\/li>\n\n\n\n<li>El 50,4% indicaron que el maltrato recibido las limit\u00f3 a expresar sus miedos.<\/li>\n\n\n\n<li>El 45,7% declar\u00f3 que recibieron cr\u00edticas por llorar o gritar, ya sea de dolor o alegr\u00eda, durante el trabajo de parto.<\/li>\n\n\n\n<li>El 39,6% de las mujeres manifestaron que el personal de salud las criticaba con comentarios ir\u00f3nicos o en tono de chiste por su comportamiento.<\/li>\n<\/ul>\n\n\n\n<p>Por otro lado, el informe no aborda los problemas de presupuesto en el sector de la salud, que son muy limitados. Adem\u00e1s, no se menciona la falta de suministro de insumos m\u00e9dicos y medicinas. En general, los pacientes experimentan largos tiempos de espera para recibir atenci\u00f3n m\u00e9dica debido a la escasez de m\u00e9dicos con \u00edtems institucionales, lo que a su vez genera una sobrecarga laboral. Las entidades responsables del funcionamiento de los centros de salud incluyen a las gobernaciones, los municipios y el gobierno central.<\/p>\n\n\n\n<h2 class=\"wp-block-heading\">Vamos al Ministerio de trabajo, empleo y previsi\u00f3n social.<\/h2>\n\n\n\n<p>Las responsabilidades incluyen proporcionar protecci\u00f3n, llevar a cabo investigaciones, procesar y aplicar sanciones. Tambi\u00e9n se debe garantizar la flexibilidad y tolerancia en los lugares de trabajo para las mujeres que se encuentran en situaciones de violencia, con el fin de preservar sus derechos laborales a trav\u00e9s de la presentaci\u00f3n de una medida de protecci\u00f3n.<\/p>\n\n\n\n<p>El Ministerio de Trabajo no dispone de un procedimiento espec\u00edfico para la denuncia de acoso sexual o acoso laboral. En su lugar, recibe la denuncia y convoca a una audiencia con las partes involucradas. Cuando se comprueba la existencia de acoso laboral, emite una conminatoria de cumplimiento, recomendando el cese del acoso laboral. Sin embargo, no cuenta con medidas efectivas para asegurar la permanencia de las v\u00edctimas en sus empleos.<\/p>\n\n\n\n<p>No obstante, se ha emitido la Resoluci\u00f3n Biministerial No. 002\/2015 para hacer un seguimiento del proceso, la cual se enfoca en flexibilizar el horario de trabajo tanto para hombres como para mujeres que se encuentren involucrados en un proceso judicial por violencia.<\/p>\n\n\n\n<h2 class=\"wp-block-heading\">Qu\u00e9 pasa en el Ministerio de Educaci\u00f3n y las Universidades<\/h2>\n\n\n\n<p>El Ministerio de Educaci\u00f3n tiene la obligaci\u00f3n de tomar medidas para proteger a los estudiantes que se encuentren en situaciones de violencia. Debe establecer centros de atenci\u00f3n psicol\u00f3gica en las unidades educativas en colaboraci\u00f3n con universidades p\u00fablicas o privadas.<\/p>\n\n\n\n<p>Adem\u00e1s, debe garantizar el traspaso inmediato de los estudiantes a otras unidades educativas en caso de cambio de domicilio. Es fundamental que el Ministerio elabore reglamentos y protocolos para el tratamiento de denuncias relacionadas con todas las formas de violencia escolar y acoso sexual, as\u00ed como para implementar mecanismos de protecci\u00f3n y atenci\u00f3n especializada a ni\u00f1as, ni\u00f1os y adolescentes v\u00edctimas de violencia.<\/p>\n\n\n\n<p>Lamentablemente, el Ministerio de Educaci\u00f3n no ha establecido los centros de atenci\u00f3n psicol\u00f3gica en las unidades educativas, a pesar de que su existencia ser\u00eda fundamental para brindar apoyo psicol\u00f3gico a aquellos estudiantes que enfrentan violencia en sus hogares o en la propia instituci\u00f3n educativa, donde el acoso escolar es un problema recurrente.<\/p>\n\n\n\n<p>En lo que respecta a las universidades, la Ley N\u00b0 348 establece la creaci\u00f3n de programas y servicios gratuitos destinados a prevenir la violencia hacia las mujeres, proporcionar atenci\u00f3n y rehabilitaci\u00f3n, y ofrecer asesoramiento profesional especializado e integral. La mayor\u00eda de las universidades en el territorio nacional cuenta con consultorios jur\u00eddicos populares dependientes de las Facultades de Derecho.<\/p>\n\n\n\n<p>La Universidad T\u00e9cnica de Oruro, la Universidad Aut\u00f3noma &#8216;Tom\u00e1s Fr\u00edas&#8217;, la Universidad Mayor de San Andr\u00e9s, la Universidad Aut\u00f3noma Juan Misael Saracho, la Universidad Cat\u00f3lica Boliviana, y otras, disponen de consultorios jur\u00eddicos o consultorios jur\u00eddicos m\u00f3viles que ofrecen asesoramiento jur\u00eddico y capacitaci\u00f3n en \u00e1reas rurales. Adem\u00e1s, la Universidad Mayor de San Sim\u00f3n cuenta con un Gabinete de Servicios Psicol\u00f3gicos de la carrera de psicolog\u00eda y ofrece atenci\u00f3n a mujeres. Sin embargo, de las 15 universidades en Bolivia, 7 no han reportado informaci\u00f3n y, por lo tanto, no cumplen con la ley en este aspecto<\/p>\n\n\n\n<h2 class=\"wp-block-heading\">Por qu\u00e9 el Ministerio P\u00fablico es el segundo m\u00e1s denunciado por incumplimiento de protecci\u00f3n a la mujer en situaci\u00f3n de violencia<\/h2>\n\n\n\n<p>La Ley N\u00b0 348 establece la creaci\u00f3n de Fiscales Especializados encargados de investigar casos de violencia hacia las mujeres. Estos fiscales deber\u00edan contar con un equipo de asesores y asesoras profesionales especializados y tener la responsabilidad de atender casos de violencia contra las mujeres. En la pr\u00e1ctica adem\u00e1s de atender temas de violencia a la mujer, se ocupan de delitos relacionados con crimen organizado, terrorismo, corrupci\u00f3n, narcotr\u00e1fico, delitos contra ni\u00f1as, ni\u00f1os y adolescentes, trata y tr\u00e1fico de personas.<\/p>\n\n\n\n<p>El personal del Ministerio P\u00fablico debe recibir denuncias de manera directa, ya sea de forma oral o escrita. En algunos distritos municipales, como La Paz, Oruro, Pando, Trinidad, Santa Cruz, Sucre, Monteagudo, y Tarija, se reciben denuncias de ambas formas. En otros, como Beni, Robor\u00e9 y Chiquitos, solo se aceptan denuncias escritas, mientras que en Potos\u00ed, Cochabamba y El Alto, la recepci\u00f3n de denuncias depende del requerimiento Fiscal.<\/p>\n\n\n\n<p>En lo que respecta a los certificados m\u00e9dicos forenses, la ley establece que deben ser emitidos de forma gratuita por el IDIIF. De las oficinas existentes en 10 distritos municipales, 9 informan que respetan la gratuidad. Sin embargo, en las oficinas de Cochabamba y El Alto, no se ha proporcionado informaci\u00f3n al respecto.<\/p>\n\n\n\n<p>Despu\u00e9s de entregar el certificado forense, se debe brindar informaci\u00f3n a la v\u00edctima. Seis Institutos del IDIIF (La Paz, Cochabamba, Oruro, Beni, Tarija y Sucre) informan que proporcionan esta informaci\u00f3n. Por otro lado, los IDIF de Potos\u00ed, Pando, Yacuiba y El Alto reportan que no brindan informaci\u00f3n adicional para continuar con el proceso de denuncia.<\/p>\n\n\n\n<h2 class=\"wp-block-heading\">Ahora veamos a los terceros m\u00e1s denunciados la Polic\u00eda Boliviana y FELCV<\/h2>\n\n\n\n<p>La FELCV (Fuerza Especial de Lucha Contra la Violencia) est\u00e1 ausente en el 78,9 % de los municipios del pa\u00eds, lo que significa que no existe atenci\u00f3n especializada para las v\u00edctimas de violencia en esas \u00e1reas. Conocemos que la asignaci\u00f3n de presupuesto para establecer entidades policiales de protecci\u00f3n a la mujer recae en las gobernaciones y municipios.<\/p>\n\n\n\n<p>Es importante destacar que el constante cambio de personal asignado a casos de violencia contra la mujer conduce a la retardaci\u00f3n de la justicia y a la revictimizaci\u00f3n, ya que las v\u00edctimas deben relatar nuevamente los hechos de violencia. La Ley N\u00b0 348 garantiza la permanencia del personal policial para investigaciones durante un per\u00edodo de tres a\u00f1os, una resoluci\u00f3n que se implement\u00f3 desde junio de 2018 con un instructivo para su cumplimiento. Sin embargo, el cambio de personal contin\u00faa ocurriendo.<\/p>\n\n\n\n<p>El personal encargado de atender denuncias e investigaciones no siempre posee la especializaci\u00f3n necesaria en el \u00e1rea. La Ley 348 establece que deber\u00edan recibir formaci\u00f3n a trav\u00e9s de cursos de inducci\u00f3n que aborden las actuaciones, funciones y organizaci\u00f3n en casos de Violencia contra las Mujeres y la Familia.<\/p>\n\n\n\n<p>Para realizar denuncias, se dispone de una l\u00ednea gratuita a nivel nacional. A nivel departamental, se utilizan n\u00fameros de denuncia espec\u00edficos, aunque solo Santa Cruz, Cochabamba y Sucre cuentan con sus propios n\u00fameros de denuncia.<\/p>\n\n\n\n<p>En el procedimiento de protecci\u00f3n de la v\u00edctima, se debe evaluar su situaci\u00f3n completando un formulario de Valoraci\u00f3n del Riesgo. Esto permite alejar al agresor, arrestarlo y brindar protecci\u00f3n a la mujer y sus dependientes. El 92% de las oficinas policiales informaron que aplican este formulario, excepto en Caranavi de La Paz y Potos\u00ed, donde no se utiliza.<\/p>\n\n\n\n<p>La mayor\u00eda de los municipios siguen los procedimientos establecidos, como el Protocolo de la Fuerza Especial de Lucha Contra la Violencia \u00abGenoveva R\u00edos\u00bb para la Atenci\u00f3n de Casos y el Protocolo y Ruta Cr\u00edtica Interinstitucionales para la Atenci\u00f3n y Protecci\u00f3n de las V\u00edctimas. Sin embargo, en Riberalta, Beni; Uriondo, Tarija; y Unc\u00eda, Potos\u00ed, estos protocolos no se utilizan.<\/p>\n\n\n\n<h2 class=\"wp-block-heading\">Los Gobiernos Aut\u00f3nomos Departamentales y Gobiernos Aut\u00f3nomos Municipales y al primero en la lista de denunciados los Slims<\/h2>\n\n\n\n<p>La asignaci\u00f3n presupuestaria por los gobiernos departamentales y los municipios para atenci\u00f3n a mujeres v\u00edctimas de violencia es insuficiente considerando los altos \u00edndices de violencia y feminicidios. No se invierte o se invierte muy poco en la creaci\u00f3n de centros de denuncia policial, equipamiento y personal, creaci\u00f3n de casas de acogida y apoyo a los Slims.<\/p>\n\n\n\n<p>Cuando una mujer realiza una denuncia en los SLIMS, el personal debe registrar los hechos de violencia informados por la v\u00edctima en un formulario correspondiente y remitirlo de inmediato al Ministerio P\u00fablico, acompa\u00f1ando a la v\u00edctima. Este procedimiento se conoce como Registro \u00danico de Violencia. De los 99 SLIMS entrevistados por la Defensor\u00eda del Pueblo, 48 informaron que utilizan el formulario, mientras que 51 no lo hacen.<\/p>\n\n\n\n<p>La importancia de este formulario radica en que su no aplicaci\u00f3n limita la posibilidad de tener un registro real de denuncias, lo que a su vez restringe el desarrollo de programas y estrategias para reducir las cifras de violencia.<\/p>\n\n\n\n<p>Respecto al uso del Formulario de Valoraci\u00f3n del Riesgo para la aplicaci\u00f3n de medidas de protecci\u00f3n, de los 99 SLIMS, solo 19 emplean el formulario, mientras que 80 no lo hacen. Por lo tanto, a trav\u00e9s de los SLIMS, no se brinda protecci\u00f3n a las v\u00edctimas de violencia. Tal como indica el informe, la no aplicaci\u00f3n de estas medidas, como herramientas de prevenci\u00f3n y alerta, conduce a la persistencia de episodios de violencia y, en los peores casos, al feminicidio.<\/p>\n\n\n\n<p>Por otro lado cuando una mujer solicita ingresar a las casas de acogida, su ingreso es un cuello de botella por las exigencias burocr\u00e1ticas del Ministerio P\u00fablico. Existen casas de acogida en funcionamiento muchas en condiciones precarias, existen en \u00e1reas urbanas no en \u00e1reas rurales. Las casas de acogida con importantes para la protecci\u00f3n de mujeres que no tienen una red familiar que las protejan a ellas y a sus hijos e hijas.<\/p>\n\n\n\n<p>Esta evaluaci\u00f3n nos permite comprender por qu\u00e9 se produce la retardaci\u00f3n de justicia y por qu\u00e9 el acceso a la justicia es tan dif\u00edcil. A esta evaluaci\u00f3n se a\u00f1ade el problema de la corrupci\u00f3n presente en todo el proceso judicial, desde los polic\u00edas y abogados hasta los jueces. El sistema judicial est\u00e1 contaminado de corrupci\u00f3n. Las v\u00edctimas de violencia deben atravesar este sistema en busca de justicia, pero pocas logran alcanzarla; muchas se quedan en el camino y la impunidad es inevitable.<\/p>\n\n\n\n<p>Y nos preguntamos por qu\u00e9 no funciona la justicia\u2026<\/p>\n\n\n\n<p>El cambio de esta estructura est\u00e1 en manos de las autoridades de gobierno, gobernaciones y municipios. Pasa por la empat\u00eda de los funcionarios y la conciencia de cumplir con las normas.<\/p>\n\n\n\n<figure class=\"wp-block-embed is-type-rich is-provider-spotify wp-block-embed-spotify wp-embed-aspect-21-9 wp-has-aspect-ratio\"><div class=\"wp-block-embed__wrapper\">\n<iframe title=\"Spotify Embed: \u00bfPor qu\u00e9 no hay justicia? #015\" style=\"border-radius: 12px\" width=\"100%\" height=\"152\" frameborder=\"0\" allowfullscreen allow=\"autoplay; clipboard-write; encrypted-media; fullscreen; picture-in-picture\" loading=\"lazy\" src=\"https:\/\/open.spotify.com\/embed\/episode\/02LRpsSRJIXomkOraDaQWl?si=12f5853443e24a92&#038;utm_source=oembed\"><\/iframe>\n<\/div><\/figure>\n\n\n\n<h2 class=\"wp-block-heading\">Referencias<\/h2>\n\n\n\n<p>Informe defensorial: Estado de cumplimiento de las medidas de atenci\u00f3n y protecci\u00f3n a mujeres en situaci\u00f3n de violencia en el marco de la Ley N\u00b0 348. Defensor\u00eda del Pueblo. 2018<\/p>\n\n\n\n<p><a href=\"https:\/\/www.defensoria.gob.bo\/uploads\/files\/informe-defensorial-estado-de-cumplimiento-de-las-medidas-de-atencion-y-proteccion-a-mujeres-en-situacion-de-violencia-en-el-marco-de-la-ley-n-348.pdf\">https:\/\/www.defensoria.gob.bo\/uploads\/files\/informe-defensorial-estado-de-cumplimiento-de-las-medidas-de-atencion-y-proteccion-a-mujeres-en-situacion-de-violencia-en-el-marco-de-la-ley-n-348.pdf<\/a><\/p>\n\n\n\n<p>\ud83c\udfa7 Elige tu <strong><a href=\"https:\/\/episodes.fm\/1557279045\" target=\"_blank\" rel=\"noopener nofollow\" title=\"App favorita\">App favorita<\/a><\/strong> para escuchar este podcast \u25b6\ufe0f <a href=\"https:\/\/pod.link\/1557279045\" target=\"_blank\" rel=\"noopener nofollow\" title=\"\">AQU\u00cd<\/a>.<\/p>\n\n\n\n<p><\/p>\n","protected":false},"excerpt":{"rendered":"<p>Analizamos si las instituciones de salud, la polic\u00eda, los ministerios de educaci\u00f3n y de trabajo cumplen con sus responsabilidades.<\/p>\n","protected":false},"author":6,"featured_media":537,"comment_status":"open","ping_status":"open","template":"","meta":{"_uag_custom_page_level_css":"","site-sidebar-layout":"default","site-content-layout":"","ast-site-content-layout":"default","site-content-style":"default","site-sidebar-style":"default","ast-global-header-display":"","ast-banner-title-visibility":"","ast-main-header-display":"","ast-hfb-above-header-display":"","ast-hfb-below-header-display":"","ast-hfb-mobile-header-display":"","site-post-title":"disabled","ast-breadcrumbs-content":"","ast-featured-img":"disabled","footer-sml-layout":"","ast-disable-related-posts":"","theme-transparent-header-meta":"","adv-header-id-meta":"","stick-header-meta":"","header-above-stick-meta":"","header-main-stick-meta":"","header-below-stick-meta":"","astra-migrate-meta-layouts":"set","ast-page-background-enabled":"default","ast-page-background-meta":{"desktop":{"background-color":"","background-image":"","background-repeat":"repeat","background-position":"center center","background-size":"auto","background-attachment":"scroll","background-type":"","background-media":"","overlay-type":"","overlay-color":"","overlay-opacity":"","overlay-gradient":""},"tablet":{"background-color":"","background-image":"","background-repeat":"repeat","background-position":"center center","background-size":"auto","background-attachment":"scroll","background-type":"","background-media":"","overlay-type":"","overlay-color":"","overlay-opacity":"","overlay-gradient":""},"mobile":{"background-color":"","background-image":"","background-repeat":"repeat","background-position":"center center","background-size":"auto","background-attachment":"scroll","background-type":"","background-media":"","overlay-type":"","overlay-color":"","overlay-opacity":"","overlay-gradient":""}},"ast-content-background-meta":{"desktop":{"background-color":"var(--ast-global-color-5)","background-image":"","background-repeat":"repeat","background-position":"center center","background-size":"auto","background-attachment":"scroll","background-type":"","background-media":"","overlay-type":"","overlay-color":"","overlay-opacity":"","overlay-gradient":""},"tablet":{"background-color":"var(--ast-global-color-5)","background-image":"","background-repeat":"repeat","background-position":"center center","background-size":"auto","background-attachment":"scroll","background-type":"","background-media":"","overlay-type":"","overlay-color":"","overlay-opacity":"","overlay-gradient":""},"mobile":{"background-color":"var(--ast-global-color-5)","background-image":"","background-repeat":"repeat","background-position":"center center","background-size":"auto","background-attachment":"scroll","background-type":"","background-media":"","overlay-type":"","overlay-color":"","overlay-opacity":"","overlay-gradient":""}},"slim_seo":{"facebook_image":"https:\/\/pachakamani.com\/atravesdelaventana\/wp-content\/uploads\/sites\/6\/2024\/03\/15-PorQnohayjunticia-1-1.png","twitter_image":"https:\/\/pachakamani.com\/atravesdelaventana\/wp-content\/uploads\/sites\/6\/2024\/03\/15-PorQnohayjunticia-1-1.png","canonical":"https:\/\/pachakamani.com\/atravesdelaventana\/por-que-no-funciona-la-justicia-15\/","title":"\u00bfPor qu\u00e9 no funciona la justicia? - A trav\u00e9s de la Ventana","description":"Analizamos si las instituciones de salud, la polic\u00eda, los ministerios de educaci\u00f3n y de trabajo cumplen con sus responsabilidades."}},"categories":[21],"tags":[18,52],"class_list":["post-623","articulo","type-articulo","status-publish","has-post-thumbnail","hentry","category-articulo","tag-ley-348","tag-sistema-de-justicia"],"uagb_featured_image_src":{"full":["https:\/\/pachakamani.com\/atravesdelaventana\/wp-content\/uploads\/sites\/6\/2024\/03\/15-PorQnohayjunticia-1-1.png",500,500,false],"thumbnail":["https:\/\/pachakamani.com\/atravesdelaventana\/wp-content\/uploads\/sites\/6\/2024\/03\/15-PorQnohayjunticia-1-1-150x150.png",150,150,true],"medium":["https:\/\/pachakamani.com\/atravesdelaventana\/wp-content\/uploads\/sites\/6\/2024\/03\/15-PorQnohayjunticia-1-1-300x300.png",300,300,true],"medium_large":["https:\/\/pachakamani.com\/atravesdelaventana\/wp-content\/uploads\/sites\/6\/2024\/03\/15-PorQnohayjunticia-1-1.png",500,500,false],"large":["https:\/\/pachakamani.com\/atravesdelaventana\/wp-content\/uploads\/sites\/6\/2024\/03\/15-PorQnohayjunticia-1-1.png",500,500,false],"1536x1536":["https:\/\/pachakamani.com\/atravesdelaventana\/wp-content\/uploads\/sites\/6\/2024\/03\/15-PorQnohayjunticia-1-1.png",500,500,false],"2048x2048":["https:\/\/pachakamani.com\/atravesdelaventana\/wp-content\/uploads\/sites\/6\/2024\/03\/15-PorQnohayjunticia-1-1.png",500,500,false]},"uagb_author_info":{"display_name":"Gloria Villarroel","author_link":"https:\/\/pachakamani.com\/atravesdelaventana\/author\/gloria\/"},"uagb_comment_info":0,"uagb_excerpt":"Analizamos si las instituciones de salud, la polic\u00eda, los ministerios de educaci\u00f3n y de trabajo cumplen con sus responsabilidades.","_links":{"self":[{"href":"https:\/\/pachakamani.com\/atravesdelaventana\/wp-json\/wp\/v2\/articulo\/623","targetHints":{"allow":["GET"]}}],"collection":[{"href":"https:\/\/pachakamani.com\/atravesdelaventana\/wp-json\/wp\/v2\/articulo"}],"about":[{"href":"https:\/\/pachakamani.com\/atravesdelaventana\/wp-json\/wp\/v2\/types\/articulo"}],"author":[{"embeddable":true,"href":"https:\/\/pachakamani.com\/atravesdelaventana\/wp-json\/wp\/v2\/users\/6"}],"replies":[{"embeddable":true,"href":"https:\/\/pachakamani.com\/atravesdelaventana\/wp-json\/wp\/v2\/comments?post=623"}],"wp:featuredmedia":[{"embeddable":true,"href":"https:\/\/pachakamani.com\/atravesdelaventana\/wp-json\/wp\/v2\/media\/537"}],"wp:attachment":[{"href":"https:\/\/pachakamani.com\/atravesdelaventana\/wp-json\/wp\/v2\/media?parent=623"}],"wp:term":[{"taxonomy":"category","embeddable":true,"href":"https:\/\/pachakamani.com\/atravesdelaventana\/wp-json\/wp\/v2\/categories?post=623"},{"taxonomy":"post_tag","embeddable":true,"href":"https:\/\/pachakamani.com\/atravesdelaventana\/wp-json\/wp\/v2\/tags?post=623"}],"curies":[{"name":"wp","href":"https:\/\/api.w.org\/{rel}","templated":true}]}}