{"id":617,"date":"2024-04-15T04:51:00","date_gmt":"2024-04-15T08:51:00","guid":{"rendered":"https:\/\/pachakamani.com\/atravesdelaventana\/?p=617"},"modified":"2026-01-26T02:28:49","modified_gmt":"2026-01-26T06:28:49","slug":"domitila-barrios-cuenca-14","status":"publish","type":"articulo","link":"https:\/\/pachakamani.com\/atravesdelaventana\/articulo\/domitila-barrios-cuenca-14\/","title":{"rendered":"Domitila Barrios Cuenca"},"content":{"rendered":"\n<div class=\"wp-block-cover alignfull is-light has-parallax\" style=\"min-height:562px;aspect-ratio:unset;\"><div role=\"img\" aria-label=\"14 Domitila Barrios\" class=\"wp-block-cover__image-background wp-image-523 has-parallax\" style=\"background-position:50% 50%;background-image:url(https:\/\/pachakamani.com\/atravesdelaventana\/wp-content\/uploads\/sites\/6\/2024\/01\/14-domitila.png)\"><\/div><span aria-hidden=\"true\" class=\"wp-block-cover__background has-background-dim-0 has-background-dim\" style=\"background-color:#d8d3d4\"><\/span><div class=\"wp-block-cover__inner-container is-layout-constrained wp-block-cover-is-layout-constrained\">\n<p class=\"has-text-align-center has-ast-global-color-5-color has-text-color has-link-color has-large-font-size wp-elements-ac2d63519f9dd1afff62ffe7d85630a3\"><strong>Domitila Barrios Cuenca<\/strong><\/p>\n<\/div><\/div>\n\n\n\n<p class=\"has-text-align-right\">M. Sc. Gloria Villarroel Salgueiro<\/p>\n\n\n\n<p>Me llamo Domitila Barrios Cuenca porque cuando una se casa en Bolivia siempre lleva el apellido del marido: Chungara y yo no llevo\u201d. As\u00ed se present\u00f3 la mayor activista social de las mujeres en Bolivia. Esta es su historia.<\/p>\n\n\n\t\t\t\t<div class=\"wp-block-uagb-table-of-contents uagb-toc__align-left uagb-toc__columns-1  uagb-block-811abe3c      \"\n\t\t\t\t\tdata-scroll= \"1\"\n\t\t\t\t\tdata-offset= \"30\"\n\t\t\t\t\tstyle=\"\"\n\t\t\t\t>\n\t\t\t\t<div class=\"uagb-toc__wrap\">\n\t\t\t\t\t\t<div class=\"uagb-toc__title\">\n\t\t\t\t\t\t\tTabla de contenidos\t\t\t\t\t\t<\/div>\n\t\t\t\t\t\t\t\t\t\t\t\t\t\t\t\t\t\t\t\t\t\t<div class=\"uagb-toc__list-wrap \">\n\t\t\t\t\t\t<ol class=\"uagb-toc__list\"><li class=\"uagb-toc__list\"><a href=\"#qui\u00e9n-fue-domitila\" class=\"uagb-toc-link__trigger\">\u00bfQui\u00e9n fue Domitila?<\/a><li class=\"uagb-toc__list\"><a href=\"#las-organizaciones-sindicales-y-el-mnr\" class=\"uagb-toc-link__trigger\">Las organizaciones sindicales y el MNR<\/a><li class=\"uagb-toc__list\"><a href=\"#tres-dictadores-y-dos-hijos\" class=\"uagb-toc-link__trigger\">Tres dictadores y dos hijos<\/a><li class=\"uagb-toc__list\"><a href=\"#la-ultima-marcha\" class=\"uagb-toc-link__trigger\">La ultima marcha<\/a><li class=\"uagb-toc__list\"><a href=\"#domitila-en-las-letras\" class=\"uagb-toc-link__trigger\">Domitila en las letras<\/a><li class=\"uagb-toc__list\"><a href=\"#referencias\" class=\"uagb-toc-link__trigger\">Referencias:<\/a><\/ol>\t\t\t\t\t<\/div>\n\t\t\t\t\t\t\t\t\t<\/div>\n\t\t\t\t<\/div>\n\t\t\t\n\n\n<h2 class=\"wp-block-heading\">\u00bfQui\u00e9n fue Domitila?<\/h2>\n\n\n\n<p>Domitila Barrios Cuenca mujer sindicalista dedic\u00f3 su vida al reclamo de derechos laborales para los mineros. Ella representaba a las esposas de mineros de Pulacayo de Potos\u00ed y al Comit\u00e9 de Amas de Casa de Siglo XX. Su padre fue un dirigente sindical que particip\u00f3 en la Guerra del Chaco. A los 10 a\u00f1os, su madre falleci\u00f3, y ella asumi\u00f3 la responsabilidad de cuidar a sus hermanos menores, sin dejar de estudiar en la escuela local.<\/p>\n\n\n\n<p>Al ser secretaria Ejecutiva del Comit\u00e9 de Amas de Casa de Siglo XX desde 1963, organizo a las mujeres trabajadoras de las minas para afrontar las dictaduras de V\u00edctor Paz Estenssoro, Ren\u00e9 Barrientos, Hugo Banzer Suarez y Garc\u00eda Mesa. Los mineros tuvieron un gran protagonismo contra de las dictaduras de las d\u00e9cadas de 1960, 1970 y 1980.<\/p>\n\n\n\n<h2 class=\"wp-block-heading\">Las organizaciones sindicales y el MNR<\/h2>\n\n\n\n<p>Fue entre los a\u00f1os 1956 y 1964 cuando las organizaciones de trabajadores que surgieron despu\u00e9s de la Revoluci\u00f3n de 1952, con la Central Obrera de Trabajadores de Bolivia, comenzaron a distanciarse del proyecto pol\u00edtico del MNR. El primer punto de disputa y represi\u00f3n fue el Plan de Estabilizaci\u00f3n del gobierno en 1956, que inclu\u00eda la supresi\u00f3n del control de los precios y las restricciones a la importaci\u00f3n y exportaci\u00f3n. Esto provoc\u00f3 un aumento en los precios de los productos y dej\u00f3 los salarios sin capacidad adquisitiva, a pesar de los aumentos salariales.<\/p>\n\n\n\n<p>En 1958, la Federaci\u00f3n Sindical de Trabajadores Mineros de Bolivia (FSTMB) afirm\u00f3 que \u00abel imperialismo ha impuesto sus planes al gobierno\u00bb, lo que marc\u00f3 un alejamiento inminente del gobierno. Esta organizaci\u00f3n sigui\u00f3 sus propias directrices en defensa de los derechos laborales. Los sindicatos de Catavi y Siglo XX ten\u00edan una organizaci\u00f3n minera m\u00e1s s\u00f3lida y cohesionada.<\/p>\n\n\n\n<p>Las mujeres mineras siempre estuvieron lado a lado con sus esposos y el sindicato minero. Ellas reclamaron mejora de dotaci\u00f3n de alimentos en la pulper\u00eda, mejores condiciones de salud, escuela, vivienda, agua potable, entre otros. Realizaban guardias para cuidar a los prisioneros, vigilancia para el resguardo de la sede sindical y las radioemisoras mineras.<\/p>\n\n\n\n<h2 class=\"wp-block-heading\">Tres dictadores y dos hijos<\/h2>\n\n\n\n<p>Hubo eventos muy oscuros en la vida boliviana, como la denominada masacre de San Juan el 24 de junio de 1967, cuando militares asesinaron a mineros bajo el gobierno de Ren\u00e9 Barrientos. En ese per\u00edodo, los salarios de los mineros se redujeron, las pulper\u00edas, que eran centros de distribuci\u00f3n de alimentos, se quedaron sin abastecimiento, se prohibi\u00f3 el fuero sindical y se persigui\u00f3 a los dirigentes. Los mineros se reunieron en un ampliado nacional en la mina Siglo XX. Durante la noche, militares irrumpieron en la mina y el lugar de la asamblea, y murieron tanto mineros hombres como mujeres de las minas Catavi y Siglo XX.<\/p>\n\n\n\n<p>En la dictadura de Jos\u00e9 Barrientos, muchos dirigentes sindicales fueron deportados, y se identific\u00f3 a los esposos de las dirigentes mujeres del Comit\u00e9. Los llevaron a Argentina, y a las mujeres las desalojaron de sus viviendas en las minas, dej\u00e1ndolas solas para mantener a sus hijos e hijas.<\/p>\n\n\n\n<p>Durante la dictadura de Hugo B\u00e1nzer, que se extendi\u00f3 entre los a\u00f1os 1971 y 1978, Domitila fue encarcelada mientras estaba embarazada. Inevitablemente, su hijo naci\u00f3 muerto debido a las golpizas que recibi\u00f3. M\u00e1s tarde, perdi\u00f3 otro hijo cuando se refugi\u00f3 en una mina junto a otros para evitar la c\u00e1rcel. Despu\u00e9s de que los militares ocuparon la mina, se escondieron en el lugar, despu\u00e9s, Domitila dio a luz a dos mellizos, lamentablemente, uno naci\u00f3 muerto.<\/p>\n\n\n\n<p>Durante el r\u00e9gimen de Hugo B\u00e1nzer, en 1975, las Naciones Unidas nombraron ese a\u00f1o como el A\u00f1o Internacional de la Mujer, y la Primera Conferencia Mundial sobre la Mujer se celebr\u00f3 en la ciudad de M\u00e9xico, a la que Domitila fue invitada. El gobierno del dictador intent\u00f3 evitar que saliera de Bolivia, pero ella asisti\u00f3 al evento y tom\u00f3 la palabra para denunciar que la Carta Magna de las Naciones Unidas se aplicaba \u00fanicamente para la burgues\u00eda, mientras que Bolivia, siendo parte de la ONU, permit\u00eda la existencia de la dictadura. Como mujer obrera puso en discusi\u00f3n la diferencia de clases en la lucha de las mujeres. Siendo dirigente sindical, su enfoque estaba en las reivindicaciones laborales y sociales para todos los trabajadores, destacando que las reivindicaciones obreras eran en beneficio tanto de mujeres como de hombres. Hizo hincapi\u00e9 en que la lucha era contra la dominaci\u00f3n econ\u00f3mica, pol\u00edtica y la explotaci\u00f3n laboral.<\/p>\n\n\n\n<p>En 1977, en el Arzobispado de La Paz, cuatro mujeres inician una huelga de hambre, para lograr amnist\u00eda para todos los presos pol\u00edticos, la liberaci\u00f3n de los detenidos y la convocatoria de elecciones presidenciales. Poco a poco, otros grupos de trabajadores instalaron piquetes de huelga en todo el pa\u00eds. Ante la presi\u00f3n social interna e internacional, se liber\u00f3 a los trabajadores encarcelados.<\/p>\n\n\n\n<p>Domitila represento a la Central Obrera Boliviana en Dinamarca Copenhague en 1980 se le encomend\u00f3 denunciar el golpe de Estado de Garc\u00eda Mesa. Domitila participar\u00eda de la Segunda Conferencia Mundial sobre la Mujer en el Decenio de las Naciones Unidas. All\u00ed Organizo una marcha que se dirigi\u00f3 a la sede de la Conferencia, no abandono el activismo. A su regreso a Bolivia, no le permitieron el ingreso, fue exiliada en Suecia, viajo a varios pa\u00edses para denunciar los acontecimientos de violencia.<\/p>\n\n\n\n<h2 class=\"wp-block-heading\">La ultima marcha<\/h2>\n\n\n\n<p>Cuando regres\u00f3 a Bolivia en 1983, retom\u00f3 su liderazgo y particip\u00f3 en la \u00faltima marcha minera que parti\u00f3 de Oruro rumbo a La Paz. Esta marcha fue parte del movimiento minero contra el Decreto 21060, que despidi\u00f3 a los trabajadores de las minas, ocurri\u00f3 durante el gobierno de V\u00edctor Paz Estenssoro. Al perder las esperanzas de regresar a las minas, muchos trabajadores emigraron a diferentes centros urbanos.<\/p>\n\n\n\n<p>Domitila se traslad\u00f3 a Cochabamba. Despu\u00e9s de un tiempo, junto con algunos amigos, reflexionaron sobre la idea de fundar una escuela de educaci\u00f3n pol\u00edtica, ya que era necesario alfabetizarse en pol\u00edtica. As\u00ed, crearon la Escuela de Capacitaci\u00f3n Pol\u00edtica y Sindical, as\u00ed como una Escuela M\u00f3vil en Cochabamba, donde formaron a j\u00f3venes, en su mayor\u00eda hijos de trabajadores, con un enfoque especial en las mujeres.<\/p>\n\n\n\n<p>En 2005, Domitila fue nominada para el Premio Nobel de la Paz. Falleci\u00f3 en 2012, y el Estado boliviano le otorg\u00f3 la Condecoraci\u00f3n Nacional de la Orden del C\u00f3ndor de los Andes, la m\u00e1s alta distinci\u00f3n otorgada a ciudadanos por sus servicios a la naci\u00f3n y a la humanidad.<\/p>\n\n\n\n<h2 class=\"wp-block-heading\">Domitila en las letras<\/h2>\n\n\n\n<p>La escritora brasile\u00f1a Moema Viezzer colabor\u00f3 con Domitila en la elaboraci\u00f3n de un relato sobre su vida sindical, el cual se public\u00f3 en 1975. Hoy en d\u00eda, este libro es una referencia en la historia de la miner\u00eda en Bolivia y los movimientos sociales, en particular de mujeres l\u00edderes como Domitila Barrios Cuenca.<\/p>\n\n\n\n<p>Otro libro emblem\u00e1tico se public\u00f3 en el a\u00f1o 2017 con el t\u00edtulo \u201cDomitila Chungara: una vida en lucha de Mar\u00eda del Carmen Garc\u00e9s. La literatura creo el texto \u201cDe la Chungara que me pari\u00f3, su hija de la Domitila soy\u201d de Paloma Guti\u00e9rrez-Le\u00f3n. Es un ensayo que toma la voz de la hija que muri\u00f3 durante el encarcelamiento durante la dictadura de Ren\u00e9 Barrientos. Pero el que escribi\u00f3 junto a David Acebey se titul\u00f3, \u201cAqu\u00ed tambi\u00e9n, Domitila! Testimonios\u201d, publicado en 1985.<\/p>\n\n\n\n<p>Domitila enfrent\u00f3 el machismo de su esposo, ella sosten\u00eda que la primera lucha que enfrenta una mujer es en su propia familia. Despu\u00e9s, las batallas se libran en las organizaciones, donde las mujeres deben participar para lograr la transformaci\u00f3n social tanto para ellas como para el pueblo. Enfrent\u00f3 la discriminaci\u00f3n en las conferencias en las que particip\u00f3, en las movilizaciones por parte de los dirigentes varones e incluso de otras mujeres. Con todo ello, estableci\u00f3 las directrices para el liderazgo sindical femenino.<\/p>\n\n\n\n<p>Si deseas escuchar su historia en formato de radionovela, te recomiendo escuchar el podcast &#8216;Domitila: La Rebeld\u00eda de las Mujeres Mineras&#8217;, para lo cual te proporciono el enlace en la p\u00e1gina del blog.<\/p>\n\n\n\n<figure class=\"wp-block-embed is-type-rich is-provider-spotify wp-block-embed-spotify wp-embed-aspect-21-9 wp-has-aspect-ratio\"><div class=\"wp-block-embed__wrapper\">\n<iframe title=\"Spotify Embed: Domitila Barrios #014\" style=\"border-radius: 12px\" width=\"100%\" height=\"152\" frameborder=\"0\" allowfullscreen allow=\"autoplay; clipboard-write; encrypted-media; fullscreen; picture-in-picture\" loading=\"lazy\" src=\"https:\/\/open.spotify.com\/embed\/episode\/30byMu2NQ6AyFYcivk7aZH?si=d7534e9380c8479a&#038;utm_source=oembed\"><\/iframe>\n<\/div><\/figure>\n\n\n\n<h2 class=\"wp-block-heading\"><strong>Referencias<\/strong>:<\/h2>\n\n\n\n<p>Entrevista a Domitila Chungara<\/p>\n\n\n\n<figure class=\"wp-block-embed is-type-wp-embed is-provider-la-nueva-cedib wp-block-embed-la-nueva-cedib\"><div class=\"wp-block-embed__wrapper\">\n<blockquote class=\"wp-embedded-content\" data-secret=\"6S7FdFqGmq\"><a href=\"https:\/\/www.cedib.org\/biblioteca\/domitila-chungara-fragmento-entrevista-2011\/\">Domitila Chungara: Fragmento Entrevista 2011<\/a><\/blockquote><iframe class=\"wp-embedded-content\" sandbox=\"allow-scripts\" security=\"restricted\" style=\"position: absolute; visibility: hidden;\" title=\"\u00abDomitila Chungara: Fragmento Entrevista 2011\u00bb \u2014 La nueva CEDIB\" src=\"https:\/\/www.cedib.org\/biblioteca\/domitila-chungara-fragmento-entrevista-2011\/embed\/#?secret=Kxd81Aealw#?secret=6S7FdFqGmq\" data-secret=\"6S7FdFqGmq\" width=\"500\" height=\"282\" frameborder=\"0\" marginwidth=\"0\" marginheight=\"0\" scrolling=\"no\"><\/iframe>\n<\/div><\/figure>\n\n\n\n<p>Video entrevista Domitila Chungara<\/p>\n\n\n\n<figure class=\"wp-block-embed is-type-video is-provider-youtube wp-block-embed-youtube wp-embed-aspect-16-9 wp-has-aspect-ratio\"><div class=\"wp-block-embed__wrapper\">\n<iframe title=\"Mujeres Pol\u00edticas en la tierra Prohibida (2008): Domitila Chungara\" width=\"500\" height=\"281\" src=\"https:\/\/www.youtube.com\/embed\/RWAWovB5GNk?feature=oembed\" frameborder=\"0\" allow=\"accelerometer; autoplay; clipboard-write; encrypted-media; gyroscope; picture-in-picture; web-share\" referrerpolicy=\"strict-origin-when-cross-origin\" allowfullscreen><\/iframe>\n<\/div><\/figure>\n\n\n\n<p>El embrollo boliviano Turbulencias sociales y desplazamientos pol\u00edticos, 1952-1982. Jean-Pierre Lavaud. IFEA. 1998<\/p>\n\n\n\n<p><a href=\"https:\/\/books.openedition.org\/ifea\/3434?lang=es\">https:\/\/books.openedition.org\/ifea\/3434?lang=es<\/a><\/p>\n\n\n\n<p>Mujeres Pol\u00edticas en la tierra Prohibida (2008): Domitila Chungara. KAS Bolivia. Fundaci\u00f3n Konrad Adenauer. 2022<\/p>\n\n\n\n<figure class=\"wp-block-embed is-type-video is-provider-youtube wp-block-embed-youtube wp-embed-aspect-16-9 wp-has-aspect-ratio\"><div class=\"wp-block-embed__wrapper\">\n<iframe title=\"Mujeres Pol\u00edticas en la tierra Prohibida (2008): Domitila Chungara\" width=\"500\" height=\"281\" src=\"https:\/\/www.youtube.com\/embed\/RWAWovB5GNk?start=303&#038;feature=oembed\" frameborder=\"0\" allow=\"accelerometer; autoplay; clipboard-write; encrypted-media; gyroscope; picture-in-picture; web-share\" referrerpolicy=\"strict-origin-when-cross-origin\" allowfullscreen><\/iframe>\n<\/div><\/figure>\n\n\n\n<p><strong>Fotos:<\/strong><\/p>\n\n\n\n<p><a href=\"https:\/\/www.timetoast.com\/timelines\/la-evolucion-de-los-derechos-y-el-reconocimiento-de-las-comunidades-campesinas\">https:\/\/www.timetoast.com\/timelines\/la-evolucion-de-los-derechos-y-el-reconocimiento-de-las-comunidades-campesinas<\/a><\/p>\n\n\n\n<p><a href=\"https:\/\/www.eluniversal.com.mx\/opinion\/mochilazo-en-el-tiempo\/en-mexico-la-primera-conferencia-mundial-de-la-mujer-en-1975\">https:\/\/www.eluniversal.com.mx\/opinion\/mochilazo-en-el-tiempo\/en-mexico-la-primera-conferencia-mundial-de-la-mujer-en-1975<\/a><\/p>\n\n\n\n<p><a href=\"https:\/\/www.opinion.com.bo\/articulo\/economi%C2%ADa\/mineros-reclaman-pago-30-ntilde-relocalizaci-oacute-n\/20150828211800529647.html\">https:\/\/www.opinion.com.bo\/articulo\/economi%C2%ADa\/mineros-reclaman-pago-30-ntilde-relocalizaci-oacute-n\/20150828211800529647.html<\/a><\/p>\n\n\n\n<p><a href=\"https:\/\/www.opinion.com.bo\/articulo\/cochabamba\/morales-entierra-decreto-21060-leyes-inspiradas\/20110503003200397440.html\">https:\/\/www.opinion.com.bo\/articulo\/cochabamba\/morales-entierra-decreto-21060-leyes-inspiradas\/20110503003200397440.html<\/a><\/p>\n\n\n\n<p><a rel=\"noreferrer noopener\" href=\"http:\/\/www.revistasbolivianas.ciencia.bo\/scielo.php?pid=S1997-44852012000300008&amp;script=sci_arttext\" target=\"_blank\">http:\/\/www.revistasbolivianas.ciencia.bo\/scielo.php?pid=S1997-44852012000300008&amp;script=sci_arttext<\/a><\/p>\n\n\n\n<figure class=\"wp-block-embed is-type-wp-embed is-provider-clickg-nero wp-block-embed-clickg-nero\"><div class=\"wp-block-embed__wrapper\">\n<blockquote class=\"wp-embedded-content\" data-secret=\"zhDeUUtVip\"><a href=\"https:\/\/clickgenero.wordpress.com\/2012\/03\/13\/fallecio-domitila-chungara-la-madrugada-de-hoy\/\">Falleci\u00f3 Domitila Chungara la madrugada de&nbsp;hoy<\/a><\/blockquote><iframe class=\"wp-embedded-content\" sandbox=\"allow-scripts\" security=\"restricted\" style=\"position: absolute; visibility: hidden;\" title=\"\u00abFalleci\u00f3 Domitila Chungara la madrugada de&nbsp;hoy\u00bb \u2014 Clickg\u00e9nero\" src=\"https:\/\/clickgenero.wordpress.com\/2012\/03\/13\/fallecio-domitila-chungara-la-madrugada-de-hoy\/embed\/#?secret=WG4ZR1YsQi#?secret=zhDeUUtVip\" data-secret=\"zhDeUUtVip\" width=\"500\" height=\"282\" frameborder=\"0\" marginwidth=\"0\" marginheight=\"0\" scrolling=\"no\"><\/iframe>\n<\/div><\/figure>\n\n\n\n<p><a href=\"https:\/\/www.mintrabajo.gob.bo\/wp-content\/uploads\/2021\/05\/0-Libro-Nro.-71-de-la-Bib-Lab-De-la-Chungara-que-me-pario.pdf\">https:\/\/www.mintrabajo.gob.bo\/wp-content\/uploads\/2021\/05\/0-Libro-Nro.-71-de-la-Bib-Lab-De-la-Chungara-que-me-pario.pdf<\/a><\/p>\n\n\n\n<p><a href=\"https:\/\/traficantes.net\/libros\/domitila-chungara\">https:\/\/traficantes.net\/libros\/domitila-chungara<\/a><\/p>\n\n\n\n<p><a rel=\"noreferrer noopener\" href=\"http:\/\/www.cmpa.es\/datos\/6816\/VIEZZE-Memorias_de_Domitila60.pdf\" target=\"_blank\">http:\/\/www.cmpa.es\/datos\/6816\/VIEZZE-Memorias_de_Domitila60.pdf<\/a><\/p>\n\n\n\n<p><\/p>\n","protected":false},"excerpt":{"rendered":"<p>Me llamo Domitila Barrios Cuenca porque cuando una se casa en Bolivia siempre lleva el apellido del marido: Chungara y yo no llevo\u201d. As\u00ed se present\u00f3 la mayor activista social de las mujeres en Bolivia. Esta es su historia.<\/p>\n","protected":false},"author":6,"featured_media":523,"comment_status":"open","ping_status":"open","template":"","meta":{"_uag_custom_page_level_css":"","site-sidebar-layout":"default","site-content-layout":"","ast-site-content-layout":"default","site-content-style":"default","site-sidebar-style":"default","ast-global-header-display":"","ast-banner-title-visibility":"","ast-main-header-display":"","ast-hfb-above-header-display":"","ast-hfb-below-header-display":"","ast-hfb-mobile-header-display":"","site-post-title":"disabled","ast-breadcrumbs-content":"","ast-featured-img":"disabled","footer-sml-layout":"","ast-disable-related-posts":"","theme-transparent-header-meta":"","adv-header-id-meta":"","stick-header-meta":"","header-above-stick-meta":"","header-main-stick-meta":"","header-below-stick-meta":"","astra-migrate-meta-layouts":"set","ast-page-background-enabled":"default","ast-page-background-meta":{"desktop":{"background-color":"","background-image":"","background-repeat":"repeat","background-position":"center center","background-size":"auto","background-attachment":"scroll","background-type":"","background-media":"","overlay-type":"","overlay-color":"","overlay-opacity":"","overlay-gradient":""},"tablet":{"background-color":"","background-image":"","background-repeat":"repeat","background-position":"center center","background-size":"auto","background-attachment":"scroll","background-type":"","background-media":"","overlay-type":"","overlay-color":"","overlay-opacity":"","overlay-gradient":""},"mobile":{"background-color":"","background-image":"","background-repeat":"repeat","background-position":"center center","background-size":"auto","background-attachment":"scroll","background-type":"","background-media":"","overlay-type":"","overlay-color":"","overlay-opacity":"","overlay-gradient":""}},"ast-content-background-meta":{"desktop":{"background-color":"var(--ast-global-color-5)","background-image":"","background-repeat":"repeat","background-position":"center center","background-size":"auto","background-attachment":"scroll","background-type":"","background-media":"","overlay-type":"","overlay-color":"","overlay-opacity":"","overlay-gradient":""},"tablet":{"background-color":"var(--ast-global-color-5)","background-image":"","background-repeat":"repeat","background-position":"center center","background-size":"auto","background-attachment":"scroll","background-type":"","background-media":"","overlay-type":"","overlay-color":"","overlay-opacity":"","overlay-gradient":""},"mobile":{"background-color":"var(--ast-global-color-5)","background-image":"","background-repeat":"repeat","background-position":"center center","background-size":"auto","background-attachment":"scroll","background-type":"","background-media":"","overlay-type":"","overlay-color":"","overlay-opacity":"","overlay-gradient":""}},"slim_seo":{"facebook_image":"https:\/\/pachakamani.com\/atravesdelaventana\/wp-content\/uploads\/sites\/6\/2024\/01\/14-domitila.png","twitter_image":"https:\/\/pachakamani.com\/atravesdelaventana\/wp-content\/uploads\/sites\/6\/2024\/01\/14-domitila-1.png","canonical":"https:\/\/pachakamani.com\/atravesdelaventana\/domitila-barrios-cuenca-14\/","title":"Domitila Barrios Cuenca - A trav\u00e9s de la Ventana","description":"Me llamo Domitila Barrios Cuenca porque cuando una se casa en Bolivia siempre lleva el apellido del marido: Chungara y yo no llevo\u201d. As\u00ed se present\u00f3 la mayor ac"}},"categories":[21],"tags":[54,46,20],"class_list":["post-617","articulo","type-articulo","status-publish","has-post-thumbnail","hentry","category-articulo","tag-chungara","tag-domitila-barrios","tag-justicia"],"uagb_featured_image_src":{"full":["https:\/\/pachakamani.com\/atravesdelaventana\/wp-content\/uploads\/sites\/6\/2024\/01\/14-domitila.png",500,500,false],"thumbnail":["https:\/\/pachakamani.com\/atravesdelaventana\/wp-content\/uploads\/sites\/6\/2024\/01\/14-domitila-150x150.png",150,150,true],"medium":["https:\/\/pachakamani.com\/atravesdelaventana\/wp-content\/uploads\/sites\/6\/2024\/01\/14-domitila-300x300.png",300,300,true],"medium_large":["https:\/\/pachakamani.com\/atravesdelaventana\/wp-content\/uploads\/sites\/6\/2024\/01\/14-domitila.png",500,500,false],"large":["https:\/\/pachakamani.com\/atravesdelaventana\/wp-content\/uploads\/sites\/6\/2024\/01\/14-domitila.png",500,500,false],"1536x1536":["https:\/\/pachakamani.com\/atravesdelaventana\/wp-content\/uploads\/sites\/6\/2024\/01\/14-domitila.png",500,500,false],"2048x2048":["https:\/\/pachakamani.com\/atravesdelaventana\/wp-content\/uploads\/sites\/6\/2024\/01\/14-domitila.png",500,500,false]},"uagb_author_info":{"display_name":"Gloria Villarroel","author_link":"https:\/\/pachakamani.com\/atravesdelaventana\/author\/gloria\/"},"uagb_comment_info":1,"uagb_excerpt":"Me llamo Domitila Barrios Cuenca porque cuando una se casa en Bolivia siempre lleva el apellido del marido: Chungara y yo no llevo\u201d. As\u00ed se present\u00f3 la mayor activista social de las mujeres en Bolivia. Esta es su historia.","_links":{"self":[{"href":"https:\/\/pachakamani.com\/atravesdelaventana\/wp-json\/wp\/v2\/articulo\/617","targetHints":{"allow":["GET"]}}],"collection":[{"href":"https:\/\/pachakamani.com\/atravesdelaventana\/wp-json\/wp\/v2\/articulo"}],"about":[{"href":"https:\/\/pachakamani.com\/atravesdelaventana\/wp-json\/wp\/v2\/types\/articulo"}],"author":[{"embeddable":true,"href":"https:\/\/pachakamani.com\/atravesdelaventana\/wp-json\/wp\/v2\/users\/6"}],"replies":[{"embeddable":true,"href":"https:\/\/pachakamani.com\/atravesdelaventana\/wp-json\/wp\/v2\/comments?post=617"}],"wp:featuredmedia":[{"embeddable":true,"href":"https:\/\/pachakamani.com\/atravesdelaventana\/wp-json\/wp\/v2\/media\/523"}],"wp:attachment":[{"href":"https:\/\/pachakamani.com\/atravesdelaventana\/wp-json\/wp\/v2\/media?parent=617"}],"wp:term":[{"taxonomy":"category","embeddable":true,"href":"https:\/\/pachakamani.com\/atravesdelaventana\/wp-json\/wp\/v2\/categories?post=617"},{"taxonomy":"post_tag","embeddable":true,"href":"https:\/\/pachakamani.com\/atravesdelaventana\/wp-json\/wp\/v2\/tags?post=617"}],"curies":[{"name":"wp","href":"https:\/\/api.w.org\/{rel}","templated":true}]}}