{"id":607,"date":"2024-01-15T03:53:00","date_gmt":"2024-01-15T07:53:00","guid":{"rendered":"https:\/\/pachakamani.com\/atravesdelaventana\/?p=607"},"modified":"2026-01-26T02:28:23","modified_gmt":"2026-01-26T06:28:23","slug":"violencia-en-los-medios-11","status":"publish","type":"articulo","link":"https:\/\/pachakamani.com\/atravesdelaventana\/articulo\/violencia-en-los-medios-11\/","title":{"rendered":"La violencia en los medios"},"content":{"rendered":"\n<div class=\"wp-block-cover alignfull has-parallax\"><span aria-hidden=\"true\" class=\"wp-block-cover__background has-background-dim\" style=\"background-color:#55496a\"><\/span><div role=\"img\" aria-label=\"11-medios-de-comunicacion\" class=\"wp-block-cover__image-background wp-image-397 has-parallax\" style=\"background-position:50% 50%;background-image:url(https:\/\/pachakamani.com\/atravesdelaventana\/wp-content\/uploads\/sites\/6\/2023\/03\/11-medios.png)\"><\/div><div class=\"wp-block-cover__inner-container is-layout-constrained wp-block-cover-is-layout-constrained\">\n<p class=\"has-text-align-center has-ast-global-color-5-color has-text-color has-link-color has-large-font-size wp-elements-5a8f3c661448d5eb0c280143726af72f\">Los medios de comunicaci\u00f3n y la noticia de violencia a la mujer<\/p>\n<\/div><\/div>\n\n\n\n<h1 class=\"wp-block-heading\">La violencia en los medios. Los medios de comunicaci\u00f3n y la noticia de violencia a la mujer<\/h1>\n\n\n\n<p class=\"has-text-align-right\">M. Sc. Gloria Villarroel Salgueiro<\/p>\n\n\n\t\t\t\t<div class=\"wp-block-uagb-table-of-contents uagb-toc__align-left uagb-toc__columns-1  uagb-block-759aa6ca      \"\n\t\t\t\t\tdata-scroll= \"1\"\n\t\t\t\t\tdata-offset= \"30\"\n\t\t\t\t\tstyle=\"\"\n\t\t\t\t>\n\t\t\t\t<div class=\"uagb-toc__wrap\">\n\t\t\t\t\t\t<div class=\"uagb-toc__title\">\n\t\t\t\t\t\t\tTabla de contenidos\t\t\t\t\t\t<\/div>\n\t\t\t\t\t\t\t\t\t\t\t\t\t\t\t\t\t\t\t\t\t\t<div class=\"uagb-toc__list-wrap \">\n\t\t\t\t\t\t<ol class=\"uagb-toc__list\"><li class=\"uagb-toc__list\"><a href=\"#la-violencia-en-los-medios-los-medios-de-comunicaci\u00f3n-y-la-noticia-de-violencia-a-la-mujer\" class=\"uagb-toc-link__trigger\">La violencia en los medios. Los medios de comunicaci\u00f3n y la noticia de violencia a la mujer<\/a><ul class=\"uagb-toc__list\"><li class=\"uagb-toc__list\"><a href=\"#qu\u00e9-te-llama-la-atenci\u00f3n-de-una-noticia\" class=\"uagb-toc-link__trigger\">\u00bfQu\u00e9 te llama la atenci\u00f3n de una noticia?<\/a><li class=\"uagb-toc__list\"><li class=\"uagb-toc__list\"><a href=\"#los-errores-de-los-medios-de-comunicaci\u00f3n\" class=\"uagb-toc-link__trigger\">Los errores de los medios de comunicaci\u00f3n<\/a><li class=\"uagb-toc__list\"><li class=\"uagb-toc__list\"><a href=\"#la-ley-348-y-la-declaraci\u00f3n-de-beijing\" class=\"uagb-toc-link__trigger\">La Ley 348 y la Declaraci\u00f3n de Beijing<\/a><ul class=\"uagb-toc__list\"><li class=\"uagb-toc__list\"><a href=\"#qu\u00e9-deber\u00edan-hacer-los-medios-de-comunicaci\u00f3nla-buena-informaci\u00f3n-que-coadyuva-para-suprimir-la-violencia-a-la-mujer\" class=\"uagb-toc-link__trigger\">\u00bfQu\u00e9 deber\u00edan hacer los medios de comunicaci\u00f3n?\u00a0La buena informaci\u00f3n que coadyuva para suprimir la violencia a la mujer<\/a><li class=\"uagb-toc__list\"><li class=\"uagb-toc__list\"><a href=\"#ser\u00e1-necesario-que-todos-los-casos-de-violencia-a-la-mujer-pasen-por-las-c\u00e1maras-y-micr\u00f3fonos-para-que-las-autoridades-las-atiendan\" class=\"uagb-toc-link__trigger\">\u00bfSer\u00e1 necesario que todos los casos de violencia a la mujer pasen por las c\u00e1maras y micr\u00f3fonos para que las autoridades las atiendan?<\/a><\/li><\/ul><li class=\"uagb-toc__list\"><a href=\"#referencias\" class=\"uagb-toc-link__trigger\">Referencias<\/a><\/ul><\/ol>\t\t\t\t\t<\/div>\n\t\t\t\t\t\t\t\t\t<\/div>\n\t\t\t\t<\/div>\n\t\t\t\n\n\n<h2 class=\"wp-block-heading\">\u00bfQu\u00e9 te llama la atenci\u00f3n de una noticia?<\/h2>\n\n\n\n<p>Frecuentemente escuchamos y vemos en los medios de comunicaci\u00f3n&nbsp;<a rel=\"noreferrer noopener\" href=\"https:\/\/pachakamani.com\/atravesdelaventana\/hanali-huaycho-ley-348\/\" target=\"_blank\">noticias de casos de violencia<\/a>, tenemos cada uno un criterio sobre c\u00f3mo llaman la atenci\u00f3n para ver y escuchar este tipo de noticias. La presentaci\u00f3n de la violencia contra las mujeres en los medios de comunicaci\u00f3n, puede tener un impacto importante en c\u00f3mo se percibe y se aborda este problema y su impacto en la sociedad.<\/p>\n\n\n\n<p>El tema que se abordar\u00e1 en este art\u00edculo es la presentaci\u00f3n de las\u00a0<a href=\"https:\/\/pachakamani.com\/atravesdelaventana\/violencia-contra-la-mujer\/\" target=\"_blank\" rel=\"noreferrer noopener\">historias de violencia<\/a>\u00a0contra la mujer en los medios de comunicaci\u00f3n. Ellos, los medios a menudo presentan a las v\u00edctimas de violencia de manera estereotipada, responsabiliz\u00e1ndolas de lo que les ha sucedido, minimizando la gravedad de la violencia y presentando a los perpetradores de manera humanizada y con cierta compasi\u00f3n. Estas presentaciones conducen a la audiencia en c\u00f3mo las personas perciben y responden a la violencia contra las mujeres.<\/p>\n\n\n\n<h2 class=\"wp-block-heading\">Los errores de los medios de comunicaci\u00f3n<\/h2>\n\n\n\n<p>Los errores repetitivos son:<\/p>\n\n\n\n<ul class=\"wp-block-list\">\n<li>Los casos de ataque sexual a menores y mujeres se presentan como recurrentes, esto conduce a tratar el tema como un acto m\u00e1s de violencia por consecuencia un acto rutinario, normalizando la violencia.<\/li>\n\n\n\n<li>Se presentan como cr\u00edmenes pasionales, en los que el m\u00f3vil es el exceso de alcohol o celos del agresor. En esta presentaci\u00f3n, se culpa a la v\u00edctima por su comportamiento y se minimiza la gravedad del delito.<\/li>\n\n\n\n<li>El uso de ciertos t\u00e9rminos tambi\u00e9n es un error. Se utiliza con frecuencia el t\u00e9rmino \u00abultrajar\u00bb como sin\u00f3nimo de violaci\u00f3n, pero esto es incorrecto ya que el t\u00e9rmino se refiere a la acci\u00f3n de ofender, injuriar, humillar o calumniar, y no a una agresi\u00f3n sexual.<\/li>\n<\/ul>\n\n\n\n<p>La violencia f\u00edsica, la violaci\u00f3n y el feminicidio son temas preferidos por los medios debido a su capacidad de captar audiencia. Describen al agresor como un hombre borracho y delincuente, lo que puede llevar a que se utilicen estos t\u00e9rminos como atenuantes o para justificar la agresi\u00f3n.<\/p>\n\n\n\n<p>Es importante destacar que el consumo de alcohol o drogas no justifica la violencia, ya que las personas que tienen un comportamiento violento lo tienen independientemente del consumo de estas sustancias. Recordar que este comportamiento ya es propio de estas personas, el alcohol intensifica su conducta.<\/p>\n\n\n\n<p>El uso de ciertos t\u00e9rminos tambi\u00e9n es un error. Se utiliza con frecuencia el t\u00e9rmino \u00abultrajar\u00bb como sin\u00f3nimo de violaci\u00f3n, pero esto es incorrecto ya que el t\u00e9rmino se refiere a la acci\u00f3n de ofender, injuriar, humillar o calumniar, y no a una agresi\u00f3n sexual.<\/p>\n\n\n\n<p>Por otro lado, para captar la atenci\u00f3n de la audiencia, los medios utilizan m\u00fasica dram\u00e1tica, im\u00e1genes impactantes de los golpes corporales y la ubicaci\u00f3n del lugar donde ocurri\u00f3 la agresi\u00f3n si eso no es suficiente, exponen las l\u00e1grimas de una mujer o un ni\u00f1o para causar impacto. La l\u00e1stima se convierte en factor de venta aumenta la morbosidad. Se vulnera la dignidad de la v\u00edctima, as\u00ed como su derecho a la confidencialidad.<\/p>\n\n\n\n<p>Se presenta en primer plano los golpes en el cuerpo de la mujer y los objetos de agresi\u00f3n. Se da\u00f1a su dignidad, su privacidad y su integridad emocional. Los medios presentan o exponen a la mujer v\u00edctima sin considerar el impacto emocional para ella y la familia. Se desv\u00eda la atenci\u00f3n del tema central que es la condici\u00f3n de la mujer en la sociedad en la esfera de la violencia social y cultural.<\/p>\n\n\n\n<h2 class=\"wp-block-heading\">La Ley 348 y la Declaraci\u00f3n de Beijing<\/h2>\n\n\n\n<p>La ley 348 obliga a los medios de comunicaci\u00f3n como instituciones de responsabilidad social como informadores y formadores deben difundir de manera gratuita mensajes que promueven valores de relaciones de g\u00e9nero equitativos. Recordar que en la ley se sanciona la violencia medi\u00e1tica y promueve la protecci\u00f3n de la dignidad y los derechos de las mujeres, sin embargo esta regulaci\u00f3n no se aplica. Otros medios de comunicaci\u00f3n, incluidas las aplicaciones como TikTok y Facebook, a menudo presentan noticias sobre violencia hacia las mujeres de manera sensacionalista y sin ofrecer informaci\u00f3n \u00fatil para el p\u00fablico.<\/p>\n\n\n\n<p>La Declaraci\u00f3n y Plataforma de Beijing exhorta a los Estados firmantes, entre ellos Bolivia, fomentar una imagen no estereotipada de la mujer. Establece un conjunto de medidas a adoptar para la regulaci\u00f3n de los medios de comunicaci\u00f3n con la intenci\u00f3n de prevenir el ejercicio de la violencia contra las mujeres. Es un llamado a generar cambios para que se deje de normalizar la violencia tratando la noticia como \u00abotro caso de violencia\u00bb.<\/p>\n\n\n\n<h3 class=\"wp-block-heading\"><strong>\u00bfQu\u00e9 deber\u00edan hacer los medios de comunicaci\u00f3n?<\/strong>&nbsp;<strong>La buena informaci\u00f3n que coadyuva para suprimir la violencia a la mujer<\/strong><\/h3>\n\n\n\n<p>Es importante que visibilicen la violencia de g\u00e9nero, identificar plenamente al agresor y difundir informaci\u00f3n sobre c\u00f3mo denunciar y los sitios para buscar ayuda. Los medios de comunicaci\u00f3n deber\u00edan continuar con la investigaci\u00f3n del caso para conocer el desenlace y hacerlo p\u00fablico.<\/p>\n\n\n\n<p>Es importante que los medios traten la violencia de g\u00e9nero como un problema social que afecta a todas las mujeres, independientemente de su posici\u00f3n social o econ\u00f3mica, nivel educativo. La inclusi\u00f3n de la violencia psicol\u00f3gica y econ\u00f3mica en la cobertura de la violencia tambi\u00e9n es crucial, as\u00ed como la inclusi\u00f3n de la violencia contra la poblaci\u00f3n LGBT. Los medios pueden ser un instrumento de defensa de los derechos de las mujeres, su libertad y dignidad. Su rol es importante para informar y formar a la sociedad sobre la violencia de g\u00e9nero.<\/p>\n\n\n\n<p>Como noticia positiva, los medios podr\u00edan presentar continuamente casos de mujeres que lograron salir de la violencia para inspirar y empoderar a otras mujeres que est\u00e1n en situaciones similares.<\/p>\n\n\n\n<p><\/p>\n\n\n\n<h3 class=\"wp-block-heading\">\u00bfSer\u00e1 necesario que todos los casos de violencia a la mujer pasen por las c\u00e1maras y micr\u00f3fonos para que las autoridades las atiendan?<\/h3>\n\n\n\n<p>Se debe reconocer que por la inoperancia de la justicia, los casos presentados en las televisoras, radios o la prensa escrita reciben atenci\u00f3n de la poblaci\u00f3n, obliga a las autoridades resolverlos. En estos t\u00e9rminos varios casos fueron atendidos y algunos hasta recibieron justicia.<\/p>\n\n\n\n<p>Es importante reconocer que muchos casos de violencia hacia las mujeres no reciben la atenci\u00f3n necesaria de la justicia, por lo que es necesario que los medios de comunicaci\u00f3n informen sobre estos casos y presionen a las autoridades para que tomen medidas. Sin embargo, no deber\u00eda ser necesario que todos los casos pasen por los medios de comunicaci\u00f3n para recibir atenci\u00f3n.<\/p>\n\n\n\n<p>El rol de los medios de comunicaci\u00f3n es muy importante, su cobertura puede llamar la atenci\u00f3n de las autoridades y fomentar cambios en la sociedad.<\/p>\n\n\n\n<p>Se trata de promover una presentaci\u00f3n responsable y respetuosa de los casos de violencia contra la mujer. Solo as\u00ed se podr\u00e1 concientizar a la sociedad sobre la gravedad de este problema y, de esta forma, erradicarlo.<\/p>\n\n\n\n<p>Se trata de romper con los estereotipos adscritos a la mujer y al hombre para que la sociedad no reproduzca discriminaci\u00f3n y violencia.<\/p>\n\n\n\n<h2 class=\"wp-block-heading\">Referencias<\/h2>\n\n\n\n<p>RED UNO DIGITIAL. La mato por celos<br><a rel=\"noreferrer noopener\" href=\"https:\/\/www.youtube.com\/watch?v=OX3Rulz-i-s\" target=\"_blank\">https:\/\/www.youtube.com\/watch?v=OX3Rulz-i-s<\/a><\/p>\n\n\n\n<p>RED BOLIVISION. Basta de violencia contra la mujer<br><a rel=\"noreferrer noopener\" href=\"https:\/\/www.redbolivision.tv.bo\/noticia\/basta-de-violencia-contra-la-mujer-2\/\" target=\"_blank\">https:\/\/www.redbolivision.tv.bo\/noticia\/basta-de-violencia-contra-la-mujer-2\/<\/a><\/p>\n","protected":false},"excerpt":{"rendered":"<p>los medios a menudo presentan a las v\u00edctimas de violencia de manera estereotipada, responsabiliz\u00e1ndolas de lo que les ha sucedido, minimizando la gravedad de la violencia y presentando a los perpetradores de manera humanizada y con cierta compasi\u00f3n<\/p>\n","protected":false},"author":6,"featured_media":407,"comment_status":"open","ping_status":"open","template":"","meta":{"_uag_custom_page_level_css":"","site-sidebar-layout":"default","site-content-layout":"","ast-site-content-layout":"default","site-content-style":"default","site-sidebar-style":"default","ast-global-header-display":"","ast-banner-title-visibility":"","ast-main-header-display":"","ast-hfb-above-header-display":"","ast-hfb-below-header-display":"","ast-hfb-mobile-header-display":"","site-post-title":"disabled","ast-breadcrumbs-content":"","ast-featured-img":"disabled","footer-sml-layout":"","ast-disable-related-posts":"","theme-transparent-header-meta":"","adv-header-id-meta":"","stick-header-meta":"","header-above-stick-meta":"","header-main-stick-meta":"","header-below-stick-meta":"","astra-migrate-meta-layouts":"set","ast-page-background-enabled":"default","ast-page-background-meta":{"desktop":{"background-color":"","background-image":"","background-repeat":"repeat","background-position":"center center","background-size":"auto","background-attachment":"scroll","background-type":"","background-media":"","overlay-type":"","overlay-color":"","overlay-opacity":"","overlay-gradient":""},"tablet":{"background-color":"","background-image":"","background-repeat":"repeat","background-position":"center center","background-size":"auto","background-attachment":"scroll","background-type":"","background-media":"","overlay-type":"","overlay-color":"","overlay-opacity":"","overlay-gradient":""},"mobile":{"background-color":"","background-image":"","background-repeat":"repeat","background-position":"center center","background-size":"auto","background-attachment":"scroll","background-type":"","background-media":"","overlay-type":"","overlay-color":"","overlay-opacity":"","overlay-gradient":""}},"ast-content-background-meta":{"desktop":{"background-color":"var(--ast-global-color-5)","background-image":"","background-repeat":"repeat","background-position":"center center","background-size":"auto","background-attachment":"scroll","background-type":"","background-media":"","overlay-type":"","overlay-color":"","overlay-opacity":"","overlay-gradient":""},"tablet":{"background-color":"var(--ast-global-color-5)","background-image":"","background-repeat":"repeat","background-position":"center center","background-size":"auto","background-attachment":"scroll","background-type":"","background-media":"","overlay-type":"","overlay-color":"","overlay-opacity":"","overlay-gradient":""},"mobile":{"background-color":"var(--ast-global-color-5)","background-image":"","background-repeat":"repeat","background-position":"center center","background-size":"auto","background-attachment":"scroll","background-type":"","background-media":"","overlay-type":"","overlay-color":"","overlay-opacity":"","overlay-gradient":""}},"slim_seo":{"facebook_image":"https:\/\/pachakamani.com\/atravesdelaventana\/wp-content\/uploads\/sites\/6\/2023\/03\/11-medios.png","twitter_image":"https:\/\/pachakamani.com\/atravesdelaventana\/wp-content\/uploads\/sites\/6\/2023\/03\/11-medios.png","title":"La violencia en los medios - A trav\u00e9s de la Ventana","description":"los medios a menudo presentan a las v\u00edctimas de violencia de manera estereotipada, responsabiliz\u00e1ndolas de lo que les ha sucedido, minimizando la gravedad de la"}},"categories":[21],"tags":[16,34,10],"class_list":["post-607","articulo","type-articulo","status-publish","has-post-thumbnail","hentry","category-articulo","tag-feminicidio","tag-medios-de-comunicacion","tag-violencia-con-la-mujer"],"uagb_featured_image_src":{"full":["https:\/\/pachakamani.com\/atravesdelaventana\/wp-content\/uploads\/sites\/6\/2023\/04\/11-medios.png",500,500,false],"thumbnail":["https:\/\/pachakamani.com\/atravesdelaventana\/wp-content\/uploads\/sites\/6\/2023\/04\/11-medios-150x150.png",150,150,true],"medium":["https:\/\/pachakamani.com\/atravesdelaventana\/wp-content\/uploads\/sites\/6\/2023\/04\/11-medios-300x300.png",300,300,true],"medium_large":["https:\/\/pachakamani.com\/atravesdelaventana\/wp-content\/uploads\/sites\/6\/2023\/04\/11-medios.png",500,500,false],"large":["https:\/\/pachakamani.com\/atravesdelaventana\/wp-content\/uploads\/sites\/6\/2023\/04\/11-medios.png",500,500,false],"1536x1536":["https:\/\/pachakamani.com\/atravesdelaventana\/wp-content\/uploads\/sites\/6\/2023\/04\/11-medios.png",500,500,false],"2048x2048":["https:\/\/pachakamani.com\/atravesdelaventana\/wp-content\/uploads\/sites\/6\/2023\/04\/11-medios.png",500,500,false]},"uagb_author_info":{"display_name":"Gloria Villarroel","author_link":"https:\/\/pachakamani.com\/atravesdelaventana\/author\/gloria\/"},"uagb_comment_info":1,"uagb_excerpt":"los medios a menudo presentan a las v\u00edctimas de violencia de manera estereotipada, responsabiliz\u00e1ndolas de lo que les ha sucedido, minimizando la gravedad de la violencia y presentando a los perpetradores de manera humanizada y con cierta compasi\u00f3n","_links":{"self":[{"href":"https:\/\/pachakamani.com\/atravesdelaventana\/wp-json\/wp\/v2\/articulo\/607","targetHints":{"allow":["GET"]}}],"collection":[{"href":"https:\/\/pachakamani.com\/atravesdelaventana\/wp-json\/wp\/v2\/articulo"}],"about":[{"href":"https:\/\/pachakamani.com\/atravesdelaventana\/wp-json\/wp\/v2\/types\/articulo"}],"author":[{"embeddable":true,"href":"https:\/\/pachakamani.com\/atravesdelaventana\/wp-json\/wp\/v2\/users\/6"}],"replies":[{"embeddable":true,"href":"https:\/\/pachakamani.com\/atravesdelaventana\/wp-json\/wp\/v2\/comments?post=607"}],"wp:featuredmedia":[{"embeddable":true,"href":"https:\/\/pachakamani.com\/atravesdelaventana\/wp-json\/wp\/v2\/media\/407"}],"wp:attachment":[{"href":"https:\/\/pachakamani.com\/atravesdelaventana\/wp-json\/wp\/v2\/media?parent=607"}],"wp:term":[{"taxonomy":"category","embeddable":true,"href":"https:\/\/pachakamani.com\/atravesdelaventana\/wp-json\/wp\/v2\/categories?post=607"},{"taxonomy":"post_tag","embeddable":true,"href":"https:\/\/pachakamani.com\/atravesdelaventana\/wp-json\/wp\/v2\/tags?post=607"}],"curies":[{"name":"wp","href":"https:\/\/api.w.org\/{rel}","templated":true}]}}