{"id":601,"date":"2023-12-03T06:55:00","date_gmt":"2023-12-03T10:55:00","guid":{"rendered":"https:\/\/pachakamani.com\/atravesdelaventana\/?p=601"},"modified":"2026-01-26T02:27:55","modified_gmt":"2026-01-26T06:27:55","slug":"feminicidio-por-celos-9","status":"publish","type":"articulo","link":"https:\/\/pachakamani.com\/atravesdelaventana\/articulo\/feminicidio-por-celos-9\/","title":{"rendered":"Feminicidio\u00a0por Celos"},"content":{"rendered":"\n<p class=\"has-text-align-right\">M. Sc. Gloria Villarroel Salgueiro<\/p>\n\n\n\n<blockquote class=\"wp-block-quote is-layout-flow wp-block-quote-is-layout-flow\">\n<p><em><strong>El celoso no lo es por un motivo: lo es porque lo es. Son los celos un monstruo engendrado y nacido de s\u00ed mismo<\/strong>.<\/em>\u00a0(Obra Literaria Otelo)<\/p>\n<\/blockquote>\n\n\n\n<p>El Observatorio \u00abManuela\u00bb del CIDEM ha informado que varios casos de feminicidio por celos son procesados \u200b\u200bjudicialmente como homicidios por emoci\u00f3n violenta, seg\u00fan el art\u00edculo 254 del C\u00f3digo Penal.<\/p>\n\n\n\n<p>Este tipo de asesinato por celos es similar al episodio que se narra en la obra literaria Otelo, en la que el personaje principal mata a su esposa por desconfiar de ella a ra\u00edz de la intriga de su amigo. El argumento de esta obra gira en torno a una pareja cuya uni\u00f3n es rechazada por la familia de Desd\u00e9mona, por motivos raciales. Otelo, el esposo, inseguro de su posici\u00f3n social, comienza a desconfiar de su esposa luego de recibir consejos de un amigo que argumentaba que Desd\u00e9mona lo estaba traicionando. Otelo despu\u00e9s de varios sucesos, cegado por los celos, mata a su esposa, cuando se da cuenta de su error y de la mentira, se quita la vida.<\/p>\n\n\n\n<p>En nuestra realidad, durante muchos a\u00f1os en Latinoam\u00e9rica, la agresi\u00f3n f\u00edsica y el asesinato por celos se castigaban levemente, argumentando que el agresor estaba en un estado emocional incontrolable causado por los celos. Incapacitaba al sujeto para discernir entre lo correcto o no de sus actos.<\/p>\n\n\n\n<h3 class=\"wp-block-heading\">Los celos: celopat\u00eda o celotipia en la psicolog\u00eda<\/h3>\n\n\n\n<p>Sin embargo, algunos psic\u00f3logos han denominado a los celos como una enfermedad, conocida como celopat\u00eda o celotipia, que se manifiesta como un delirio de infidelidad de la pareja, y que suelen afectar principalmente a hombres con conductas irritables y depresivas.<\/p>\n\n\n\n<p>En un estudio siqui\u00e1trico de la Revista Norte de Salud Mental de Espa\u00f1a de 2020, la celotipia es el delirio de infidelidad de la pareja, con frecuencia los m\u00e1s afectados son los hombres. Este cuadro de enfermedad no es un rasgo independiente, no se presenta solo, viene de la mano de caracter\u00edsticas de conductas irritables, tensas, personas deprimidas que se sienten inferiores en relaci\u00f3n a su pareja, en ese texto se lee:<\/p>\n\n\n\n<blockquote class=\"wp-block-quote is-layout-flow wp-block-quote-is-layout-flow\">\n<p>\u201cAl estar centrado en el delirio, irritable, tenso y deprimido el paciente suele ser incapaz de llevar a cabo actividades rutinarias como su trabajo. La vida se convierte en un aut\u00e9ntico infierno tanto para \u00e9l como para su familia. Los deseos, sentimientos y conductas se sit\u00faan bajo el control de sus delirios de infidelidad. Es frecuente que existan diferencias intelectuales, educacionales o sociales del nivel del paciente y su pareja, el paciente incapaz de ubicarse en su vida, se siente gris e inferior\u201d. (Herrera. 2020. p\u00e1g. 74)<\/p>\n<\/blockquote>\n\n\n\n<p>Por otro lado, se menciona un estudio realizado en Colombia sobre los discursos jur\u00eddicos en casos de agresiones por celos. Una abogada explica que la defensa basada en la inimputabilidad por celos no suele prosperar, ya que se puede demostrar que el agresor act\u00faa con voluntad y es capaz de discernir entre la paz y la violencia. Se sostiene que los intentos de defensa se basan en la humillaci\u00f3n que el agresor sufre a manos de su pareja son inadecuados, ya que la humillaci\u00f3n es a menudo provocada por el propio agresor, con el objetivo de justificar sus actos violentos.<\/p>\n\n\n\n<p>Se afirma que la conducta de celotipia, considerada como una enfermedad, puede llevar a la agresi\u00f3n f\u00edsica y, en casos extremos, a la muerte de la pareja. Aunque se argumenta que estas personas deben recibir tratamiento psicol\u00f3gico y evitar el abuso de alcohol, se destaca que en muchos casos la conducta de celotipia reaparece con una nueva pareja, incluso despu\u00e9s del tratamiento.<\/p>\n\n\n\n<h3 class=\"wp-block-heading\">La defensa basada en la emoci\u00f3n violenta\u2026 celos<\/h3>\n\n\n\n<p>Se sostiene que los intentos de defensa se basan en la humillaci\u00f3n que el agresor sufre a manos de su pareja son inadecuados, ya que la humillaci\u00f3n es a menudo provocada por el propio agresor, con el objetivo de justificar sus actos violentos.<\/p>\n\n\n\n<p>Las expresiones como: Te voy a dejar, me llevare a los hijos\u2026 que la mujer le dice son frecuentemente provocados tras la discusi\u00f3n o actos que el agresor provoca.<\/p>\n\n\n\n<blockquote class=\"wp-block-quote is-layout-flow wp-block-quote-is-layout-flow\">\n<p>\u201cYo le dije [a ella] que trat\u00e1ramos de organizar nuestra familia, porque ella pensaba irse con el ni\u00f1o y yo quer\u00eda convencerla de que arreglaramos, entonces ella me dijo que no, que era demasiado tarde, que se iba antes de terminar mayo. Yo le dije que con ella el ni\u00f1o no iba a estar bien, entonces ella me dijo que\u2026 c\u00f3mo me atrev\u00eda decir eso\u2026 eso me lo dijo en el carro, yo ten\u00eda un cuchillo en el bolsillo del saco y la mat\u00e9, a cuchilladas\u2026\u201d (<a rel=\"noreferrer noopener\" href=\"https:\/\/edictos.organojudicial.gob.bo\/Home\/Detalle\/94334\" target=\"_blank\">https:\/\/edictos.organojudicial.gob.bo\/Home\/Detalle\/94334<\/a>)<\/p>\n<\/blockquote>\n\n\n\n<p>Para presentar los celos como motivo de la agresi\u00f3n, la defensa debe demostrar que \u00e9ste tiene responsabilidad y es capaz de discernir entre lo correcto e incorrecto de sus actos, ya que estos actos est\u00e1n influenciados por aspectos culturales y, por lo tanto, son una elecci\u00f3n.<\/p>\n\n\n\n<p>Los celos, como emociones, est\u00e1n estructurados por sistemas culturales y sociales que construyen la forma en que se perciben a mujeres y hombres. Estas percepciones suelen estar basadas en estereotipos machistas o patriarcales, donde los celos son compatibles con tratar a las mujeres como propiedad del hombre y otorgar al marido el derecho a controlar la vida de las mujeres, incluso llegando al extremo de matarlas.<\/p>\n\n\n\n<p>En el C\u00f3digo Penal boliviano y en la Ley 348 existe el homicidio por emoci\u00f3n violenta, dice: \u201c\u2026el que matare a otro en estado de emoci\u00f3n violenta excusable o impulsado por m\u00f3viles honorables, ser\u00e1 sancionado con reclusi\u00f3n de uno a ocho a\u00f1os\u201d. En la Ley 348 no se acepta en caso de feminicidio, en tal caso la sanci\u00f3n es de 30 a\u00f1os.<\/p>\n\n\n\n<p>El castigo por lesiones se encuentra en el&nbsp;<strong>art\u00edculo<\/strong>&nbsp;<strong>271. \u201c(LESIONES GRAVES Y LEVES).<\/strong>&nbsp;Se sancionar\u00e1 con privaci\u00f3n de libertad de tres (3) a seis (6) a\u00f1os, del cual derive incapacidad para el trabajo de quince (15) hasta noventa (90) d\u00edas. Si la incapacidad fuere hasta de catorce (14) d\u00edas, se impondr\u00e1 al autor sanci\u00f3n de trabajos comunitarios de uno (1) a tres (3) a\u00f1os\u201d.<\/p>\n\n\n\n<p><strong>Art\u00edculo 270. \u201c(LESIONES GRAV\u00cdSIMAS<\/strong>). Se sancionar\u00e1 con privaci\u00f3n<br>de libertad de cinco (5) a doce (12) a\u00f1os con incapacidad permanente para el trabajo o que sobrepase de noventa d\u00edas.<\/p>\n\n\n\n<p>Son lesiones graves:<\/p>\n\n\n\n<ol class=\"wp-block-list\">\n<li>Enfermedad o discapacidad ps\u00edquica, intelectual, f\u00edsica, sensorial o m\u00faltiple y permanente.<\/li>\n\n\n\n<li>Debilitaci\u00f3n permanente de la salud, p\u00e9rdida total o parcial de un sentido, de un miembro, de un \u00f3rgano.<\/li>\n\n\n\n<li>Marca indeleble o deformaci\u00f3n permanente en cualquier parte del cuerpo.<\/li>\n\n\n\n<li>Peligro inminente de perder la vida.<\/li>\n<\/ol>\n\n\n\n<p>Este tipo de lesiones se tipifican como violencia<sup><a href=\"\/\/obsidian.md\/index.html#fn-1-227e315d4f4429f2\" target=\"_blank\" rel=\"noreferrer noopener\">[1]<\/a><\/sup>&nbsp;dom\u00e9stica, tiene privaci\u00f3n de libertad de hasta 4 a\u00f1os. Esta sanci\u00f3n incrementa los a\u00f1os de reclusi\u00f3n por violencia.<\/p>\n\n\n\n<p>Detallo estas formas de violencia porque aun as\u00ed existen abogados que hacen uso de homicidio por emoci\u00f3n violenta para esquivar las sanciones reales y es necesario conocer.<\/p>\n\n\n\n<p>La coordinadora de proyectos del Cidem, Patricia Bra\u00f1ez relata en una entrevista:<\/p>\n\n\n\n<blockquote class=\"wp-block-quote is-layout-flow wp-block-quote-is-layout-flow\">\n<p>\u201c\u2026los casos de feminicidio por celos de los varones amparados como homicidio por emoci\u00f3n violenta logran reclusi\u00f3n de uno a cinco a\u00f1os; pero una vez sancionado el agresor, acogi\u00e9ndose al perd\u00f3n judicial, incluso sale libre, en tanto que la v\u00edctima queda con secuelas f\u00edsicas y psicol\u00f3gicas\u201d.<\/p>\n\n\n\n<p>(<a href=\"https:\/\/www.opinion.com.bo\/articulo\/policial\/celos-violaciones-causan-mas-muertes-mujeres-bolivia\/20110309141700391782.html\" target=\"_blank\" rel=\"noreferrer noopener\">https:\/\/www.opinion.com.bo\/articulo\/policial\/celos-violaciones-causan-mas-muertes-mujeres-bolivia\/20110309141700391782.html<\/a>)<\/p>\n<\/blockquote>\n\n\n\n<h3 class=\"wp-block-heading\">Datos para tomar en cuenta<\/h3>\n\n\n\n<p>En Bolivia los delitos de Tentativa de Feminicidio, al 31 de marzo de 2021 se registran 35 casos denunciados, al 31 de marzo de 2022 se ten\u00eda 50 casos.<\/p>\n\n\n\n<p>Durante el a\u00f1o 2022, la Fuerza Especial de Lucha Contra la Violencia (FELCV) registra en Bolivia un total de 94 feminicidios, dej\u00f3 a 130 ni\u00f1os y ni\u00f1as en situaci\u00f3n de orfandad.<\/p>\n\n\n\n<p>Actualmente, Bolivia ocupa el cuarto lugar en Latinoam\u00e9rica en cuanto a muertes por feminicidio, y es el primer pa\u00eds en Sudam\u00e9rica en \u00edndices de violencia contra las mujeres<\/p>\n\n\n\n<p>&#8230;<\/p>\n\n\n\n<p>Visita la p\u00e1gina web del proyecto en&nbsp;<a rel=\"noreferrer noopener\" href=\"https:\/\/pachakamani.com\/atravesdelaventana\/\" target=\"_blank\">pachakamani.com\/a trav\u00e9s de la ventana<\/a>, para recibir novedades mensuales,&nbsp;<a rel=\"noreferrer noopener\" href=\"https:\/\/www.youtube.com\/@PachaKamani\" target=\"_blank\">suscr\u00edbete a nuestro canal en youtube<\/a>, a la p\u00e1gina en&nbsp;<a rel=\"noreferrer noopener\" href=\"https:\/\/www.facebook.com\/atravesdelaventanabo\/\" target=\"_blank\">facebook<\/a>&nbsp;y s\u00famate al&nbsp;<a rel=\"noreferrer noopener\" href=\"https:\/\/pachakamani.com\/correo\/\" target=\"_blank\">Bolet\u00edn PachaKamani<\/a>&nbsp;y comparte esta informaci\u00f3n a quien los necesite.<\/p>\n\n\n\n<h3 class=\"wp-block-heading\"><strong>Referencias<\/strong>:<\/h3>\n\n\n\n<p>Observatorio \u201cManuela\u201d CIDEM.<br><a rel=\"noreferrer noopener\" href=\"https:\/\/www.opinion.com.bo\/articulo\/policial\/celos-violaciones-causan-mas-muertes-mujeres-bolivia\/20110309141700391782.html\" target=\"_blank\">https:\/\/www.opinion.com.bo\/articulo\/policial\/celos-violaciones-causan-mas-muertes-mujeres-bolivia\/20110309141700391782.html<\/a><\/p>\n\n\n\n<p>Mar\u00eda Herrera Gim\u00e9nez; Carmen Llor Moreno Revista Norte de Salud Mental. Celopatia o sindrome de Otelo: a prop\u00f3sito de un caso. vol. XVI, N\u00ba 62: 72-76. Espa\u00f1a. 2020<\/p>\n\n\n\n<p>Esquivia, Anibal Alberto Caballero; G\u00f3mez, Laura Fernanda Sandoval. La celotipia como causal de inimputabilidad en el Derecho Penal. Derectum. Volumen 4 No.1: 35 -52. Universidad Libre Seccional Barranquilla. 2019<\/p>\n\n\n\n<p>Observatorio de justicia y g\u00e9nero.<br><a rel=\"noreferrer noopener\" href=\"https:\/\/obs.organojudicial.gob.bo\/index.php\/indicador\/detalle\/cod_indicador\/6\" target=\"_blank\">https:\/\/obs.organojudicial.gob.bo\/index.php\/indicador\/detalle\/cod_indicador\/6<\/a><\/p>\n\n\n\n<p>C\u00f3digo Penal boliviano.<br><a rel=\"noreferrer noopener\" href=\"https:\/\/edictos.organojudicial.gob.bo\/Home\/Detalle\/94334\" target=\"_blank\">https:\/\/edictos.organojudicial.gob.bo\/Home\/Detalle\/94334<\/a><\/p>\n\n\n\n<hr class=\"wp-block-separator has-alpha-channel-opacity\"\/>\n\n\n\n<ol class=\"wp-block-list\">\n<li>Escucha los episodios\u00a0<a href=\"https:\/\/pachakamani.com\/atravesdelaventana\/podcast\/denuncia-de-violencia-y-rol-de-la-policia-7\/\" target=\"_blank\" rel=\"noreferrer noopener\">7<\/a>\u00a0y\u00a0<a href=\"https:\/\/pachakamani.com\/atravesdelaventana\/podcast\/obligaciones-de-la-fiscalia-008\/\" target=\"_blank\" rel=\"noreferrer noopener\">8<\/a>.<a href=\"\/\/obsidian.md\/index.html#fnref-1-227e315d4f4429f2\" target=\"_blank\" rel=\"noreferrer noopener\">\u21a9\ufe0e<\/a><\/li>\n<\/ol>\n","protected":false},"excerpt":{"rendered":"<p>El celoso no lo es por un motivo: lo es porque lo es. Son los celos un monstruo engendrado y nacido de s\u00ed mismo.\u00a0(Obra Literaria Otelo)<\/p>\n","protected":false},"author":6,"featured_media":372,"comment_status":"open","ping_status":"open","template":"","meta":{"_uag_custom_page_level_css":"","site-sidebar-layout":"default","site-content-layout":"","ast-site-content-layout":"default","site-content-style":"default","site-sidebar-style":"default","ast-global-header-display":"","ast-banner-title-visibility":"","ast-main-header-display":"","ast-hfb-above-header-display":"","ast-hfb-below-header-display":"","ast-hfb-mobile-header-display":"","site-post-title":"","ast-breadcrumbs-content":"","ast-featured-img":"","footer-sml-layout":"","ast-disable-related-posts":"","theme-transparent-header-meta":"","adv-header-id-meta":"","stick-header-meta":"","header-above-stick-meta":"","header-main-stick-meta":"","header-below-stick-meta":"","astra-migrate-meta-layouts":"set","ast-page-background-enabled":"default","ast-page-background-meta":{"desktop":{"background-color":"","background-image":"","background-repeat":"repeat","background-position":"center center","background-size":"auto","background-attachment":"scroll","background-type":"","background-media":"","overlay-type":"","overlay-color":"","overlay-opacity":"","overlay-gradient":""},"tablet":{"background-color":"","background-image":"","background-repeat":"repeat","background-position":"center center","background-size":"auto","background-attachment":"scroll","background-type":"","background-media":"","overlay-type":"","overlay-color":"","overlay-opacity":"","overlay-gradient":""},"mobile":{"background-color":"","background-image":"","background-repeat":"repeat","background-position":"center center","background-size":"auto","background-attachment":"scroll","background-type":"","background-media":"","overlay-type":"","overlay-color":"","overlay-opacity":"","overlay-gradient":""}},"ast-content-background-meta":{"desktop":{"background-color":"var(--ast-global-color-5)","background-image":"","background-repeat":"repeat","background-position":"center center","background-size":"auto","background-attachment":"scroll","background-type":"","background-media":"","overlay-type":"","overlay-color":"","overlay-opacity":"","overlay-gradient":""},"tablet":{"background-color":"var(--ast-global-color-5)","background-image":"","background-repeat":"repeat","background-position":"center center","background-size":"auto","background-attachment":"scroll","background-type":"","background-media":"","overlay-type":"","overlay-color":"","overlay-opacity":"","overlay-gradient":""},"mobile":{"background-color":"var(--ast-global-color-5)","background-image":"","background-repeat":"repeat","background-position":"center center","background-size":"auto","background-attachment":"scroll","background-type":"","background-media":"","overlay-type":"","overlay-color":"","overlay-opacity":"","overlay-gradient":""}},"slim_seo":{"facebook_image":"https:\/\/pachakamani.com\/atravesdelaventana\/wp-content\/uploads\/sites\/6\/2023\/04\/09-celos.png","twitter_image":"https:\/\/pachakamani.com\/atravesdelaventana\/wp-content\/uploads\/sites\/6\/2023\/04\/09-celos.png","title":"Feminicidio\u00a0por Celos - A trav\u00e9s de la Ventana","description":"El celoso no lo es por un motivo: lo es porque lo es. Son los celos un monstruo engendrado y nacido de s\u00ed mismo.\u00a0(Obra Literaria Otelo)"}},"categories":[21],"tags":[16,7],"class_list":["post-601","articulo","type-articulo","status-publish","has-post-thumbnail","hentry","category-articulo","tag-feminicidio","tag-violencia"],"uagb_featured_image_src":{"full":["https:\/\/pachakamani.com\/atravesdelaventana\/wp-content\/uploads\/sites\/6\/2023\/03\/09-celos.png",500,500,false],"thumbnail":["https:\/\/pachakamani.com\/atravesdelaventana\/wp-content\/uploads\/sites\/6\/2023\/03\/09-celos-150x150.png",150,150,true],"medium":["https:\/\/pachakamani.com\/atravesdelaventana\/wp-content\/uploads\/sites\/6\/2023\/03\/09-celos-300x300.png",300,300,true],"medium_large":["https:\/\/pachakamani.com\/atravesdelaventana\/wp-content\/uploads\/sites\/6\/2023\/03\/09-celos.png",500,500,false],"large":["https:\/\/pachakamani.com\/atravesdelaventana\/wp-content\/uploads\/sites\/6\/2023\/03\/09-celos.png",500,500,false],"1536x1536":["https:\/\/pachakamani.com\/atravesdelaventana\/wp-content\/uploads\/sites\/6\/2023\/03\/09-celos.png",500,500,false],"2048x2048":["https:\/\/pachakamani.com\/atravesdelaventana\/wp-content\/uploads\/sites\/6\/2023\/03\/09-celos.png",500,500,false]},"uagb_author_info":{"display_name":"Gloria Villarroel","author_link":"https:\/\/pachakamani.com\/atravesdelaventana\/author\/gloria\/"},"uagb_comment_info":0,"uagb_excerpt":"El celoso no lo es por un motivo: lo es porque lo es. Son los celos un monstruo engendrado y nacido de s\u00ed mismo.\u00a0(Obra Literaria Otelo)","_links":{"self":[{"href":"https:\/\/pachakamani.com\/atravesdelaventana\/wp-json\/wp\/v2\/articulo\/601","targetHints":{"allow":["GET"]}}],"collection":[{"href":"https:\/\/pachakamani.com\/atravesdelaventana\/wp-json\/wp\/v2\/articulo"}],"about":[{"href":"https:\/\/pachakamani.com\/atravesdelaventana\/wp-json\/wp\/v2\/types\/articulo"}],"author":[{"embeddable":true,"href":"https:\/\/pachakamani.com\/atravesdelaventana\/wp-json\/wp\/v2\/users\/6"}],"replies":[{"embeddable":true,"href":"https:\/\/pachakamani.com\/atravesdelaventana\/wp-json\/wp\/v2\/comments?post=601"}],"wp:featuredmedia":[{"embeddable":true,"href":"https:\/\/pachakamani.com\/atravesdelaventana\/wp-json\/wp\/v2\/media\/372"}],"wp:attachment":[{"href":"https:\/\/pachakamani.com\/atravesdelaventana\/wp-json\/wp\/v2\/media?parent=601"}],"wp:term":[{"taxonomy":"category","embeddable":true,"href":"https:\/\/pachakamani.com\/atravesdelaventana\/wp-json\/wp\/v2\/categories?post=601"},{"taxonomy":"post_tag","embeddable":true,"href":"https:\/\/pachakamani.com\/atravesdelaventana\/wp-json\/wp\/v2\/tags?post=601"}],"curies":[{"name":"wp","href":"https:\/\/api.w.org\/{rel}","templated":true}]}}