{"id":457,"date":"2023-12-06T22:38:03","date_gmt":"2023-12-06T22:38:03","guid":{"rendered":"https:\/\/pachakamani.com\/atravesdelaventana\/a-traves-de-la-ventana-podcast-para-escuchar\/"},"modified":"2026-01-26T02:28:06","modified_gmt":"2026-01-26T06:28:06","slug":"a-traves-de-la-ventana-podcast-para-escuchar","status":"publish","type":"articulo","link":"https:\/\/pachakamani.com\/atravesdelaventana\/articulo\/a-traves-de-la-ventana-podcast-para-escuchar\/","title":{"rendered":"A trav\u00e9s de la Ventana Podcast para escuchar"},"content":{"rendered":"\n<div class=\"wp-block-cover alignfull is-light has-parallax has-custom-content-position is-position-bottom-center\" style=\"min-height:706px;aspect-ratio:unset;\"><span aria-hidden=\"true\" class=\"wp-block-cover__background has-background-dim-10 has-background-dim\"><\/span><div role=\"img\" class=\"wp-block-cover__image-background wp-image-2673 has-parallax\" style=\"background-position:50% 50%;background-image:url(https:\/\/pachakamani.com\/atravesdelaventana\/wp-content\/uploads\/sites\/6\/2023\/12\/la-ventana-03.jpg)\"><\/div><div class=\"wp-block-cover__inner-container is-layout-constrained wp-block-cover-is-layout-constrained\">\n<p class=\"has-text-align-center has-large-font-size\"><\/p>\n<\/div><\/div>\n\n\n\n<h1 class=\"wp-block-heading\">La lucha contra la violencia a la mujer mediante el Podcast: Entrevista con \u00abA trav\u00e9s de la Ventana\u00bb<\/h1>\n\n\n\n<p>Rompamos el silencio. Hablemos de la Violencia contra la Mujer de la mano del Podcast A trav\u00e9s de la ventana.<\/p>\n\n\n\n<p><em>Queremos hablar del tema para educar a la sociedad sobre la violencia de g\u00e9nero, sus causas y consecuencias. La prevenci\u00f3n comienza con el conocimiento y entender las ra\u00edces de este problema, para ello invitamos a Gloria Villarroel productora del Podcast que es parte del Colectivo Pachakamani y de Kamani Audio.<\/em><\/p>\n\n\n\n<p><strong>A trav\u00e9s de la Ventana es un podcast independiente<\/strong> que busca difundir la compleja problem\u00e1tica social, de g\u00e9nero, administrativa, legislativa, pol\u00edtica y cultural sobre el tema de la violencia contra la mujer.<\/p>\n\n\n\n<p>Se introduce en los \u00e1mbitos legales analizando las leyes de protecci\u00f3n a la mujer. \u00bfCu\u00e1l es el alcance real de la protecci\u00f3n jur\u00eddica? Nos introduce en los procedimientos legales paso a paso, eval\u00faa su efectividad y cuestiona c\u00f3mo estas leyes impactan en la vida de las mujeres afectadas. A su vez, conocer \u00bfC\u00f3mo act\u00faan las fuerzas del orden? \u00bfCu\u00e1les son los resultados de estos procedimientos? Buscando entender la eficacia de los mecanismos existentes y se\u00f1alar \u00e1reas de mejora.<\/p>\n\n\n\n<p>Cada punto de vista se entrelaza con an\u00e1lisis reflexivos que buscan generar conciencia y cuestionar las normas sociales. Se propone soluciones y ofrece un enfoque propositivo, desafiando a la audiencia a ser parte del cambio.<\/p>\n\n\n\n<h3 class=\"wp-block-heading\">Detr\u00e1s de la producci\u00f3n del Podcast<\/h3>\n\n\n\n<p>Ha producido dos temporadas, son 11 cap\u00edtulos desde el a\u00f1o 2021. Estos fueron episodios de informaci\u00f3n sobre los procedimientos de denuncia, el rol de la polic\u00eda, los fiscales para saber cu\u00e1les son sus deberes en la protecci\u00f3n de las v\u00edctimas. Encuentras episodios informativos sobre el origen de del d\u00eda de la mujer, c\u00f3mo surge el feminismo, los s\u00edmbolos de protesta feminista. Hay episodios de denuncia sobre el abordaje de los casos de violencia por los medios de comunicaci\u00f3n, y la equivocada defensa de a los agresores bajo la figura legal por emoci\u00f3n violenta o por celos. Encuentras tambi\u00e9n un episodio muy emotivo, es la historia de Hanal\u00ed Huaycho y c\u00f3mo se convirti\u00f3 en el suceso que dio lugar a la promulgaci\u00f3n de la Ley 438.<\/p>\n\n\n\n<p>En esta entrevista haremos la presentaci\u00f3n de la tercera temporada, sobre el cual nos dar\u00e1 un anticipo de los contenidos que se publicar\u00e1n. Estamos ansiosos por conocerlos.<\/p>\n\n\n\n<p>La producci\u00f3n en manos de una sola persona merece una explicaci\u00f3n para sobre todo para inspirar a otros futuros podcaster; pero Gloria no est\u00e1 del todo sola, produce el podcast en colaboraci\u00f3n de Kamani Audio que es parte del Colectivo Pachakamani.<\/p>\n\n\n\n<p>A partir de la narrativa el podcast presenta en un lenguaje sencillo y claro, reflexivo y real. La amplitud del contenido busca ser cuestionador, desafiando a la audiencia a reflexionar sobre su papel en la lucha contra la violencia de g\u00e9nero.<\/p>\n\n\n\n<p>El podcast adopta un enfoque h\u00edbrido, combinando la narrativa con entrevistas. Este formato permite una inmersi\u00f3n profunda en la realidad de la violencia contra la mujer, ofreciendo una experiencia completa y reveladora para la audiencia.<\/p>\n\n\n\n<p>Para m\u00e1s informaci\u00f3n sobre <strong>A trav\u00e9s de la ventana<\/strong> pueden contactar al podcast por su correo electr\u00f3nico: <a href=\"mailto:gvillarroel.salgueiro@gmail.com\" target=\"_blank\" rel=\"noreferrer noopener\">gvillarroel.salgueiro@gmail.com<\/a>, y escuchar los episodios en todas las plataformas de podcast (Appe Podcast, CastBox, Google Podcast, Podcast Addict, Rss, Spotify e iVoox).<\/p>\n\n\n\n<h3 class=\"wp-block-heading\">Evento Especial: Directo v\u00eda YouTube desde PachaKamani<\/h3>\n\n\n\n<p>Para participar de esta presentaci\u00f3n organizaremos un evento en vivo v\u00eda YouTube el jueves 7 de diciembre de 2023, a las 20:00 (hora de Bolivia, GMT-04).<\/p>\n\n\n\n<figure class=\"wp-block-embed is-type-video is-provider-youtube wp-block-embed-youtube wp-embed-aspect-16-9 wp-has-aspect-ratio\"><div class=\"wp-block-embed__wrapper\">\n<iframe title=\"Entrevista con \u00abA trav\u00e9s de la Ventana\u00bb | Podcast para Escuchar #Bolivia\" width=\"500\" height=\"281\" src=\"https:\/\/www.youtube.com\/embed\/b1Z1I9BFzTw?feature=oembed\" frameborder=\"0\" allow=\"accelerometer; autoplay; clipboard-write; encrypted-media; gyroscope; picture-in-picture; web-share\" referrerpolicy=\"strict-origin-when-cross-origin\" allowfullscreen><\/iframe>\n<\/div><\/figure>\n\n\n\n<h2 class=\"wp-block-heading\">Datos del evento<\/h2>\n\n\n\n<div class=\"wp-block-columns is-layout-flex wp-container-core-columns-is-layout-28f84493 wp-block-columns-is-layout-flex\">\n<div class=\"wp-block-column has-ast-global-color-5-background-color has-text-color has-background has-link-color wp-elements-97b1f7933c8f71882a86ba7ded087451 is-layout-flow wp-block-column-is-layout-flow\" style=\"color:#000000;padding-top:2em;padding-right:2em;padding-bottom:2em;padding-left:2em\">\n<p><strong>Fecha<\/strong>: Jueves 07 de diciembre, 2023<br><strong>Hora<\/strong>: 20:00 Bo (GMT-04)<br>Transmisi\u00f3n en vivo v\u00eda:<\/p>\n\n\n\n<ul class=\"wp-block-list\">\n<li><a href=\"https:\/\/www.youtube.com\/c\/PachaKamaniTV\" target=\"_blank\" rel=\"noreferrer noopener\">YouTube @PachaKamani<\/a><\/li>\n\n\n\n<li><a href=\"https:\/\/www.facebook.com\/pachakamani\" target=\"_blank\" rel=\"noreferrer noopener\">Facebook @PachaKamani <\/a><\/li>\n<\/ul>\n\n\n\n<p><\/p>\n<\/div>\n\n\n\n<div class=\"wp-block-column has-ast-global-color-4-background-color has-text-color has-background has-link-color wp-elements-c455e39ed9f6bffaece0b995a1895d2b is-layout-flow wp-block-column-is-layout-flow\" style=\"color:#000000;padding-top:2em;padding-right:2em;padding-bottom:2em;padding-left:2em\">\n<p class=\"has-normal-font-size\" style=\"line-height:1.5\">Recibe el <strong>enlace de este evento<\/strong> gratuito directamente en tu <strong>correo electr\u00f3nico<\/strong>.<\/p>\n\n\n\n<p>Tambi\u00e9n te anunciaremos de pr\u00f3ximos eventos virtuales y recibir\u00e1s el Bolet\u00edn con informaci\u00f3n adicional.<\/p>\n\n\n\n<div class=\"wp-block-buttons alignfull is-horizontal is-content-justification-center is-layout-flex wp-container-core-buttons-is-layout-03627597 wp-block-buttons-is-layout-flex\">\n<div class=\"wp-block-button has-custom-width wp-block-button__width-100 is-style-fill\"><a class=\"wp-block-button__link has-white-color has-ast-global-color-0-background-color has-text-color has-background wp-element-button\" href=\"https:\/\/pachakamani.com\/correo\/\" target=\"_blank\" rel=\"noreferrer noopener\"><strong>Suscr\u00edbete<\/strong><\/a><\/div>\n<\/div>\n<\/div>\n<\/div>\n\n\n\n<h3 class=\"wp-block-heading\">Invitada<\/h3>\n\n\n\n<p><a href=\"https:\/\/www.linkedin.com\/in\/gloriavillarroel\/\" target=\"_blank\" rel=\"noreferrer noopener\">Gloria Villarroel<\/a> es licenciada en Antropolog\u00eda, Magister en Desarrollo Econ\u00f3mico. Especialista en patrimonio cultural, y recientemente ha trabajado en el registro de Patrimonio Inmaterial con el Plan Misiones en el departamento de Beni; tambi\u00e9n trabaj\u00f3 con CRESPIAL en el proyecto de Salvaguardia del patrimonio cultural inmaterial en el territorio del Gobierno de la Autonom\u00eda Ind\u00edgena Originario Campesino de Salinas. Es Responsable \u00c1rea Investigaci\u00f3n Textil Andino del Colectivo PachaKamani.<\/p>\n\n\n\n<p>Es productora del Podcast A TRAVES DE LA VENTANA y productora de documentales: Por Los Caminos del Qhapaq \u00d1an y Nuestro Pasado Ancestral, Arcilla, Historia de un arte que perdura y el documental Chullpapata Chinkana de la Asunta Comunidad de la Asunta.<\/p>\n\n\n\n<h3 class=\"wp-block-heading\">Anfitri\u00f3n<\/h3>\n\n\n\n<p>Esta entrevista est\u00e1 a cargo de <strong><a href=\"https:\/\/www.linkedin.com\/in\/richardmujica\/\" target=\"_blank\" rel=\"noreferrer noopener\">Richard M\u00fajica<\/a><\/strong>, antrop\u00f3logo, investigador y m\u00fasico integrante del <strong>Colectivo PachaKamani<\/strong>.<\/p>\n\n\n\n<figure class=\"wp-block-image size-large\"><img fetchpriority=\"high\" decoding=\"async\" width=\"1024\" height=\"576\" src=\"https:\/\/pachakamani.com\/atravesdelaventana\/wp-content\/uploads\/sites\/6\/2023\/12\/la-ventana-03-1024x576.jpg\" alt=\"Entrevista al podcast A trav\u00e9s de la Ventana\" class=\"wp-image-458\" srcset=\"https:\/\/pachakamani.com\/atravesdelaventana\/wp-content\/uploads\/sites\/6\/2023\/12\/la-ventana-03-1024x576.jpg 1024w, https:\/\/pachakamani.com\/atravesdelaventana\/wp-content\/uploads\/sites\/6\/2023\/12\/la-ventana-03-300x169.jpg 300w, https:\/\/pachakamani.com\/atravesdelaventana\/wp-content\/uploads\/sites\/6\/2023\/12\/la-ventana-03-768x432.jpg 768w, https:\/\/pachakamani.com\/atravesdelaventana\/wp-content\/uploads\/sites\/6\/2023\/12\/la-ventana-03.jpg 1280w\" sizes=\"(max-width: 1024px) 100vw, 1024px\" \/><\/figure>\n\n\n\n<h3 class=\"wp-block-heading\">Les esperamos!<\/h3>\n\n\n\n<p>A trav\u00e9s de la Ventana es un podcast del colectivo PachaKamani y coproducido mediante el proyecto Kamani Audio.<\/p>\n\n\n\n<p>\u00danete a nosotros el 7 de diciembre en nuestro evento en vivo. Al hablar abiertamente sobre la violencia contra la mujer, se fomenta una cultura de responsabilidad colectiva. Todos somos responsables de crear un entorno donde la violencia de g\u00e9nero no sea tolerada.<\/p>\n\n\n\n<p>\u00a1Esperamos contar con tu participaci\u00f3n en este evento especial y en futuros episodios de A trav\u00e9s de la Ventana!<\/p>\n","protected":false},"excerpt":{"rendered":"<p>Rompamos el silencio. Hablemos de la Violencia contra la Mujer de la mano del Podcast \u00abA trav\u00e9s de la Ventana\u00bb. Entrevista con su productora Gloria Villarroel.<\/p>\n","protected":false},"author":2,"featured_media":458,"comment_status":"open","ping_status":"open","template":"","meta":{"_uag_custom_page_level_css":"","site-sidebar-layout":"default","site-content-layout":"","ast-site-content-layout":"default","site-content-style":"default","site-sidebar-style":"default","ast-global-header-display":"","ast-banner-title-visibility":"","ast-main-header-display":"","ast-hfb-above-header-display":"","ast-hfb-below-header-display":"","ast-hfb-mobile-header-display":"","site-post-title":"disabled","ast-breadcrumbs-content":"","ast-featured-img":"disabled","footer-sml-layout":"","ast-disable-related-posts":"","theme-transparent-header-meta":"","adv-header-id-meta":"","stick-header-meta":"","header-above-stick-meta":"","header-main-stick-meta":"","header-below-stick-meta":"","astra-migrate-meta-layouts":"set","ast-page-background-enabled":"default","ast-page-background-meta":{"desktop":{"background-color":"","background-image":"","background-repeat":"repeat","background-position":"center center","background-size":"auto","background-attachment":"scroll","background-type":"","background-media":"","overlay-type":"","overlay-color":"","overlay-opacity":"","overlay-gradient":""},"tablet":{"background-color":"","background-image":"","background-repeat":"repeat","background-position":"center center","background-size":"auto","background-attachment":"scroll","background-type":"","background-media":"","overlay-type":"","overlay-color":"","overlay-opacity":"","overlay-gradient":""},"mobile":{"background-color":"","background-image":"","background-repeat":"repeat","background-position":"center center","background-size":"auto","background-attachment":"scroll","background-type":"","background-media":"","overlay-type":"","overlay-color":"","overlay-opacity":"","overlay-gradient":""}},"ast-content-background-meta":{"desktop":{"background-color":"var(--ast-global-color-5)","background-image":"","background-repeat":"repeat","background-position":"center center","background-size":"auto","background-attachment":"scroll","background-type":"","background-media":"","overlay-type":"","overlay-color":"","overlay-opacity":"","overlay-gradient":""},"tablet":{"background-color":"var(--ast-global-color-5)","background-image":"","background-repeat":"repeat","background-position":"center center","background-size":"auto","background-attachment":"scroll","background-type":"","background-media":"","overlay-type":"","overlay-color":"","overlay-opacity":"","overlay-gradient":""},"mobile":{"background-color":"var(--ast-global-color-5)","background-image":"","background-repeat":"repeat","background-position":"center center","background-size":"auto","background-attachment":"scroll","background-type":"","background-media":"","overlay-type":"","overlay-color":"","overlay-opacity":"","overlay-gradient":""}},"slim_seo":{"facebook_image":"https:\/\/pachakamani.com\/atravesdelaventana\/wp-content\/uploads\/sites\/6\/2023\/12\/la-ventana-03.jpg","twitter_image":"https:\/\/pachakamani.com\/atravesdelaventana\/wp-content\/uploads\/sites\/6\/2023\/12\/la-ventana-03.jpg","title":"A trav\u00e9s de la Ventana Podcast para escuchar - A trav\u00e9s de la Ventana","description":"Rompamos el silencio. Hablemos de la Violencia contra la Mujer de la mano del Podcast \"A trav\u00e9s de la Ventana\". Entrevista con su productora Gloria Villarroel."}},"categories":[41,42],"tags":[3,10],"class_list":["post-457","articulo","type-articulo","status-publish","has-post-thumbnail","hentry","category-podcast","category-webinar","tag-podcast","tag-violencia-con-la-mujer"],"uagb_featured_image_src":{"full":["https:\/\/pachakamani.com\/atravesdelaventana\/wp-content\/uploads\/sites\/6\/2023\/12\/la-ventana-03.jpg",1280,720,false],"thumbnail":["https:\/\/pachakamani.com\/atravesdelaventana\/wp-content\/uploads\/sites\/6\/2023\/12\/la-ventana-03-150x150.jpg",150,150,true],"medium":["https:\/\/pachakamani.com\/atravesdelaventana\/wp-content\/uploads\/sites\/6\/2023\/12\/la-ventana-03-300x169.jpg",300,169,true],"medium_large":["https:\/\/pachakamani.com\/atravesdelaventana\/wp-content\/uploads\/sites\/6\/2023\/12\/la-ventana-03-768x432.jpg",768,432,true],"large":["https:\/\/pachakamani.com\/atravesdelaventana\/wp-content\/uploads\/sites\/6\/2023\/12\/la-ventana-03-1024x576.jpg",1024,576,true],"1536x1536":["https:\/\/pachakamani.com\/atravesdelaventana\/wp-content\/uploads\/sites\/6\/2023\/12\/la-ventana-03.jpg",1280,720,false],"2048x2048":["https:\/\/pachakamani.com\/atravesdelaventana\/wp-content\/uploads\/sites\/6\/2023\/12\/la-ventana-03.jpg",1280,720,false]},"uagb_author_info":{"display_name":"Comunidad","author_link":"https:\/\/pachakamani.com\/atravesdelaventana\/author\/kamani\/"},"uagb_comment_info":0,"uagb_excerpt":"Rompamos el silencio. Hablemos de la Violencia contra la Mujer de la mano del Podcast \"A trav\u00e9s de la Ventana\". Entrevista con su productora Gloria Villarroel.","_links":{"self":[{"href":"https:\/\/pachakamani.com\/atravesdelaventana\/wp-json\/wp\/v2\/articulo\/457","targetHints":{"allow":["GET"]}}],"collection":[{"href":"https:\/\/pachakamani.com\/atravesdelaventana\/wp-json\/wp\/v2\/articulo"}],"about":[{"href":"https:\/\/pachakamani.com\/atravesdelaventana\/wp-json\/wp\/v2\/types\/articulo"}],"author":[{"embeddable":true,"href":"https:\/\/pachakamani.com\/atravesdelaventana\/wp-json\/wp\/v2\/users\/2"}],"replies":[{"embeddable":true,"href":"https:\/\/pachakamani.com\/atravesdelaventana\/wp-json\/wp\/v2\/comments?post=457"}],"wp:featuredmedia":[{"embeddable":true,"href":"https:\/\/pachakamani.com\/atravesdelaventana\/wp-json\/wp\/v2\/media\/458"}],"wp:attachment":[{"href":"https:\/\/pachakamani.com\/atravesdelaventana\/wp-json\/wp\/v2\/media?parent=457"}],"wp:term":[{"taxonomy":"category","embeddable":true,"href":"https:\/\/pachakamani.com\/atravesdelaventana\/wp-json\/wp\/v2\/categories?post=457"},{"taxonomy":"post_tag","embeddable":true,"href":"https:\/\/pachakamani.com\/atravesdelaventana\/wp-json\/wp\/v2\/tags?post=457"}],"curies":[{"name":"wp","href":"https:\/\/api.w.org\/{rel}","templated":true}]}}