{"id":448,"date":"2023-11-25T07:10:05","date_gmt":"2023-11-25T07:10:05","guid":{"rendered":"https:\/\/pachakamani.com\/atravesdelaventana\/?p=448"},"modified":"2026-01-26T02:27:44","modified_gmt":"2026-01-26T06:27:44","slug":"obligaciones-del-fiscal","status":"publish","type":"articulo","link":"https:\/\/pachakamani.com\/atravesdelaventana\/articulo\/obligaciones-del-fiscal\/","title":{"rendered":"Obligaciones del Fiscal"},"content":{"rendered":"\n<div class=\"wp-block-cover alignfull\" style=\"min-height:595px;aspect-ratio:unset;\"><span aria-hidden=\"true\" class=\"wp-block-cover__background has-background-dim-20 has-background-dim\"><\/span><img fetchpriority=\"high\" decoding=\"async\" width=\"1920\" height=\"1080\" class=\"wp-block-cover__image-background wp-image-451\" alt=\"08 Funciones Fiscal\" src=\"https:\/\/pachakamani.com\/atravesdelaventana\/wp-content\/uploads\/sites\/6\/2023\/11\/08-funciones-Fiscal.jpg\" data-object-fit=\"cover\" srcset=\"https:\/\/pachakamani.com\/atravesdelaventana\/wp-content\/uploads\/sites\/6\/2023\/11\/08-funciones-Fiscal.jpg 1920w, https:\/\/pachakamani.com\/atravesdelaventana\/wp-content\/uploads\/sites\/6\/2023\/11\/08-funciones-Fiscal-300x169.jpg 300w, https:\/\/pachakamani.com\/atravesdelaventana\/wp-content\/uploads\/sites\/6\/2023\/11\/08-funciones-Fiscal-1024x576.jpg 1024w, https:\/\/pachakamani.com\/atravesdelaventana\/wp-content\/uploads\/sites\/6\/2023\/11\/08-funciones-Fiscal-768x432.jpg 768w, https:\/\/pachakamani.com\/atravesdelaventana\/wp-content\/uploads\/sites\/6\/2023\/11\/08-funciones-Fiscal-1536x864.jpg 1536w, https:\/\/pachakamani.com\/atravesdelaventana\/wp-content\/uploads\/sites\/6\/2023\/11\/08-funciones-Fiscal-2048x1152.jpg 2048w\" sizes=\"(max-width: 1920px) 100vw, 1920px\" \/><div class=\"wp-block-cover__inner-container is-layout-constrained wp-block-cover-is-layout-constrained\">\n<p class=\"has-text-align-center has-large-font-size\"><\/p>\n<\/div><\/div>\n\n\n\n<h1 class=\"wp-block-heading\">Obligaciones del Fiscal<\/h1>\n\n\n\n<h2 class=\"wp-block-heading\">Acciones de la fiscal\u00eda en denuncias de violencia a la mujer<\/h2>\n\n\n\n<p>M. Sc. Gloria Villarroel Salgueiro<\/p>\n\n\n\n<blockquote class=\"wp-block-quote is-layout-flow wp-block-quote-is-layout-flow\">\n<p>Cada 25 de noviembre se conmemora el D\u00eda Internacional de la Eliminaci\u00f3n de la Violencia contra la Mujer, con la finalidad de visibilizar la violencia contra las mujeres y ni\u00f1as a nivel mundial, compartimos este art\u00edculo explicando las funciones y deberes de los fiscales.<\/p>\n<\/blockquote>\n\n\n\n<h3 class=\"wp-block-heading\">\u00bfQu\u00e9 hacen los fiscales ante una denuncia de violencia a la mujer?<\/h3>\n\n\n\n<p>El prop\u00f3sito de este bolet\u00edn es describir las funciones de los fiscales en casos de <a href=\"https:\/\/pachakamani.com\/atravesdelaventana\/violencia-contra-la-mujer\/\">violencia a la mujer<\/a>. Como pre\u00e1mbulo, primero necesitas conocer qu\u00e9 es el Ministerio P\u00fablico. El Ministerio P\u00fablico es la instituci\u00f3n encargada de defender los derechos de toda la poblaci\u00f3n, y est\u00e1 compuesto por las fiscal\u00edas departamentales, de materia, de distrito y penal. En las \u00e1reas urbanas, sus oficinas se encuentran en diferentes distritos y zonas, mientras que en las zonas rurales, los fiscales deben desplazarse de manera regular y permanente para atender casos, incluyendo aquellos de violencia contra la mujer.<\/p>\n\n\n\n<h3 class=\"wp-block-heading\">\u00bfHaces la denuncia, qu\u00e9 tienen que hacer los fiscales?<\/h3>\n\n\n\n<p>Cuando la polic\u00eda entrega el informe de un caso de violencia, el Ministerio P\u00fablico tiene toda la potestad y decisi\u00f3n para que el proceso siga el procedimiento y se logre sentencias a los agresores y feminicidas.&nbsp; Esto est\u00e1 en manos del Ministerio P\u00fablico, y para ello, el fiscal debe realizar varias tareas, entre ellas:<\/p>\n\n\n\n<p>Instruir medidas de protecci\u00f3n a ti y tus hijas e hijos para\u00a0 interrumpir e impedir el hecho de violencia. Se trata de salvaguardar tu vida, tus derechos patrimoniales, econ\u00f3micos y laborales.\u00a0<\/p>\n\n\n\n<figure class=\"wp-block-embed is-type-video is-provider-youtube wp-block-embed-youtube wp-embed-aspect-16-9 wp-has-aspect-ratio\"><div class=\"wp-block-embed__wrapper\">\n<iframe title=\"Obligaciones del Fiscal. Acciones de la fiscal\u00eda en denuncias de violencia a la mujer | Ep 08\" width=\"500\" height=\"281\" src=\"https:\/\/www.youtube.com\/embed\/6U6N6Z4IWVU?feature=oembed\" frameborder=\"0\" allow=\"accelerometer; autoplay; clipboard-write; encrypted-media; gyroscope; picture-in-picture; web-share\" referrerpolicy=\"strict-origin-when-cross-origin\" allowfullscreen><\/iframe>\n<\/div><figcaption class=\"wp-element-caption\">Video podcast<\/figcaption><\/figure>\n\n\n\n<h3 class=\"wp-block-heading\">\u00bfQu\u00e9 son las medidas de protecci\u00f3n?<\/h3>\n\n\n\n<p>Las medidas de protecci\u00f3n ordenan la salida, desocupaci\u00f3n, restricci\u00f3n o prohibici\u00f3n&nbsp; al agresor de ingresar al domicilio donde habites. No importa que el domicilio sea o no de tu propiedad. As\u00ed mismo, ordena que el agresor se someta a una terapia psicol\u00f3gica en un servicio de rehabilitaci\u00f3n.<\/p>\n\n\n\n<p>Los fiscales instruyen prohibir al agresor enajenar, hipotecar, prendar, disponer o cambiar la titularidad del derecho propietario de bienes muebles o inmuebles comunes de propiedad. El fiscal ordena realizar un inventario y retener los documentos de propiedad.<\/p>\n\n\n\n<p>Para proteger a tus hijas, hijos y a todas las mujeres que son v\u00edctimas de violencia dom\u00e9stica, se han establecido otras medidas legales:<\/p>\n\n\n\n<p>El fiscal puede ordenar el congelamiento de las cuentas bancarias del agresor para garantizar la asistencia familiar. Adem\u00e1s, el agresor est\u00e1 prohibido de acercarse, asistir o ingresar al lugar de trabajo, estudio o cualquier otro espacio frecuentado por ti o tu familia. Si solicitas, tambi\u00e9n se puede restituir su derecho a volver a tu hogar con previas garant\u00edas para tu seguridad. Por \u00faltimo, proh\u00edbe al agresor comunicarse, intimidar o molestarte por cualquier medio a ti o cualquier miembro de tu familia.<\/p>\n\n\n\n<p>Se proh\u00edben acciones de intimidaci\u00f3n, amenazas o coacci\u00f3n hacia los testigos. Se suspende temporalmente al agresor del r\u00e9gimen de visitas y convivencia con tus hijos. Para levantar la suspensi\u00f3n se tomar\u00e1 en cuenta si la violencia contra ti ha cesado y si el agresor recibe terapia, bajo informe de la instituci\u00f3n a cargo.<\/p>\n\n\n\n<h3 class=\"wp-block-heading\">\u00bfQu\u00e9 pasa con tus documentos y tu bienestar laboral?<\/h3>\n\n\n\n<p>Se dispondr\u00e1 la entrega inmediata de objetos y documentos personales tuyos y de tus hijos e hijas u otros dependientes, como tus padres o hermanos.&nbsp;<\/p>\n\n\n\n<p>El fiscal instruye la tolerancia o reducci\u00f3n del horario de tu trabajo sin afectar tus derechos laborales y salariales. Al mismo tiempo, se tomar\u00e1n medidas para evitar la discriminaci\u00f3n en la selecci\u00f3n, calificaci\u00f3n, permanencia y ascenso en tu fuente laboral.<\/p>\n\n\n\n<p>Si el agresor trabaja en el mismo sitio laboral, se dispondr\u00e1 la remoci\u00f3n o retiro del agresor del medio laboral sin afectar tus derechos laborales.<\/p>\n\n\n\n<p>Otras acciones son:<\/p>\n\n\n\n<p>El agresor ser\u00e1 responsable de cubrir los gastos del tratamiento m\u00e9dico y psicol\u00f3gico que necesites.&nbsp;<\/p>\n\n\n\n<p>En casos especiales, se deber\u00e1 proporcionar interpretaci\u00f3n o traducci\u00f3n cuando sea necesario y disponer de asistencia especializada en caso de que la v\u00edctima s\u00f3lo pueda hablar el idioma originario o tenga alguna situaci\u00f3n de discapacidad o mental. En caso necesario, ingresar a las v\u00edctimas en la Unidad de Atenci\u00f3n y Protecci\u00f3n a V\u00edctimas y Testigos de Delitos.<\/p>\n\n\n\n<h3 class=\"wp-block-heading\">Etapas del proceso penal<\/h3>\n\n\n\n<p>El proceso penal de los delitos contra la mujer tiene dos etapas para su procesamiento, la investigaci\u00f3n preliminar y la etapa preparatoria:<\/p>\n\n\n\n<p>La <em>investigaci\u00f3n preliminar<\/em> es la etapa para reunir las pruebas sobre los hechos de violencia. Inicia en el momento de la <a href=\"https:\/\/pachakamani.com\/atravesdelaventana\/procedimiento-denuncia-funciones-felcv\/\">denuncia<\/a> y tiene un plazo de ocho d\u00edas.<\/p>\n\n\n\n<p>Etapa preparatoria de responsabilidad del fiscal, tiene una duraci\u00f3n de hasta seis meses que puede ser ampliada a dieciocho meses. Sin embargo, la <a href=\"https:\/\/pachakamani.com\/atravesdelaventana\/ley-348-de-proteccion-a-las-mujeres-en-bolivia\/\">Ley 348<\/a> establece que se debe cortar los plazos. Las acciones de esta etapa son las siguientes:<\/p>\n\n\n\n<ul class=\"wp-block-list\">\n<li>Tomar declaraciones a la v\u00edctima y al denunciado.<\/li>\n\n\n\n<li>Solicitar la homologaci\u00f3n de los certificados m\u00e9dicos y la extensi\u00f3n del certificado forense. Si la v\u00edctima no cuenta con informes psicol\u00f3gicos y sociales, se los solicita a las instancias encargadas de la atenci\u00f3n a v\u00edctimas. El fiscal debe ordenar al Instituto de investigaciones forenses IDIF que emita informes claros y libres de prejuicios de manera expedita.<\/li>\n\n\n\n<li>Dar curso a la conciliaci\u00f3n en los casos permitidos por la Ley 348 y solicitar la homologaci\u00f3n del acuerdo de partes al juez o jueza de la etapa preparatoria. La conciliaci\u00f3n est\u00e1 prohibida si compromete la vida y en casos de Feminicidio, lesiones grav\u00edsimas, violaci\u00f3n y abuso sexual. Si la mujer tiene intenci\u00f3n de conciliar, debe recibir previamente terapia, contar con protecci\u00f3n para evitar nuevas agresiones, y haber cesado la violencia y cualquier amenaza a ella y sus hijos. No se puede aplicar m\u00e1s de una vez. La conciliaci\u00f3n incluye la indemnizaci\u00f3n por el da\u00f1o material e inmaterial especificando el monto acordado y el plazo para el cumplimiento. Incluye los acuerdos sobre tenencia y visita a hijos, situaci\u00f3n de bienes,&nbsp; separaci\u00f3n o divorcio.<\/li>\n\n\n\n<li>Todas las mujeres que denunciaron agresiones pueden solicitar copias simples o legalizadas de toda la investigaci\u00f3n. Estas deben ser otorgadas sin necesidad de notificaci\u00f3n previa y sin costo adicional al de las fotocopias.<\/li>\n<\/ul>\n\n\n\n<p>La asistencia especializada y la protecci\u00f3n a las v\u00edctimas son fundamentales para garantizar sus derechos y su seguridad. La Ley 348, en conjunto con el compromiso de la sociedad, es un paso importante en la lucha contra la violencia hacia la mujer.<\/p>\n\n\n\n<h3 class=\"wp-block-heading\">\u00bfQu\u00e9 deberes tienen los jueces?<\/h3>\n\n\n\n<p>A continuaci\u00f3n, las juezas y los jueces de instrucci\u00f3n contra la violencia hacia las mujeres tienen deberes muy espec\u00edficos m\u00e1s all\u00e1 de emitir sentencia en los casos de violencia. Ellos tienen la competencia de:<\/p>\n\n\n\n<ol class=\"wp-block-list\">\n<li>Emitir las resoluciones jurisdiccionales y de protecci\u00f3n.<\/li>\n\n\n\n<li>Resolver procesos por delitos flagrantes de manera inmediata. Flagrante quiere decir que se encontr\u00f3 al sujeto agrediendo a la v\u00edctima.&nbsp;<\/li>\n\n\n\n<li>Sancionar a los y las servidoras de apoyo judicial que incurran en maltrato o revictimizaci\u00f3n hacia mujeres en situaci\u00f3n de violencia. Tambi\u00e9n se podr\u00e1 solicitar la excusa del juez, vocal o magistrado que tenga antecedentes de violencia.<\/li>\n<\/ol>\n\n\n\n<h3 class=\"wp-block-heading\">\u00bfConoces que sanciones se dan a los agresores sin antecedentes?<\/h3>\n\n\n\n<p>Cuando el agresor no es reincidente tiene sanciones espec\u00edficas, tales como:<\/p>\n\n\n\n<ul class=\"wp-block-list\">\n<li>Reclusi\u00f3n no mayor a tres a\u00f1os.&nbsp;<\/li>\n\n\n\n<li>La imposici\u00f3n de una multa no m\u00e1s del cincuenta por ciento (50%) del salario y cuando el salario es indeterminado, se calcular\u00e1 sobre el cincuenta por ciento (50%) del salario m\u00ednimo nacional. Las multas ser\u00e1n destinadas a los Servicios de Atenci\u00f3n Integral, incluyendo las Casas de Acogida y Refugio Temporal y los costos por servicios de salud.&nbsp;<\/li>\n\n\n\n<li>Detenci\u00f3n de fin de semana (Art. 78) Es una limitaci\u00f3n de la libertad que se aplica desde el d\u00eda viernes a horas 19:00 hasta el d\u00eda lunes a horas 6:00 incluye d\u00edas feriados.<\/li>\n\n\n\n<li>Trabajos comunitarios en favor del Municipio, se realizan en fines de semana, feriados y los d\u00edas h\u00e1biles. Esta sanci\u00f3n se aplicar\u00e1 por un m\u00ednimo de un a\u00f1o que equivale al trabajo de cincuenta y dos semanas y un m\u00e1ximo de hasta ciento cuatro semanas.&nbsp;<\/li>\n<\/ul>\n\n\n\n<h3 class=\"wp-block-heading\">Existen otras sanciones:<\/h3>\n\n\n\n<h4 class=\"wp-block-heading\">La aplicaci\u00f3n inhabilitaci\u00f3n<\/h4>\n\n\n\n<p>Implica el retiro del agresor de la fuente laboral&nbsp; por espacio de 12 a\u00f1os. Las \u00e1reas laborales relacionadas son: la educaci\u00f3n, cuidado y atenci\u00f3n de personas, atenci\u00f3n m\u00e9dica, psicol\u00f3gica, consejer\u00eda o asesoramiento, cargo administrativo en universidades o unidades educativas, instituciones deportivas, militares, policiales. As\u00ed como la suspensi\u00f3n temporal de derecho paterno por el tiempo que dure la sanci\u00f3n. Si tiene un negocio, la clausura de locales y la p\u00e9rdida de licencias. Transcurrida la mitad del plazo impuesto, o un m\u00ednimo de cinco a\u00f1os, puede darse la rehabilitaci\u00f3n.<\/p>\n\n\n\t\t\t<style type=\"text\/css\"><\/style>\n\t\t\t<div id=\"pp-podcast-9403\" class=\"pp-podcast single-episode has-header header-hidden has-featured playerview media-audio hide-download\"  data-teaser=\"\" data-elength=\"18\" data-eunit=\"\" data-ppsdata=\"{&quot;ppe-9403-1&quot;:{&quot;title&quot;:&quot;Romper con la violencia. Ceprosi, otra forma de ser hombre | #018&quot;,&quot;description&quot;:&quot;&lt;p&gt;A trav\\u00e9s de la Ventana quiso conocer experiencias transformadoras del ser hombre, por ello mediante la entrevista a CEPROSI escucharemos acciones dirigidas a cambiar actitudes.&lt;\\\/p&gt;\\n&lt;p&gt;CEPROSI ha desarrollado un enfoque integral para enfrentar la violencia de g\\u00e9nero, abordando a los agresores. Dise\\u00f1\\u00f3 programas terap\\u00e9uticos dirigidos a hombres violentos, metodolog\\u00edas preventivas con ni\\u00f1os y adolescentes, as\\u00ed como iniciativas familiares y comunitarias. La experiencia ha demostrado que el trabajo interdisciplinario y la inclusi\\u00f3n de toda la familia son esenciales para lograr cambios duraderos.&lt;\\\/p&gt;\\n&lt;p&gt;Esta instituci\\u00f3n ha logrado alianzas significativas con empresas que han incorporado campa\\u00f1as innovadoras contra la violencia en el \\u00e1mbito laboral. El enfoque de CEPROSI parte de la premisa de que el cambio solo es posible si hombres y mujeres reflexionan y act\\u00faan de manera conjunta, desestructurando roles tradicionales, para romper con el ciclo de la violencia y construir relaciones m\\u00e1s respetuosas y equitativas.&lt;\\\/p&gt;\\n&lt;p&gt;\\ud83c\\udfa7 Elige tu &lt;strong&gt;&lt;a href=\\&quot;https:\\\/\\\/episodes.fm\\\/1557279045\\&quot; target=\\&quot;_blank\\&quot; rel=\\&quot;noopener nofollow\\&quot; title=\\&quot;App favorita\\&quot;&gt;App favorita&lt;\\\/a&gt;&lt;\\\/strong&gt; para escuchar este podcast \\u25b6\\ufe0f &lt;a href=\\&quot;https:\\\/\\\/pod.link\\\/1557279045\\&quot; target=\\&quot;_blank\\&quot; rel=\\&quot;noopener nofollow\\&quot; title=\\&quot;\\&quot;&gt;AQU\\u00cd&lt;\\\/a&gt;.&lt;\\\/p&gt;\\n&lt;h3 class=\\&quot;wp-block-heading\\&quot;&gt;Contenido&lt;\\\/h3&gt;\\n&lt;ul class=\\&quot;wp-block-list\\&quot;&gt;\\n&lt;li&gt;Un an\\u00e1lisis de la violencia y su enfoque en masculinidades&lt;\\\/li&gt;\\n&lt;li&gt;Max Paredes entre tradici\\u00f3n, comercio y desaf\\u00edos sociales&lt;\\\/li&gt;\\n&lt;li&gt;Enfrentando el machismo: el desaf\\u00edo de cambiar actitudes violentas en hombres&lt;\\\/li&gt;\\n&lt;li&gt;Los retos de trabajar con hombres violentos&lt;\\\/li&gt;\\n&lt;li&gt;Rompiendo esquemas de violencia&lt;\\\/li&gt;\\n&lt;li&gt;Ni\\u00f1os y adolescentes, logros y obst\\u00e1culos&lt;\\\/li&gt;\\n&lt;li&gt;Empresas comprometidas, INTI y la lucha contra el acoso laboral y sexual&lt;\\\/li&gt;\\n&lt;li&gt;Hombres y mujeres un enfoque conjunto&lt;\\\/li&gt;\\n&lt;li&gt;Un cambio real es posible&lt;\\\/li&gt;\\n&lt;li&gt;Conclusiones&lt;\\\/li&gt;\\n&lt;li&gt;Bibliograf\\u00eda&lt;\\\/li&gt;\\n&lt;\\\/ul&gt;\\n&lt;h2 class=\\&quot;wp-block-heading\\&quot;&gt;\\u00a1Gracias por escuchar!&lt;\\\/h2&gt;\\n&lt;ul class=\\&quot;wp-block-list\\&quot;&gt;\\n&lt;li&gt;Lista de &lt;a href=\\&quot;https:\\\/\\\/pachakamani.com\\\/atravesdelaventana\\\/instituciones-ayuda-mujer-bolivia\\\/\\&quot; target=\\&quot;_blank\\&quot; rel=\\&quot;noreferrer noopener\\&quot;&gt;Instituciones de ayuda a la mujer en Bolivia&lt;\\\/a&gt;&lt;\\\/li&gt;\\n&lt;li&gt;Danos tus comentarios, aportes o sugerencias al correo electr\\u00f3nico&#160;&lt;a href=\\&quot;mailto:laventana@pachakamani.com\\&quot;&gt;laventana@pachakamani.com&lt;\\\/a&gt;.&lt;\\\/li&gt;\\n&lt;li&gt;Visita nuestro sitio web en&#160;&lt;a rel=\\&quot;noreferrer noopener\\&quot; href=\\&quot;https:\\\/\\\/pachakamani.com\\\/atravesdelaventana\\\/\\&quot; target=\\&quot;_blank\\&quot;&gt;pachakamani.com\\\/atravesdelaventana&lt;\\\/a&gt;&lt;\\\/li&gt;\\n&lt;li&gt;Este podcast en&#160;&lt;a href=\\&quot;https:\\\/\\\/www.youtube.com\\\/playlist?list=PLT7bMmaWGwzdJhF1wlD7wTuN-rGGIx9sf\\&quot; target=\\&quot;_blank\\&quot; rel=\\&quot;noreferrer noopener\\&quot;&gt;Youtube&lt;\\\/a&gt;.&lt;\\\/li&gt;\\n&lt;li&gt;\\u00abA trav\\u00e9s de la Ventana\\u00bb es un podcast del colectivo&#160;&lt;a href=\\&quot;https:\\\/\\\/pachakamani.com\\\/\\&quot; target=\\&quot;_blank\\&quot; rel=\\&quot;noreferrer noopener\\&quot;&gt;PachaKamani&lt;\\\/a&gt;&#160;en coproducci\\u00f3n con&#160;&lt;a href=\\&quot;https:\\\/\\\/kamaniaudio.com\\\/\\&quot; target=\\&quot;_blank\\&quot; rel=\\&quot;noreferrer noopener\\&quot;&gt;Kamani Audio&lt;\\\/a&gt;.&lt;\\\/li&gt;\\n&lt;\\\/ul&gt;\\n&lt;p&gt;Ay\\u00fadanos compartiendo este podcast en tu red social preferida:&lt;\\\/p&gt;\\n&quot;,&quot;author&quot;:&quot;Gloria Villarroel | PachaKamani&quot;,&quot;date&quot;:&quot;10\\\/07\\\/2025&quot;,&quot;link&quot;:&quot;https:\\\/\\\/pachakamani.com\\\/atravesdelaventana\\\/romper-con-la-violencia-ceprosi-otra-forma-de-ser-hombre-018\\\/&quot;,&quot;src&quot;:&quot;https:\\\/\\\/op3.dev\\\/e\\\/archive.org\\\/download\\\/lv000\\\/ep-18-ceprosib.mp3&quot;,&quot;featured&quot;:&quot;https:\\\/\\\/pachakamani.com\\\/atravesdelaventana\\\/wp-content\\\/uploads\\\/sites\\\/6\\\/2026\\\/01\\\/podcast-episode-image-4c794b7a9b276c6c72309465eb941ef7.jpg&quot;,&quot;featured_id&quot;:803,&quot;mediatype&quot;:&quot;audio&quot;,&quot;season&quot;:4,&quot;categories&quot;:{&quot;podcast&quot;:&quot;Podcast&quot;,&quot;masculinidades&quot;:&quot;masculinidades&quot;,&quot;violenciaconlamujer&quot;:&quot;violencia con la mujer&quot;},&quot;duration&quot;:&quot;38:31&quot;,&quot;episodetype&quot;:&quot;full&quot;,&quot;timestamp&quot;:1752148665,&quot;key&quot;:&quot;082bf9b4356b33118163ec1e2dbce649&quot;,&quot;fset&quot;:&quot;https:\\\/\\\/pachakamani.com\\\/atravesdelaventana\\\/wp-content\\\/uploads\\\/sites\\\/6\\\/2026\\\/01\\\/podcast-episode-image-4c794b7a9b276c6c72309465eb941ef7.jpg 300w, https:\\\/\\\/pachakamani.com\\\/atravesdelaventana\\\/wp-content\\\/uploads\\\/sites\\\/6\\\/2026\\\/01\\\/podcast-episode-image-4c794b7a9b276c6c72309465eb941ef7-150x150.jpg 150w&quot;,&quot;fratio&quot;:1},&quot;ppe-9403-2&quot;:{&quot;title&quot;:&quot;Obligaciones del Fiscal #008&quot;,&quot;description&quot;:&quot;&lt;h2 class=\\&quot;wp-block-heading\\&quot;&gt;Obligaciones del Fiscal. Acciones de la fiscal\\u00eda en denuncias de violencia a la mujer&lt;\\\/h2&gt;\\n&lt;blockquote class=\\&quot;wp-block-quote is-layout-flow wp-block-quote-is-layout-flow\\&quot;&gt;\\n&lt;p&gt;\\u00bfQuieres saber, qu\\u00e9 hacen los fiscales ante una denuncia de violencia a la mujer?&lt;\\\/p&gt;\\n&lt;\\\/blockquote&gt;\\n&lt;p&gt;Hay una serie de pasos y ordenes, que el fiscal debe realizar en casos de &lt;a href=\\&quot;https:\\\/\\\/pachakamani.com\\\/atravesdelaventana\\\/podcast\\\/que-es-la-violencia-01\\\/\\&quot; target=\\&quot;_blank\\&quot; rel=\\&quot;noreferrer noopener\\&quot;&gt;violencia a la mujer&lt;\\\/a&gt;. Este episodio contin\\u00faa con la descripci\\u00f3n de la actuaci\\u00f3n de la fiscal\\u00eda en casos de denuncia de violencia, en el episodio anterior se vio el &lt;a href=\\&quot;https:\\\/\\\/pachakamani.com\\\/atravesdelaventana\\\/podcast\\\/denuncia-de-violencia-y-rol-de-la-policia-7\\\/\\&quot; target=\\&quot;_blank\\&quot; rel=\\&quot;noreferrer noopener\\&quot;&gt;rol de la polic\\u00eda&lt;\\\/a&gt;.&lt;\\\/p&gt;\\n&lt;p&gt;La actuaci\\u00f3n de la fiscal\\u00eda es determinante en la resoluci\\u00f3n del proceso. Las decisiones que tome permitir\\u00e1n dar justa sentencia al agresor o cerrar el caso.&lt;\\\/p&gt;\\n&lt;p&gt;Todos los procedimientos tienen la finalidad de proteger a la v\\u00edctima, a los hijos e hijas, adem\\u00e1s de los familiares de la mujer en situaci\\u00f3n de violencia. Hay m\\u00e1s, conocer\\u00e1s qu\\u00e9 es el requerimiento fiscal.&lt;\\\/p&gt;\\n&lt;p&gt;Entre otros temas, tambi\\u00e9n conocer\\u00e1s, cu\\u00e1les son las sanciones en casos de no reincidencia de agresi\\u00f3n\\u2026de esto se habla muy poco.&lt;\\\/p&gt;\\n&lt;p&gt;Con esta informaci\\u00f3n, puedes exigir al fiscal que cumpla con sus funciones y procedimientos, adem\\u00e1s de hacer el seguimiento de tu denuncia. Ayudaras a otras mujeres en tu misma situaci\\u00f3n.&lt;\\\/p&gt;\\n&lt;h3 class=\\&quot;wp-block-heading\\&quot;&gt;Episodios relacionados&lt;\\\/h3&gt;\\n&lt;p&gt;&lt;a href=\\&quot;https:\\\/\\\/pachakamani.com\\\/atravesdelaventana\\\/podcast\\\/que-es-la-violencia-01\\&quot;&gt;https:\\\/\\\/pachakamani.com\\\/atravesdelaventana\\\/podcast\\\/que-es-la-violencia-01&lt;\\\/a&gt;&lt;\\\/p&gt;&lt;\\\/p&gt;\\n&quot;,&quot;author&quot;:&quot;Gloria Villarroel | PachaKamani&quot;,&quot;date&quot;:&quot;23\\\/02\\\/2023&quot;,&quot;link&quot;:&quot;https:\\\/\\\/pachakamani.com\\\/atravesdelaventana\\\/obligaciones-de-la-fiscalia-008\\\/&quot;,&quot;src&quot;:&quot;https:\\\/\\\/op3.dev\\\/e\\\/archive.org\\\/download\\\/lv000\\\/08-Fiscales-a-traves-de-la-Ventada-low.mp3&quot;,&quot;featured&quot;:&quot;https:\\\/\\\/pachakamani.com\\\/atravesdelaventana\\\/wp-content\\\/uploads\\\/sites\\\/6\\\/2023\\\/02\\\/08-Fiscalia_-300x300.png&quot;,&quot;featured_id&quot;:410,&quot;mediatype&quot;:&quot;audio&quot;,&quot;season&quot;:2,&quot;categories&quot;:{&quot;podcast&quot;:&quot;Podcast&quot;,&quot;denunciaviolencia&quot;:&quot;denuncia violencia&quot;,&quot;feminicidio&quot;:&quot;feminicidio&quot;,&quot;fiscal&quot;:&quot;fiscal&quot;,&quot;fiscal\\u00eda&quot;:&quot;fiscal\\u00eda&quot;,&quot;ley348&quot;:&quot;ley 348&quot;},&quot;duration&quot;:&quot;16:41&quot;,&quot;episodetype&quot;:&quot;full&quot;,&quot;timestamp&quot;:1677160183,&quot;key&quot;:&quot;e9d6d69f5d89b9925ea6bcd76efb168a&quot;,&quot;fset&quot;:&quot;&quot;,&quot;fratio&quot;:1},&quot;load_info&quot;:{&quot;loaded&quot;:2,&quot;displayed&quot;:1,&quot;offset&quot;:0,&quot;maxItems&quot;:4,&quot;src&quot;:&quot;c45e6407428fe4dbc01be061a9315cfe&quot;,&quot;step&quot;:1,&quot;sortby&quot;:&quot;sort_date_desc&quot;,&quot;filterby&quot;:&quot;8&quot;,&quot;fixed&quot;:&quot;&quot;,&quot;args&quot;:{&quot;imgurl&quot;:&quot;https:\\\/\\\/pachakamani.com\\\/atravesdelaventana\\\/wp-content\\\/uploads\\\/sites\\\/6\\\/2026\\\/01\\\/LOGO-la-ventana-2023-B-3000-pod.jpg&quot;,&quot;imgset&quot;:&quot;&quot;,&quot;display&quot;:&quot;&quot;,&quot;hddesc&quot;:0,&quot;hdfeat&quot;:0,&quot;oricov&quot;:&quot;https:\\\/\\\/pachakamani.com\\\/atravesdelaventana\\\/wp-content\\\/uploads\\\/sites\\\/6\\\/2026\\\/01\\\/LOGO-la-ventana-2023-B-3000-pod.jpg&quot;,&quot;elength&quot;:18}},&quot;rdata&quot;:{&quot;permalink&quot;:&quot;https:\\\/\\\/pachakamani.com\\\/atravesdelaventana\\\/wp-json\\\/wp\\\/v2\\\/articulo\\\/448&quot;,&quot;fprint&quot;:&quot;c45e6407428fe4dbc01be061a9315cfe&quot;,&quot;from&quot;:&quot;feedurl&quot;,&quot;elen&quot;:18,&quot;eunit&quot;:&quot;&quot;,&quot;teaser&quot;:&quot;&quot;,&quot;title&quot;:&quot;A trav\\u00e9s de la Ventana&quot;,&quot;autoplay&quot;:&quot;&quot;}}\"><div class=\"pp-podcast__wrapper\"><div class=\"pp-podcast__info pod-info\"><div class=\"pod-info__header pod-header\"><div class=\"pod-header__image\"><div class=\"pod-header__image-wrapper\"><img decoding=\"async\" class=\"podcast-cover-image\" src=\"https:\/\/pachakamani.com\/atravesdelaventana\/wp-content\/uploads\/sites\/6\/2026\/01\/LOGO-la-ventana-2023-B-3000-pod.jpg\" srcset=\"\" sizes=\"(max-width: 640px) 100vw, 25vw\" alt=\"A trav\u00e9s de la Ventana\"><\/div><span class=\"pod-header__image-style\" style=\"display: block; width: 100%; padding-top: 100%\"><\/div><div class=\"pod-header__items pod-items\"><div class=\"pod-items__title\">A trav\u00e9s de la Ventana<\/div><div class=\"pod-items__desc\"><p>\u00abA trav\u00e9s de la ventana\u00bb, es un espacio de conversaci\u00f3n con l@s involucrad@s en el tema de violencia contra la mujer. Se trata de compartir conocimientos y experiencias para analizar y desentra\u00f1ar esta problem\u00e1tica que nos lastima profundamente.  Gracias por seguir A trav\u00e9s de la ventana. https:\/\/pachakamani.com\/atravesdelaventana\/  #NoAlaViolencia  #PodcastBo La Paz \u2013 Bolivia. NF-PP<\/p>\n<\/div><\/div><\/div><\/div><div class=\"pp-podcast__content pod-content\"><div class=\"pp-podcast__single\"><div class=\"pp-podcast__player\"><div class=\"pp-player-episode\"><audio id=\"pp-podcast-9403-player\" preload=\"none\" class=\"pp-podcast-episode\" style=\"width: 100%;\" controls=\"controls\"><source type=\"audio\/mpeg\" src=\"https:\/\/op3.dev\/e\/archive.org\/download\/lv000\/ep-18-ceprosib.mp3\" \/><\/audio><\/div><\/div><div class=\"pod-content__episode episode-single\"><button class=\"episode-single__close\" aria-expanded=\"false\" aria-label=\"Cerrar el episodio individual\"><span class=\"btn-icon-wrap\"><svg class=\"icon icon-pp-x\" aria-hidden=\"true\" role=\"img\" focusable=\"false\"><use href=\"#icon-pp-x\" xlink:href=\"#icon-pp-x\"><\/use><\/svg><\/span><\/button><div class=\"episode-single__wrapper\"><div class=\"episode-single__header\"><div class=\"episode-single__title\">Romper con la violencia. Ceprosi, otra forma de ser hombre | #018<\/div><div class=\"episode-single__author\"><span class=\"byname\">por<\/span><span class=\"single-author\">Gloria Villarroel | PachaKamani<\/span><\/div><\/div><div class=\"episode-single__description\"><p>A trav\u00e9s de la Ventana quiso conocer experiencias transformadoras del ser hombre, por ello mediante la entrevista a CEPROSI escucharemos acciones dirigidas a cambiar actitudes.<\/p><p>CEPROSI ha desarrollado un enfoque integral para enfrentar la violencia de g\u00e9nero, abordando a los agresores. Dise\u00f1\u00f3 programas terap\u00e9uticos dirigidos a hombres violentos, metodolog\u00edas preventivas con ni\u00f1os y adolescentes, as\u00ed como iniciativas familiares y comunitarias. La experiencia ha demostrado que el trabajo interdisciplinario y la inclusi\u00f3n de toda la familia son esenciales para lograr cambios duraderos.<\/p><p>Esta instituci\u00f3n ha logrado alianzas significativas con empresas que han incorporado campa\u00f1as innovadoras contra la violencia en el \u00e1mbito laboral. El enfoque de CEPROSI parte de la premisa de que el cambio solo es posible si hombres y mujeres reflexionan y act\u00faan de manera conjunta, desestructurando roles tradicionales, para romper con el ciclo de la violencia y construir relaciones m\u00e1s respetuosas y equitativas.<\/p><p>\ud83c\udfa7 Elige tu <strong><a href=\"https:\/\/episodes.fm\/1557279045\" target=\"_blank\" rel=\"noopener nofollow\" title=\"App favorita\">App favorita<\/a><\/strong> para escuchar este podcast \u25b6\ufe0f <a href=\"https:\/\/pod.link\/1557279045\" target=\"_blank\" rel=\"noopener nofollow\" title=\"\">AQU\u00cd<\/a>.<\/p><h3 class=\"wp-block-heading\">Contenido<\/h3><ul class=\"wp-block-list\"><li>Un an\u00e1lisis de la violencia y su enfoque en masculinidades<\/li><li>Max Paredes entre tradici\u00f3n, comercio y desaf\u00edos sociales<\/li><li>Enfrentando el machismo: el desaf\u00edo de cambiar actitudes violentas en hombres<\/li><li>Los retos de trabajar con hombres violentos<\/li><li>Rompiendo esquemas de violencia<\/li><li>Ni\u00f1os y adolescentes, logros y obst\u00e1culos<\/li><li>Empresas comprometidas, INTI y la lucha contra el acoso laboral y sexual<\/li><li>Hombres y mujeres un enfoque conjunto<\/li><li>Un cambio real es posible<\/li><li>Conclusiones<\/li><li>Bibliograf\u00eda<\/li><\/ul><h2 class=\"wp-block-heading\">\u00a1Gracias por escuchar!<\/h2><ul class=\"wp-block-list\"><li>Lista de <a href=\"https:\/\/pachakamani.com\/atravesdelaventana\/instituciones-ayuda-mujer-bolivia\/\" target=\"_blank\" rel=\"noreferrer noopener\">Instituciones de ayuda a la mujer en Bolivia<\/a><\/li><li>Danos tus comentarios, aportes o sugerencias al correo electr\u00f3nico&#160;<a href=\"mailto:laventana@pachakamani.com\">laventana@pachakamani.com<\/a>.<\/li><li>Visita nuestro sitio web en&#160;<a rel=\"noreferrer noopener\" href=\"https:\/\/pachakamani.com\/atravesdelaventana\/\" target=\"_blank\">pachakamani.com\/atravesdelaventana<\/a><\/li><li>Este podcast en&#160;<a href=\"https:\/\/www.youtube.com\/playlist?list=PLT7bMmaWGwzdJhF1wlD7wTuN-rGGIx9sf\" target=\"_blank\" rel=\"noreferrer noopener\">Youtube<\/a>.<\/li><li>\u00abA trav\u00e9s de la Ventana\u00bb es un podcast del colectivo&#160;<a href=\"https:\/\/pachakamani.com\/\" target=\"_blank\" rel=\"noreferrer noopener\">PachaKamani<\/a>&#160;en coproducci\u00f3n con&#160;<a href=\"https:\/\/kamaniaudio.com\/\" target=\"_blank\" rel=\"noreferrer noopener\">Kamani Audio<\/a>.<\/li><\/ul><p>Ay\u00fadanos compartiendo este podcast en tu red social preferida:<\/p><\/div><\/div><div class=\"ppjs__img-wrapper \"><div class=\"ppjs__img-btn-cover\"><img decoding=\"async\" class=\"ppjs__img-btn\" src=\"https:\/\/pachakamani.com\/atravesdelaventana\/wp-content\/uploads\/sites\/6\/2026\/01\/podcast-episode-image-4c794b7a9b276c6c72309465eb941ef7.jpg\" srcset=\"https:\/\/pachakamani.com\/atravesdelaventana\/wp-content\/uploads\/sites\/6\/2026\/01\/podcast-episode-image-4c794b7a9b276c6c72309465eb941ef7.jpg 300w, https:\/\/pachakamani.com\/atravesdelaventana\/wp-content\/uploads\/sites\/6\/2026\/01\/podcast-episode-image-4c794b7a9b276c6c72309465eb941ef7-150x150.jpg 150w\" sizes=\"(max-width: 640px) 100vw, 300px\" alt=\"Romper con la violencia. Ceprosi, otra forma de ser hombre | #018\"><\/div><div><span class=\"ppjs__img-btn-style\" style=\"display: block; width: 100%; padding-top: 100%\"><\/div><\/div><\/div><\/div><div class=\"pod-content__list episode-list\"><div class=\"episode-list__wrapper\"><div class=\"episode-list__search-results episode-search\"><span class=\"ppjs__offscreen\">Marcador de posici\u00f3n de resultados de b\u00fasqueda<\/span><\/div><\/div><\/div><div class=\"ppjs__list-reveal\"><div class=\"ppjs__button\"><button class=\"pp-prev-btn\"><span class=\"ppjs__offscreen\">Episodio anterior<\/span><span class=\"btn-icon-wrap\"><svg class=\"icon icon-pp-previous\" aria-hidden=\"true\" role=\"img\" focusable=\"false\"><use href=\"#icon-pp-previous\" xlink:href=\"#icon-pp-previous\"><\/use><\/svg><\/span><\/button><\/div><div class=\"ppjs__button\"><button class=\"pp-list-btn\"><span class=\"ppjs__offscreen\">Mostrar la lista de episodios<\/span><span class=\"btn-icon-wrap\"><svg class=\"icon icon-pp-show-list\" aria-hidden=\"true\" role=\"img\" focusable=\"false\"><use href=\"#icon-pp-show-list\" xlink:href=\"#icon-pp-show-list\"><\/use><\/svg><svg class=\"icon icon-pp-hide-list\" aria-hidden=\"true\" role=\"img\" focusable=\"false\"><use href=\"#icon-pp-hide-list\" xlink:href=\"#icon-pp-hide-list\"><\/use><\/svg><\/span><\/button><\/div><div class=\"ppjs__button\"><button class=\"pp-next-btn\"><span class=\"ppjs__offscreen\">Siguiente episodio<\/span><span class=\"btn-icon-wrap\"><svg class=\"icon icon-pp-next\" aria-hidden=\"true\" role=\"img\" focusable=\"false\"><use href=\"#icon-pp-next\" xlink:href=\"#icon-pp-next\"><\/use><\/svg><\/span><\/button><\/div><\/div><\/div><\/div><div class=\"pod-content__launcher pod-launch\"><button class=\"pod-launch__button pod-launch__info pod-button\" aria-expanded=\"false\"><span class=\"ppjs__offscreen\">Mostrar la informaci\u00f3n del p\u00f3dcast<\/span><span class=\"btn-icon-wrap\"><svg class=\"icon icon-pp-podcast\" aria-hidden=\"true\" role=\"img\" focusable=\"false\"><use href=\"#icon-pp-podcast\" xlink:href=\"#icon-pp-podcast\"><\/use><\/svg><svg class=\"icon icon-pp-x\" aria-hidden=\"true\" role=\"img\" focusable=\"false\"><use href=\"#icon-pp-x\" xlink:href=\"#icon-pp-x\"><\/use><\/svg><\/span><\/button><\/div><\/div>\n\n\n<h4 class=\"wp-block-heading\">Imposici\u00f3n de restricciones<\/h4>\n\n\n\n<p>Son las siguientes:&nbsp;<\/p>\n\n\n\n<ul class=\"wp-block-list\">\n<li>Prohibici\u00f3n de portar cualquier tipo de arma, en especial de fuego.<\/li>\n\n\n\n<li>Abstenerse de asistir a lugares p\u00fablicos en los que se expendan bebidas alcoh\u00f3licas y lenocinios y claro abstenerse de consumir drogas o alcohol.<\/li>\n\n\n\n<li>Debe incorporarse a grupos o programas para modificar comportamientos que hayan incidido en la realizaci\u00f3n del hecho.<\/li>\n\n\n\n<li>Asistir a un centro educativo o aprender un oficio.<\/li>\n<\/ul>\n\n\n\n<h4 class=\"wp-block-heading\">Estas sanciones nos hace reflexionar sobre\u2026&nbsp;<\/h4>\n\n\n\n<p>Si no se retira la primera denuncia, si la v\u00edctima cuenta con protecci\u00f3n y a sus hijos, a la par, si estos hombres recibieran tratamiento psicol\u00f3gico y ejecuci\u00f3n de las sanciones descritas, quiz\u00e1 los agresores puedan cambiar su comportamiento. Seg\u00fan la ley 348 las acciones de la polic\u00eda y los fiscales son muy claras. Si se siguen como est\u00e1n escritas, deber\u00eda haber justicia.&nbsp;<\/p>\n\n\n\n<p>En todos los casos, es necesario conocer la ley y las obligaciones de la polic\u00eda y los fiscales para saber qu\u00e9 sigue en cada paso del proceso.<\/p>\n\n\n\n<p>Este texto contiene informaci\u00f3n del documento Acceso a la justicia para mujeres en situaci\u00f3n de violencia elaborado por el Comit\u00e9 Impulsor de la Agenda Legislativa desde las Mujeres.<\/p>\n\n\n\n<p>\u2026<\/p>\n\n\n\n<p>Visita la p\u00e1gina web del proyecto en <a href=\"https:\/\/pachakamani.com\/atravesdelaventana\/\">pachakamani.com\/a trav\u00e9s de la ventana<\/a>, para recibir novedades mensuales, <a href=\"https:\/\/www.youtube.com\/@PachaKamani\">suscr\u00edbete a nuestro canal en youtube<\/a>, a la p\u00e1gina en <a href=\"https:\/\/www.facebook.com\/atravesdelaventanabo\/\">facebook<\/a> y s\u00famate al <a href=\"https:\/\/pachakamani.com\/correo\/\">Bolet\u00edn PachaKamani<\/a> y comparte esta informaci\u00f3n a quien los necesite.<\/p>\n","protected":false},"excerpt":{"rendered":"<p>Cada 25 de noviembre se conmemora el D\u00eda Internacional de la Eliminaci\u00f3n de la Violencia contra la Mujer, con la finalidad de visibilizar la violencia contra las mujeres y ni\u00f1as a nivel mundial, compartimos este art\u00edculo explicando las funciones y deberes de los fiscales.<\/p>\n","protected":false},"author":6,"featured_media":451,"comment_status":"open","ping_status":"open","template":"","meta":{"_uag_custom_page_level_css":"","site-sidebar-layout":"default","site-content-layout":"","ast-site-content-layout":"default","site-content-style":"default","site-sidebar-style":"default","ast-global-header-display":"","ast-banner-title-visibility":"","ast-main-header-display":"","ast-hfb-above-header-display":"","ast-hfb-below-header-display":"","ast-hfb-mobile-header-display":"","site-post-title":"disabled","ast-breadcrumbs-content":"","ast-featured-img":"disabled","footer-sml-layout":"","ast-disable-related-posts":"","theme-transparent-header-meta":"","adv-header-id-meta":"","stick-header-meta":"","header-above-stick-meta":"","header-main-stick-meta":"","header-below-stick-meta":"","astra-migrate-meta-layouts":"set","ast-page-background-enabled":"default","ast-page-background-meta":{"desktop":{"background-color":"","background-image":"","background-repeat":"repeat","background-position":"center center","background-size":"auto","background-attachment":"scroll","background-type":"","background-media":"","overlay-type":"","overlay-color":"","overlay-opacity":"","overlay-gradient":""},"tablet":{"background-color":"","background-image":"","background-repeat":"repeat","background-position":"center center","background-size":"auto","background-attachment":"scroll","background-type":"","background-media":"","overlay-type":"","overlay-color":"","overlay-opacity":"","overlay-gradient":""},"mobile":{"background-color":"","background-image":"","background-repeat":"repeat","background-position":"center center","background-size":"auto","background-attachment":"scroll","background-type":"","background-media":"","overlay-type":"","overlay-color":"","overlay-opacity":"","overlay-gradient":""}},"ast-content-background-meta":{"desktop":{"background-color":"var(--ast-global-color-5)","background-image":"","background-repeat":"repeat","background-position":"center center","background-size":"auto","background-attachment":"scroll","background-type":"","background-media":"","overlay-type":"","overlay-color":"","overlay-opacity":"","overlay-gradient":""},"tablet":{"background-color":"var(--ast-global-color-5)","background-image":"","background-repeat":"repeat","background-position":"center center","background-size":"auto","background-attachment":"scroll","background-type":"","background-media":"","overlay-type":"","overlay-color":"","overlay-opacity":"","overlay-gradient":""},"mobile":{"background-color":"var(--ast-global-color-5)","background-image":"","background-repeat":"repeat","background-position":"center center","background-size":"auto","background-attachment":"scroll","background-type":"","background-media":"","overlay-type":"","overlay-color":"","overlay-opacity":"","overlay-gradient":""}},"slim_seo":{"title":"Obligaciones del Fiscal. Acciones de la fiscal\u00eda en denuncias de violencia a la mujer","description":"Cada 25 de noviembre se conmemora el D\u00eda Internacional de la Eliminaci\u00f3n de la Violencia contra la Mujer, con la finalidad de visibilizar la violencia contra las mujeres y ni\u00f1as a nivel mundial, compartimos este art\u00edculo explicando las funciones y deberes de los fiscales."}},"categories":[21],"tags":[26,40,20,10],"class_list":["post-448","articulo","type-articulo","status-publish","has-post-thumbnail","hentry","category-articulo","tag-denuncia-violencia","tag-fiscales","tag-justicia","tag-violencia-con-la-mujer"],"uagb_featured_image_src":{"full":["https:\/\/pachakamani.com\/atravesdelaventana\/wp-content\/uploads\/sites\/6\/2023\/11\/08-funciones-Fiscal.jpg",1920,1080,false],"thumbnail":["https:\/\/pachakamani.com\/atravesdelaventana\/wp-content\/uploads\/sites\/6\/2023\/11\/08-funciones-Fiscal-150x150.jpg",150,150,true],"medium":["https:\/\/pachakamani.com\/atravesdelaventana\/wp-content\/uploads\/sites\/6\/2023\/11\/08-funciones-Fiscal-300x169.jpg",300,169,true],"medium_large":["https:\/\/pachakamani.com\/atravesdelaventana\/wp-content\/uploads\/sites\/6\/2023\/11\/08-funciones-Fiscal-768x432.jpg",768,432,true],"large":["https:\/\/pachakamani.com\/atravesdelaventana\/wp-content\/uploads\/sites\/6\/2023\/11\/08-funciones-Fiscal-1024x576.jpg",1024,576,true],"1536x1536":["https:\/\/pachakamani.com\/atravesdelaventana\/wp-content\/uploads\/sites\/6\/2023\/11\/08-funciones-Fiscal-1536x864.jpg",1536,864,true],"2048x2048":["https:\/\/pachakamani.com\/atravesdelaventana\/wp-content\/uploads\/sites\/6\/2023\/11\/08-funciones-Fiscal-2048x1152.jpg",2048,1152,true]},"uagb_author_info":{"display_name":"Gloria Villarroel","author_link":"https:\/\/pachakamani.com\/atravesdelaventana\/author\/gloria\/"},"uagb_comment_info":0,"uagb_excerpt":"Cada 25 de noviembre se conmemora el D\u00eda Internacional de la Eliminaci\u00f3n de la Violencia contra la Mujer, con la finalidad de visibilizar la violencia contra las mujeres y ni\u00f1as a nivel mundial, compartimos este art\u00edculo explicando las funciones y deberes de los fiscales.","_links":{"self":[{"href":"https:\/\/pachakamani.com\/atravesdelaventana\/wp-json\/wp\/v2\/articulo\/448","targetHints":{"allow":["GET"]}}],"collection":[{"href":"https:\/\/pachakamani.com\/atravesdelaventana\/wp-json\/wp\/v2\/articulo"}],"about":[{"href":"https:\/\/pachakamani.com\/atravesdelaventana\/wp-json\/wp\/v2\/types\/articulo"}],"author":[{"embeddable":true,"href":"https:\/\/pachakamani.com\/atravesdelaventana\/wp-json\/wp\/v2\/users\/6"}],"replies":[{"embeddable":true,"href":"https:\/\/pachakamani.com\/atravesdelaventana\/wp-json\/wp\/v2\/comments?post=448"}],"wp:featuredmedia":[{"embeddable":true,"href":"https:\/\/pachakamani.com\/atravesdelaventana\/wp-json\/wp\/v2\/media\/451"}],"wp:attachment":[{"href":"https:\/\/pachakamani.com\/atravesdelaventana\/wp-json\/wp\/v2\/media?parent=448"}],"wp:term":[{"taxonomy":"category","embeddable":true,"href":"https:\/\/pachakamani.com\/atravesdelaventana\/wp-json\/wp\/v2\/categories?post=448"},{"taxonomy":"post_tag","embeddable":true,"href":"https:\/\/pachakamani.com\/atravesdelaventana\/wp-json\/wp\/v2\/tags?post=448"}],"curies":[{"name":"wp","href":"https:\/\/api.w.org\/{rel}","templated":true}]}}