{"id":436,"date":"2023-10-27T07:36:00","date_gmt":"2023-10-27T07:36:00","guid":{"rendered":"https:\/\/pachakamani.com\/atravesdelaventana\/?p=436"},"modified":"2026-01-26T02:27:37","modified_gmt":"2026-01-26T06:27:37","slug":"procedimiento-denuncia-funciones-felcv","status":"publish","type":"articulo","link":"https:\/\/pachakamani.com\/atravesdelaventana\/articulo\/procedimiento-denuncia-funciones-felcv\/","title":{"rendered":"Procedimiento de denuncia y funciones de la FELCV"},"content":{"rendered":"\n<div class=\"wp-block-cover alignfull is-light\" style=\"min-height:693px;aspect-ratio:unset;\"><span aria-hidden=\"true\" class=\"wp-block-cover__background has-background-dim\"><\/span><img fetchpriority=\"high\" decoding=\"async\" width=\"1920\" height=\"1080\" class=\"wp-block-cover__image-background wp-image-438\" alt=\"Funciones Felcv\" src=\"https:\/\/pachakamani.com\/atravesdelaventana\/wp-content\/uploads\/sites\/6\/2023\/10\/funciones-felcv.png\" data-object-fit=\"cover\" srcset=\"https:\/\/pachakamani.com\/atravesdelaventana\/wp-content\/uploads\/sites\/6\/2023\/10\/funciones-felcv.png 1920w, https:\/\/pachakamani.com\/atravesdelaventana\/wp-content\/uploads\/sites\/6\/2023\/10\/funciones-felcv-300x169.png 300w, https:\/\/pachakamani.com\/atravesdelaventana\/wp-content\/uploads\/sites\/6\/2023\/10\/funciones-felcv-1024x576.png 1024w, https:\/\/pachakamani.com\/atravesdelaventana\/wp-content\/uploads\/sites\/6\/2023\/10\/funciones-felcv-768x432.png 768w, https:\/\/pachakamani.com\/atravesdelaventana\/wp-content\/uploads\/sites\/6\/2023\/10\/funciones-felcv-1536x864.png 1536w, https:\/\/pachakamani.com\/atravesdelaventana\/wp-content\/uploads\/sites\/6\/2023\/10\/funciones-felcv-2048x1152.png 2048w\" sizes=\"(max-width: 1920px) 100vw, 1920px\" \/><div class=\"wp-block-cover__inner-container is-layout-flow wp-block-cover-is-layout-flow\">\n<p class=\"has-text-align-center has-large-font-size\"><\/p>\n<\/div><\/div>\n\n\n\n<h1 class=\"wp-block-heading\">Procedimiento de denuncia y funciones de la FELCV<\/h1>\n\n\n\n<p>M. Sc. Gloria Villarroel Salgueiro<\/p>\n\n\n\n<h2 class=\"wp-block-heading\">\u00bfQu\u00e9 hacen la polic\u00eda ante una denuncia de violencia a la mujer?<\/h2>\n\n\n\n<blockquote class=\"wp-block-quote is-layout-flow wp-block-quote-is-layout-flow\">\n<p>Este documento&nbsp; trata del procedimiento de denuncia de violencia y las acciones que las diferentes instancias de atenci\u00f3n deben otorgar a la mujer como la FELCV, las EPIs. Existen denuncias que se encaminan por conducto penal o administrativo, el procedimiento por v\u00eda penal con la actuaci\u00f3n de la polic\u00eda es la que se tratara con puntualidad.<br>La fuente para el an\u00e1lisis de este art\u00edculo es el documento Acceso a la justicia para mujeres en situaci\u00f3n de violencia elaborado por el Comit\u00e9 Impulsor de la Agenda Legislativa desde las Mujeres.&nbsp;<\/p>\n<\/blockquote>\n\n\n\n<h3 class=\"wp-block-heading\">Acciones legales de proceso de hechos de violencia que se dirigen por la v\u00eda penal<\/h3>\n\n\n\n<p>Violencia F\u00edsica, Psicol\u00f3gica, Sexual, Patrimonial y Econ\u00f3mica, Institucional. La violencia Institucional por delitos de discriminaci\u00f3n, incumplimiento de deberes de protecci\u00f3n a la mujer en situaci\u00f3n de violencia y los delitos contra la integridad f\u00edsica, psicol\u00f3gica o sexual. Los mismos delitos se siguen si ocurrieron en los Servicios de Salud, en el Sistema Educativo o en la fuente laboral bajo la figura de Violencia Laboral. Se sigue por la v\u00eda penal tambi\u00e9n la Violencia en la Familia.<\/p>\n\n\n\n<p>La Violencia Medi\u00e1tica sigue el conducto penal por delitos de difusi\u00f3n de ideas racistas y discriminatorias; difusi\u00f3n e incitaci\u00f3n al racismo o a la discriminaci\u00f3n; injuria o difamaci\u00f3n, con el mismo tenor sigue la&nbsp; Violencia Contra la Dignidad, la Honra y el Nombre.<\/p>\n\n\n\n<p>La Violencia Contra los Derechos Reproductivos va por v\u00eda penal por el delito de esterilizaci\u00f3n forzada. En la misma l\u00ednea penal est\u00e1n la Violencia Contra los Derechos y la Libertad Sexual, Violencia en el Ejercicio Pol\u00edtico y de Liderazgo de la Mujer por Acoso pol\u00edtico y violencia pol\u00edtica contra las mujeres.&nbsp;<\/p>\n\n\n\n<h3 class=\"wp-block-heading\">Acciones legales de proceso de hechos de violencia que se dirigen por la v\u00eda administrativa&nbsp;<\/h3>\n\n\n\n<p>Violencia Institucional&nbsp; por agresiones verbales, denegaci\u00f3n injustificada de acceso al servicio o maltrato f\u00edsico, psicol\u00f3gico y sexual por motivos discriminatorios, negaci\u00f3n de informaci\u00f3n ante las instituciones p\u00fablicas donde se produjo. Los mismos delitos se siguen si ocurren en los Servicios de Salud, en el Sistema Educativo y en la fuente de empleo como&nbsp; Violencia Laboral. En la Violencia Medi\u00e1tica la difusi\u00f3n de ideas racistas y discriminatorias se siguen ante tribunales de \u00e9tica.&nbsp;<\/p>\n\n\n\n<p>Tambi\u00e9n sigue el conducto administrativo, las agresiones verbales, denegaci\u00f3n injustificada de acceso al servicio o maltrato f\u00edsico, psicol\u00f3gico y sexual por motivos discriminatorios, negaci\u00f3n de informaci\u00f3n ante las instituciones p\u00fablicas en la Violencia Contra la Dignidad, la Honra y el Nombre, Violencia Contra la Dignidad, la Honra y el Nombre.&nbsp;<\/p>\n\n\n\n<p>Siguen en v\u00eda administrativa la Violencia Contra los Derechos Reproductivos por agresiones verbales, denegaci\u00f3n injustificada de acceso al servicio o maltrato f\u00edsico, psicol\u00f3gico y sexual por motivos discriminatorios, por maltrato o incumplimiento de deberes, son los mismos para la Violencia Contra los Derechos y la Libertad Sexual. En tanto que la Violencia en el Ejercicio Pol\u00edtico y de Liderazgo de la Mujer por faltas que constituyen acoso y violencia pol\u00edtica van por la v\u00eda administrativa y las mismas en la v\u00eda penal.<\/p>\n\n\n\n<p><em>Es necesario diferenciar entre las sanciones por v\u00eda administrativa y penal<\/em>. Las sanciones por v\u00eda administrativa se extienden a multas, suspensi\u00f3n de funciones por un tiempo determinado y destituci\u00f3n del cargo. Por la v\u00eda penal es el encarcelamiento del responsable de agresi\u00f3n en centros de reclusi\u00f3n.&nbsp;<\/p>\n\n\n\n<p>Lo que te interesa ahora saber son los&nbsp;<strong>procesos por v\u00eda penal<\/strong>. Estas inician con la denuncia en la polic\u00eda o en el ministerio p\u00fablico, otras instancias de denuncia como los slims u oficinas municipales deben remitir a la polic\u00eda para que esta se haga cargo.&nbsp;<\/p>\n\n\n\n<p>Aqu\u00ed entramos al tema de los procedimientos de denuncia y las acciones que debe realizar la polic\u00eda. En el\u00a0<a href=\"https:\/\/pachakamani.com\/atravesdelaventana\/podcast\/obligaciones-de-la-fiscalia-008\/\" data-type=\"link\" data-id=\"https:\/\/pachakamani.com\/atravesdelaventana\/podcast\/obligaciones-de-la-fiscalia-008\/\"><em>episodio 08<\/em>\u00a0se desarrolla las acciones que la fiscal\u00eda debe realizar para dar sanci\u00f3n al agresor<\/a>. Se debe entender que entre polic\u00eda y ministerio p\u00fablico hay un v\u00ednculo estrecho. La polic\u00eda no puede asumir acciones de protecci\u00f3n posteriores sin\u00a0 la acci\u00f3n del ministerio p\u00fablico a trav\u00e9s de las fiscal\u00edas.<\/p>\n\n\n\n<p>Pero volvamos al tema,&nbsp;<strong>cu\u00e1les son las acciones que la polic\u00eda desde la FELCV debe realizar para proteger a la mujer en situaci\u00f3n de violencia<\/strong>. Para ello se hace una diferencia entre la denuncia de la agresi\u00f3n en el momento de la agresi\u00f3n y la denuncia d\u00edas despu\u00e9s de la agresi\u00f3n.&nbsp;<\/p>\n\n\n\n<p><strong>Primero<\/strong>, para hacer la denuncia en los minutos posteriores a la agresi\u00f3n se puede llamar telef\u00f3nicamente a Radio Patrullas 110, o a las oficinas de la Fuerza Especial de Lucha Contra la Violencia (FELCV) y oficinas de cada municipio. En estos sitios deber\u00eda existir funcionarios o personal policial que acuda al domicilio de la mujer o donde ella se encuentre. Ning\u00fan polic\u00eda, independientemente, de las funciones espec\u00edficas que cumpla, puede negarse a prestarle auxilio, aunque no sea miembro de la FELCV.&nbsp;<\/p>\n\n\n\n<p>Si es necesario atenci\u00f3n m\u00e9dica ning\u00fan centro puede negar atenci\u00f3n a una mujer que ha sufrido violencia. El personal m\u00e9dico en casos de violencia f\u00edsica o sexual debe extender, aunque no lo pida la v\u00edctima, un&nbsp; certificado de salud de forma obligatoria y gratuita. En el certificado debe incluir los d\u00edas de impedimento de actividad f\u00edsica por el maltrato sufrido.&nbsp;<\/p>\n\n\n\n<h3 class=\"wp-block-heading\">La polic\u00eda debe realizar las siguientes acciones:&nbsp;<\/h3>\n\n\n\n<p>a) Auxiliar a la v\u00edctima, en caso de requerir atenci\u00f3n m\u00e9dica para su traslado a un servicio de salud y socorrer a sus hijas e hijos u otros dependientes, con la finalidad de prestarles protecci\u00f3n y evitar mayores agresiones.<\/p>\n\n\n\n<p>b) Arrestar personas ponerlos a disposici\u00f3n del Ministerio P\u00fablico, en el plazo de ocho&nbsp; horas.<\/p>\n\n\n\n<p>c) Proteger el lugar del hecho para an\u00e1lisis criminol\u00f3gico y recoger indicios de prueba.<\/p>\n\n\n\n<p>d) Entrevistar a testigos en el lugar del hecho.<\/p>\n\n\n\n<p>e) Investigar los delitos bajo la direcci\u00f3n funcional del Ministerio P\u00fablico.&nbsp;<\/p>\n\n\n\n<p>f) Elaborar un informe.&nbsp;<\/p>\n\n\n\n<p>Desde aqu\u00ed es el Ministerio P\u00fablico a partir de las fiscal\u00edas que tiene en sus manos el proceso a seguir.&nbsp;<\/p>\n\n\n\n<h3 class=\"wp-block-heading\">Para la denuncia a las horas o d\u00edas posteriores de la agresi\u00f3n se siguen los pasos:&nbsp;<\/h3>\n\n\n\n<p>La funcionaria o funcionario debe recibir y registrar la denuncia en las oficinas de la FELCV tanto departamentales como regionales, oficinas descentralizadas en las Estaciones Policiales Integrales \u2013 EPIs. La denuncia en ning\u00fan caso puede ser rechazada por no adjuntar pruebas en el momento de la denuncia.<\/p>\n\n\n\n<p><strong>El registro de la denuncia debe contener<\/strong>:<\/p>\n\n\n\n<ol class=\"wp-block-list\">\n<li>Identidad y domicilio (con croquis) de la persona denunciante o mujer en situaci\u00f3n de violencia.<\/li>\n\n\n\n<li>Relaci\u00f3n circunstanciada del hecho, es el relato de los hechos.<\/li>\n\n\n\n<li>Indicaci\u00f3n e identificaci\u00f3n de autores y part\u00edcipes, v\u00edctimas, testigos y dem\u00e1s elementos que puedan conducir a su comprobaci\u00f3n y tipificaci\u00f3n.&nbsp;<\/li>\n<\/ol>\n\n\n\n<p><strong>El personal que recibe la denuncia debe cumplir con los siguientes deberes<\/strong>:&nbsp;<\/p>\n\n\n\n<p>Preservar la prueba. La valoraci\u00f3n de la prueba se har\u00e1 teniendo en cuenta su legalidad, autenticidad, sometimiento a cadena de custodia. La demostraci\u00f3n de la autenticidad de los elementos probatorios y evidencia f\u00edsica es de responsabilidad de la polic\u00eda y la fiscal\u00eda, no as\u00ed de responsabilidad de la v\u00edctima.&nbsp;<\/p>\n\n\n\n<p><strong>Existen pruebas de tipo documental que se generan en el proceso de la denuncia<\/strong>:<\/p>\n\n\n\n<ol class=\"wp-block-list\">\n<li>Certificado m\u00e9dico expedido por cualquier instituci\u00f3n de salud p\u00fablica o privada, homologado por m\u00e9dico forense de IDIIF.<\/li>\n\n\n\n<li>Certificados m\u00e9dicos por agresiones anteriores.<\/li>\n\n\n\n<li>Certificado m\u00e9dico forense o informe del psic\u00f3logo forense.<\/li>\n\n\n\n<li>Informe psicol\u00f3gico y\/o de trabajo social, expedido por profesionales que trabajen en instituciones p\u00fablicas o privadas especializadas en la tem\u00e1tica y reconocidas legalmente.<\/li>\n\n\n\n<li>Documentos de propiedad de bienes muebles o inmuebles en originales o fotocopias.<\/li>\n\n\n\n<li>Minutas o documentos privados.<\/li>\n\n\n\n<li>Cartas, mensajes de texto, correos electr\u00f3nicos.<\/li>\n\n\n\n<li>Copia de sentencias condenatorias, resoluciones por la v\u00eda familiar, o denuncias contra el agresor anteriores..<\/li>\n\n\n\n<li>Fotograf\u00edas que muestren las lesiones sufridas tomadas por los servicios de atenci\u00f3n.<\/li>\n\n\n\n<li>Cualquier otro documento que apoye la denuncia.<\/li>\n<\/ol>\n\n\n\n<p>Es la polic\u00eda quien debe recabar y presentar las pruebas a la fiscal\u00eda.&nbsp;<strong>El personal de la polic\u00eda tambi\u00e9n debe cumplir con<\/strong>:&nbsp;<\/p>\n\n\n\n<ul class=\"wp-block-list\">\n<li>Absolver toda consulta, duda o requerimiento de informaci\u00f3n que la mujer o sus familiares necesiten o soliciten para garantizar su protecci\u00f3n.<\/li>\n\n\n\n<li>Brindarle informaci\u00f3n sobre sus derechos y los servicios p\u00fablicos y privados disponibles para su atenci\u00f3n.<\/li>\n\n\n\n<li>Guardar la confidencialidad de los asuntos que se someten a su consideraci\u00f3n, salvo que la propia mujer solicite la total o parcial publicidad, debiendo informarse a la mujer sobre la posibilidad de hacer uso de este derecho.<\/li>\n<\/ul>\n\n\n\n<p><strong>La polic\u00eda tambi\u00e9n debe cumplir:<\/strong>&nbsp;<\/p>\n\n\n\n<p>a) Respetar y proteger la dignidad, la intimidad y los derechos de las mujeres&nbsp;<\/p>\n\n\n\n<p>b) Evitar el contacto, careo o cualquier tipo de proximidad con su agresor.<br>c) Evitar toda acci\u00f3n que implique revictimizaci\u00f3n.<\/p>\n\n\n\n<h3 class=\"wp-block-heading\">Una vez registrada la denuncia:<\/h3>\n\n\n\n<p>Si la mujer en situaci\u00f3n de violencia lo solicita, acompa\u00f1arla y asistirla mientras retira sus pertenencias personales de su domicilio u otro lugar. La polic\u00eda debe evitar la retenci\u00f3n de cualquier efecto o documentos personales y llevarla donde ella indique o a una Casa de Acogida o Refugio Temporal.<\/p>\n\n\n\n<p>Levantar acta sobre los hechos ocurridos, para lo cual, la polic\u00eda deber\u00e1 recoger informaci\u00f3n de familiares, vecinos u otras personas presentes.<\/p>\n\n\n\n<p>Decomisar las armas y los objetos utilizados para amenazar y agredir, poni\u00e9ndolos a disposici\u00f3n del Ministerio P\u00fablico.<\/p>\n\n\n\n<p>Hacer seguimiento a la mujer por setenta y dos horas, con el fin de garantizar su protecci\u00f3n a ella y a otras personas que estuvieran en riesgo.<\/p>\n\n\n\t\t\t<style type=\"text\/css\"><\/style>\n\t\t\t<div id=\"pp-podcast-4209\" class=\"pp-podcast has-header header-hidden has-featured playerview media-audio\"  data-teaser=\"\" data-elength=\"18\" data-eunit=\"\" data-ppsdata=\"{&quot;ppe-4209-1&quot;:{&quot;title&quot;:&quot;Masculinidades, los hombres dominantes | #017-T4&quot;,&quot;description&quot;:&quot;&lt;p&gt;Las masculinidades y feminidades se construyen socialmente, son roles de g\\u00e9nero que fijan los comportamientos bajo normas, a veces estrictas. La masculinidad de los hombres dominantes se identifica por medio de indicadores de comportamiento, reflejan rasgos de control y superioridad masculina.&lt;\\\/p&gt;\\n&lt;p&gt;\\ud83c\\udfa7 Elige tu &lt;strong&gt;&lt;a href=\\&quot;https:\\\/\\\/episodes.fm\\\/1557279045\\&quot; target=\\&quot;_blank\\&quot; rel=\\&quot;noopener nofollow\\&quot; title=\\&quot;App favorita\\&quot;&gt;App favorita&lt;\\\/a&gt;&lt;\\\/strong&gt; para escuchar este podcast \\u25b6\\ufe0f &lt;a href=\\&quot;https:\\\/\\\/pod.link\\\/1557279045\\&quot; target=\\&quot;_blank\\&quot; rel=\\&quot;noopener nofollow\\&quot; title=\\&quot;\\&quot;&gt;AQU\\u00cd&lt;\\\/a&gt;.&lt;\\\/p&gt;\\n&lt;h3 class=\\&quot;wp-block-heading\\&quot;&gt;Contenido&lt;\\\/h3&gt;\\n&lt;blockquote class=\\&quot;wp-block-quote is-layout-flow wp-block-quote-is-layout-flow\\&quot;&gt;\\n&lt;p&gt;\\u00bfC\\u00f3mo se aprende la masculinidad dominante? Indicadores sociales.&lt;\\\/p&gt;\\n&lt;\\\/blockquote&gt;\\n&lt;ul class=\\&quot;wp-block-list\\&quot;&gt;\\n&lt;li&gt;La autoridad masculina, los jefes de familia&lt;\\\/li&gt;\\n&lt;li&gt;El Hombre proveedor&lt;\\\/li&gt;\\n&lt;li&gt;El \\u201cDon\\u201d masculino para las relaciones sociales&lt;\\\/li&gt;\\n&lt;li&gt;Machismo y masculinidad&lt;\\\/li&gt;\\n&lt;li&gt;Misoginia sistem\\u00e1tica&lt;\\\/li&gt;\\n&lt;li&gt;Prejuicio Homof\\u00f3bico&lt;\\\/li&gt;\\n&lt;li&gt;La sexualidad y la prueba de virilidad&lt;\\\/li&gt;\\n&lt;li&gt;Servicio militar&lt;\\\/li&gt;\\n&lt;li&gt;Estereotipos de g\\u00e9nero en los medios&lt;\\\/li&gt;\\n&lt;li&gt;La pedagog\\u00eda tradicional&lt;\\\/li&gt;\\n&lt;li&gt;Estereotipos en la m\\u00fasica&lt;\\\/li&gt;\\n&lt;li&gt;Manifestaciones p\\u00fablicas y fiestas&lt;\\\/li&gt;\\n&lt;li&gt;Los roles laborales desiguales&lt;\\\/li&gt;\\n&lt;li&gt;Interpretaciones religiosas de sumisi\\u00f3n&lt;\\\/li&gt;\\n&lt;li&gt;\\u00bfQu\\u00e9 medidas podemos tomar para romper estas barreras?&lt;\\\/li&gt;\\n&lt;\\\/ul&gt;\\n&lt;h2 class=\\&quot;wp-block-heading\\&quot;&gt;\\u00a1Gracias por escuchar!&lt;\\\/h2&gt;\\n&lt;ul class=\\&quot;wp-block-list\\&quot;&gt;\\n&lt;li&gt;Lista de &lt;a href=\\&quot;https:\\\/\\\/pachakamani.com\\\/atravesdelaventana\\\/instituciones-ayuda-mujer-bolivia\\\/\\&quot; target=\\&quot;_blank\\&quot; rel=\\&quot;noreferrer noopener\\&quot;&gt;Instituciones de ayuda a la mujer en Bolivia&lt;\\\/a&gt;&lt;\\\/li&gt;\\n&lt;li&gt;Danos tus comentarios, aportes o sugerencias al correo electr\\u00f3nico&#160;&lt;a href=\\&quot;mailto:laventana@pachakamani.com\\&quot;&gt;laventana@pachakamani.com&lt;\\\/a&gt;.&lt;\\\/li&gt;\\n&lt;li&gt;Visita nuestro sitio web en&#160;&lt;a rel=\\&quot;noreferrer noopener\\&quot; href=\\&quot;https:\\\/\\\/pachakamani.com\\\/atravesdelaventana\\\/\\&quot; target=\\&quot;_blank\\&quot;&gt;pachakamani.com\\\/atravesdelaventana&lt;\\\/a&gt;&lt;\\\/li&gt;\\n&lt;li&gt;Este podcast en&#160;&lt;a href=\\&quot;https:\\\/\\\/www.youtube.com\\\/playlist?list=PLT7bMmaWGwzdJhF1wlD7wTuN-rGGIx9sf\\&quot; target=\\&quot;_blank\\&quot; rel=\\&quot;noreferrer noopener\\&quot;&gt;Youtube&lt;\\\/a&gt;.&lt;\\\/li&gt;\\n&lt;li&gt;\\u00abA trav\\u00e9s de la Ventana\\u00bb es un podcast del colectivo&#160;&lt;a href=\\&quot;https:\\\/\\\/pachakamani.com\\\/\\&quot; target=\\&quot;_blank\\&quot; rel=\\&quot;noreferrer noopener\\&quot;&gt;PachaKamani&lt;\\\/a&gt;&#160;en coproducci\\u00f3n con&#160;&lt;a href=\\&quot;https:\\\/\\\/kamaniaudio.com\\\/\\&quot; target=\\&quot;_blank\\&quot; rel=\\&quot;noreferrer noopener\\&quot;&gt;Kamani Audio&lt;\\\/a&gt;.&lt;\\\/li&gt;\\n&lt;\\\/ul&gt;\\n&lt;p&gt;Ay\\u00fadanos compartiendo este podcast en tu red social preferida:&lt;\\\/p&gt;\\n&quot;,&quot;author&quot;:&quot;Gloria Villarroel | PachaKamani&quot;,&quot;date&quot;:&quot;26\\\/06\\\/2025&quot;,&quot;link&quot;:&quot;https:\\\/\\\/pachakamani.com\\\/atravesdelaventana\\\/masculinidades-los-hombres-dominantes-017-t4\\\/&quot;,&quot;src&quot;:&quot;https:\\\/\\\/op3.dev\\\/e\\\/archive.org\\\/download\\\/lv000\\\/17-masculinidades128-T4.mp3&quot;,&quot;featured&quot;:&quot;https:\\\/\\\/pachakamani.com\\\/atravesdelaventana\\\/wp-content\\\/uploads\\\/sites\\\/6\\\/2026\\\/01\\\/podcast-episode-image-44ba6485bc3a2bbf8db824ef0f7f36de.png&quot;,&quot;featured_id&quot;:802,&quot;mediatype&quot;:&quot;audio&quot;,&quot;season&quot;:4,&quot;categories&quot;:{&quot;podcast&quot;:&quot;Podcast&quot;,&quot;hombresdominantes&quot;:&quot;hombres dominantes&quot;,&quot;masculinidades&quot;:&quot;masculinidades&quot;,&quot;rolesdeg\\u00e9nero&quot;:&quot;roles de g\\u00e9nero&quot;,&quot;superioridadmasculina&quot;:&quot;superioridad masculina&quot;},&quot;duration&quot;:&quot;21:45&quot;,&quot;episodetype&quot;:&quot;full&quot;,&quot;timestamp&quot;:1750932000,&quot;key&quot;:&quot;e92ae7e5f92b5715884db4a352f195b1&quot;,&quot;fset&quot;:&quot;https:\\\/\\\/pachakamani.com\\\/atravesdelaventana\\\/wp-content\\\/uploads\\\/sites\\\/6\\\/2026\\\/01\\\/podcast-episode-image-44ba6485bc3a2bbf8db824ef0f7f36de.png 300w, https:\\\/\\\/pachakamani.com\\\/atravesdelaventana\\\/wp-content\\\/uploads\\\/sites\\\/6\\\/2026\\\/01\\\/podcast-episode-image-44ba6485bc3a2bbf8db824ef0f7f36de-150x150.png 150w&quot;,&quot;fratio&quot;:1},&quot;ppe-4209-2&quot;:{&quot;title&quot;:&quot;Denuncia de violencia y el rol de la Polic\\u00eda #7&quot;,&quot;description&quot;:&quot;&lt;h2 class=\\&quot;wp-block-heading\\&quot;&gt;&lt;strong&gt;Denuncia de violencia y el rol de la Polic\\u00eda&lt;\\\/strong&gt;: &lt;strong&gt;Procedimiento para una denuncia y las responsabilidades de la FELCV&lt;\\\/strong&gt;&lt;\\\/h2&gt;\\n&lt;blockquote class=\\&quot;wp-block-quote is-layout-flow wp-block-quote-is-layout-flow\\&quot;&gt;\\n&lt;p&gt;\\u00bfQu\\u00e9 hace la polic\\u00eda ante una denuncia de violencia a la mujer?&lt;\\\/p&gt;\\n&lt;\\\/blockquote&gt;\\n&lt;p&gt;El episodio explica los deberes que la polic\\u00eda desempe\\u00f1a cuando una mujer denuncia agresiones f\\u00edsicas. Se describe los procedimientos legales que deben realizarse para proteger la vida de las mujeres, sus hijos y familiares. La investigaci\\u00f3n de la denuncia por agresiones f\\u00edsicas tiene procedimientos distintos en funci\\u00f3n si la denuncia fue a horas del suceso o a d\\u00edas del suceso. Adem\\u00e1s se describe las pruebas que la polic\\u00eda debe reunir y que la v\\u00edctima puede aportar.&lt;\\\/p&gt;\\n&lt;p&gt;Con esta informaci\\u00f3n las victimas pueden exigir a la polic\\u00eda que cumplan los procedimientos y sobre todo protecci\\u00f3n.&lt;\\\/p&gt;\\n&lt;p class=\\&quot;has-text-align-right\\&quot;&gt;M.Sc. Gloria Villarroel Salgueiro&lt;\\\/p&gt;\\n&lt;h2 class=\\&quot;wp-block-heading\\&quot;&gt;\\u00a1Gracias por escuchar!&lt;\\\/h2&gt;\\n&lt;ul class=\\&quot;wp-block-list\\&quot;&gt;\\n&lt;li&gt;Esperamos tus comentarios, aportes o sugerencias mediante el correo electr\\u00f3nico&#160;&lt;a href=\\&quot;mailto:laventana@pachakamani.com\\&quot;&gt;laventana@pachakamani.com&lt;\\\/a&gt;.&lt;\\\/li&gt;\\n&lt;li&gt;Visita nuestro sitio web en&#160;&lt;a rel=\\&quot;noreferrer noopener\\&quot; href=\\&quot;https:\\\/\\\/pachakamani.com\\\/atravesdelaventana\\\/\\&quot; target=\\&quot;_blank\\&quot;&gt;pachakamani.com\\\/atravesdelaventana&lt;\\\/a&gt;&lt;\\\/li&gt;\\n&lt;li&gt;Este podcast en la&#160;&lt;a rel=\\&quot;noreferrer noopener\\&quot; href=\\&quot;https:\\\/\\\/www.youtube.com\\\/playlist?list=PLT7bMmaWGwzdJhF1wlD7wTuN-rGGIx9sf\\&quot; target=\\&quot;_blank\\&quot;&gt;Lista de Youtube&lt;\\\/a&gt;.&lt;\\\/li&gt;\\n&lt;li&gt;Escucha y comparte otros de nuestros proyectos en&#160;&lt;a rel=\\&quot;noreferrer noopener\\&quot; href=\\&quot;https:\\\/\\\/pachakamani.com\\\/\\&quot; target=\\&quot;_blank\\&quot;&gt;PachaKamani.com&lt;\\\/a&gt;.&lt;\\\/li&gt;\\n&lt;\\\/ul&gt;\\n&quot;,&quot;author&quot;:&quot;Gloria Villarroel | PachaKamani&quot;,&quot;date&quot;:&quot;12\\\/02\\\/2023&quot;,&quot;link&quot;:&quot;https:\\\/\\\/pachakamani.com\\\/atravesdelaventana\\\/denuncia-de-violencia-y-rol-de-la-policia-7\\\/&quot;,&quot;src&quot;:&quot;https:\\\/\\\/op3.dev\\\/e\\\/archive.org\\\/download\\\/lv000\\\/07-denuncia-violencia-rol-policia2.mp3&quot;,&quot;featured&quot;:&quot;https:\\\/\\\/pachakamani.com\\\/atravesdelaventana\\\/wp-content\\\/uploads\\\/sites\\\/6\\\/2023\\\/02\\\/07-Policia-300x300.png&quot;,&quot;featured_id&quot;:411,&quot;mediatype&quot;:&quot;audio&quot;,&quot;season&quot;:2,&quot;categories&quot;:{&quot;podcast&quot;:&quot;Podcast&quot;,&quot;denunciaviolencia&quot;:&quot;denuncia violencia&quot;,&quot;felcv&quot;:&quot;felcv&quot;,&quot;rolpolicia&quot;:&quot;rol policia&quot;},&quot;duration&quot;:&quot;13:32&quot;,&quot;episodetype&quot;:&quot;full&quot;,&quot;timestamp&quot;:1676218914,&quot;key&quot;:&quot;8de64ab4ce97befaddef188b728c1942&quot;,&quot;fset&quot;:&quot;&quot;,&quot;fratio&quot;:1},&quot;load_info&quot;:{&quot;loaded&quot;:2,&quot;displayed&quot;:10,&quot;offset&quot;:0,&quot;maxItems&quot;:2,&quot;src&quot;:&quot;c45e6407428fe4dbc01be061a9315cfe&quot;,&quot;step&quot;:10,&quot;sortby&quot;:&quot;sort_date_desc&quot;,&quot;filterby&quot;:&quot;7&quot;,&quot;fixed&quot;:&quot;&quot;,&quot;args&quot;:{&quot;imgurl&quot;:&quot;https:\\\/\\\/pachakamani.com\\\/atravesdelaventana\\\/wp-content\\\/uploads\\\/sites\\\/6\\\/2026\\\/01\\\/LOGO-la-ventana-2023-B-3000-pod.jpg&quot;,&quot;imgset&quot;:&quot;&quot;,&quot;display&quot;:&quot;&quot;,&quot;hddesc&quot;:0,&quot;hdfeat&quot;:0,&quot;oricov&quot;:&quot;https:\\\/\\\/pachakamani.com\\\/atravesdelaventana\\\/wp-content\\\/uploads\\\/sites\\\/6\\\/2026\\\/01\\\/LOGO-la-ventana-2023-B-3000-pod.jpg&quot;,&quot;elength&quot;:18}},&quot;rdata&quot;:{&quot;permalink&quot;:&quot;https:\\\/\\\/pachakamani.com\\\/atravesdelaventana\\\/wp-json\\\/wp\\\/v2\\\/articulo\\\/436&quot;,&quot;fprint&quot;:&quot;c45e6407428fe4dbc01be061a9315cfe&quot;,&quot;from&quot;:&quot;feedurl&quot;,&quot;elen&quot;:18,&quot;eunit&quot;:&quot;&quot;,&quot;teaser&quot;:&quot;&quot;,&quot;title&quot;:&quot;A trav\\u00e9s de la Ventana&quot;,&quot;autoplay&quot;:&quot;&quot;}}\"><div class=\"pp-podcast__wrapper\"><div class=\"pp-podcast__info pod-info\"><div class=\"pod-info__header pod-header\"><div class=\"pod-header__image\"><div class=\"pod-header__image-wrapper\"><img decoding=\"async\" class=\"podcast-cover-image\" src=\"https:\/\/pachakamani.com\/atravesdelaventana\/wp-content\/uploads\/sites\/6\/2026\/01\/LOGO-la-ventana-2023-B-3000-pod.jpg\" srcset=\"\" sizes=\"(max-width: 640px) 100vw, 25vw\" alt=\"A trav\u00e9s de la Ventana\"><\/div><span class=\"pod-header__image-style\" style=\"display: block; width: 100%; padding-top: 100%\"><\/div><div class=\"pod-header__items pod-items\"><div class=\"pod-items__title\">A trav\u00e9s de la Ventana<\/div><div class=\"pod-items__desc\"><p>\u00abA trav\u00e9s de la ventana\u00bb, es un espacio de conversaci\u00f3n con l@s involucrad@s en el tema de violencia contra la mujer. Se trata de compartir conocimientos y experiencias para analizar y desentra\u00f1ar esta problem\u00e1tica que nos lastima profundamente.  Gracias por seguir A trav\u00e9s de la ventana. https:\/\/pachakamani.com\/atravesdelaventana\/  #NoAlaViolencia  #PodcastBo La Paz \u2013 Bolivia. NF-PP<\/p>\n<\/div><\/div><\/div><\/div><div class=\"pp-podcast__content pod-content\"><div class=\"pp-podcast__single\"><div class=\"pp-podcast__player\"><div class=\"pp-player-episode\"><audio id=\"pp-podcast-4209-player\" preload=\"none\" class=\"pp-podcast-episode\" style=\"width: 100%;\" controls=\"controls\"><source type=\"audio\/mpeg\" src=\"https:\/\/op3.dev\/e\/archive.org\/download\/lv000\/17-masculinidades128-T4.mp3\" \/><\/audio><\/div><\/div><div class=\"pod-content__episode episode-single\"><button class=\"episode-single__close\" aria-expanded=\"false\" aria-label=\"Cerrar el episodio individual\"><span class=\"btn-icon-wrap\"><svg class=\"icon icon-pp-x\" aria-hidden=\"true\" role=\"img\" focusable=\"false\"><use href=\"#icon-pp-x\" xlink:href=\"#icon-pp-x\"><\/use><\/svg><\/span><\/button><div class=\"episode-single__wrapper\"><div class=\"episode-single__header\"><div class=\"episode-single__title\">Masculinidades, los hombres dominantes | #017-T4<\/div><div class=\"episode-single__author\"><span class=\"byname\">por<\/span><span class=\"single-author\">Gloria Villarroel | PachaKamani<\/span><\/div><\/div><div class=\"episode-single__description\"><p>Las masculinidades y feminidades se construyen socialmente, son roles de g\u00e9nero que fijan los comportamientos bajo normas, a veces estrictas. La masculinidad de los hombres dominantes se identifica por medio de indicadores de comportamiento, reflejan rasgos de control y superioridad masculina.<\/p><p>\ud83c\udfa7 Elige tu <strong><a href=\"https:\/\/episodes.fm\/1557279045\" target=\"_blank\" rel=\"noopener nofollow\" title=\"App favorita\">App favorita<\/a><\/strong> para escuchar este podcast \u25b6\ufe0f <a href=\"https:\/\/pod.link\/1557279045\" target=\"_blank\" rel=\"noopener nofollow\" title=\"\">AQU\u00cd<\/a>.<\/p><h3 class=\"wp-block-heading\">Contenido<\/h3><blockquote class=\"wp-block-quote is-layout-flow wp-block-quote-is-layout-flow\"><p>\u00bfC\u00f3mo se aprende la masculinidad dominante? Indicadores sociales.<\/p><\/blockquote><ul class=\"wp-block-list\"><li>La autoridad masculina, los jefes de familia<\/li><li>El Hombre proveedor<\/li><li>El \u201cDon\u201d masculino para las relaciones sociales<\/li><li>Machismo y masculinidad<\/li><li>Misoginia sistem\u00e1tica<\/li><li>Prejuicio Homof\u00f3bico<\/li><li>La sexualidad y la prueba de virilidad<\/li><li>Servicio militar<\/li><li>Estereotipos de g\u00e9nero en los medios<\/li><li>La pedagog\u00eda tradicional<\/li><li>Estereotipos en la m\u00fasica<\/li><li>Manifestaciones p\u00fablicas y fiestas<\/li><li>Los roles laborales desiguales<\/li><li>Interpretaciones religiosas de sumisi\u00f3n<\/li><li>\u00bfQu\u00e9 medidas podemos tomar para romper estas barreras?<\/li><\/ul><h2 class=\"wp-block-heading\">\u00a1Gracias por escuchar!<\/h2><ul class=\"wp-block-list\"><li>Lista de <a href=\"https:\/\/pachakamani.com\/atravesdelaventana\/instituciones-ayuda-mujer-bolivia\/\" target=\"_blank\" rel=\"noreferrer noopener\">Instituciones de ayuda a la mujer en Bolivia<\/a><\/li><li>Danos tus comentarios, aportes o sugerencias al correo electr\u00f3nico&#160;<a href=\"mailto:laventana@pachakamani.com\">laventana@pachakamani.com<\/a>.<\/li><li>Visita nuestro sitio web en&#160;<a rel=\"noreferrer noopener\" href=\"https:\/\/pachakamani.com\/atravesdelaventana\/\" target=\"_blank\">pachakamani.com\/atravesdelaventana<\/a><\/li><li>Este podcast en&#160;<a href=\"https:\/\/www.youtube.com\/playlist?list=PLT7bMmaWGwzdJhF1wlD7wTuN-rGGIx9sf\" target=\"_blank\" rel=\"noreferrer noopener\">Youtube<\/a>.<\/li><li>\u00abA trav\u00e9s de la Ventana\u00bb es un podcast del colectivo&#160;<a href=\"https:\/\/pachakamani.com\/\" target=\"_blank\" rel=\"noreferrer noopener\">PachaKamani<\/a>&#160;en coproducci\u00f3n con&#160;<a href=\"https:\/\/kamaniaudio.com\/\" target=\"_blank\" rel=\"noreferrer noopener\">Kamani Audio<\/a>.<\/li><\/ul><p>Ay\u00fadanos compartiendo este podcast en tu red social preferida:<\/p><\/div><\/div><div class=\"ppjs__img-wrapper \"><div class=\"ppjs__img-btn-cover\"><img decoding=\"async\" class=\"ppjs__img-btn\" src=\"https:\/\/pachakamani.com\/atravesdelaventana\/wp-content\/uploads\/sites\/6\/2026\/01\/podcast-episode-image-44ba6485bc3a2bbf8db824ef0f7f36de.png\" srcset=\"https:\/\/pachakamani.com\/atravesdelaventana\/wp-content\/uploads\/sites\/6\/2026\/01\/podcast-episode-image-44ba6485bc3a2bbf8db824ef0f7f36de.png 300w, https:\/\/pachakamani.com\/atravesdelaventana\/wp-content\/uploads\/sites\/6\/2026\/01\/podcast-episode-image-44ba6485bc3a2bbf8db824ef0f7f36de-150x150.png 150w\" sizes=\"(max-width: 640px) 100vw, 300px\" alt=\"Masculinidades, los hombres dominantes | #017-T4\"><\/div><div><span class=\"ppjs__img-btn-style\" style=\"display: block; width: 100%; padding-top: 100%\"><\/div><\/div><\/div><\/div><div class=\"pod-content__list episode-list\"><div class=\"episode-list__filters\"><div class=\"episode-list__search\"><label class=\"label-episode-search\"><span class=\"ppjs__offscreen\">Buscar episodios<\/span><input type=\"text\" placeholder=\"Buscar episodios\" title=\"Buscar episodios de p\u00f3dcast\"\/><\/label><span class=\"episode-list__search-icon\"><svg class=\"icon icon-pp-search\" aria-hidden=\"true\" role=\"img\" focusable=\"false\"><use href=\"#icon-pp-search\" xlink:href=\"#icon-pp-search\"><\/use><\/svg><\/span><\/div><button class=\"episode-list__clear-search pod-button\"><svg class=\"icon icon-pp-x\" aria-hidden=\"true\" role=\"img\" focusable=\"false\"><use href=\"#icon-pp-x\" xlink:href=\"#icon-pp-x\"><\/use><\/svg><span class=\"ppjs__offscreen\">Vaciar la b\u00fasqueda<\/span><\/button><\/div><div class=\"episode-list__wrapper\">\n<div id=\"ppe-4209-1\" class=\"episode-list__entry pod-entry\" data-search-term=\"masculinidades, los hombres dominantes | #017-t4\" data-cats=\"podcast hombresdominantes masculinidades rolesdeg\u00e9nero superioridadmasculina s-4\">\n\t<div class=\"pod-entry__wrapper\">\n\t\t<div class=\"pod-entry__content\">\n\t\t\t<div class=\"pod-entry__title\">\n\t\t\t\t<a href=\"https:\/\/pachakamani.com\/atravesdelaventana\/masculinidades-los-hombres-dominantes-017-t4\/\">Masculinidades, los hombres dominantes | #017-T4<\/a>\n\t\t\t<\/div>\n\t\t\t<div class=\"pod-entry__date\">26\/06\/2025<\/div>\n\t\t\t\t\t\t\t<div class=\"pod-entry__author\">Gloria Villarroel | PachaKamani<\/div>\n\t\t\t\t\t<\/div>\n\t<\/div>\n<\/div>\n\n<div id=\"ppe-4209-2\" class=\"episode-list__entry pod-entry\" data-search-term=\"denuncia de violencia y el rol de la polic\u00eda #7\" data-cats=\"podcast denunciaviolencia felcv rolpolicia s-2\">\n\t<div class=\"pod-entry__wrapper\">\n\t\t<div class=\"pod-entry__content\">\n\t\t\t<div class=\"pod-entry__title\">\n\t\t\t\t<a href=\"https:\/\/pachakamani.com\/atravesdelaventana\/denuncia-de-violencia-y-rol-de-la-policia-7\/\">Denuncia de violencia y el rol de la Polic\u00eda #7<\/a>\n\t\t\t<\/div>\n\t\t\t<div class=\"pod-entry__date\">12\/02\/2023<\/div>\n\t\t\t\t\t\t\t<div class=\"pod-entry__author\">Gloria Villarroel | PachaKamani<\/div>\n\t\t\t\t\t<\/div>\n\t<\/div>\n<\/div>\n<div class=\"episode-list__search-results episode-search\"><span class=\"ppjs__offscreen\">Marcador de posici\u00f3n de resultados de b\u00fasqueda<\/span><\/div><\/div><\/div><div class=\"ppjs__list-reveal\"><div class=\"ppjs__button\"><button class=\"pp-prev-btn\"><span class=\"ppjs__offscreen\">Episodio anterior<\/span><span class=\"btn-icon-wrap\"><svg class=\"icon icon-pp-previous\" aria-hidden=\"true\" role=\"img\" focusable=\"false\"><use href=\"#icon-pp-previous\" xlink:href=\"#icon-pp-previous\"><\/use><\/svg><\/span><\/button><\/div><div class=\"ppjs__button\"><button class=\"pp-list-btn\"><span class=\"ppjs__offscreen\">Mostrar la lista de episodios<\/span><span class=\"btn-icon-wrap\"><svg class=\"icon icon-pp-show-list\" aria-hidden=\"true\" role=\"img\" focusable=\"false\"><use href=\"#icon-pp-show-list\" xlink:href=\"#icon-pp-show-list\"><\/use><\/svg><svg class=\"icon icon-pp-hide-list\" aria-hidden=\"true\" role=\"img\" focusable=\"false\"><use href=\"#icon-pp-hide-list\" xlink:href=\"#icon-pp-hide-list\"><\/use><\/svg><\/span><\/button><\/div><div class=\"ppjs__button\"><button class=\"pp-next-btn\"><span class=\"ppjs__offscreen\">Siguiente episodio<\/span><span class=\"btn-icon-wrap\"><svg class=\"icon icon-pp-next\" aria-hidden=\"true\" role=\"img\" focusable=\"false\"><use href=\"#icon-pp-next\" xlink:href=\"#icon-pp-next\"><\/use><\/svg><\/span><\/button><\/div><\/div><\/div><\/div><div class=\"pod-content__launcher pod-launch\"><button class=\"pod-launch__button pod-launch__info pod-button\" aria-expanded=\"false\"><span class=\"ppjs__offscreen\">Mostrar la informaci\u00f3n del p\u00f3dcast<\/span><span class=\"btn-icon-wrap\"><svg class=\"icon icon-pp-podcast\" aria-hidden=\"true\" role=\"img\" focusable=\"false\"><use href=\"#icon-pp-podcast\" xlink:href=\"#icon-pp-podcast\"><\/use><\/svg><svg class=\"icon icon-pp-x\" aria-hidden=\"true\" role=\"img\" focusable=\"false\"><use href=\"#icon-pp-x\" xlink:href=\"#icon-pp-x\"><\/use><\/svg><\/span><\/button><\/div><\/div>\n\n\n<h3 class=\"wp-block-heading\">Tareas de la polic\u00eda durante la denuncia para al proceso judicial:&nbsp;<\/h3>\n\n\n\n<ul class=\"wp-block-list\">\n<li>Coordinar con la o el fiscal, las estrategias para la investigaci\u00f3n del caso.<\/li>\n\n\n\n<li>Proporcionar al fiscal datos y elementos de convicci\u00f3n necesarios para la imputaci\u00f3n; solicitud de ampliaci\u00f3n de plazos, solicitud de rebeld\u00eda, sustentar acusaci\u00f3n, etc.<\/li>\n\n\n\n<li>Recabar certificaciones, informes, elementos probatorios.<\/li>\n\n\n\n<li>Ejecutar traslados del imputado detenido.<\/li>\n\n\n\n<li>Otros requeridos por la o el fiscal.<\/li>\n<\/ul>\n\n\n\n<p>Existen otras acciones que la polic\u00eda deber\u00e1 realizar que surjan en el camino seg\u00fan la particularidad de cada caso, en general estas son las que figuran en la ley 348. Posteriormente cuando el proceso pasa a la fiscal\u00eda la polic\u00eda a\u00fan tiene deberes que cumplir, deberes que el fiscal le indique.<\/p>\n\n\n\n<p>Para recibir novedades mensuales, s\u00famate gratis al <a href=\"https:\/\/pachakamani.com\/correo\/\" data-type=\"link\" data-id=\"https:\/\/pachakamani.com\/correo\/\">Bolet\u00edn PachaKamani<\/a> y comparte esta informaci\u00f3n a quien los necesite.\u00a0<\/p>\n\n\n\n<h2 class=\"wp-block-heading\">Bibliograf\u00eda&nbsp;<\/h2>\n\n\n\n<p>Comit\u00e9 Impulsor de la Agenda Legislativa desde las Mujeres. Acceso a la justicia para mujeres en situaci\u00f3n de violencia. Gr\u00e1fica Holding S.R.L. La Paz \u2013 Bolivia, 2013.<\/p>\n","protected":false},"excerpt":{"rendered":"<p>Este documento\u00a0 trata del procedimiento de denuncia de violencia y las acciones que las diferentes instancias de atenci\u00f3n deben otorgar a la mujer como la FELCV, las EPIs. Existen denuncias que se encaminan por conducto penal o administrativo, el procedimiento por v\u00eda penal con la actuaci\u00f3n de la polic\u00eda es la que se tratara con puntualidad.<br \/>\nLa fuente para el an\u00e1lisis de este art\u00edculo es el documento Acceso a la justicia para mujeres en situaci\u00f3n de violencia elaborado por el Comit\u00e9 Impulsor de la Agenda Legislativa desde las Mujeres.\u00a0<\/p>\n","protected":false},"author":6,"featured_media":438,"comment_status":"open","ping_status":"open","template":"","meta":{"_uag_custom_page_level_css":"","site-sidebar-layout":"default","site-content-layout":"","ast-site-content-layout":"default","site-content-style":"default","site-sidebar-style":"default","ast-global-header-display":"","ast-banner-title-visibility":"","ast-main-header-display":"","ast-hfb-above-header-display":"","ast-hfb-below-header-display":"","ast-hfb-mobile-header-display":"","site-post-title":"disabled","ast-breadcrumbs-content":"","ast-featured-img":"disabled","footer-sml-layout":"","ast-disable-related-posts":"","theme-transparent-header-meta":"","adv-header-id-meta":"","stick-header-meta":"","header-above-stick-meta":"","header-main-stick-meta":"","header-below-stick-meta":"","astra-migrate-meta-layouts":"set","ast-page-background-enabled":"default","ast-page-background-meta":{"desktop":{"background-color":"","background-image":"","background-repeat":"repeat","background-position":"center center","background-size":"auto","background-attachment":"scroll","background-type":"","background-media":"","overlay-type":"","overlay-color":"","overlay-opacity":"","overlay-gradient":""},"tablet":{"background-color":"","background-image":"","background-repeat":"repeat","background-position":"center center","background-size":"auto","background-attachment":"scroll","background-type":"","background-media":"","overlay-type":"","overlay-color":"","overlay-opacity":"","overlay-gradient":""},"mobile":{"background-color":"","background-image":"","background-repeat":"repeat","background-position":"center center","background-size":"auto","background-attachment":"scroll","background-type":"","background-media":"","overlay-type":"","overlay-color":"","overlay-opacity":"","overlay-gradient":""}},"ast-content-background-meta":{"desktop":{"background-color":"var(--ast-global-color-5)","background-image":"","background-repeat":"repeat","background-position":"center center","background-size":"auto","background-attachment":"scroll","background-type":"","background-media":"","overlay-type":"","overlay-color":"","overlay-opacity":"","overlay-gradient":""},"tablet":{"background-color":"var(--ast-global-color-5)","background-image":"","background-repeat":"repeat","background-position":"center center","background-size":"auto","background-attachment":"scroll","background-type":"","background-media":"","overlay-type":"","overlay-color":"","overlay-opacity":"","overlay-gradient":""},"mobile":{"background-color":"var(--ast-global-color-5)","background-image":"","background-repeat":"repeat","background-position":"center center","background-size":"auto","background-attachment":"scroll","background-type":"","background-media":"","overlay-type":"","overlay-color":"","overlay-opacity":"","overlay-gradient":""}},"slim_seo":{"facebook_image":"https:\/\/pachakamani.com\/atravesdelaventana\/wp-content\/uploads\/sites\/6\/2023\/10\/funciones-felcv.png","twitter_image":"https:\/\/pachakamani.com\/atravesdelaventana\/wp-content\/uploads\/sites\/6\/2023\/10\/funciones-felcv.png","title":"Procedimiento de denuncia y funciones de la FELCV - A trav\u00e9s de la Ventana","description":"Este documento\u00a0 trata del procedimiento de denuncia de violencia y las acciones que las diferentes instancias de atenci\u00f3n deben otorgar a la mujer como la FELCV"}},"categories":[21],"tags":[20,18,10],"class_list":["post-436","articulo","type-articulo","status-publish","has-post-thumbnail","hentry","category-articulo","tag-justicia","tag-ley-348","tag-violencia-con-la-mujer"],"uagb_featured_image_src":{"full":["https:\/\/pachakamani.com\/atravesdelaventana\/wp-content\/uploads\/sites\/6\/2023\/10\/funciones-felcv.png",1920,1080,false],"thumbnail":["https:\/\/pachakamani.com\/atravesdelaventana\/wp-content\/uploads\/sites\/6\/2023\/10\/funciones-felcv-150x150.png",150,150,true],"medium":["https:\/\/pachakamani.com\/atravesdelaventana\/wp-content\/uploads\/sites\/6\/2023\/10\/funciones-felcv-300x169.png",300,169,true],"medium_large":["https:\/\/pachakamani.com\/atravesdelaventana\/wp-content\/uploads\/sites\/6\/2023\/10\/funciones-felcv-768x432.png",768,432,true],"large":["https:\/\/pachakamani.com\/atravesdelaventana\/wp-content\/uploads\/sites\/6\/2023\/10\/funciones-felcv-1024x576.png",1024,576,true],"1536x1536":["https:\/\/pachakamani.com\/atravesdelaventana\/wp-content\/uploads\/sites\/6\/2023\/10\/funciones-felcv-1536x864.png",1536,864,true],"2048x2048":["https:\/\/pachakamani.com\/atravesdelaventana\/wp-content\/uploads\/sites\/6\/2023\/10\/funciones-felcv-2048x1152.png",2048,1152,true]},"uagb_author_info":{"display_name":"Gloria Villarroel","author_link":"https:\/\/pachakamani.com\/atravesdelaventana\/author\/gloria\/"},"uagb_comment_info":8,"uagb_excerpt":"Este documento\u00a0 trata del procedimiento de denuncia de violencia y las acciones que las diferentes instancias de atenci\u00f3n deben otorgar a la mujer como la FELCV, las EPIs. Existen denuncias que se encaminan por conducto penal o administrativo, el procedimiento por v\u00eda penal con la actuaci\u00f3n de la polic\u00eda es la que se tratara con&hellip;","_links":{"self":[{"href":"https:\/\/pachakamani.com\/atravesdelaventana\/wp-json\/wp\/v2\/articulo\/436","targetHints":{"allow":["GET"]}}],"collection":[{"href":"https:\/\/pachakamani.com\/atravesdelaventana\/wp-json\/wp\/v2\/articulo"}],"about":[{"href":"https:\/\/pachakamani.com\/atravesdelaventana\/wp-json\/wp\/v2\/types\/articulo"}],"author":[{"embeddable":true,"href":"https:\/\/pachakamani.com\/atravesdelaventana\/wp-json\/wp\/v2\/users\/6"}],"replies":[{"embeddable":true,"href":"https:\/\/pachakamani.com\/atravesdelaventana\/wp-json\/wp\/v2\/comments?post=436"}],"wp:featuredmedia":[{"embeddable":true,"href":"https:\/\/pachakamani.com\/atravesdelaventana\/wp-json\/wp\/v2\/media\/438"}],"wp:attachment":[{"href":"https:\/\/pachakamani.com\/atravesdelaventana\/wp-json\/wp\/v2\/media?parent=436"}],"wp:term":[{"taxonomy":"category","embeddable":true,"href":"https:\/\/pachakamani.com\/atravesdelaventana\/wp-json\/wp\/v2\/categories?post=436"},{"taxonomy":"post_tag","embeddable":true,"href":"https:\/\/pachakamani.com\/atravesdelaventana\/wp-json\/wp\/v2\/tags?post=436"}],"curies":[{"name":"wp","href":"https:\/\/api.w.org\/{rel}","templated":true}]}}