{"id":402,"date":"2023-04-22T17:03:43","date_gmt":"2023-04-22T17:03:43","guid":{"rendered":"https:\/\/pachakamani.com\/atravesdelaventana\/?p=402"},"modified":"2026-01-26T02:27:25","modified_gmt":"2026-01-26T06:27:25","slug":"feminismo-por-igualdad-y-justicia","status":"publish","type":"articulo","link":"https:\/\/pachakamani.com\/atravesdelaventana\/articulo\/feminismo-por-igualdad-y-justicia\/","title":{"rendered":"Feminismo por igualdad y justicia"},"content":{"rendered":"\n<div class=\"wp-block-cover alignfull is-light\" style=\"min-height:472px;aspect-ratio:unset;\"><span aria-hidden=\"true\" class=\"wp-block-cover__background has-background-dim\"><\/span><img fetchpriority=\"high\" decoding=\"async\" width=\"1920\" height=\"1080\" class=\"wp-block-cover__image-background wp-image-418\" alt=\"\" src=\"https:\/\/pachakamani.com\/atravesdelaventana\/wp-content\/uploads\/sites\/6\/2023\/04\/Feminismo.jpg\" data-object-fit=\"cover\" srcset=\"https:\/\/pachakamani.com\/atravesdelaventana\/wp-content\/uploads\/sites\/6\/2023\/04\/Feminismo.jpg 1920w, https:\/\/pachakamani.com\/atravesdelaventana\/wp-content\/uploads\/sites\/6\/2023\/04\/Feminismo-300x169.jpg 300w, https:\/\/pachakamani.com\/atravesdelaventana\/wp-content\/uploads\/sites\/6\/2023\/04\/Feminismo-1024x576.jpg 1024w, https:\/\/pachakamani.com\/atravesdelaventana\/wp-content\/uploads\/sites\/6\/2023\/04\/Feminismo-768x432.jpg 768w, https:\/\/pachakamani.com\/atravesdelaventana\/wp-content\/uploads\/sites\/6\/2023\/04\/Feminismo-1536x864.jpg 1536w, https:\/\/pachakamani.com\/atravesdelaventana\/wp-content\/uploads\/sites\/6\/2023\/04\/Feminismo-2048x1152.jpg 2048w\" sizes=\"(max-width: 1920px) 100vw, 1920px\" \/><div class=\"wp-block-cover__inner-container is-layout-flow wp-block-cover-is-layout-flow\">\n<p class=\"has-text-align-center has-large-font-size\"><\/p>\n<\/div><\/div>\n\n\n\n<h1 class=\"wp-block-heading\">El feminismo por la igualdad y justicia<\/h1>\n\n\n\n<p>M. Sc. Gloria Villarroel Salgueiro<\/p>\n\n\n\n<h2 class=\"wp-block-heading\">La protesta es la \u00fanica manera de lograr un cambio.<\/h2>\n\n\n\n<p>Se desarrollar\u00e1 la historia de los movimientos feministas para contextualizarlos en la historia boliviana y finalmente hablar sobre los movimientos feministas actuales. Este art\u00edculo se apoya en la entrevista a una feminista del colectivo Ni una menos, ella es Alejandra quien describir\u00e1 desde su experiencia, la importancia de los colectivos feministas en la actualidad. La entrevista se realiz\u00f3 en marzo de 2021 despu\u00e9s que se realiz\u00f3 marchas en la ciudad de La Paz en oportunidad de la conmemoraci\u00f3n del d\u00eda de la mujer.&nbsp;<\/p>\n\n\n\n<p>El feminismo ha influenciado a la sociedad con logros importantes sobre el reconocimiento del rol de la mujer en la sociedad, ser feminista es un concepto amplio e hist\u00f3rico con una carga reivindicativa de derechos e igualdad que aun hoy contin\u00faan siendo los objetivos del movimiento.<\/p>\n\n\n\n<blockquote class=\"wp-block-quote is-layout-flow wp-block-quote-is-layout-flow\">\n<p>\u201cPara m\u00ed ser feminista\u2026es hacer justicia por las mujeres por todas nuestras ancestras es hacer justicia social por, por el hecho de ser solo mujer porque el hecho se ser solo mujer pareciera que es un crimen\u2026 ahora pareciera que estas en una posici\u00f3n muy muy insegura al ser mujer as\u00ed que para m\u00ed feminismo es luchar no solo por mis ancestras sanar todo el legado de violencia ancestral hacia todas las mujeres de antes, honrar tambi\u00e9n he\u2026 la lucha que han tenido todas las mujeres ya muchos a\u00f1os antes en Rusia con Rosa Luxemburg<sup><a href=\"\/\/obsidian.md\/index.html#fn-1-c4dac2271293a06c\" target=\"_blank\" rel=\"noreferrer noopener\">[1]<\/a><\/sup>, Sim\u00f3n de Beauvoir<sup><a href=\"\/\/obsidian.md\/index.html#fn-2-c4dac2271293a06c\" target=\"_blank\" rel=\"noreferrer noopener\">[2]<\/a><\/sup>&nbsp;en Francia he\u2026 reci\u00e9n nomas las argentinas aqu\u00ed cuando han despenalizado el aborto es tambi\u00e9n un forma de honrar la lucha de otras mujeres que han luchado tambi\u00e9n por nuestra causa y seguir su lucha y \u2026 luchar tambi\u00e9n por nuestras hijas no? porque si nosotras no hemos tenido ciertas cosas. A mi si alg\u00fan d\u00eda yo tengo una hija me gustar\u00eda que ella tenga los derechos que yo no he tenido o que ella no tenga miedo de decir lo que piensa&nbsp; o que ella no tenga miedo de decir\u2026 alg\u00fan familiar o amigo me ha tocado no? que se sienta segura y que no tenga miedo de ser mujer para m\u00ed eso es ser feminista\u201d. <\/p>\n<cite>(Alejandra. Colectivo Ni una menos)<\/cite><\/blockquote>\n\n\n\n<p>Se puede reconocer hitos hist\u00f3ricos marcados en la historia del feminismo, para ello se toma los art\u00edculos de Melissa Fern\u00e1ndes Chagoya investigadora social de CONACyT y de la Universidad del Claustro de Sor Juana y Patricia Galeana profesora de la Facultad de Filosof\u00eda y Letras de la UNAM.<\/p>\n\n\n\n<h2 class=\"wp-block-heading\">Primera ola del feminismo<\/h2>\n\n\n\n<p>En los siglos XVII y XVIII se evidenciaba una jerarqu\u00eda entre los sexos, donde los hombres ten\u00edan el control de la pol\u00edtica, la riqueza y la propiedad. Las teor\u00edas de la humanidad se concentraban en la superioridad de la raza europea sobre las colonias descubiertas. El termino humanidad en su variaci\u00f3n humano asociaba a los hombres, por ello la lucha de esta \u00e9poca fue el uso de los t\u00e9rminos humano y humana. En este siglo destacan los movimientos por el derecho al voto y la propiedad. Ejemplo de ello fueron los movimientos sufragistas Estados Unidos en 1848, en Europa en 1928, en M\u00e9xico en 1953.&nbsp;<\/p>\n\n\n\n<p>Durante este tiempo surgen, el movimiento marxista feminista contra la explotaci\u00f3n laboral y sexual de la mujer y el movimiento socialista feminista con Flora Tristan quien publica el libro Uni\u00f3n obrera, en el cual se reivindica la uni\u00f3n de mujeres y hombres obreros para lograr la igualdad.&nbsp;<\/p>\n\n\n\n<h2 class=\"wp-block-heading\">Segunda ola feminista<\/h2>\n\n\n\n<p>Es el debate de los roles de mujeres en los \u00e1mbitos de lo p\u00fablico y privado. Se \u201cdescubre\u201d el papel de la mujer en la familia y el trabajo, la explotaci\u00f3n, la violencia a la mujer en la familia. Los movimientos de mujeres logran se reconozca los derechos reproductivos y a no reproducirse.&nbsp;<\/p>\n\n\n\n<p>En este momento surgen los feminismos liberal con Betty Friedman para liberarse de las diferencias; el feminismo radical, es la lucha contra el patriarcado y la formaci\u00f3n de mujeres para la pol\u00edtica con Kate Millet; y el feminismo de la diferencia, que trae a discusi\u00f3n conceptos de equidad y la reflexi\u00f3n \u201clas mujeres diferentes ante los hombres pero iguales ante la ley\u201d.&nbsp;<\/p>\n\n\n\n<h2 class=\"wp-block-heading\">Tercera ola feminista&nbsp;<\/h2>\n\n\n\n<p>Se incentivan investigaciones acerca de la posici\u00f3n de la mujer en la sociedad se usa categor\u00edas de raza, clase sexualidad, edad, nacionalidad para conocer su situaci\u00f3n y condici\u00f3n en la sociedad, se construye el concepto de g\u00e9nero. En la tercera ola surgen los movimientos LBGTTTIT (L\u00e9sbico, gay, bisexual, transexual, transg\u00e9nero, travesti e intersexual) con fuerza en Dinamarca, primer pa\u00eds que en 1989 reconoce los derechos de la comunidad homosexual y da legalidad al matrimonio entre personas del mismo sexo. As\u00ed surgen nuevas terminolog\u00edas como la otredad, la multiplicidad de identidades culturales y el t\u00e9rmino de g\u00e9nero.&nbsp;<\/p>\n\n\n\n<p>Como se describe no hay un feminismo, existen feminismos cada cual con una directriz distinta, objetivos y reflexiones distintos.&nbsp;<\/p>\n\n\n\n<blockquote class=\"wp-block-quote is-layout-flow wp-block-quote-is-layout-flow\">\n<p>\u201cEl feminismo es como una es una gran rama de estudio es como\u2026&nbsp; a ver una persona que elige estudiar medicina estudia primero medicina general y de hay hace su especialidad porque le ha gustado m\u00e1s cierta rama o porque siente que puede desenvolverse mejor y puede ayudar m\u00e1s en esa rama, pienso que va por hay el feminismo m\u00e1s o menos heem\u2026 es un movimiento que si podemos en ciertas heem\u2026 tiene una base la violencia contra la mujer la libertad de las mujeres trans la libertad de las ni\u00f1as la libertad de las mujeres, las prostitutas por ejemplo hemm\u2026 pero\u2026 hay que hablar de todo no?\u201d<\/p>\n<cite>(Alejandra. Colectivo Ni una menos)<\/cite><\/blockquote>\n\n\n\n<h2 class=\"wp-block-heading\">Cuarta ola feminista<\/h2>\n\n\n\n<p>La lucha por la igualdad sigue en pie, emergen las tomas p\u00fablicas de espacios urbanos representativos en las ciudades para denunciar casos de injusticia. Son movimientos multitudinarios de mujeres autoconvocados que hacen presencia en las calles. Estos movimientos comienzan a hacer uso de las redes sociales y medios virtuales para comunicarse y difundir denuncias. As\u00ed se desencadena el movimiento &#8216;#metto&#8217; en el a\u00f1o 2017 que revela acoso sexual y abuso sexual a mujeres por parte de un productor cinematogr\u00e1fico Harvey Weinstein, el New York Times recibe m\u00e1s de 40 denuncias y se hace r\u00e9plica en M\u00e9xico.&nbsp;<\/p>\n\n\n\n<p>En diferentes sitios del mundo emergen movimientos de mujeres o colectivos feministas que son agrupaciones de mujeres cansadas de la injusticia. Se organizan para salir a protestar, defenderse y defender a otras mujeres en situaci\u00f3n de violencia y violaciones a las mujeres, ni\u00f1as y ni\u00f1os.&nbsp;<\/p>\n\n\n\n<p>En 2018 la marcha verde es un movimiento femenino que se distingue por el uso de un pa\u00f1uelo verde para destacar el reclamo contra la discriminaci\u00f3n, por los derechos sobre cuerpo de la mujer por la mujer y el aborto. En Argentina se logra la legalizaci\u00f3n del aborto en el a\u00f1o 2020.&nbsp;<\/p>\n\n\n\n<p>En Bolivia el activismo feminista transita un largo camino por la igualdad de objetivos de mujeres entre diferentes clases sociales. No hubo un acuerdo para dirigir un movimiento que unifique mujeres de distintos estratos sociales y econ\u00f3micos. Hubo distancias entre mujeres de clase alta y mujeres dirigentes de sindicatos obreros.&nbsp;<\/p>\n\n\n\n<p>Fue el Ateneo Femenino fundado en La Paz la primera organizaci\u00f3n de mujeres, liderado por Mar\u00eda Luisa S\u00e1nchez Bustamante en 1923. Esta organizaci\u00f3n persegu\u00eda el reconocimiento de los derechos civiles y pol\u00edticos, las mujeres sindicalistas persegu\u00edan reivindicaciones sociales laborales. Surge la frase \u201cel g\u00e9nero nos une, pero la clase nos divide\u201d. Actualmente la lucha y movimientos feministas dirigen su atenci\u00f3n a lograr&nbsp; justicia ante el incremento de feminicidios y violaciones. Se ha logrado representaci\u00f3n pol\u00edtica de porcentaje obligatorio y ocupaci\u00f3n de cargos p\u00fablicos de autoridad en el gobierno y partidos pol\u00edticos, pero definitivamente la violencia a la mujer no para y va en aumento.&nbsp;<\/p>\n\n\n\n<blockquote class=\"wp-block-quote is-layout-flow wp-block-quote-is-layout-flow\">\n<p>\u201cMujeres de la zona sur han empezado a protestar y ha habido incluso colectivos feministas que son de aqu\u00ed del centro que han repudiado todo esto porque dicen que una blanca jailona no puede ser feminista por el simple hecho de tener m\u00e1s privilegios econ\u00f3micos\u2026yo no creo eso sinceramente no creo eso\u2026pero s\u00ed creo que una mujer tal vez blanca de la zona sur no va tener los mismos abusos que una mujer que vive en las periferias o en el campo dondeee no s\u00e9\u2026 es muy habitual que el esposo viole a la mujer que el esposo pegue a la mujer, que la comunidad no diga no haga nada as\u00ed que no voy a decir sufren meenoos ni nada solamente voy a decir que la forma de violentar a estas mujeres es diferente, es completamente diferente, no podemos comparar porque no podemos comparar porque no podemos mezclarlas, ni si quiera las posiciones econ\u00f3micas. Nos est\u00e1 costando tanto como sociedad meter realmente\u2026 que haya una integridad de las personas que no haya tanta diferencia en cuanto a las posiciones econ\u00f3micas y si est\u00e1 habiendo tanta dificultad en general hay m\u00e1s dificultad a\u00fan en despolarizar eso en el colectivo feminista porque hay mujeres que s\u00ed por\u2026 por tal vez tener menos recursos est\u00e1n como que m\u00e1s expuestas pero eso no quiere decir que las otras mujeres no sufran no sean violentadas. Yo creo que es algo que&nbsp; tenemos que ser conscientes, vivimos en un pa\u00eds como Bolivia que tiene tanta diversidad tanta \u00e1rea rural\u2026yo creo que es necesario hacer estrategias distintas para\u2026 para cada mujer cada mujer es distinta cada he\u2026 he\u2026 para cada v\u00edctima creo que debe ser distinta cada persona tiene los momentos cada persona tiene cada vez m\u00e1s hay rabia cada persona es diferente es un mundo entero y yo creo que la idea de colectivo de estar ah\u00ed es apoyar a todas, independientemente de su color de piel, su posici\u00f3n econ\u00f3mica, no importa si no ponerse ah\u00ed en sus zapatos, eso es sororidad\u201d.<\/p>\n<cite>(Alejandra. Colectivo Ni una menos)<\/cite><\/blockquote>\n\n\n\n<p>Las protestas crecen no solo en Bolivia, las voces de las mujeres se escuchan con m\u00e1s fuerza. Los colectivos de protesta y ayuda a las&nbsp; mujeres en situaci\u00f3n de violencia y otras formas de agresi\u00f3n crecen porque la violencia no solo se ejerce en la misma familia, est\u00e1 en las calles, en la polic\u00eda que en vez de proteger viola a las mujeres. Est\u00e1 en la pol\u00edtica encubridora de sus autoridades agresoras a las mujeres. Est\u00e1 en la justicia a la cual se manipula por la libertad de los agresores y re victimiza a ni\u00f1as, ni\u00f1os y mujeres. Todo ello ha llevado a que el movimiento de defensa crezca y entre lucha y lucha logre presencia y se fortalezca.&nbsp;<\/p>\n\n\n\n<blockquote class=\"wp-block-quote is-layout-flow wp-block-quote-is-layout-flow\">\n<p>\u201c\u2026pero el problema es la impunidad, la impunidad y la corrupci\u00f3n que hay porque gracias a eso pueden meter sus influencias en que tengan no s\u00e9 familiares militares por ejemplo ya habido personas que gracias a eso han podido zafarse un poco de sus delitos no? pagando jueces este\u2026confundiendo a la v\u00edctima revictimizandola, son muchas maneras en las que como que las desv\u00edan a las chicas de sus denuncias cuando a ellas las ponen, as\u00ed yo creo que deber\u00eda haber como que m\u00e1s informaci\u00f3n, mucha m\u00e1s informaci\u00f3n sobre la ley y yo creo que deber\u00eda corregirse mucho m\u00e1s la ley, deber\u00eda ser mucho m\u00e1s estricta..\u201d (Alejandra. Colectivo Ni una menos)<\/p>\n<\/blockquote>\n\n\n\n<p>En el a\u00f1o 2019 en Chile el estribillo \u201cun violador en tu camino\u201d se replica en Nueva Delhi, M\u00e9xico y Bogota y es repetido en todo el mundo. Se convierte en el himno del movimiento de los colectivos feministas, entre otros. Es una composici\u00f3n de Nadya&nbsp; Tolokomnikova y que el colectivo feminista de Chile Las tesis. El estribillo se hizo conocer en el 2019 para conmemorar el D\u00eda internacional de la eliminaci\u00f3n de la violencia contra la mujer el 25 de noviembre. El colectivo ha logrado el reconocimiento por el Times como las personalidades m\u00e1s influyentes del 2020.&nbsp;<\/p>\n\n\n\n<blockquote class=\"wp-block-quote is-layout-flow wp-block-quote-is-layout-flow\">\n<p>\u201cAhora hemos demostrado que estando juntas y haciendo\u2026la uni\u00f3n es la fuerza, haciendo bola, haciendo presi\u00f3n y que vean que s\u00ed nos importa que nos importa y que estamos ah\u00ed y que ya no nos vamos a quedar calladas. Yo creo que ahora esa es la \u00fanica manera que vamos a lograr un cambio en la sociedad a gran impacto porque podemos agarrar y deshacer manifestaciones en plazas sin violencia sin\u2026 sin gritar solo haciendo baile no s\u00e9, pero qu\u00e9 va cambiar al hacer eso\u2026nada\u2026no va cambiar absolutamente nada\u2026as\u00ed que yo creo que es algo que en cada mujer tiene que haber, tiene su despertar yo creo que en esto, porque yo creo que todas las mujeres han sufrido si no es violencia es acoso o no han sido tomadas en serio, solo por ser mujeres a cuantas mujeres no conozco que les han rechazado un trabajo importante solo porque son mujeres\u201d. <\/p>\n<cite>(Alejandra. Colectivo Ni una menos)<\/cite><\/blockquote>\n\n\n\t\t\t<style type=\"text\/css\"><\/style>\n\t\t\t<div id=\"pp-podcast-5771\" class=\"pp-podcast has-header header-hidden has-featured modern special-style playerview media-audio\"  data-teaser=\"\" data-elength=\"24\" data-eunit=\"\" data-ppsdata=\"{&quot;ppe-5771-1&quot;:{&quot;title&quot;:&quot;\\u00bfPor qu\\u00e9 no hay justicia? #015&quot;,&quot;description&quot;:&quot;&lt;p&gt;En este episodio, exploraremos las &lt;strong&gt;razones detr\\u00e1s de la ineficacia del sistema de justicia&lt;\\\/strong&gt; en casos de violencia contra las mujeres en Bolivia. Analizaremos &lt;strong&gt;c\\u00f3mo diversas instituciones, como la salud, la polic\\u00eda, el trabajo y la educaci\\u00f3n, cumplen o incumplen sus deberes&lt;\\\/strong&gt; seg\\u00fan lo establecido por la &lt;strong&gt;Ley 348&lt;\\\/strong&gt;. Adem\\u00e1s, examinaremos los &lt;strong&gt;desaf\\u00edos que enfrentan las v\\u00edctimas de violencia&lt;\\\/strong&gt; y c\\u00f3mo se ve afectado el proceso de b\\u00fasqueda de justicia.&lt;\\\/p&gt;\\n&lt;p&gt;Este an\\u00e1lisis nos permite comprender por qu\\u00e9 el acceso a la justicia es tan dif\\u00edcil en casos de violencia contra las mujeres y c\\u00f3mo la corrupci\\u00f3n y la falta de recursos afectan negativamente a las v\\u00edctimas y al funcionamiento de los mecanismos de protecci\\u00f3n. La responsabilidad de cambiar esta estructura recae en las autoridades gubernamentales y requiere empat\\u00eda y el cumplimiento de las normativas vigentes.&lt;\\\/p&gt;\\n&lt;p&gt;\\ud83c\\udfa7 Elige tu &lt;strong&gt;&lt;a href=\\&quot;https:\\\/\\\/episodes.fm\\\/1557279045\\&quot; target=\\&quot;_blank\\&quot; rel=\\&quot;noopener nofollow\\&quot; title=\\&quot;App favorita\\&quot;&gt;App favorita&lt;\\\/a&gt;&lt;\\\/strong&gt; para escuchar este podcast \\u25b6\\ufe0f &lt;a href=\\&quot;https:\\\/\\\/pod.link\\\/1557279045\\&quot; target=\\&quot;_blank\\&quot; rel=\\&quot;noopener nofollow\\&quot; title=\\&quot;\\&quot;&gt;AQU\\u00cd&lt;\\\/a&gt;.&lt;\\\/p&gt;\\n&lt;h3 class=\\&quot;wp-block-heading\\&quot;&gt;Contenido&lt;\\\/h3&gt;\\n&lt;p&gt;An\\u00e1lisis del incumplimiento, logros y desaf\\u00edos, respecto de:&lt;\\\/p&gt;\\n&lt;ul class=\\&quot;wp-block-list\\&quot;&gt;\\n&lt;li&gt;Ministerio de Justicia&lt;\\\/li&gt;\\n&lt;li&gt;Ministerio de Salud&lt;\\\/li&gt;\\n&lt;li&gt;Ministerio de trabajo, empleo y previsi\\u00f3n social.&lt;\\\/li&gt;\\n&lt;li&gt;Ministerio de Educaci\\u00f3n y las Universidades&lt;\\\/li&gt;\\n&lt;li&gt;Ministerio P\\u00fablico&lt;\\\/li&gt;\\n&lt;li&gt;Polic\\u00eda Boliviana y FELCV&lt;\\\/li&gt;\\n&lt;\\\/ul&gt;\\n&lt;h3 class=\\&quot;wp-block-heading\\&quot;&gt;&lt;strong&gt;Referencias&lt;\\\/strong&gt;&lt;\\\/h3&gt;\\n&lt;p&gt;Informe defensorial: Estado de cumplimiento de las medidas de atenci\\u00f3n y protecci\\u00f3n a mujeres en situaci\\u00f3n de violencia en el marco de la Ley N\\u00b0 348. Defensor\\u00eda del Pueblo. 2018&lt;\\\/p&gt;\\n&lt;h2 class=\\&quot;wp-block-heading\\&quot;&gt;\\u00a1Gracias por escuchar!&lt;\\\/h2&gt;\\n&lt;ul class=\\&quot;wp-block-list\\&quot;&gt;\\n&lt;li&gt;Lista de &lt;a href=\\&quot;https:\\\/\\\/pachakamani.com\\\/atravesdelaventana\\\/instituciones-ayuda-mujer-bolivia\\\/\\&quot; target=\\&quot;_blank\\&quot; rel=\\&quot;noreferrer noopener\\&quot;&gt;Instituciones de ayuda a la mujer en Bolivia&lt;\\\/a&gt;&lt;\\\/li&gt;\\n&lt;li&gt;Danos tus comentarios, aportes o sugerencias al correo electr\\u00f3nico&#160;&lt;a href=\\&quot;mailto:laventana@pachakamani.com\\&quot;&gt;laventana@pachakamani.com&lt;\\\/a&gt;.&lt;\\\/li&gt;\\n&lt;li&gt;Visita nuestro sitio web en&#160;&lt;a rel=\\&quot;noreferrer noopener\\&quot; href=\\&quot;https:\\\/\\\/pachakamani.com\\\/atravesdelaventana\\\/\\&quot; target=\\&quot;_blank\\&quot;&gt;pachakamani.com\\\/atravesdelaventana&lt;\\\/a&gt;&lt;\\\/li&gt;\\n&lt;li&gt;Este podcast en&#160;&lt;a href=\\&quot;https:\\\/\\\/www.youtube.com\\\/playlist?list=PLT7bMmaWGwzdJhF1wlD7wTuN-rGGIx9sf\\&quot; target=\\&quot;_blank\\&quot; rel=\\&quot;noreferrer noopener\\&quot;&gt;Youtube&lt;\\\/a&gt;.&lt;\\\/li&gt;\\n&lt;li&gt;\\u00abA trav\\u00e9s de la Ventana\\u00bb es un podcast del colectivo&#160;&lt;a href=\\&quot;https:\\\/\\\/pachakamani.com\\\/\\&quot; target=\\&quot;_blank\\&quot; rel=\\&quot;noreferrer noopener\\&quot;&gt;PachaKamani&lt;\\\/a&gt;&#160;en coproducci\\u00f3n con&#160;&lt;a href=\\&quot;https:\\\/\\\/kamaniaudio.com\\\/\\&quot; target=\\&quot;_blank\\&quot; rel=\\&quot;noreferrer noopener\\&quot;&gt;Kamani Audio&lt;\\\/a&gt;.&lt;\\\/li&gt;\\n&lt;\\\/ul&gt;\\n&lt;p&gt;Ay\\u00fadanos compartiendo este podcast en tu red social preferida:&lt;\\\/p&gt;\\n&quot;,&quot;author&quot;:&quot;Gloria Villarroel | PachaKamani&quot;,&quot;date&quot;:&quot;06\\\/03\\\/2024&quot;,&quot;link&quot;:&quot;https:\\\/\\\/pachakamani.com\\\/atravesdelaventana\\\/por-que-no-hay-justicia-015\\\/&quot;,&quot;src&quot;:&quot;https:\\\/\\\/op3.dev\\\/e\\\/archive.org\\\/download\\\/lv000\\\/15-no-justicia.mp3&quot;,&quot;featured&quot;:&quot;https:\\\/\\\/pachakamani.com\\\/atravesdelaventana\\\/wp-content\\\/uploads\\\/sites\\\/6\\\/2026\\\/01\\\/podcast-episode-image-1cfb5513a99c75509d842c920e11c2cb.png&quot;,&quot;featured_id&quot;:804,&quot;mediatype&quot;:&quot;audio&quot;,&quot;season&quot;:3,&quot;categories&quot;:{&quot;podcast&quot;:&quot;Podcast&quot;,&quot;instituciones&quot;:&quot;instituciones&quot;,&quot;ley348&quot;:&quot;ley 348&quot;,&quot;ministerios&quot;:&quot;ministerios&quot;,&quot;policia&quot;:&quot;policia&quot;,&quot;sistemadejusticia&quot;:&quot;sistema de justicia&quot;,&quot;violenciaconlamujer&quot;:&quot;violencia con la mujer&quot;},&quot;duration&quot;:&quot;19:32&quot;,&quot;episodetype&quot;:&quot;full&quot;,&quot;timestamp&quot;:1709730929,&quot;key&quot;:&quot;8cffb76cff1ad11a587093251bc43053&quot;,&quot;fset&quot;:&quot;https:\\\/\\\/pachakamani.com\\\/atravesdelaventana\\\/wp-content\\\/uploads\\\/sites\\\/6\\\/2026\\\/01\\\/podcast-episode-image-1cfb5513a99c75509d842c920e11c2cb.png 300w, https:\\\/\\\/pachakamani.com\\\/atravesdelaventana\\\/wp-content\\\/uploads\\\/sites\\\/6\\\/2026\\\/01\\\/podcast-episode-image-1cfb5513a99c75509d842c920e11c2cb-150x150.png 150w&quot;,&quot;fratio&quot;:1},&quot;ppe-5771-2&quot;:{&quot;title&quot;:&quot;El Feminismo por la igualdad y justicia #005&quot;,&quot;description&quot;:&quot;&lt;p&gt;Este episodio aborda la historia del feminismo descrito en cuatro olas o hitos hist\\u00f3ricos. Se sigue como hilo conductor el construido por dos investigadoras Melissa Fern\\u00e1ndez Chagoya investigadora social de CONACyT y de la Universidad del Claustro de Sor Juana y Patricia Galeana profesora de la Facultad de Filosof\\u00eda y Letras de la UNAM. Estas olas tienen sus propias particularidades pero todas bajo la misma consigna igualdad y justicia.&lt;\\\/p&gt;\\n&lt;p&gt;El episodio contiene entrevistas a Alejandra del colectivo feminista \\u201cNi una menos\\u201d de La Paz en Bolivia. Ella es activista y comparte criterios que ayudan a entender el movimiento feminista organizado en varios colectivos de mujeres en Bolivia.&lt;\\\/p&gt;\\n&lt;p&gt;Las acciones de los colectivos se extienden a la ayuda jur\\u00eddica y psicol\\u00f3gica a mujeres en situaci\\u00f3n de violencia, violadas y familias cuyas hijas fueron v\\u00edctimas de feminicidio.&lt;\\\/p&gt;\\n&lt;p&gt;En el episodio tambi\\u00e9n se da importancia a los cantos y estribillos de protesta como el muy destacado \\u201cun violador en tu camino\\u201d. Para lo cual compartimos el audio registrado en la marcha realizada en La Paz, Bolivia.&lt;\\\/p&gt;\\n&lt;p&gt;Audio de Video incluido: &lt;a href=\\&quot;https:\\\/\\\/www.youtube.co\\\/\\&quot;&gt;https:\\\/\\\/www.youtube.co&lt;\\\/a&gt;&lt;a href=\\&quot;https:\\\/\\\/www.youtube.com\\\/watch?v=8crhBoDUuZE\\&quot;&gt; m\\\/watch?v=8crhBoDUuZE&lt;\\\/a&gt;&lt;\\\/p&gt;\\n&lt;h2 class=\\&quot;wp-block-heading\\&quot;&gt;\\u00a1Gracias por escuchar!&lt;\\\/h2&gt;\\n&lt;ul class=\\&quot;wp-block-list\\&quot;&gt;\\n&lt;li&gt;Esperamos tus comentarios, aportes o sugerencias mediante el correo electr\\u00f3nico&#160;&lt;a href=\\&quot;mailto:laventana@pachakamani.com\\&quot;&gt;laventana@pachakamani.com&lt;\\\/a&gt;.&lt;\\\/li&gt;\\n&lt;li&gt;Visita nuestro sitio web en&#160;&lt;a rel=\\&quot;noreferrer noopener\\&quot; href=\\&quot;https:\\\/\\\/pachakamani.com\\\/atravesdelaventana\\\/\\&quot; target=\\&quot;_blank\\&quot;&gt;pachakamani.com\\\/atravesdelaventana&lt;\\\/a&gt;&lt;\\\/li&gt;\\n&lt;li&gt;Este podcast en la &lt;a rel=\\&quot;noreferrer noopener\\&quot; href=\\&quot;https:\\\/\\\/www.youtube.com\\\/playlist?list=PLT7bMmaWGwzdJhF1wlD7wTuN-rGGIx9sf\\&quot; target=\\&quot;_blank\\&quot;&gt;Lista de Youtube&lt;\\\/a&gt;. &lt;\\\/li&gt;\\n&lt;li&gt;S\\u00edguenos en nuestras redes sociales:&lt;\\\/li&gt;\\n&lt;li&gt;Escucha y comparte otros de nuestros proyectos en&#160;&lt;a rel=\\&quot;noreferrer noopener\\&quot; href=\\&quot;https:\\\/\\\/pachakamani.com\\\/\\&quot; target=\\&quot;_blank\\&quot;&gt;PachaKamani.com&lt;\\\/a&gt;.&lt;\\\/li&gt;\\n&lt;\\\/ul&gt;\\n&quot;,&quot;author&quot;:&quot;Gloria Villarroel | PachaKamani&quot;,&quot;date&quot;:&quot;31\\\/12\\\/2021&quot;,&quot;link&quot;:&quot;https:\\\/\\\/pachakamani.com\\\/atravesdelaventana\\\/feminismo-igualdad-y-justicia\\\/&quot;,&quot;src&quot;:&quot;https:\\\/\\\/op3.dev\\\/e\\\/archive.org\\\/download\\\/lv000\\\/05-feminismo.mp3&quot;,&quot;featured&quot;:&quot;https:\\\/\\\/pachakamani.com\\\/atravesdelaventana\\\/wp-content\\\/uploads\\\/sites\\\/6\\\/2021\\\/12\\\/05-Feminismo-300x300.png&quot;,&quot;featured_id&quot;:0,&quot;mediatype&quot;:&quot;audio&quot;,&quot;season&quot;:1,&quot;categories&quot;:{&quot;podcast&quot;:&quot;Podcast&quot;,&quot;feminismo&quot;:&quot;feminismo&quot;,&quot;justicia&quot;:&quot;justicia&quot;},&quot;duration&quot;:&quot;18:39&quot;,&quot;episodetype&quot;:&quot;full&quot;,&quot;timestamp&quot;:1640972442,&quot;key&quot;:&quot;7b48a3479c2e5cde60e13d116064d40b&quot;,&quot;fset&quot;:&quot;&quot;,&quot;fratio&quot;:1},&quot;load_info&quot;:{&quot;loaded&quot;:2,&quot;displayed&quot;:1,&quot;offset&quot;:0,&quot;maxItems&quot;:2,&quot;src&quot;:&quot;c45e6407428fe4dbc01be061a9315cfe&quot;,&quot;step&quot;:1,&quot;sortby&quot;:&quot;sort_date_desc&quot;,&quot;filterby&quot;:&quot;5&quot;,&quot;fixed&quot;:&quot;&quot;,&quot;args&quot;:{&quot;imgurl&quot;:&quot;https:\\\/\\\/pachakamani.com\\\/atravesdelaventana\\\/wp-content\\\/uploads\\\/sites\\\/6\\\/2026\\\/01\\\/LOGO-la-ventana-2023-B-3000-pod.jpg&quot;,&quot;imgset&quot;:&quot;&quot;,&quot;display&quot;:&quot;modern&quot;,&quot;hddesc&quot;:0,&quot;hdfeat&quot;:0,&quot;oricov&quot;:&quot;https:\\\/\\\/pachakamani.com\\\/atravesdelaventana\\\/wp-content\\\/uploads\\\/sites\\\/6\\\/2026\\\/01\\\/LOGO-la-ventana-2023-B-3000-pod.jpg&quot;,&quot;elength&quot;:24}},&quot;rdata&quot;:{&quot;permalink&quot;:&quot;https:\\\/\\\/pachakamani.com\\\/atravesdelaventana\\\/wp-json\\\/wp\\\/v2\\\/articulo\\\/402&quot;,&quot;fprint&quot;:&quot;c45e6407428fe4dbc01be061a9315cfe&quot;,&quot;from&quot;:&quot;feedurl&quot;,&quot;elen&quot;:24,&quot;eunit&quot;:&quot;&quot;,&quot;teaser&quot;:&quot;&quot;,&quot;title&quot;:&quot;A trav\\u00e9s de la Ventana&quot;,&quot;autoplay&quot;:&quot;&quot;}}\"><div class=\"pp-podcast__wrapper\"><div class=\"pp-podcast__info pod-info\"><div class=\"pod-info__header pod-header\"><div class=\"pod-header__image\"><div class=\"pod-header__image-wrapper\"><img decoding=\"async\" class=\"podcast-cover-image\" src=\"https:\/\/pachakamani.com\/atravesdelaventana\/wp-content\/uploads\/sites\/6\/2026\/01\/LOGO-la-ventana-2023-B-3000-pod.jpg\" srcset=\"\" sizes=\"(max-width: 640px) 100vw, 25vw\" alt=\"A trav\u00e9s de la Ventana\"><\/div><span class=\"pod-header__image-style\" style=\"display: block; width: 100%; padding-top: 100%\"><\/div><div class=\"pod-header__items pod-items\"><div class=\"pod-items__title\">A trav\u00e9s de la Ventana<\/div><div class=\"pod-items__desc\"><p>\u00abA trav\u00e9s de la ventana\u00bb, es un espacio de conversaci\u00f3n con l@s involucrad@s en el tema de violencia contra la mujer. Se trata de compartir conocimientos y experiencias para analizar y desentra\u00f1ar esta problem\u00e1tica que nos lastima profundamente.  Gracias por seguir A trav\u00e9s de la ventana. https:\/\/pachakamani.com\/atravesdelaventana\/  #NoAlaViolencia  #PodcastBo La Paz \u2013 Bolivia. NF-PP<\/p>\n<\/div><div class=\"pod-items__navi-menu\"><a href=\"https:\/\/podcasts.apple.com\/bo\/podcast\/a-trav%C3%A9s-de-la-ventana\/id1557279045\" class=\"subscribe-item pp-badge apple-sub\" target=\"_blank\"><svg class=\"icon icon-pp-apple\" aria-hidden=\"true\" role=\"img\" focusable=\"false\"><use href=\"#icon-pp-apple\" xlink:href=\"#icon-pp-apple\"><\/use><\/svg><span class=\"sub-text\"><span class=\"sub-listen-text\">Esc\u00fachalo en:<\/span><span class=\"sub-item-text\">Apple Podcasts<\/span><\/span><\/a><a href=\"https:\/\/podcasts.google.com\/feed\/aHR0cHM6Ly9wYWNoYWthbWFuaS5jb20vYXRyYXZlc2RlbGF2ZW50YW5hL2ZlZWQvcG9kY2FzdA\" class=\"subscribe-item pp-badge google-sub\" target=\"_blank\"><svg class=\"icon icon-pp-google\" aria-hidden=\"true\" role=\"img\" focusable=\"false\"><use href=\"#icon-pp-google\" xlink:href=\"#icon-pp-google\"><\/use><\/svg><span class=\"sub-text\"><span class=\"sub-listen-text\">Esc\u00fachalo en:<\/span><span class=\"sub-item-text\"><span>Google <\/span><span style=\"font-weight: normal;\">P\u00f3dcast<\/span><\/span><\/span><\/a><a href=\"https:\/\/open.spotify.com\/show\/0WOBey0WWXh7UGZ5vx0WQN\" class=\"subscribe-item pp-badge spotify-sub\" target=\"_blank\"><span class=\"sub-text\"><span class=\"sub-listen-text\">Esc\u00fachalo en:<\/span><\/span><svg class=\"icon icon-pp-spotify\" aria-hidden=\"true\" role=\"img\" focusable=\"false\"><use href=\"#icon-pp-spotify\" xlink:href=\"#icon-pp-spotify\"><\/use><\/svg><span class=\"sub-text\"><span class=\"sub-item-text\">Spotify<\/span><\/span><\/a><a href=\"https:\/\/castbox.fm\/channel\/A-trav%C3%A9s-de-la-Ventana-id3909501?country=us\" class=\"subscribe-item pp-badge castbox-sub\" target=\"_blank\"><svg class=\"icon icon-pp-castbox\" aria-hidden=\"true\" role=\"img\" focusable=\"false\"><use href=\"#icon-pp-castbox\" xlink:href=\"#icon-pp-castbox\"><\/use><\/svg><span class=\"sub-text\"><span class=\"sub-listen-text\" style=\"font-size: 9px; font-weight: bold; text-transform: uppercase;\">Esc\u00fachalo en:<\/span><span class=\"sub-item-text\" style=\"font-size: 16px; color: #ff5300;\">Castbox<\/span><\/span><\/a><a href=\"https:\/\/podcastaddict.com\/podcast\/3274732\" class=\"subscribe-item pp-badge podcastaddict-sub\" target=\"_blank\"><svg class=\"icon icon-pp-podcastaddict\" aria-hidden=\"true\" role=\"img\" focusable=\"false\"><use href=\"#icon-pp-podcastaddict\" xlink:href=\"#icon-pp-podcastaddict\"><\/use><\/svg><span class=\"sub-text\"><span class=\"sub-listen-text\">Esc\u00fachalo en:<\/span><span class=\"sub-item-text\">Podcast Addict<\/span><\/span><\/a><\/div><\/div><\/div><\/div><div class=\"pp-podcast__content pod-content\"><div class=\"pp-podcast__single\"><div class=\"pp-podcast__player\"><div class=\"pp-player-episode\"><audio id=\"pp-podcast-5771-player\" preload=\"none\" class=\"pp-podcast-episode\" style=\"width: 100%;\" controls=\"controls\"><source type=\"audio\/mpeg\" src=\"https:\/\/op3.dev\/e\/archive.org\/download\/lv000\/15-no-justicia.mp3\" \/><\/audio><\/div><\/div><div class=\"pod-content__episode episode-single\"><button class=\"episode-single__close\" aria-expanded=\"false\" aria-label=\"Cerrar el episodio individual\"><span class=\"btn-icon-wrap\"><svg class=\"icon icon-pp-x\" aria-hidden=\"true\" role=\"img\" focusable=\"false\"><use href=\"#icon-pp-x\" xlink:href=\"#icon-pp-x\"><\/use><\/svg><\/span><\/button><div class=\"episode-single__wrapper\"><div class=\"episode-single__header\"><div class=\"episode-single__title\">\u00bfPor qu\u00e9 no hay justicia? #015<\/div><div class=\"episode-single__author\"><span class=\"byname\">por<\/span><span class=\"single-author\">Gloria Villarroel | PachaKamani<\/span><\/div><\/div><div class=\"episode-single__description\"><p>En este episodio, exploraremos las <strong>razones detr\u00e1s de la ineficacia del sistema de justicia<\/strong> en casos de violencia contra las mujeres en Bolivia. Analizaremos <strong>c\u00f3mo diversas instituciones, como la salud, la polic\u00eda, el trabajo y la educaci\u00f3n, cumplen o incumplen sus deberes<\/strong> seg\u00fan lo establecido por la <strong>Ley 348<\/strong>. Adem\u00e1s, examinaremos los <strong>desaf\u00edos que enfrentan las v\u00edctimas de violencia<\/strong> y c\u00f3mo se ve afectado el proceso de b\u00fasqueda de justicia.<\/p><p>Este an\u00e1lisis nos permite comprender por qu\u00e9 el acceso a la justicia es tan dif\u00edcil en casos de violencia contra las mujeres y c\u00f3mo la corrupci\u00f3n y la falta de recursos afectan negativamente a las v\u00edctimas y al funcionamiento de los mecanismos de protecci\u00f3n. La responsabilidad de cambiar esta estructura recae en las autoridades gubernamentales y requiere empat\u00eda y el cumplimiento de las normativas vigentes.<\/p><p>\ud83c\udfa7 Elige tu <strong><a href=\"https:\/\/episodes.fm\/1557279045\" target=\"_blank\" rel=\"noopener nofollow\" title=\"App favorita\">App favorita<\/a><\/strong> para escuchar este podcast \u25b6\ufe0f <a href=\"https:\/\/pod.link\/1557279045\" target=\"_blank\" rel=\"noopener nofollow\" title=\"\">AQU\u00cd<\/a>.<\/p><h3 class=\"wp-block-heading\">Contenido<\/h3><p>An\u00e1lisis del incumplimiento, logros y desaf\u00edos, respecto de:<\/p><ul class=\"wp-block-list\"><li>Ministerio de Justicia<\/li><li>Ministerio de Salud<\/li><li>Ministerio de trabajo, empleo y previsi\u00f3n social.<\/li><li>Ministerio de Educaci\u00f3n y las Universidades<\/li><li>Ministerio P\u00fablico<\/li><li>Polic\u00eda Boliviana y FELCV<\/li><\/ul><h3 class=\"wp-block-heading\"><strong>Referencias<\/strong><\/h3><p>Informe defensorial: Estado de cumplimiento de las medidas de atenci\u00f3n y protecci\u00f3n a mujeres en situaci\u00f3n de violencia en el marco de la Ley N\u00b0 348. Defensor\u00eda del Pueblo. 2018<\/p><h2 class=\"wp-block-heading\">\u00a1Gracias por escuchar!<\/h2><ul class=\"wp-block-list\"><li>Lista de <a href=\"https:\/\/pachakamani.com\/atravesdelaventana\/instituciones-ayuda-mujer-bolivia\/\" target=\"_blank\" rel=\"noreferrer noopener\">Instituciones de ayuda a la mujer en Bolivia<\/a><\/li><li>Danos tus comentarios, aportes o sugerencias al correo electr\u00f3nico&#160;<a href=\"mailto:laventana@pachakamani.com\">laventana@pachakamani.com<\/a>.<\/li><li>Visita nuestro sitio web en&#160;<a rel=\"noreferrer noopener\" href=\"https:\/\/pachakamani.com\/atravesdelaventana\/\" target=\"_blank\">pachakamani.com\/atravesdelaventana<\/a><\/li><li>Este podcast en&#160;<a href=\"https:\/\/www.youtube.com\/playlist?list=PLT7bMmaWGwzdJhF1wlD7wTuN-rGGIx9sf\" target=\"_blank\" rel=\"noreferrer noopener\">Youtube<\/a>.<\/li><li>\u00abA trav\u00e9s de la Ventana\u00bb es un podcast del colectivo&#160;<a href=\"https:\/\/pachakamani.com\/\" target=\"_blank\" rel=\"noreferrer noopener\">PachaKamani<\/a>&#160;en coproducci\u00f3n con&#160;<a href=\"https:\/\/kamaniaudio.com\/\" target=\"_blank\" rel=\"noreferrer noopener\">Kamani Audio<\/a>.<\/li><\/ul><p>Ay\u00fadanos compartiendo este podcast en tu red social preferida:<\/p><\/div><\/div><div class=\"ppjs__img-wrapper \"><div class=\"ppjs__img-btn-cover\"><img decoding=\"async\" class=\"ppjs__img-btn\" src=\"https:\/\/pachakamani.com\/atravesdelaventana\/wp-content\/uploads\/sites\/6\/2026\/01\/podcast-episode-image-1cfb5513a99c75509d842c920e11c2cb.png\" srcset=\"https:\/\/pachakamani.com\/atravesdelaventana\/wp-content\/uploads\/sites\/6\/2026\/01\/podcast-episode-image-1cfb5513a99c75509d842c920e11c2cb.png 300w, https:\/\/pachakamani.com\/atravesdelaventana\/wp-content\/uploads\/sites\/6\/2026\/01\/podcast-episode-image-1cfb5513a99c75509d842c920e11c2cb-150x150.png 150w\" sizes=\"(max-width: 640px) 100vw, 300px\" alt=\"\u00bfPor qu\u00e9 no hay justicia? #015\"><\/div><div><span class=\"ppjs__img-btn-style\" style=\"display: block; width: 100%; padding-top: 100%\"><\/div><\/div><\/div><\/div><div class=\"pod-content__list episode-list\"><div class=\"episode-list__filters\"><div class=\"episode-list__search\"><label class=\"label-episode-search\"><span class=\"ppjs__offscreen\">Buscar episodios<\/span><input type=\"text\" placeholder=\"Buscar episodios\" title=\"Buscar episodios de p\u00f3dcast\"\/><\/label><span class=\"episode-list__search-icon\"><svg class=\"icon icon-pp-search\" aria-hidden=\"true\" role=\"img\" focusable=\"false\"><use href=\"#icon-pp-search\" xlink:href=\"#icon-pp-search\"><\/use><\/svg><\/span><\/div><button class=\"episode-list__clear-search pod-button\"><svg class=\"icon icon-pp-x\" aria-hidden=\"true\" role=\"img\" focusable=\"false\"><use href=\"#icon-pp-x\" xlink:href=\"#icon-pp-x\"><\/use><\/svg><span class=\"ppjs__offscreen\">Vaciar la b\u00fasqueda<\/span><\/button><\/div><div class=\"episode-list__wrapper\">\n<div id=\"ppe-5771-1\" class=\"episode-list__entry pod-entry\" data-search-term=\"\u00bfpor qu\u00e9 no hay justicia? #015\" data-cats=\"podcast instituciones ley348 ministerios policia sistemadejusticia violenciaconlamujer s-3\" >\n\t<div class=\"pod-entry__wrapper\">\n\t\t<div class=\"pod-entry__content\">\n\t\t\t<a class=\"pod-entry__mplay\" href=\"#\">\n\t\t\t\t<span class=\"ppjs__offscreen\">Icono de reproducci\u00f3n de episodios<\/span>\n\t\t\t\t<svg class=\"icon icon-pp-play\" aria-hidden=\"true\" role=\"img\" focusable=\"false\"> <use href=\"#icon-pp-play\" xlink:href=\"#icon-pp-play\"><\/use> <\/svg>\t\t\t\t<svg class=\"icon icon-pp-pause\" aria-hidden=\"true\" role=\"img\" focusable=\"false\"> <use href=\"#icon-pp-pause\" xlink:href=\"#icon-pp-pause\"><\/use> <\/svg>\t\t\t<\/a>\n\t\t\t<div class=\"pod-entry__title\">\n\t\t\t\t<a href=\"https:\/\/pachakamani.com\/atravesdelaventana\/por-que-no-hay-justicia-015\/\">\u00bfPor qu\u00e9 no hay justicia? #015<\/a>\n\t\t\t<\/div>\n\t\t\t\t\t\t<a class=\"pod-entry__mscript\" href=\"#\">\n\t\t\t\t<span class=\"ppjs__offscreen\">Descripci\u00f3n del episodio<\/span>\n\t\t\t\t<svg class=\"icon icon-pp-text\" aria-hidden=\"true\" role=\"img\" focusable=\"false\"> <use href=\"#icon-pp-text\" xlink:href=\"#icon-pp-text\"><\/use> <\/svg>\t\t\t<\/a>\n\t\t\t\t\t<\/div>\n\t<\/div>\n<\/div>\n<div class=\"lm-button-wrapper\"><button class=\"episode-list__load-more\"><span>Cargar m\u00e1s<\/span><\/button><\/div><div class=\"episode-list__search-results episode-search\"><span class=\"ppjs__offscreen\">Marcador de posici\u00f3n de resultados de b\u00fasqueda<\/span><\/div><\/div><\/div><div class=\"ppjs__list-reveal\"><div class=\"ppjs__button\"><button class=\"pp-prev-btn\"><span class=\"ppjs__offscreen\">Episodio anterior<\/span><span class=\"btn-icon-wrap\"><svg class=\"icon icon-pp-previous\" aria-hidden=\"true\" role=\"img\" focusable=\"false\"><use href=\"#icon-pp-previous\" xlink:href=\"#icon-pp-previous\"><\/use><\/svg><\/span><\/button><\/div><div class=\"ppjs__button\"><button class=\"pp-list-btn\"><span class=\"ppjs__offscreen\">Mostrar la lista de episodios<\/span><span class=\"btn-icon-wrap\"><svg class=\"icon icon-pp-show-list\" aria-hidden=\"true\" role=\"img\" focusable=\"false\"><use href=\"#icon-pp-show-list\" xlink:href=\"#icon-pp-show-list\"><\/use><\/svg><svg class=\"icon icon-pp-hide-list\" aria-hidden=\"true\" role=\"img\" focusable=\"false\"><use href=\"#icon-pp-hide-list\" xlink:href=\"#icon-pp-hide-list\"><\/use><\/svg><\/span><\/button><\/div><div class=\"ppjs__button\"><button class=\"pp-next-btn\"><span class=\"ppjs__offscreen\">Siguiente episodio<\/span><span class=\"btn-icon-wrap\"><svg class=\"icon icon-pp-next\" aria-hidden=\"true\" role=\"img\" focusable=\"false\"><use href=\"#icon-pp-next\" xlink:href=\"#icon-pp-next\"><\/use><\/svg><\/span><\/button><\/div><\/div><\/div><\/div><div class=\"pod-content__launcher pod-launch\"><button class=\"pod-launch__button pod-launch__info pod-button\" aria-expanded=\"false\"><span class=\"ppjs__offscreen\">Mostrar la informaci\u00f3n del p\u00f3dcast<\/span><span class=\"btn-icon-wrap\"><svg class=\"icon icon-pp-podcast\" aria-hidden=\"true\" role=\"img\" focusable=\"false\"><use href=\"#icon-pp-podcast\" xlink:href=\"#icon-pp-podcast\"><\/use><\/svg><svg class=\"icon icon-pp-x\" aria-hidden=\"true\" role=\"img\" focusable=\"false\"><use href=\"#icon-pp-x\" xlink:href=\"#icon-pp-x\"><\/use><\/svg><\/span><\/button><\/div><\/div>\n\n\n<p>Para recibir novedades mensuales, s\u00famate gratis al Bolet\u00edn PachaKamani y comparte esta informaci\u00f3n a quien los necesite.&nbsp;<\/p>\n\n\n\n<h2 class=\"wp-block-heading\">Bibliograf\u00eda<\/h2>\n\n\n\n<p>Fern\u00e1ndez, Melissa Chagoya. Olas del feminismo: la perenne b\u00fasqueda de la igualdad. Revista de Filosof\u00eda del Colegio de Filosof\u00eda y Letras. UCSJ. M\u00e9xico 2017<\/p>\n\n\n\n<p>Galeana, Patricia. La cuarta ola del feminismo. Instituto Tecnol\u00f3gico Aut\u00f3nomo de M\u00e9xico. FOREIGN AFFAIRS Latinoam\u00e9rica. AMEI, Art\u00edculos, Asuntos Globales. 14 mayo, 2021.<\/p>\n\n\n\n<hr class=\"wp-block-separator has-alpha-channel-opacity\"\/>\n\n\n\n<ol class=\"wp-block-list\">\n<li>Fue una gran revolucionaria del siglo XX y&nbsp; fundadora de la corriente de pensamiento del socialismo democr\u00e1tico. Fund\u00f3 la liga de Spartacus, que m\u00e1s adelante se convertir\u00eda en el Partido Comunista Alem\u00e1n. Cre\u00eda en u cambio socialista internacional,&nbsp; en la que las masas obreras&nbsp; tomaran el poder. Naci\u00f3 en 1871 fallece en 1919.<a href=\"\/\/obsidian.md\/index.html#fnref-1-c4dac2271293a06c\" target=\"_blank\" rel=\"noreferrer noopener\">\u21a9\ufe0e<\/a><\/li>\n\n\n\n<li>Pensadora y novelista francesa, representante del movimiento existencialista ateo, personaje importante en la reivindicaci\u00f3n de los derechos de la mujer. Naci\u00f3 en 1908, fallece en 1986.&nbsp;<a rel=\"noreferrer noopener\" href=\"https:\/\/www.biografiasyvidas.com\/biografia\/b\/beauvoir.htm\" target=\"_blank\">https:\/\/www.biografiasyvidas.com\/biografia\/b\/beauvoir.htm<\/a><a href=\"\/\/obsidian.md\/index.html#fnref-2-c4dac2271293a06c\" target=\"_blank\" rel=\"noreferrer noopener\">\u21a9\ufe0e<\/a><\/li>\n<\/ol>\n","protected":false},"excerpt":{"rendered":"<p>Se desarrollar\u00e1 la historia de los movimientos feministas para contextualizarlos en la historia boliviana y finalmente hablar sobre los movimientos feministas actuales. Entrevista a Alejandra del colectivo Ni una menos.<\/p>\n","protected":false},"author":6,"featured_media":418,"comment_status":"open","ping_status":"open","template":"","meta":{"_uag_custom_page_level_css":"","site-sidebar-layout":"default","site-content-layout":"","ast-site-content-layout":"default","site-content-style":"default","site-sidebar-style":"default","ast-global-header-display":"","ast-banner-title-visibility":"","ast-main-header-display":"","ast-hfb-above-header-display":"","ast-hfb-below-header-display":"","ast-hfb-mobile-header-display":"","site-post-title":"disabled","ast-breadcrumbs-content":"","ast-featured-img":"disabled","footer-sml-layout":"","ast-disable-related-posts":"","theme-transparent-header-meta":"","adv-header-id-meta":"","stick-header-meta":"","header-above-stick-meta":"","header-main-stick-meta":"","header-below-stick-meta":"","astra-migrate-meta-layouts":"default","ast-page-background-enabled":"default","ast-page-background-meta":{"desktop":{"background-color":"","background-image":"","background-repeat":"repeat","background-position":"center center","background-size":"auto","background-attachment":"scroll","background-type":"","background-media":"","overlay-type":"","overlay-color":"","overlay-opacity":"","overlay-gradient":""},"tablet":{"background-color":"","background-image":"","background-repeat":"repeat","background-position":"center center","background-size":"auto","background-attachment":"scroll","background-type":"","background-media":"","overlay-type":"","overlay-color":"","overlay-opacity":"","overlay-gradient":""},"mobile":{"background-color":"","background-image":"","background-repeat":"repeat","background-position":"center center","background-size":"auto","background-attachment":"scroll","background-type":"","background-media":"","overlay-type":"","overlay-color":"","overlay-opacity":"","overlay-gradient":""}},"ast-content-background-meta":{"desktop":{"background-color":"var(--ast-global-color-5)","background-image":"","background-repeat":"repeat","background-position":"center center","background-size":"auto","background-attachment":"scroll","background-type":"","background-media":"","overlay-type":"","overlay-color":"","overlay-opacity":"","overlay-gradient":""},"tablet":{"background-color":"var(--ast-global-color-5)","background-image":"","background-repeat":"repeat","background-position":"center center","background-size":"auto","background-attachment":"scroll","background-type":"","background-media":"","overlay-type":"","overlay-color":"","overlay-opacity":"","overlay-gradient":""},"mobile":{"background-color":"var(--ast-global-color-5)","background-image":"","background-repeat":"repeat","background-position":"center center","background-size":"auto","background-attachment":"scroll","background-type":"","background-media":"","overlay-type":"","overlay-color":"","overlay-opacity":"","overlay-gradient":""}},"slim_seo":{"description":"La historia de los movimientos feministas para contextualizarlos en la historia boliviana y finalmente hablar sobre los movimientos feministas actuales.","title":"Feminismo por igualdad y justicia - A trav\u00e9s de la Ventana"}},"categories":[21],"tags":[19,36,20],"class_list":["post-402","articulo","type-articulo","status-publish","has-post-thumbnail","hentry","category-articulo","tag-feminismo","tag-igualdad","tag-justicia"],"uagb_featured_image_src":{"full":["https:\/\/pachakamani.com\/atravesdelaventana\/wp-content\/uploads\/sites\/6\/2023\/04\/Feminismo.jpg",1920,1080,false],"thumbnail":["https:\/\/pachakamani.com\/atravesdelaventana\/wp-content\/uploads\/sites\/6\/2023\/04\/Feminismo-150x150.jpg",150,150,true],"medium":["https:\/\/pachakamani.com\/atravesdelaventana\/wp-content\/uploads\/sites\/6\/2023\/04\/Feminismo-300x169.jpg",300,169,true],"medium_large":["https:\/\/pachakamani.com\/atravesdelaventana\/wp-content\/uploads\/sites\/6\/2023\/04\/Feminismo-768x432.jpg",768,432,true],"large":["https:\/\/pachakamani.com\/atravesdelaventana\/wp-content\/uploads\/sites\/6\/2023\/04\/Feminismo-1024x576.jpg",1024,576,true],"1536x1536":["https:\/\/pachakamani.com\/atravesdelaventana\/wp-content\/uploads\/sites\/6\/2023\/04\/Feminismo-1536x864.jpg",1536,864,true],"2048x2048":["https:\/\/pachakamani.com\/atravesdelaventana\/wp-content\/uploads\/sites\/6\/2023\/04\/Feminismo-2048x1152.jpg",2048,1152,true]},"uagb_author_info":{"display_name":"Gloria Villarroel","author_link":"https:\/\/pachakamani.com\/atravesdelaventana\/author\/gloria\/"},"uagb_comment_info":1,"uagb_excerpt":"Se desarrollar\u00e1 la historia de los movimientos feministas para contextualizarlos en la historia boliviana y finalmente hablar sobre los movimientos feministas actuales. Entrevista a Alejandra del colectivo Ni una menos.","_links":{"self":[{"href":"https:\/\/pachakamani.com\/atravesdelaventana\/wp-json\/wp\/v2\/articulo\/402","targetHints":{"allow":["GET"]}}],"collection":[{"href":"https:\/\/pachakamani.com\/atravesdelaventana\/wp-json\/wp\/v2\/articulo"}],"about":[{"href":"https:\/\/pachakamani.com\/atravesdelaventana\/wp-json\/wp\/v2\/types\/articulo"}],"author":[{"embeddable":true,"href":"https:\/\/pachakamani.com\/atravesdelaventana\/wp-json\/wp\/v2\/users\/6"}],"replies":[{"embeddable":true,"href":"https:\/\/pachakamani.com\/atravesdelaventana\/wp-json\/wp\/v2\/comments?post=402"}],"wp:featuredmedia":[{"embeddable":true,"href":"https:\/\/pachakamani.com\/atravesdelaventana\/wp-json\/wp\/v2\/media\/418"}],"wp:attachment":[{"href":"https:\/\/pachakamani.com\/atravesdelaventana\/wp-json\/wp\/v2\/media?parent=402"}],"wp:term":[{"taxonomy":"category","embeddable":true,"href":"https:\/\/pachakamani.com\/atravesdelaventana\/wp-json\/wp\/v2\/categories?post=402"},{"taxonomy":"post_tag","embeddable":true,"href":"https:\/\/pachakamani.com\/atravesdelaventana\/wp-json\/wp\/v2\/tags?post=402"}],"curies":[{"name":"wp","href":"https:\/\/api.w.org\/{rel}","templated":true}]}}