{"id":374,"date":"2023-03-03T17:44:06","date_gmt":"2023-03-03T17:44:06","guid":{"rendered":"https:\/\/pachakamani.com\/atravesdelaventana\/?p=374"},"modified":"2026-01-26T02:27:14","modified_gmt":"2026-01-26T06:27:14","slug":"ley-348-de-proteccion-a-las-mujeres-en-bolivia","status":"publish","type":"articulo","link":"https:\/\/pachakamani.com\/atravesdelaventana\/articulo\/ley-348-de-proteccion-a-las-mujeres-en-bolivia\/","title":{"rendered":"Ley 348 de protecci\u00f3n a las mujeres en Bolivia"},"content":{"rendered":"\n<div class=\"wp-block-cover alignfull\" style=\"min-height:550px;aspect-ratio:unset;\"><span aria-hidden=\"true\" class=\"wp-block-cover__background has-background-dim-10 has-background-dim\"><\/span><img fetchpriority=\"high\" decoding=\"async\" width=\"1024\" height=\"576\" class=\"wp-block-cover__image-background wp-image-380\" alt=\"\" src=\"https:\/\/pachakamani.com\/atravesdelaventana\/wp-content\/uploads\/sites\/6\/2023\/03\/Marco-ley-348-1024x576.png\" data-object-fit=\"cover\" srcset=\"https:\/\/pachakamani.com\/atravesdelaventana\/wp-content\/uploads\/sites\/6\/2023\/03\/Marco-ley-348-1024x576.png 1024w, https:\/\/pachakamani.com\/atravesdelaventana\/wp-content\/uploads\/sites\/6\/2023\/03\/Marco-ley-348-300x169.png 300w, https:\/\/pachakamani.com\/atravesdelaventana\/wp-content\/uploads\/sites\/6\/2023\/03\/Marco-ley-348-768x432.png 768w, https:\/\/pachakamani.com\/atravesdelaventana\/wp-content\/uploads\/sites\/6\/2023\/03\/Marco-ley-348.png 1040w\" sizes=\"(max-width: 1024px) 100vw, 1024px\" \/><div class=\"wp-block-cover__inner-container is-layout-flow wp-block-cover-is-layout-flow\">\n<p class=\"has-text-align-center has-large-font-size\"><\/p>\n<\/div><\/div>\n\n\n\n<hr class=\"wp-block-separator has-alpha-channel-opacity\"\/>\n\n\n\n<h2 class=\"wp-block-heading\">\u00bfSabes qu\u00e9 ley protege a las mujeres en Bolivia? Marco de la Ley 348<\/h2>\n\n\n\n<p class=\"has-text-align-right\">M. Sc. Gloria Villarroel Salgueiro<\/p>\n\n\n\n<blockquote class=\"wp-block-quote is-layout-flow wp-block-quote-is-layout-flow\">\n<p>El feminicidio es un crimen de lesa humanidad. \u00bfLa ley protege a las mujeres?<\/p>\n<\/blockquote>\n\n\n\n<p>Cada pa\u00eds debe implementar medidas de protecci\u00f3n para las mujeres a nivel mundial. En Bolivia, la Ley 348 o Ley Integral para Garantizar a las Mujeres una Vida libre de Violencia, fue creada como respuesta al aumento de la violencia, feminicidios e impunidad.<\/p>\n\n\n\n<blockquote class=\"wp-block-quote is-layout-flow wp-block-quote-is-layout-flow\">\n<p><em>Conocer las leyes, cualquiera que sea, te empodera, no dudes, inf\u00f3rmate.<\/em><\/p>\n<\/blockquote>\n\n\n\n<p>En respuesta al aumento de los casos de asesinatos de mujeres, el feminicidio fue categorizado como crimen de lesa humanidad en 2019, de acuerdo al Estatuto de Roma de la Corte Penal Internacional. Los delitos de lesa humanidad son considerados agravios a los derechos humanos fundamentales, es decir, a la vida y la humanidad en general. Es un ataque generalizado o sistem\u00e1tico contra una parte de la poblaci\u00f3n civil, en este caso a las mujeres.<\/p>\n\n\n\n<h2 class=\"wp-block-heading\">En Bolivia la violencia a la mujer es una prioridad nacional<\/h2>\n\n\n\n<p>El art\u00edculo 3 de la Ley 348, se propone erradicar la violencia hacia las mujeres y se considera una prioridad nacional, pero es necesario analizar su contenido, para entender el alcance de esta ley y comprobar si cumple con sus objetivos.<\/p>\n\n\n\n<p>La ley se extiende a tres \u00e1reas: territorial, personal y material. Es territorial porque se aplica en todo el territorio boliviano. Es personal porque no hay privilegios para ninguna persona se aplica a todos y todas. Es material ya que su aplicaci\u00f3n es preferente respecto a cualquier otra norma.<\/p>\n\n\n\n<p>La Ley 348 contiene cuatro acciones: prevenci\u00f3n, atenci\u00f3n, protecci\u00f3n y reparaci\u00f3n, y persecuci\u00f3n, que se reflejan en los derechos que otorga la mujer en situaci\u00f3n de violencia.<\/p>\n\n\n\n<h2 class=\"wp-block-heading\">Los derechos de la mujer en situaci\u00f3n de violencia<\/h2>\n\n\n\n<p>Los derechos que la ley, le da a la mujer cuando sufre violencia son:<\/p>\n\n\n\n<h3 class=\"wp-block-heading\">1. Denunciar<\/h3>\n\n\n\n<p>Cuando una mujer denuncia violencia, tiene derecho a recibir una respuesta efectiva. Las autoridades deben actuar de la siguiente manera:<\/p>\n\n\n\n<ul class=\"wp-block-list\">\n<li>Respetando y protegiendo la dignidad, la intimidad y los derechos de las mujeres en situaci\u00f3n de violencia.<\/li>\n\n\n\n<li>Evitando el contacto, confrontaci\u00f3n o cualquier tipo de proximidad entre la mujer y su agresor.<\/li>\n\n\n\n<li>Coordinar acciones con todas las instancias del sistema integral de atenci\u00f3n a mujeres.<\/li>\n\n\n\n<li>Evitando cualquier acci\u00f3n que pueda causar una revictimizaci\u00f3n.<\/li>\n<\/ul>\n\n\n\n<p>Veamos si en la pr\u00e1ctica se ejerce el derecho a denunciar.<\/p>\n\n\n\n<p>Presento los siguientes datos:<\/p>\n\n\n\n<p class=\"has-text-align-center\"><strong>Cuadro de cantidad de denuncias entre 2015 a 2018<\/strong><\/p>\n\n\n\n<figure class=\"wp-block-image aligncenter size-large is-resized\"><img decoding=\"async\" src=\"https:\/\/pachakamani.com\/atravesdelaventana\/wp-content\/uploads\/sites\/6\/2023\/03\/datos-1024x387.png\" alt=\"\" class=\"wp-image-378\" width=\"613\" height=\"231\" srcset=\"https:\/\/pachakamani.com\/atravesdelaventana\/wp-content\/uploads\/sites\/6\/2023\/03\/datos-1024x387.png 1024w, https:\/\/pachakamani.com\/atravesdelaventana\/wp-content\/uploads\/sites\/6\/2023\/03\/datos-300x113.png 300w, https:\/\/pachakamani.com\/atravesdelaventana\/wp-content\/uploads\/sites\/6\/2023\/03\/datos-768x290.png 768w, https:\/\/pachakamani.com\/atravesdelaventana\/wp-content\/uploads\/sites\/6\/2023\/03\/datos.png 1054w\" sizes=\"(max-width: 613px) 100vw, 613px\" \/><figcaption class=\"wp-element-caption\">Fuente: Informe Defensorial. 2018<\/figcaption><\/figure>\n\n\n\n<p>Haciendo un an\u00e1lisis, se observa que entre 2015 y 2017, la cantidad promedio de denuncias se mantuvo en 35,464. En 2018, hubo un descenso significativo a 15.572 denuncias. Es necesario conocer las razones de esta disminuci\u00f3n, ya que la interpretaci\u00f3n directa podr\u00eda ser que los casos de agresi\u00f3n disminuyeran. Sin embargo, al observar la cantidad de casos que obtuvieron una conclusi\u00f3n, se abre un abismo de inc\u00f3gnitas y sospechas. De los 112,933 casos totales de denuncias presentadas entre 2015 y 2018, solo 1,284 recibieron una conclusi\u00f3n.<\/p>\n\n\n\n<blockquote class=\"wp-block-quote is-layout-flow wp-block-quote-is-layout-flow\">\n<p><em>Aun con estos datos\u2026\u00a1NO TE CALLES!<\/em><\/p>\n<\/blockquote>\n\n\n\n<h3 class=\"wp-block-heading\">2. Recibir protecci\u00f3n<\/h3>\n\n\n\n<p>Toda mujer en situaci\u00f3n de violencia tiene derecho a recibir protecci\u00f3n de forma inmediata. Las medidas de protecci\u00f3n que se pueden tomar incluyen:<\/p>\n\n\n\n<ol class=\"wp-block-list\">\n<li>Ordenar la salida o desocupaci\u00f3n del agresor del domicilio conyugal o de la residencia de la mujer y ordenar la protecci\u00f3n policial de la mujer y de los integrantes de su familia<\/li>\n\n\n\n<li>Prohibir al agresor enajenar, hipotecar, prendar, disponer o cambiar la titularidad del derecho propietario de bienes muebles o inmuebles comunes.<\/li>\n\n\n\n<li>Prohibir al agresor acercarse, concurrir o ingresar al domicilio, lugar de trabajo o de estudios, domicilio de las y los ascendientes o descendientes, o cualquier otro espacio que frecuente la mujer que se encuentre en situaci\u00f3n de violencia.<\/li>\n\n\n\n<li>Restituir a la mujer al domicilio del cual hubiera sido alejada con violencia<\/li>\n\n\n\n<li>Se prohibir al agresor comunicarse, intimidar o molestar por cualquier medio, ya sea directamente o a trav\u00e9s de terceras personas, a la mujer que se encuentra en situaci\u00f3n de violencia, as\u00ed como a cualquier miembro de su familia.<\/li>\n\n\n\n<li>Tambi\u00e9n se debe prohibir acciones de intimidaci\u00f3n, amenazas o coacci\u00f3n a los testigos de los hechos de violencia.<\/li>\n<\/ol>\n\n\n\n<p>En caso de que el hecho de violencia est\u00e9 previsto en el ambiente laboral, se debe remover al agresor o acosador sexual del lugar de trabajo. Las medidas de protecci\u00f3n incluyen realizar un seguimiento a la mujer dentro de las 72 horas (tres d\u00edas) siguientes, con el fin de garantizar la eficacia de la protecci\u00f3n brindada a la mujer ya otras personas que est\u00e1n en riesgo.<\/p>\n\n\n\n<p>Respecto a las medidas de protecci\u00f3n, estas se deben otorgar cuando la v\u00edctima las solicita por escrito, para ella y sus dependientes. Si la mujer desconoce este procedimiento, no podr\u00e1 solicitarlo. Sin embargo, la ley establece que la investigaci\u00f3n debe seguirse de oficio.<\/p>\n\n\n\n<blockquote class=\"wp-block-quote is-layout-flow wp-block-quote-is-layout-flow\">\n<p><em>Exige a la polic\u00eda PROTECCI\u00d3N es su DEBER<\/em><\/p>\n<\/blockquote>\n\n\n\n<h3 class=\"wp-block-heading\">3. Investigar los actos<\/h3>\n\n\n\n<p>Las autoridades correspondientes deben iniciar la investigaci\u00f3n tan pronto como la v\u00edctima ponga la denuncia. En muchos casos, sin embargo, la investigaci\u00f3n no se inicia de oficio y se espera que la mujer proporcione pruebas o realice un seguimiento. Este procedimiento debe comenzar inmediatamente despu\u00e9s de la presentaci\u00f3n de la denuncia, pero en algunos casos, la investigaci\u00f3n no comienza hasta tres meses despu\u00e9s.<\/p>\n\n\n\n<p>Las primeras pruebas son el informe m\u00e9dico forense y el informe psicol\u00f3gico, si existen se incluye cartas, mensajes de texto, correos electr\u00f3nicos.<\/p>\n\n\n\n<p>Una vez presentada la denuncia, se realiza una evaluaci\u00f3n psicol\u00f3gica y se emite un certificado m\u00e9dico forense, ambos acompa\u00f1ados de un informe, documentos que deber\u00edan dar inicio a la investigaci\u00f3n. En muchos casos, sin embargo, la evaluaci\u00f3n psicol\u00f3gica puede tardar meses, lo que retrasa el proceso m\u00e1s all\u00e1 de lo que la ley establece. El tiempo que deber\u00eda tomar la recolecci\u00f3n de las pruebas es m\u00e1s o menos 8 d\u00edas.<\/p>\n\n\n\n<p>Cuando una v\u00edctima no hace seguimiento a su caso, \u00e9ste puede ser sobrese\u00eddo, lo que significa que el proceso es suspendido y terminado de forma definitiva por falta de pruebas o causas que justifican el proceso.<\/p>\n\n\n\n<p>A veces, aunque la v\u00edctima aporte pruebas, est\u00e1n desestimadas, lo que provoca que el caso se cierre a pesar de la existencia de un informe psicol\u00f3gico y un informe m\u00e9dico forense.<\/p>\n\n\n\n<p>Sin embargo, la desestimaci\u00f3n del caso solo es aplicable cuando se presenta una denuncia falsa. Si hay falta o negligencia en la investigaci\u00f3n, puede haber falta de pruebas, lo que lleva a la desestimaci\u00f3n y concluye el proceso con una sentencia absolutoria ejecutoriada. Si se desestima la denuncia, la v\u00edctima queda en indefensi\u00f3n, dando un mensaje claro a los agresores de que pueden continuar sus acciones.<\/p>\n\n\n\n<blockquote class=\"wp-block-quote is-layout-flow wp-block-quote-is-layout-flow\">\n<p><em>Si la polic\u00eda no investiga es NEGLIGENCIA\u2026<\/em><\/p>\n<\/blockquote>\n\n\n\n<h3 class=\"wp-block-heading\">4. Reparaci\u00f3n integral<\/h3>\n\n\n\n<p>B\u00e1sicamente se trata de atenci\u00f3n psicol\u00f3gica para ayudar a la mujer a reconstruir su personalidad y recuperar el sentido de s\u00ed misma despu\u00e9s de la agresi\u00f3n. De acuerdo con los est\u00e1ndares internacionales, la reparaci\u00f3n del da\u00f1o, seg\u00fan el art\u00edculo 72 de la Ley 348, implica devolver la situaci\u00f3n al estado en que se encontraba antes de que ocurriera la violencia.<\/p>\n\n\n\n<p>Se trata de rehabilitaci\u00f3n a trav\u00e9s de tratamientos psicol\u00f3gicos y m\u00e9dicos, entre otros, as\u00ed como de indemnizaciones o reparaciones econ\u00f3micas por p\u00e9rdida de bienes y p\u00e9rdida de ingresos o ganancias como resultado de la agresi\u00f3n.<\/p>\n\n\n\n<p>La reparaci\u00f3n comprende tambi\u00e9n la satisfacci\u00f3n y garant\u00edas de no repetici\u00f3n de la agresi\u00f3n contra la persona o sus bienes patrimoniales, tales como viviendas, autom\u00f3viles, comercios, etc.<\/p>\n\n\n\n<p>Teniendo en cuenta el n\u00famero de denuncias, los derechos de protecci\u00f3n e investigaci\u00f3n, solamente 1.284 mujeres de 112.933 ejercieron estos derechos, entre 2015 y 2018, lo que indica la necesidad de una mayor atenci\u00f3n<\/p>\n\n\n\n<p>La ley contempla la posibilidad de una conciliaci\u00f3n por \u00fanica vez, que debe ser promovida por la v\u00edctima, y \u200b\u200bqueda anulada en caso de reincidencia.<\/p>\n\n\n\n<p>Los derechos de las mujeres en situaci\u00f3n de violencia se encuentran respaldados por la ley, aunque existen algunos detalles importantes que requieren atenci\u00f3n para garantizar la aplicaci\u00f3n efectiva de estos derechos.<\/p>\n\n\n\n<p>Obtener los datos de denuncias de violencia contra la mujer para los a\u00f1os 2019 y 2020 es muy dif\u00edcil, ya que se dispone de m\u00e1s estad\u00edsticas de feminicidios y no se cuenta con un n\u00famero claro del total de casos de denuncias. Se sabe que en 2019 hubo 117 feminicidios y en 2020 hubo 113. El feminicidio es el acto culminante de un proceso sistem\u00e1tico de violencia. La denuncia es una se\u00f1al de alerta que ayuda a prevenir los feminicidios, lo que equivale a salvar las vidas de las mujeres, sus hijos y sus familias.<\/p>\n\n\n\n<p>Por lo tanto, es necesario e imperativo preguntarse y obtener respuestas sobre el n\u00famero real de casos denunciados, los que fueron desestimados, los que inicialmente fueron rechazados en la FELCV y en los SLIMs. Tambi\u00e9n se debe analizar la eficacia de la atenci\u00f3n en los primeros procedimientos de la denuncia y protecci\u00f3n.<\/p>\n\n\n\n<blockquote class=\"wp-block-quote is-layout-flow wp-block-quote-is-layout-flow\">\n<p><em>Reconstruirse una misma es un logro, te hace \u00a1UNA MUJER FUERTE!<\/em><\/p>\n<\/blockquote>\n\n\n\n<p>Visita la p\u00e1gina web pachakamani.com\/a trav\u00e9s de la ventana, para recibir novedades mensuales, suscr\u00edbete al canal y s\u00famate al Bolet\u00edn PachaKamani y comparte esta informaci\u00f3n a quien los necesite.<\/p>\n\n\n\n<iframe style=\"border-radius:12px\" src=\"https:\/\/open.spotify.com\/embed\/episode\/0sV29SmiCRDwL4ie87fgAm?utm_source=generator&#038;theme=0\" width=\"100%\" height=\"352\" frameBorder=\"0\" allowfullscreen=\"\" allow=\"autoplay; clipboard-write; encrypted-media; fullscreen; picture-in-picture\" loading=\"lazy\"><\/iframe>\n\n\n\n<h2 class=\"wp-block-heading\">Bibliograf\u00eda<\/h2>\n\n\n\n<p>Informe Defensorial: Estado de Cumplimiento de las Medidas de Atenci\u00f3n y Protecci\u00f3n a Mujeres en Situaci\u00f3n de Violencia en el Marco de la Ley N\u00b0 348. Defensor\u00eda del Pueblo. 2018.<\/p>\n\n\n\n<p>Bolet\u00edn de estado de situaci\u00f3n de las mujeres en Bolivia. Coordinadora de la Mujer. 2019.<\/p>\n\n\n\n<p>Comit\u00e9 Impulsor de la Agenda Legislativa desde las Mujeres. Acceso a la justicia para mujeres en situaci\u00f3n de violencia. Gr\u00e1fica Holding S.R.L. La Paz \u2013 Bolivia, 2013.<\/p>\n","protected":false},"excerpt":{"rendered":"<p>\u00bfSabes qu\u00e9 ley protege a las mujeres en Bolivia? Marco de la Ley 348. Conocer las leyes, te empodera, no dudes, inf\u00f3rmate.<\/p>\n","protected":false},"author":6,"featured_media":380,"comment_status":"open","ping_status":"open","template":"","meta":{"_uag_custom_page_level_css":"","site-sidebar-layout":"default","site-content-layout":"","ast-site-content-layout":"default","site-content-style":"default","site-sidebar-style":"default","ast-global-header-display":"","ast-banner-title-visibility":"","ast-main-header-display":"","ast-hfb-above-header-display":"","ast-hfb-below-header-display":"","ast-hfb-mobile-header-display":"","site-post-title":"disabled","ast-breadcrumbs-content":"","ast-featured-img":"disabled","footer-sml-layout":"","ast-disable-related-posts":"","theme-transparent-header-meta":"","adv-header-id-meta":"","stick-header-meta":"","header-above-stick-meta":"","header-main-stick-meta":"","header-below-stick-meta":"","astra-migrate-meta-layouts":"default","ast-page-background-enabled":"default","ast-page-background-meta":{"desktop":{"background-color":"","background-image":"","background-repeat":"repeat","background-position":"center center","background-size":"auto","background-attachment":"scroll","background-type":"","background-media":"","overlay-type":"","overlay-color":"","overlay-opacity":"","overlay-gradient":""},"tablet":{"background-color":"","background-image":"","background-repeat":"repeat","background-position":"center center","background-size":"auto","background-attachment":"scroll","background-type":"","background-media":"","overlay-type":"","overlay-color":"","overlay-opacity":"","overlay-gradient":""},"mobile":{"background-color":"","background-image":"","background-repeat":"repeat","background-position":"center center","background-size":"auto","background-attachment":"scroll","background-type":"","background-media":"","overlay-type":"","overlay-color":"","overlay-opacity":"","overlay-gradient":""}},"ast-content-background-meta":{"desktop":{"background-color":"var(--ast-global-color-5)","background-image":"","background-repeat":"repeat","background-position":"center center","background-size":"auto","background-attachment":"scroll","background-type":"","background-media":"","overlay-type":"","overlay-color":"","overlay-opacity":"","overlay-gradient":""},"tablet":{"background-color":"var(--ast-global-color-5)","background-image":"","background-repeat":"repeat","background-position":"center center","background-size":"auto","background-attachment":"scroll","background-type":"","background-media":"","overlay-type":"","overlay-color":"","overlay-opacity":"","overlay-gradient":""},"mobile":{"background-color":"var(--ast-global-color-5)","background-image":"","background-repeat":"repeat","background-position":"center center","background-size":"auto","background-attachment":"scroll","background-type":"","background-media":"","overlay-type":"","overlay-color":"","overlay-opacity":"","overlay-gradient":""}},"slim_seo":{"description":"\u00bfSabes qu\u00e9 ley protege a las mujeres en Bolivia? Marco de la Ley 348. Conocer las leyes, te empodera, no dudes, inf\u00f3rmate.","facebook_image":"https:\/\/pachakamani.com\/atravesdelaventana\/wp-content\/uploads\/sites\/6\/2023\/03\/Marco-ley-348.png","twitter_image":"https:\/\/pachakamani.com\/atravesdelaventana\/wp-content\/uploads\/sites\/6\/2023\/03\/Marco-ley-348.png","title":"Ley 348 de protecci\u00f3n a las mujeres en Bolivia - A trav\u00e9s de la Ventana"}},"categories":[21],"tags":[8,18,10],"class_list":["post-374","articulo","type-articulo","status-publish","has-post-thumbnail","hentry","category-articulo","tag-bolivia","tag-ley-348","tag-violencia-con-la-mujer"],"uagb_featured_image_src":{"full":["https:\/\/pachakamani.com\/atravesdelaventana\/wp-content\/uploads\/sites\/6\/2023\/03\/Marco-ley-348.png",1040,585,false],"thumbnail":["https:\/\/pachakamani.com\/atravesdelaventana\/wp-content\/uploads\/sites\/6\/2023\/03\/Marco-ley-348-150x150.png",150,150,true],"medium":["https:\/\/pachakamani.com\/atravesdelaventana\/wp-content\/uploads\/sites\/6\/2023\/03\/Marco-ley-348-300x169.png",300,169,true],"medium_large":["https:\/\/pachakamani.com\/atravesdelaventana\/wp-content\/uploads\/sites\/6\/2023\/03\/Marco-ley-348-768x432.png",768,432,true],"large":["https:\/\/pachakamani.com\/atravesdelaventana\/wp-content\/uploads\/sites\/6\/2023\/03\/Marco-ley-348-1024x576.png",1024,576,true],"1536x1536":["https:\/\/pachakamani.com\/atravesdelaventana\/wp-content\/uploads\/sites\/6\/2023\/03\/Marco-ley-348.png",1040,585,false],"2048x2048":["https:\/\/pachakamani.com\/atravesdelaventana\/wp-content\/uploads\/sites\/6\/2023\/03\/Marco-ley-348.png",1040,585,false]},"uagb_author_info":{"display_name":"Gloria Villarroel","author_link":"https:\/\/pachakamani.com\/atravesdelaventana\/author\/gloria\/"},"uagb_comment_info":2,"uagb_excerpt":"\u00bfSabes qu\u00e9 ley protege a las mujeres en Bolivia? Marco de la Ley 348. Conocer las leyes, te empodera, no dudes, inf\u00f3rmate.","_links":{"self":[{"href":"https:\/\/pachakamani.com\/atravesdelaventana\/wp-json\/wp\/v2\/articulo\/374","targetHints":{"allow":["GET"]}}],"collection":[{"href":"https:\/\/pachakamani.com\/atravesdelaventana\/wp-json\/wp\/v2\/articulo"}],"about":[{"href":"https:\/\/pachakamani.com\/atravesdelaventana\/wp-json\/wp\/v2\/types\/articulo"}],"author":[{"embeddable":true,"href":"https:\/\/pachakamani.com\/atravesdelaventana\/wp-json\/wp\/v2\/users\/6"}],"replies":[{"embeddable":true,"href":"https:\/\/pachakamani.com\/atravesdelaventana\/wp-json\/wp\/v2\/comments?post=374"}],"wp:featuredmedia":[{"embeddable":true,"href":"https:\/\/pachakamani.com\/atravesdelaventana\/wp-json\/wp\/v2\/media\/380"}],"wp:attachment":[{"href":"https:\/\/pachakamani.com\/atravesdelaventana\/wp-json\/wp\/v2\/media?parent=374"}],"wp:term":[{"taxonomy":"category","embeddable":true,"href":"https:\/\/pachakamani.com\/atravesdelaventana\/wp-json\/wp\/v2\/categories?post=374"},{"taxonomy":"post_tag","embeddable":true,"href":"https:\/\/pachakamani.com\/atravesdelaventana\/wp-json\/wp\/v2\/tags?post=374"}],"curies":[{"name":"wp","href":"https:\/\/api.w.org\/{rel}","templated":true}]}}