{"id":339,"date":"2022-08-16T03:20:19","date_gmt":"2022-08-16T03:20:19","guid":{"rendered":"https:\/\/pachakamani.com\/atravesdelaventana\/?p=339"},"modified":"2026-01-26T02:27:03","modified_gmt":"2026-01-26T06:27:03","slug":"hanali-huaycho-ley-348","status":"publish","type":"articulo","link":"https:\/\/pachakamani.com\/atravesdelaventana\/articulo\/hanali-huaycho-ley-348\/","title":{"rendered":"Hanal\u00ed Huaycho y la Ley 348"},"content":{"rendered":"\n<figure class=\"wp-block-image alignfull\"><img fetchpriority=\"high\" decoding=\"async\" width=\"1920\" height=\"1080\" src=\"https:\/\/pachakamani.com\/atravesdelaventana\/wp-content\/uploads\/sites\/6\/2022\/08\/Hanali-blog.jpg\" alt=\"\" class=\"wp-image-341\" srcset=\"https:\/\/pachakamani.com\/atravesdelaventana\/wp-content\/uploads\/sites\/6\/2022\/08\/Hanali-blog.jpg 1920w, https:\/\/pachakamani.com\/atravesdelaventana\/wp-content\/uploads\/sites\/6\/2022\/08\/Hanali-blog-300x169.jpg 300w, https:\/\/pachakamani.com\/atravesdelaventana\/wp-content\/uploads\/sites\/6\/2022\/08\/Hanali-blog-1024x576.jpg 1024w, https:\/\/pachakamani.com\/atravesdelaventana\/wp-content\/uploads\/sites\/6\/2022\/08\/Hanali-blog-768x432.jpg 768w, https:\/\/pachakamani.com\/atravesdelaventana\/wp-content\/uploads\/sites\/6\/2022\/08\/Hanali-blog-1536x864.jpg 1536w, https:\/\/pachakamani.com\/atravesdelaventana\/wp-content\/uploads\/sites\/6\/2022\/08\/Hanali-blog-2048x1152.jpg 2048w\" sizes=\"(max-width: 1920px) 100vw, 1920px\" \/><\/figure>\n\n\n\n<blockquote class=\"wp-block-quote is-layout-flow wp-block-quote-is-layout-flow\">\n<p>Este es un relato de los hechos que dieron lugar a la creaci\u00f3n de la <a href=\"https:\/\/pachakamani.com\/atravesdelaventana\/violencia-contra-la-mujer\/\" target=\"_blank\" rel=\"noreferrer noopener\">Ley 348, Ley integral para garantizar a las mujeres una vida libre de violencia<\/a>.&nbsp; Cuando la ley se estaba gestando en el congreso paralelamente los casos de feminicidio eran parte de los contenidos de los noticieros tanto escritos como televisivos. Un caso llam\u00f3 la atenci\u00f3n de los medios de comunicaci\u00f3n, el asesinato de una mujer periodista.&nbsp;&nbsp;<\/p>\n<\/blockquote>\n\n\n\n<p>Hanal\u00ed Huaycho Hanover fue periodista de la cadena televisiva PAT, su esposo Jorge Clavijo Ovando era polic\u00eda. \u00c9l le quit\u00f3 la vida el 11 de febrero del a\u00f1o 2013. Llama la atenci\u00f3n de los medios y la poblaci\u00f3n porque se supo que existieron una serie de denuncias de violencia dom\u00e9stica a ella y su hijo.&nbsp;<\/p>\n\n\n\n<figure class=\"wp-block-image alignright size-full is-resized\"><img decoding=\"async\" src=\"https:\/\/pachakamani.com\/atravesdelaventana\/wp-content\/uploads\/sites\/6\/2021\/03\/03-Hanali.png\" alt=\"03-Hanali\" class=\"wp-image-178\" width=\"444\" height=\"444\" srcset=\"https:\/\/pachakamani.com\/atravesdelaventana\/wp-content\/uploads\/sites\/6\/2021\/03\/03-Hanali.png 500w, https:\/\/pachakamani.com\/atravesdelaventana\/wp-content\/uploads\/sites\/6\/2021\/03\/03-Hanali-300x300.png 300w, https:\/\/pachakamani.com\/atravesdelaventana\/wp-content\/uploads\/sites\/6\/2021\/03\/03-Hanali-150x150.png 150w\" sizes=\"(max-width: 444px) 100vw, 444px\" \/><\/figure>\n\n\n\n<p>Las denuncias comienzan el 2008, el m\u00e9dico forense le certifica impedimento f\u00edsico de 10 d\u00edas. El 2009 vuelve a presentar denuncia a la Brigada de Protecci\u00f3n a la Familia, le instruyen a Hanal\u00ed que fuera ella quien le entregue la citaci\u00f3n a Jorge. En el a\u00f1o 2010 hubo otra denuncia, esta vez al Tribunal Disciplinario de la Polic\u00eda. En 2011 hubo tres denuncias en el mes de junio, una de ellas al Ministerio P\u00fablico donde Hanal\u00ed pide la baja de Jorge por agresiones y tortura.<\/p>\n\n\n\n<p>En julio del mismo a\u00f1o Hanal\u00ed llama a la Brigada de bomberos, hab\u00eda sospechas de la existencia de una bomba en el auto de Hanal\u00ed. Los bomberos descubren que los frenos de su auto estaban cortados y cortaron los cables de luz de domicilio. Hanal\u00ed apunta a Jorge como el principal sospechoso. Al mes siguiente, en agosto, nuevamente hubo una denuncia en la Fiscal\u00eda. Un a\u00f1o y meses despu\u00e9s es asesinada.&nbsp;<\/p>\n\n\n\n<p>Esta informaci\u00f3n puso en duda el accionar de la polic\u00eda y los procedimientos de justicia. Otros casos de violencia y feminicidios salieron a la luz, la situaci\u00f3n de la&nbsp; mujer se mostr\u00f3 vulnerable y en riesgo la vida. La sociedad demand\u00f3 atenci\u00f3n inmediata, entonces el tema se politizo.&nbsp;<\/p>\n\n\n\n<p>Los medios de comunicaci\u00f3n publicaron m\u00e1s detalles del hecho. El d\u00eda del asesinato Jorge no solo agrede a Hanal\u00ed, durante el escape hiere a la madre de ella, al mismo que amenaza al hijo de ambos que en ese momento ten\u00eda 5 a\u00f1os. Jorge escapa, mientras en el domicilio de Hanal\u00ed hubo una inspecci\u00f3n, la polic\u00eda secuestra computadoras y deja vigilancia policial frente a la casa durante un a\u00f1o entero.&nbsp;<\/p>\n\n\n\n<p>La abogada de Hanal\u00ed fue amenazada por Jorge cuando este estaba pr\u00f3fugo, la abogada deja el caso. Al mismo tiempo, en un diario escrito en Per\u00fa se informa que Jorge hab\u00eda ingresado a ese pa\u00eds.&nbsp;<\/p>\n\n\n\n<p>Dos semanas despu\u00e9s el cuerpo de Jorge Clavijo fue encontrado en los Yungas de La Paz en Bolivia, la polic\u00eda afirma que el cuerpo pertenec\u00eda a Jorge y el caso se cierra. Pero a\u00fan hab\u00eda dudas, se pensaba que Jorge estaba en Per\u00fa y la polic\u00eda estar\u00eda encubriendo a su colega.&nbsp;<\/p>\n\n\n\n<p>El hallazgo del cuerpo fue cuestionado, porque su estado era irreconocible y el abogado de Hanal\u00ed contradec\u00eda las pruebas. Las huellas dactilares y un examen de ADN dan cuenta que el cuerpo es de Jorge. El abogado de Hanal\u00ed denunciaba que la fiscal\u00eda no permit\u00eda realizar pruebas gen\u00e9ticas en laboratorios particulares esto y el informe de frontera indicaron que Jorge estaba en Per\u00fa.&nbsp;<\/p>\n\n\n\n<p>El caso de Hanal\u00ed fue sujeto de disputas pol\u00edticas entre el gobierno y opositores, en tanto que varias organizaciones tambi\u00e9n reclamaban justicia para Hanal\u00ed. Sal\u00edan a marchar en las calles, activistas feministas, periodistas y opositores al gobierno pero fueron reprimidos por la polic\u00eda. Representantes del mismo gobierno tambi\u00e9n organizaban sus propias marchas.&nbsp;<\/p>\n\n\n\n<p>Es cuando se toma el caso como bandera para impulsar el movimiento contra la violencia a la mujer.&nbsp;<\/p>\n\n\n\n<p>El gobierno estaba sujeto de sospechas de encubrimiento del delito porque Jorge form\u00f3 parte del equipo t\u00e1ctico de Articulaci\u00f3n, Reacci\u00f3n y Control de Crisis en el 2009, equipo que intervino el Hotel Las Am\u00e9ricas. A\u00f1o en el cual un grupo de extranjeros fueron muertos tras una balacera, entre el grupo de extranjeros hab\u00eda h\u00fangaros e irlandeses, supuestamente contratados por la oposici\u00f3n para desestabilizar al gobierno. Al respecto de las muertes en el Hotel la ONU se pronunci\u00f3 calific\u00e1ndolo como hechos confusos.&nbsp;<\/p>\n\n\n\n<p>Supuestamente Jorge tendr\u00eda en su poder documentos y videos que comprometen al gobierno respecto de los sucesos en el Hotel Las Am\u00e9ricas, por ello el gobierno tratar\u00eda de encubrir el asesinato de Hanal\u00ed. Por otro lado, tambi\u00e9n ella como periodista, tendr\u00eda informaci\u00f3n al respecto, por este motivo fue asesinada por Jorge.&nbsp;<\/p>\n\n\n\n<p>Ante un panorama pol\u00edtico problem\u00e1tico se aceleraba la aprobaci\u00f3n de la Ley 348, es cuando aparece legalmente el t\u00e9rmino feminicidio como delito, adem\u00e1s, para su aplicaci\u00f3n se modifica el C\u00f3digo Penal.&nbsp;<\/p>\n\n\n\n<p>El caso de feminicidio que protagoniza Jorge Clavijo todav\u00eda re\u00fane discrepancias. En el a\u00f1o 2020 se exhuma los restos para realizar un an\u00e1lisis de ADN, el cual reafirma que el cuerpo corresponde a Jorge.<\/p>\n\n\n\n<p>Queda en la memoria los trasfondos de la muerte de Hanal\u00ed, fue el caso que dio pie a la aprobaci\u00f3n y promulgaci\u00f3n casi inmediata de la Ley 348, ley que todav\u00eda no ha resuelto los muchos, muchos casos de mujeres en situaci\u00f3n de violencia.&nbsp;<\/p>\n\n\n\n<p>Hay un promedio de 1,3% de casos de violencia con sentencia condenatoria en el 2019. En&nbsp; el a\u00f1o anterior 2018 hubo 37.000 casos denunciados de violencia a la mujer.&nbsp;<\/p>\n\n\n\n<p>Hanal\u00ed Huaycho Hanover representa a todas las mujeres, a las que lograron sentencia condenatoria con castigo al agresor, a las que transitan por justicia, a las madres, a las hijas, a las hermanas. Representa&nbsp; a la Ley 348 con m\u00e1s falencias que logros.&nbsp;<\/p>\n\n\n\n<iframe style=\"border-radius:12px\" src=\"https:\/\/open.spotify.com\/embed\/episode\/5WN5N3qUtdwIg0K9Jjs2a1?utm_source=generator\" width=\"100%\" height=\"352\" frameborder=\"0\" allowfullscreen=\"\" allow=\"autoplay; clipboard-write; encrypted-media; fullscreen; picture-in-picture\"><\/iframe>\n\n\n\n<p>La lucha sigue en pie y es urgente. Los casos de violencia aumentan. \u00bfHacia d\u00f3nde vamos? hay denuncias pero el proceso judicial no avanza. Hay silencios, pero estos no se cuantifican, por ello el n\u00famero de los casos de violencia seguramente son m\u00e1s de los que se conocen.<\/p>\n\n\n\n<h2 class=\"wp-block-heading\">Informaci\u00f3n complementaria<\/h2>\n\n\n\n<ul class=\"wp-block-list\">\n<li>Podcast: <a href=\"https:\/\/pachakamani.com\/atravesdelaventana\/podcast\/hanali-huaycho-003\/\" target=\"_blank\" rel=\"noreferrer noopener\">https:\/\/pachakamani.com\/atravesdelaventana\/podcast\/hanali-huaycho-003\/<\/a><\/li>\n\n\n\n<li>Notas de prensa: <a href=\"https:\/\/andaluztarija.com\/tag\/caso-clavijo\/\" target=\"_blank\" rel=\"noreferrer noopener\">https:\/\/andaluztarija.com\/tag\/caso-clavijo\/<\/a><\/li>\n\n\n\n<li>Quince pu\u00f1aladas Luis Rico: <a href=\"https:\/\/www.youtube.com\/watch?v=tMNscfZk3PA\" target=\"_blank\" rel=\"noreferrer noopener\">https:\/\/www.youtube.com\/watch?v=tMNscfZk3PA<\/a><\/li>\n\n\n\n<li>Videos:\n<ul class=\"wp-block-list\">\n<li><a href=\"https:\/\/www.youtube.com\/watch?v=dBAgAH66lWU\">https:\/\/www.youtube.com\/watch?v=dBAgAH66lWU<\/a><\/li>\n\n\n\n<li><a href=\"https:\/\/www.youtube.com\/watch?v=D9e3d11jbzo\" target=\"_blank\" rel=\"noreferrer noopener\">https:\/\/www.youtube.com\/watch?v=D9e3d11jbzo<\/a><\/li>\n<\/ul>\n<\/li>\n<\/ul>\n\n\n\n<p><\/p>\n\n\n\n<p><\/p>\n","protected":false},"excerpt":{"rendered":"<p>Este es un relato de los hechos que dieron lugar a la creaci\u00f3n de la Ley 348, Ley integral para [&hellip;]<\/p>\n","protected":false},"author":6,"featured_media":341,"comment_status":"open","ping_status":"open","template":"","meta":{"_uag_custom_page_level_css":"","site-sidebar-layout":"default","site-content-layout":"","ast-site-content-layout":"default","site-content-style":"default","site-sidebar-style":"default","ast-global-header-display":"","ast-banner-title-visibility":"","ast-main-header-display":"","ast-hfb-above-header-display":"","ast-hfb-below-header-display":"","ast-hfb-mobile-header-display":"","site-post-title":"disabled","ast-breadcrumbs-content":"","ast-featured-img":"disabled","footer-sml-layout":"","ast-disable-related-posts":"","theme-transparent-header-meta":"","adv-header-id-meta":"","stick-header-meta":"","header-above-stick-meta":"","header-main-stick-meta":"","header-below-stick-meta":"","astra-migrate-meta-layouts":"default","ast-page-background-enabled":"default","ast-page-background-meta":{"desktop":{"background-color":"","background-image":"","background-repeat":"repeat","background-position":"center center","background-size":"auto","background-attachment":"scroll","background-type":"","background-media":"","overlay-type":"","overlay-color":"","overlay-opacity":"","overlay-gradient":""},"tablet":{"background-color":"","background-image":"","background-repeat":"repeat","background-position":"center center","background-size":"auto","background-attachment":"scroll","background-type":"","background-media":"","overlay-type":"","overlay-color":"","overlay-opacity":"","overlay-gradient":""},"mobile":{"background-color":"","background-image":"","background-repeat":"repeat","background-position":"center center","background-size":"auto","background-attachment":"scroll","background-type":"","background-media":"","overlay-type":"","overlay-color":"","overlay-opacity":"","overlay-gradient":""}},"ast-content-background-meta":{"desktop":{"background-color":"var(--ast-global-color-5)","background-image":"","background-repeat":"repeat","background-position":"center center","background-size":"auto","background-attachment":"scroll","background-type":"","background-media":"","overlay-type":"","overlay-color":"","overlay-opacity":"","overlay-gradient":""},"tablet":{"background-color":"var(--ast-global-color-5)","background-image":"","background-repeat":"repeat","background-position":"center center","background-size":"auto","background-attachment":"scroll","background-type":"","background-media":"","overlay-type":"","overlay-color":"","overlay-opacity":"","overlay-gradient":""},"mobile":{"background-color":"var(--ast-global-color-5)","background-image":"","background-repeat":"repeat","background-position":"center center","background-size":"auto","background-attachment":"scroll","background-type":"","background-media":"","overlay-type":"","overlay-color":"","overlay-opacity":"","overlay-gradient":""}},"slim_seo":{"title":"Hanal\u00ed Huaycho y la Ley 348 - A trav\u00e9s de la Ventana","description":"Este es un relato de los hechos que dieron lugar a la creaci\u00f3n de la Ley 348, Ley integral para garantizar a las mujeres una vida libre de violencia .&nbsp; Cua"}},"categories":[21],"tags":[24,18],"class_list":["post-339","articulo","type-articulo","status-publish","has-post-thumbnail","hentry","category-articulo","tag-huaycho","tag-ley-348"],"uagb_featured_image_src":{"full":["https:\/\/pachakamani.com\/atravesdelaventana\/wp-content\/uploads\/sites\/6\/2022\/08\/Hanali-blog.jpg",1920,1080,false],"thumbnail":["https:\/\/pachakamani.com\/atravesdelaventana\/wp-content\/uploads\/sites\/6\/2022\/08\/Hanali-blog-150x150.jpg",150,150,true],"medium":["https:\/\/pachakamani.com\/atravesdelaventana\/wp-content\/uploads\/sites\/6\/2022\/08\/Hanali-blog-300x169.jpg",300,169,true],"medium_large":["https:\/\/pachakamani.com\/atravesdelaventana\/wp-content\/uploads\/sites\/6\/2022\/08\/Hanali-blog-768x432.jpg",768,432,true],"large":["https:\/\/pachakamani.com\/atravesdelaventana\/wp-content\/uploads\/sites\/6\/2022\/08\/Hanali-blog-1024x576.jpg",1024,576,true],"1536x1536":["https:\/\/pachakamani.com\/atravesdelaventana\/wp-content\/uploads\/sites\/6\/2022\/08\/Hanali-blog-1536x864.jpg",1536,864,true],"2048x2048":["https:\/\/pachakamani.com\/atravesdelaventana\/wp-content\/uploads\/sites\/6\/2022\/08\/Hanali-blog-2048x1152.jpg",2048,1152,true]},"uagb_author_info":{"display_name":"Gloria Villarroel","author_link":"https:\/\/pachakamani.com\/atravesdelaventana\/author\/gloria\/"},"uagb_comment_info":2,"uagb_excerpt":"Este es un relato de los hechos que dieron lugar a la creaci\u00f3n de la Ley 348, Ley integral para [&hellip;]","_links":{"self":[{"href":"https:\/\/pachakamani.com\/atravesdelaventana\/wp-json\/wp\/v2\/articulo\/339","targetHints":{"allow":["GET"]}}],"collection":[{"href":"https:\/\/pachakamani.com\/atravesdelaventana\/wp-json\/wp\/v2\/articulo"}],"about":[{"href":"https:\/\/pachakamani.com\/atravesdelaventana\/wp-json\/wp\/v2\/types\/articulo"}],"author":[{"embeddable":true,"href":"https:\/\/pachakamani.com\/atravesdelaventana\/wp-json\/wp\/v2\/users\/6"}],"replies":[{"embeddable":true,"href":"https:\/\/pachakamani.com\/atravesdelaventana\/wp-json\/wp\/v2\/comments?post=339"}],"wp:featuredmedia":[{"embeddable":true,"href":"https:\/\/pachakamani.com\/atravesdelaventana\/wp-json\/wp\/v2\/media\/341"}],"wp:attachment":[{"href":"https:\/\/pachakamani.com\/atravesdelaventana\/wp-json\/wp\/v2\/media?parent=339"}],"wp:term":[{"taxonomy":"category","embeddable":true,"href":"https:\/\/pachakamani.com\/atravesdelaventana\/wp-json\/wp\/v2\/categories?post=339"},{"taxonomy":"post_tag","embeddable":true,"href":"https:\/\/pachakamani.com\/atravesdelaventana\/wp-json\/wp\/v2\/tags?post=339"}],"curies":[{"name":"wp","href":"https:\/\/api.w.org\/{rel}","templated":true}]}}