{"id":294,"date":"2022-01-21T05:30:19","date_gmt":"2022-01-21T05:30:19","guid":{"rendered":"https:\/\/pachakamani.com\/atravesdelaventana\/?p=294"},"modified":"2026-01-26T02:26:35","modified_gmt":"2026-01-26T06:26:35","slug":"violencia-contra-la-mujer","status":"publish","type":"articulo","link":"https:\/\/pachakamani.com\/atravesdelaventana\/articulo\/violencia-contra-la-mujer\/","title":{"rendered":"\u00bfQu\u00e9 es la violencia y violencia contra la Mujer?"},"content":{"rendered":"\n<div class=\"wp-block-cover alignfull has-background-dim has-parallax\" style=\"background-image:url(https:\/\/pachakamani.com\/atravesdelaventana\/wp-content\/uploads\/sites\/6\/2022\/01\/Post-01-La-Ventana.jpg)\"><div class=\"wp-block-cover__inner-container is-layout-flow wp-block-cover-is-layout-flow\">\n<p class=\"has-text-align-center has-large-font-size\">\u00bfQu\u00e9 es la violencia y violencia contra la Mujer?<\/p>\n<\/div><\/div>\n\n\n\n<hr class=\"wp-block-separator\"\/>\n\n\n\n<h2 class=\"wp-block-heading\">Definiciones<\/h2>\n\n\n\n<p>La Organizaci\u00f3n Mundial de la Salud define la <strong>violencia<\/strong> como: El uso intencional de la fuerza o el poder f\u00edsico, de hecho o como amenaza, contra uno mismo, otra persona o un grupo o comunidad, que cause o tenga muchas probabilidades de causar lesiones, muerte, da\u00f1os psicol\u00f3gicos, trastornos del desarrollo o privaciones.<\/p>\n\n\n\n<p>La definici\u00f3n de violencia contra la mujer tiene base en esta definici\u00f3n. Las Naciones Unidas definen la <strong>violencia contra la mujer<\/strong> como: Todo acto de violencia de g\u00e9nero que resulte, o pueda tener como resultado un da\u00f1o f\u00edsico, sexual o psicol\u00f3gico para la mujer, inclusive las amenazas de tales actos, la coacci\u00f3n o la privaci\u00f3n arbitraria de libertad, tanto si se producen en la vida p\u00fablica como en la privada.<\/p>\n\n\n\n<p>La Organizaci\u00f3n de las Naciones Unidas ha desarrollado planes para iniciar acciones de intervenci\u00f3n para contrarrestar la violencia a la mujer. En este af\u00e1n los pa\u00edses miembros deber\u00e1n generar planes y pol\u00edticas de protecci\u00f3n a la mujer. La ONU al ser un organismo que aglomera a varios pa\u00edses del mundo, es el ente regulador que obliga a los Estados a comprometerse a generar planes de igualdad en beneficio de las mujeres y ni\u00f1as que est\u00e1n inmersas en situaciones de violencia en el mundo.<\/p>\n\n\n\n<h2 class=\"wp-block-heading\">Contexto boliviano<\/h2>\n\n\n\n<p>En el caso boliviano en el a\u00f1o 2013 a ra\u00edz del asesinato de Anahi Huaycho se acelera la emisi\u00f3n de la denominada, Ley integral para garantizar a las mujeres una vida libre de violencia o mejor conocida como la ley 348.<\/p>\n\n\n\n<p>En el a\u00f1o 2016 Bolivia se compromete a asegurar la implementaci\u00f3n adecuada de nuevas leyes a partir de la Constituci\u00f3n y leyes espec\u00edficas para lograr la paridad y alternancia en la representaci\u00f3n pol\u00edtica.<\/p>\n\n\n\n<p>Sin embargo la violencia contra la mujer contin\u00faa. La violencia debe analizarse desde varios aspectos que se entrelazan. Los estereotipos que se asignan a las mujeres, la educaci\u00f3n desde la familia, el k\u00ednder, el colegio, la universidad y la fuente laboral. Este aspecto muy relacionado al acceso de ingresos que le posibilite su autonom\u00eda.<\/p>\n\n\n\n<p>La situaci\u00f3n de la mujer como inferior ha sido construida desde tiempos antiguos con las acciones del machismo y patriarcado. Ambos institucionalizados y de car\u00e1cter generacional, poseen una historicidad de siglos que ha enraizado la supeditaci\u00f3n y disminuci\u00f3n de las capacidades de las mujeres.<\/p>\n\n\n\n<p>Todos estos actos combinados dan lugar a la institucionalizaci\u00f3n y naturalizaci\u00f3n de la violencia que adem\u00e1s es cotidiana. Las leyes existen pero su eficacia es cuestionada, actualmente en Bolivia se est\u00e1 trabajando en la modificaci\u00f3n de la ley 348, la supuestamente libera a las mujeres de la violencia.<\/p>\n\n\n\n<p>Hay mucho por hacer y mucho que cambiar, no solo la ley, tambi\u00e9n el origen de la misma, es decir, derrumbar su ra\u00edz estructural, naturalizada y cotidiana.<\/p>\n\n\n\n<p>Gloria Villarroel<\/p>\n\n\n\n<h2 class=\"wp-block-heading\"><strong>Bibliograf\u00eda<\/strong><\/h2>\n\n\n\n<p>Ram\u00f3n Acevedo Cardona, psiquiatra colombiano. Disertaci\u00f3n de 03 de noviembre del 2017, Qu\u00e9 es la violencia. <a href=\"https:\/\/www.youtube.com\/watch?v=hb5Q0EOGfSo\">https:\/\/www.youtube.com\/watch?v=hb5Q0EOGfSo<\/a><\/p>\n\n\n\n<p>Ana G\u00fcezmes representante ONU MUJERES. Video La violencia contra la mujer, una pandemia global: ONU publicado el 22 de noviembre de 2016. <a href=\"https:\/\/www.youtube.com\/watch?v=KqFBlm7cIPk\">https:\/\/www.youtube.com\/watch?v=KqFBlm7cIPk<\/a><\/p>\n\n\n\n<p>BTV NOTICIAS, publicado el 21 de enero de 2021. PRESENTAN PROPUESTAS PARA MODIFICACI\u00d3N DE LA LEY 348. <a href=\"https:\/\/www.youtube.com\/watch?v=hMXf2lcxKQU\">https:\/\/www.youtube.com\/watch?v=hMXf2lcxKQU<\/a><\/p>\n\n\n\n<iframe style=\"border-radius:12px\" src=\"https:\/\/open.spotify.com\/embed\/episode\/28f9AoBLlAGVE3CFZwgwAh?utm_source=generator\" width=\"100%\" height=\"232\" frameborder=\"0\" allowfullscreen=\"\" allow=\"autoplay; clipboard-write; encrypted-media; fullscreen; picture-in-picture\"><\/iframe>\n\n\n\n<hr class=\"wp-block-separator\"\/>\n\n\n\n<h2 class=\"wp-block-heading\">\u00a1Gracias por visitarnos!<\/h2>\n\n\n\n<ul class=\"wp-block-list\"><li>Deja\u00a0un comentario al final de esta secci\u00f3n.<\/li><li>Para recibir novedades a tu correo electr\u00f3nico, s\u00famate gratis al\u00a0<a href=\"https:\/\/pachakamani.com\/correo\/\">Bolet\u00edn\u00a0<\/a><a rel=\"noreferrer noopener\" href=\"https:\/\/pachakamani.com\/correo\/\" target=\"_blank\">PachaKamani<\/a>.<\/li><li>Escucha nuestro <a rel=\"noreferrer noopener\" href=\"https:\/\/pachakamani.com\/atravesdelaventana\/episodios\/\" target=\"_blank\">podcast A trav\u00e9s de la Ventana<\/a>.<\/li><li>Sigue nuestra p\u00e1gina en <a rel=\"noreferrer noopener\" href=\"https:\/\/www.facebook.com\/atravesdelaventanabo\/\" target=\"_blank\">Facebook @atravesdelaventanabo<\/a><\/li><li>Fuente: <a href=\"https:\/\/pachakamani.com\/atravesdelaventana\/violencia-contra-la-mujer\/\" target=\"_blank\" rel=\"noreferrer noopener\">Publicaci\u00f3n de A trav\u00e9s de la Ventana<\/a><\/li><\/ul>\n","protected":false},"excerpt":{"rendered":"<p>Definiciones La Organizaci\u00f3n Mundial de la Salud define la violencia como: El uso intencional de la fuerza o el poder [&hellip;]<\/p>\n","protected":false},"author":6,"featured_media":295,"comment_status":"open","ping_status":"open","template":"","meta":{"_uag_custom_page_level_css":"","site-sidebar-layout":"default","site-content-layout":"","ast-site-content-layout":"default","site-content-style":"default","site-sidebar-style":"default","ast-global-header-display":"","ast-banner-title-visibility":"","ast-main-header-display":"","ast-hfb-above-header-display":"","ast-hfb-below-header-display":"","ast-hfb-mobile-header-display":"","site-post-title":"disabled","ast-breadcrumbs-content":"","ast-featured-img":"disabled","footer-sml-layout":"","ast-disable-related-posts":"","theme-transparent-header-meta":"","adv-header-id-meta":"","stick-header-meta":"","header-above-stick-meta":"","header-main-stick-meta":"","header-below-stick-meta":"","astra-migrate-meta-layouts":"default","ast-page-background-enabled":"default","ast-page-background-meta":{"desktop":{"background-color":"","background-image":"","background-repeat":"repeat","background-position":"center center","background-size":"auto","background-attachment":"scroll","background-type":"","background-media":"","overlay-type":"","overlay-color":"","overlay-opacity":"","overlay-gradient":""},"tablet":{"background-color":"","background-image":"","background-repeat":"repeat","background-position":"center center","background-size":"auto","background-attachment":"scroll","background-type":"","background-media":"","overlay-type":"","overlay-color":"","overlay-opacity":"","overlay-gradient":""},"mobile":{"background-color":"","background-image":"","background-repeat":"repeat","background-position":"center center","background-size":"auto","background-attachment":"scroll","background-type":"","background-media":"","overlay-type":"","overlay-color":"","overlay-opacity":"","overlay-gradient":""}},"ast-content-background-meta":{"desktop":{"background-color":"var(--ast-global-color-5)","background-image":"","background-repeat":"repeat","background-position":"center center","background-size":"auto","background-attachment":"scroll","background-type":"","background-media":"","overlay-type":"","overlay-color":"","overlay-opacity":"","overlay-gradient":""},"tablet":{"background-color":"var(--ast-global-color-5)","background-image":"","background-repeat":"repeat","background-position":"center center","background-size":"auto","background-attachment":"scroll","background-type":"","background-media":"","overlay-type":"","overlay-color":"","overlay-opacity":"","overlay-gradient":""},"mobile":{"background-color":"var(--ast-global-color-5)","background-image":"","background-repeat":"repeat","background-position":"center center","background-size":"auto","background-attachment":"scroll","background-type":"","background-media":"","overlay-type":"","overlay-color":"","overlay-opacity":"","overlay-gradient":""}},"slim_seo":{"title":"\u00bfQu\u00e9 es la violencia y violencia contra la Mujer? - A trav\u00e9s de la Ventana","description":"Definiciones La Organizaci\u00f3n Mundial de la Salud define la violencia como: El uso intencional de la fuerza o el poder f\u00edsico, de hecho o como amenaza, contra un"}},"categories":[21],"tags":[8,7,10],"class_list":["post-294","articulo","type-articulo","status-publish","has-post-thumbnail","hentry","category-articulo","tag-bolivia","tag-violencia","tag-violencia-con-la-mujer"],"uagb_featured_image_src":{"full":["https:\/\/pachakamani.com\/atravesdelaventana\/wp-content\/uploads\/sites\/6\/2022\/01\/Post-01-La-Ventana.jpg",1920,1080,false],"thumbnail":["https:\/\/pachakamani.com\/atravesdelaventana\/wp-content\/uploads\/sites\/6\/2022\/01\/Post-01-La-Ventana-150x150.jpg",150,150,true],"medium":["https:\/\/pachakamani.com\/atravesdelaventana\/wp-content\/uploads\/sites\/6\/2022\/01\/Post-01-La-Ventana-300x169.jpg",300,169,true],"medium_large":["https:\/\/pachakamani.com\/atravesdelaventana\/wp-content\/uploads\/sites\/6\/2022\/01\/Post-01-La-Ventana-768x432.jpg",768,432,true],"large":["https:\/\/pachakamani.com\/atravesdelaventana\/wp-content\/uploads\/sites\/6\/2022\/01\/Post-01-La-Ventana-1024x576.jpg",1024,576,true],"1536x1536":["https:\/\/pachakamani.com\/atravesdelaventana\/wp-content\/uploads\/sites\/6\/2022\/01\/Post-01-La-Ventana-1536x864.jpg",1536,864,true],"2048x2048":["https:\/\/pachakamani.com\/atravesdelaventana\/wp-content\/uploads\/sites\/6\/2022\/01\/Post-01-La-Ventana-2048x1152.jpg",2048,1152,true]},"uagb_author_info":{"display_name":"Gloria Villarroel","author_link":"https:\/\/pachakamani.com\/atravesdelaventana\/author\/gloria\/"},"uagb_comment_info":7,"uagb_excerpt":"Definiciones La Organizaci\u00f3n Mundial de la Salud define la violencia como: El uso intencional de la fuerza o el poder [&hellip;]","_links":{"self":[{"href":"https:\/\/pachakamani.com\/atravesdelaventana\/wp-json\/wp\/v2\/articulo\/294","targetHints":{"allow":["GET"]}}],"collection":[{"href":"https:\/\/pachakamani.com\/atravesdelaventana\/wp-json\/wp\/v2\/articulo"}],"about":[{"href":"https:\/\/pachakamani.com\/atravesdelaventana\/wp-json\/wp\/v2\/types\/articulo"}],"author":[{"embeddable":true,"href":"https:\/\/pachakamani.com\/atravesdelaventana\/wp-json\/wp\/v2\/users\/6"}],"replies":[{"embeddable":true,"href":"https:\/\/pachakamani.com\/atravesdelaventana\/wp-json\/wp\/v2\/comments?post=294"}],"wp:featuredmedia":[{"embeddable":true,"href":"https:\/\/pachakamani.com\/atravesdelaventana\/wp-json\/wp\/v2\/media\/295"}],"wp:attachment":[{"href":"https:\/\/pachakamani.com\/atravesdelaventana\/wp-json\/wp\/v2\/media?parent=294"}],"wp:term":[{"taxonomy":"category","embeddable":true,"href":"https:\/\/pachakamani.com\/atravesdelaventana\/wp-json\/wp\/v2\/categories?post=294"},{"taxonomy":"post_tag","embeddable":true,"href":"https:\/\/pachakamani.com\/atravesdelaventana\/wp-json\/wp\/v2\/tags?post=294"}],"curies":[{"name":"wp","href":"https:\/\/api.w.org\/{rel}","templated":true}]}}